{"id":1917,"date":"2016-08-20T10:33:08","date_gmt":"2016-08-20T09:33:08","guid":{"rendered":"https:\/\/artm-fr.ch\/?post_type=te_announcements&#038;p=1917"},"modified":"2017-02-24T18:53:34","modified_gmt":"2017-02-24T17:53:34","slug":"1936-2","status":"publish","type":"te_announcements","link":"https:\/\/artm-fr.ch\/de\/announcement\/1936-2\/","title":{"rendered":"Constitution de l&#8217;association"},"content":{"rendered":"<p>Le 15 novembre 1936 a \u00e9t\u00e9 fond\u00e9e \u00e0 Fribourg la\u00a0Soci\u00e9t\u00e9 fribourgeoise des chauffeurs militaires.<\/p>\n<figure id=\"attachment_1993\" aria-describedby=\"caption-attachment-1993\" style=\"width: 292px\" class=\"wp-caption alignright\"><img loading=\"lazy\" decoding=\"async\" class=\"size-medium wp-image-1993\" src=\"https:\/\/artm-fr.ch\/wp-content\/uploads\/2016\/08\/wsi-imageoptim-Unfade-2016-08-26-17.03.43-292x300.jpg\" alt=\"Fr\u00e9dy Baumann et Andr\u00e9 Nordmann \u00e0 l'\u00e9cole de sous-officiers \u00e0 Thoune en 1936\" width=\"292\" height=\"300\" srcset=\"https:\/\/artm-fr.ch\/wp-content\/uploads\/2016\/08\/wsi-imageoptim-Unfade-2016-08-26-17.03.43-292x300.jpg 292w, https:\/\/artm-fr.ch\/wp-content\/uploads\/2016\/08\/wsi-imageoptim-Unfade-2016-08-26-17.03.43-768x790.jpg 768w, https:\/\/artm-fr.ch\/wp-content\/uploads\/2016\/08\/wsi-imageoptim-Unfade-2016-08-26-17.03.43-996x1024.jpg 996w, https:\/\/artm-fr.ch\/wp-content\/uploads\/2016\/08\/wsi-imageoptim-Unfade-2016-08-26-17.03.43-1006x1034.jpg 1006w, https:\/\/artm-fr.ch\/wp-content\/uploads\/2016\/08\/wsi-imageoptim-Unfade-2016-08-26-17.03.43-800x823.jpg 800w, https:\/\/artm-fr.ch\/wp-content\/uploads\/2016\/08\/wsi-imageoptim-Unfade-2016-08-26-17.03.43.jpg 1984w\" sizes=\"auto, (max-width: 292px) 100vw, 292px\" \/><figcaption id=\"caption-attachment-1993\" class=\"wp-caption-text\">Fr\u00e9dy Baumann et Andr\u00e9 Nordmann \u00e0 l&#8217;\u00e9cole de sous-officiers \u00e0 Thoune en 1936.<\/figcaption><\/figure>\n<p>Anim\u00e9s par cet esprit de camaraderie, un comit\u00e9 provisoire compos\u00e9 de MM Georges Bise, Pierre Auderset, Fr\u00e9dy Baumann, Gaston Pythoud et Michel Schneider lan\u00e7a un appel, en date du 11 novembre 1936, \u00e0 tous les incorpor\u00e9s dans les troupes de transport et troupes motoris\u00e9es du canton de Fribourg.<\/p>\n<p>Cette initiative connut un succ\u00e8s r\u00e9jouissant. En effet, l&#8217;assembl\u00e9e constitutive, tenue le 15 novembre 1936 \u00e0 Fribourg, groupa une cinquantaine de membres qui reculent le titre de fondateur de la soci\u00e9t\u00e9.<\/p>\n<p>C&#8217;est en fouillant dans les archives que l&#8217;on d\u00e9couvrit la liste de pr\u00e9sences, peut-\u00eatre incompl\u00e8te, en admettant que d&#8217;aucuns aient omis de s&#8217;inscrire au moment voulu. Elle est donc publi\u00e9e ci-apr\u00e8s sous toute r\u00e9serve. S&#8217;il est certes r\u00e9confortant de trouver dans cette liste quelques membres fid\u00e8les qui n&#8217;h\u00e9sitent pas, \u00e0 chaque occasionne prouver leur attachement \u00e0 notre soci\u00e9t\u00e9, il convient h\u00e9las de rendre un hommage particulier \u00e0 ceux qui nous ont quitt\u00e9s pour l&#8217;au-del\u00e0 et dont nous garderons le meilleur des souvenirs.<\/p>\n<p>Il convient encore de relever que des nouveaux membres sont venus imm\u00e9diatement apr\u00e8s cette m\u00e9morable assembl\u00e9e.<\/p>\n<p><a href=\"https:\/\/artm-fr.ch\/wp-content\/uploads\/2016\/08\/Fondateurs.pdf\">Liste des membres fondateurs<\/a><\/p>\n<p><em>Texte et images extraits\u00a0du livre du 50\u00e8me anniversaire de l&#8217;ARTM Fribourg, disponible sur la page\u00a0<a href=\"https:\/\/artm-fr.ch\/histoire\/\">Histoire<\/a>.<\/em><\/p>\n","protected":false},"parent":0,"template":"","class_list":["post-1917","te_announcements","type-te_announcements","status-publish","hentry"],"announcement_date":"Announcement Date: 15. November 1936","announcement_image":{"iframe":false,"url":"https:\/\/artm-fr.ch\/wp-content\/uploads\/2016\/08\/wsi-imageoptim-Capture-d\u2019\u00e9cran-2016-08-21-\u00e0-11.41.16.png"},"_links":{"self":[{"href":"https:\/\/artm-fr.ch\/de\/wp-json\/wp\/v2\/announcement\/1917","targetHints":{"allow":["GET"]}}],"collection":[{"href":"https:\/\/artm-fr.ch\/de\/wp-json\/wp\/v2\/announcement"}],"about":[{"href":"https:\/\/artm-fr.ch\/de\/wp-json\/wp\/v2\/types\/te_announcements"}],"wp:attachment":[{"href":"https:\/\/artm-fr.ch\/de\/wp-json\/wp\/v2\/media?parent=1917"}],"curies":[{"name":"wp","href":"https:\/\/api.w.org\/{rel}","templated":true}]}}