{"id":1995,"date":"2016-08-26T18:37:41","date_gmt":"2016-08-26T17:37:41","guid":{"rendered":"https:\/\/artm-fr.ch\/?post_type=te_announcements&#038;p=1995"},"modified":"2016-10-03T13:28:33","modified_gmt":"2016-10-03T12:28:33","slug":"1940-3","status":"publish","type":"te_announcements","link":"https:\/\/artm-fr.ch\/de\/announcement\/1940-3\/","title":{"rendered":"1940"},"content":{"rendered":"<h2>Mobilisation g\u00e9n\u00e9rale et &#8222;Revue Automobile&#8220;<\/h2>\n<p><!--more--><\/p>\n<p>Nous nous trouvons en pleine p\u00e9riode de mobilisation, mais notre soci\u00e9t\u00e9 n&#8217;a pas cess\u00e9 toute activit\u00e9 malgr\u00e9 ces \u00e9v\u00e9nements.<\/p>\n<p>L&#8217;assembl\u00e9e g\u00e9n\u00e9rale annuelle est convoqu\u00e9e pour le 11 f\u00e9vrier 1940 \u00e0 15 heures \u00e0 la Brasserie du Peier. Elle est tout de m\u00eame fr\u00e9quent\u00e9e par une cinquantaine de membres. (&#8230;)<\/p>\n<p>Le tr\u00e9sorier rel\u00e8ve que l&#8217;exercice s&#8217;est sold\u00e9 par un d\u00e9ficit de 9 fr. 30. La cotisation passe \u00e0 6 fr. 30.<\/p>\n<p>Sur proposition du comit\u00e9 central, la section doit se prononcer sur une importante question, \u00e0 savoir celle du journal. Il est propos\u00e9 de conclure un abonnement collectif \u00e0 la &#8222;Revue Automobile&#8220; qui deviendrait ainsi l&#8217;organe officiel de l&#8217;association romande. Apr\u00e8s une discussion tr\u00e8s anim\u00e9e, cette proposition est finalement adopt\u00e9e \u00e0 l&#8217;unanimit\u00e9. (&#8230;)<\/p>\n<p>Au dernier No\u00ebl, la section a consacr\u00e9 une somme de 300 francs pour la confection des paquets envoy\u00e9s aux chauffeurs mobilis\u00e9s.<\/p>\n<figure id=\"attachment_1996\" aria-describedby=\"caption-attachment-1996\" style=\"width: 648px\" class=\"wp-caption aligncenter\"><img loading=\"lazy\" decoding=\"async\" class=\"wp-image-1996 size-large\" src=\"https:\/\/artm-fr.ch\/wp-content\/uploads\/2016\/08\/wsi-imageoptim-Unfade-2016-08-26-17.04.17-1024x439.jpg\" alt=\"Photo des membres pr\u00e9sents \u00e0 l'assembl\u00e9e g\u00e9n\u00e9rale du 11 f\u00e9vrier 1940.\" width=\"648\" height=\"278\" srcset=\"https:\/\/artm-fr.ch\/wp-content\/uploads\/2016\/08\/wsi-imageoptim-Unfade-2016-08-26-17.04.17-1024x439.jpg 1024w, https:\/\/artm-fr.ch\/wp-content\/uploads\/2016\/08\/wsi-imageoptim-Unfade-2016-08-26-17.04.17-300x129.jpg 300w, https:\/\/artm-fr.ch\/wp-content\/uploads\/2016\/08\/wsi-imageoptim-Unfade-2016-08-26-17.04.17-768x329.jpg 768w, https:\/\/artm-fr.ch\/wp-content\/uploads\/2016\/08\/wsi-imageoptim-Unfade-2016-08-26-17.04.17.jpg 2048w\" sizes=\"auto, (max-width: 648px) 100vw, 648px\" \/><figcaption id=\"caption-attachment-1996\" class=\"wp-caption-text\">Photo des membres pr\u00e9sents \u00e0 l&#8217;assembl\u00e9e g\u00e9n\u00e9rale du 11 f\u00e9vrier 1940.<\/figcaption><\/figure>\n<p><em>Texte et images extraits\u00a0du livre du 50\u00e8me anniversaire de l&#8217;ARTM Fribourg, disponible sur la page\u00a0<a href=\"https:\/\/artm-fr.ch\/histoire\/\">Histoire<\/a>.<\/em><\/p>\n","protected":false},"parent":0,"template":"","class_list":["post-1995","te_announcements","type-te_announcements","status-publish","hentry"],"announcement_date":"Announcement Date: 11. Februar 1940","announcement_image":{"iframe":false,"url":"https:\/\/artm-fr.ch\/wp-content\/uploads\/2016\/10\/wsi-imageoptim-revue_automobile_logo.jpeg"},"_links":{"self":[{"href":"https:\/\/artm-fr.ch\/de\/wp-json\/wp\/v2\/announcement\/1995","targetHints":{"allow":["GET"]}}],"collection":[{"href":"https:\/\/artm-fr.ch\/de\/wp-json\/wp\/v2\/announcement"}],"about":[{"href":"https:\/\/artm-fr.ch\/de\/wp-json\/wp\/v2\/types\/te_announcements"}],"wp:attachment":[{"href":"https:\/\/artm-fr.ch\/de\/wp-json\/wp\/v2\/media?parent=1995"}],"curies":[{"name":"wp","href":"https:\/\/api.w.org\/{rel}","templated":true}]}}