{"id":1466,"date":"2015-12-08T11:31:51","date_gmt":"2015-12-08T10:31:51","guid":{"rendered":"https:\/\/artm-fr.ch\/de\/resultats\/"},"modified":"2025-12-16T08:56:50","modified_gmt":"2025-12-16T07:56:50","slug":"resultats","status":"publish","type":"page","link":"https:\/\/artm-fr.ch\/de\/resultats\/","title":{"rendered":"Befund"},"content":{"rendered":"\n<p class=\"wp-block-paragraph\">Hier sind alle Ergebnisse der ARTM Fribourg Veranstaltungen und die anderer Sektionen, an denen Freiburger Mitglieder teilgenommen haben.<\/p>\n\n<p class=\"wp-block-paragraph\"><\/p>\n<div class=\"panel-group\" id=\"collapse_f0fc-4f17\"><br \/>\n<div class=\"panel panel-default\">    <div class=\"panel-heading\" role=\"tab\" id=\"heading_citem_2025\">        <h4 class=\"panel-title\"><a class=\"accordion-toggle collapsed\" data-toggle=\"collapse\" aria-controls=\"heading_citem_2025\" data-parent=\"#collapse_f0fc-4f17\" href=\"#citem_2025\">2025<\/a>        <\/h4>    <\/div>    <div id=\"citem_2025\" class=\"panel-collapse collapse in\" role=\"tabpanel\" aria-labelledby=\"heading_citem_2025\">        <div class=\"panel-body\">\n<h4>Manifestations&nbsp;cantonales<\/h4>\n<ul>\n<li>25.05.2025 <a href=\"rallye-fribourgeois-2025\"> Rallye Fribourgeois 2025<\/a><\/li>\n<\/ul>\n<p>        <\/p><\/div>    <\/div><\/div><div class=\"panel panel-default\">    <div class=\"panel-heading\" role=\"tab\" id=\"heading_citem_2024\">        <h4 class=\"panel-title\"><a class=\"accordion-toggle collapsed\" data-toggle=\"collapse\" aria-controls=\"heading_citem_2024\" data-parent=\"#collapse_f0fc-4f17\" href=\"#citem_2024\">2024<\/a>        <\/h4>    <\/div>    <div id=\"citem_2024\" class=\"panel-collapse collapse \" role=\"tabpanel\" aria-labelledby=\"heading_citem_2024\">        <div class=\"panel-body\">\n<h4>Manifestations&nbsp;cantonales<\/h4>\n<ul>\n<li>06.04.2024 <a href=\"introduction-aux-rallyes-2024\">Introduction aux Rallyes 2024<\/a><\/li>\n<li>04.05.2024 <a href=\"rallye-fribourgeois-2024\"> Rallye Fribourgeois 2024<\/a><\/li>\n<li>15.06.2024 <a href=\"exercice-cameratismo\"> Exercice CAMERATISMO<\/a><\/li>\n<\/ul>\n<p>        <\/p><\/div>    <\/div><\/div><div class=\"panel panel-default\">    <div class=\"panel-heading\" role=\"tab\" id=\"heading_citem_2023\">        <h4 class=\"panel-title\"><a class=\"accordion-toggle collapsed\" data-toggle=\"collapse\" aria-controls=\"heading_citem_2023\" data-parent=\"#collapse_f0fc-4f17\" href=\"#citem_2023\">2023<\/a>        <\/h4>    <\/div>    <div id=\"citem_2023\" class=\"panel-collapse collapse \" role=\"tabpanel\" aria-labelledby=\"heading_citem_2023\">        <div class=\"panel-body\">\n<h4>Manifestations&nbsp;cantonales<\/h4>\n<ul>\n<li>31.03.2023 <a href=\"introduction-aux-rallyes-2023\">Introduction aux Rallyes 2023<\/a><\/li>\n<li>06.05.2023 <a href=\"rallye-fribourgeois-2023\">Rallye Fribourgeois 2023<\/a><\/li>\n<\/ul>\n<p>        <\/p><\/div>    <\/div><\/div><div class=\"panel panel-default\">    <div class=\"panel-heading\" role=\"tab\" id=\"heading_citem_2022\">        <h4 class=\"panel-title\"><a class=\"accordion-toggle collapsed\" data-toggle=\"collapse\" aria-controls=\"heading_citem_2022\" data-parent=\"#collapse_f0fc-4f17\" href=\"#citem_2022\">2022<\/a>        <\/h4>    <\/div>    <div id=\"citem_2022\" class=\"panel-collapse collapse \" role=\"tabpanel\" aria-labelledby=\"heading_citem_2022\">        <div class=\"panel-body\">\n<h4>Manifestations&nbsp;cantonales<\/h4>\n<ul>\n<li>02.04.2022 <a href=\"entrainement-au-rallye-suisse-2022\">Pr\u00e9paration au rallye suisse 2022<\/a><\/li>\n<li>20.05.2022 &#8211; 21.05.2022 <a href=\"rallye-suisse-2022\/\">Rallye suisse 2022<\/a><\/li>\n<\/ul>\n<p>        <\/p><\/div>    <\/div><\/div><div class=\"panel panel-default\">    <div class=\"panel-heading\" role=\"tab\" id=\"heading_citem_2021\">        <h4 class=\"panel-title\"><a class=\"accordion-toggle collapsed\" data-toggle=\"collapse\" aria-controls=\"heading_citem_2021\" data-parent=\"#collapse_f0fc-4f17\" href=\"#citem_2021\">2021<\/a>        <\/h4>    <\/div>    <div id=\"citem_2021\" class=\"panel-collapse collapse \" role=\"tabpanel\" aria-labelledby=\"heading_citem_2021\">        <div class=\"panel-body\">\n<h4>Manifestations&nbsp;cantonales<\/h4>\n<ul>\n<li>10.04.2021 <a href=\"course-dorientation-motorisee-com1-2021\">Course d\u2019orientation motoris\u00e9e COM1<\/a><\/li>\n<\/ul>\n<h4>Manifestations externes<\/h4>\n<ul>\n<li>24.04.2021 <a href=\"https:\/\/artm-fr.ch\/rallye-argovien-2021\/\">Rallye argovien<\/a><\/li>\n<li>10.07.2021 <a href=\"https:\/\/artm-fr.ch\/rallye-mwk-probus-2021\/\">Rallye MWK PROBUS<\/a><\/li>\n<li>30.10.2021 <a href=\"https:\/\/artm-fr.ch\/rallye-attm-tessin-2021\/\">Rallye ATTM Tessin<\/a><\/li>\n<\/ul>\n<p>        <\/p><\/div>    <\/div><\/div><div class=\"panel panel-default\">    <div class=\"panel-heading\" role=\"tab\" id=\"heading_citem_o7tu-zkkl\">        <h4 class=\"panel-title\"><a class=\"accordion-toggle collapsed\" data-toggle=\"collapse\" aria-controls=\"heading_citem_o7tu-zkkl\" data-parent=\"#collapse_f0fc-4f17\" href=\"#citem_o7tu-zkkl\">2020<\/a>        <\/h4>    <\/div>    <div id=\"citem_o7tu-zkkl\" class=\"panel-collapse collapse \" role=\"tabpanel\" aria-labelledby=\"heading_citem_o7tu-zkkl\">        <div class=\"panel-body\">\n<h4>Manifestations&nbsp;cantonales<\/h4>\n<p>Aucune manifestation en 2020<\/p>\n<h4>Manifestations externes<\/h4>\n<ul>\n<li>Avril-Mai 2020 <a href=\"https:\/\/artm-fr.ch\/corona\/\">Rallye virtuel Corona 2020<\/a><\/li>\n<p><!--\n\n<li>25.07.2020 Rallye valaisan<\/li>\n\n\n\n\n<li>23.10.2020 Rallye argovien nocturne<\/li>\n\n--><\/p>\n<li>07.11.2020 <a href=\"rallye-mwk-probus-2020\">Rallye zurichois<\/a><\/li>\n<\/ul>\n<p>        <\/p><\/div>    <\/div><\/div><div class=\"panel panel-default\">    <div class=\"panel-heading\" role=\"tab\" id=\"heading_citem_o5xl-m6wy\">        <h4 class=\"panel-title\"><a class=\"accordion-toggle collapsed\" data-toggle=\"collapse\" aria-controls=\"heading_citem_o5xl-m6wy\" data-parent=\"#collapse_f0fc-4f17\" href=\"#citem_o5xl-m6wy\">2019<\/a>        <\/h4>    <\/div>    <div id=\"citem_o5xl-m6wy\" class=\"panel-collapse collapse \" role=\"tabpanel\" aria-labelledby=\"heading_citem_o5xl-m6wy\">        <div class=\"panel-body\">\n<h4>Manifestations&nbsp;cantonales<\/h4>\n<ul>\n<li>06.04.2019 <a href=\"https:\/\/artm-fr.ch\/com1-19\/\">Course d\u2019orientation motoris\u00e9e COM1<\/a><\/li>\n<li>12.05.2019 <a href=\"https:\/\/artm-fr.ch\/rallye-fribourgeois-2019\/\">Rallye fribourgeois<\/a><\/li>\n<\/ul>\n<h4>Manifestations externes<\/h4>\n<ul>\n<li>28.09.2019 <a href=\"https:\/\/artm-fr.ch\/rallye-valaisan-2019\/\">Rallye valaisan<\/a><\/li>\n<\/ul>\n<p>        <\/p><\/div>    <\/div><\/div><div class=\"panel panel-default\">    <div class=\"panel-heading\" role=\"tab\" id=\"heading_citem_o5tg-z3dv\">        <h4 class=\"panel-title\"><a class=\"accordion-toggle collapsed\" data-toggle=\"collapse\" aria-controls=\"heading_citem_o5tg-z3dv\" data-parent=\"#collapse_f0fc-4f17\" href=\"#citem_o5tg-z3dv\">2018<\/a>        <\/h4>    <\/div>    <div id=\"citem_o5tg-z3dv\" class=\"panel-collapse collapse \" role=\"tabpanel\" aria-labelledby=\"heading_citem_o5tg-z3dv\">        <div class=\"panel-body\">\n<h4>Manifestations&nbsp;cantonales<\/h4>\n<ul>\n<li>07.04.2018 <a href=\"https:\/\/artm-fr.ch\/com1-18\/\">Course d\u2019orientation motoris\u00e9e COM1<\/a><\/li>\n<li>05.05.2018 <a href=\"https:\/\/artm-fr.ch\/rallye-fribourgeois-2018\/\">Rallye fribourgeois<\/a><\/li>\n<\/ul>\n<h4>Manifestations externes<\/h4>\n<ul>\n<li>21.04.2018 <a href=\"https:\/\/artm-fr.ch\/rallye-argovien-2018\/\">Rallye argovien<\/a><\/li>\n<li>21-22.09.2018 <a href=\"https:\/\/artm-fr.ch\/rallye-suisse-2018\/\">Rallye suisse<\/a><\/li>\n<\/ul>\n<p>        <\/p><\/div>    <\/div><\/div><div class=\"panel panel-default\">    <div class=\"panel-heading\" role=\"tab\" id=\"heading_citem_2232-bcae\">        <h4 class=\"panel-title\"><a class=\"accordion-toggle collapsed\" data-toggle=\"collapse\" aria-controls=\"heading_citem_2232-bcae\" data-parent=\"#collapse_f0fc-4f17\" href=\"#citem_2232-bcae\">2017<\/a>        <\/h4>    <\/div>    <div id=\"citem_2232-bcae\" class=\"panel-collapse collapse \" role=\"tabpanel\" aria-labelledby=\"heading_citem_2232-bcae\">        <div class=\"panel-body\">\n<h4>Manifestations&nbsp;cantonales<\/h4>\n<ul>\n<li>09.04.2017&nbsp;<a href=\"https:\/\/artm-fr.ch\/com1-17\/\">Course d\u2019orientation motoris\u00e9e COM1<\/a><\/li>\n<li>12-13.05.2017 <a href=\"https:\/\/artm-fr.ch\/rallyeromand\/\">Rallye Romand<\/a><\/li>\n<\/ul>\n<h4>Manifestations externes<\/h4>\n<ul>\n<li class=\"wsp-post\">22.04.2017 <a href=\"https:\/\/artm-fr.ch\/rallye-argovien-2017\/\">Rallye argovien<\/a><\/li>\n<li>09-10.06.2017 <a href=\"https:\/\/artm-fr.ch\/100km-2017\/\">100km de Bienne<\/a><\/li>\n<li>28.07.2017 <a href=\"https:\/\/artm-fr.ch\/rallye-valaisan-2017\/\">Rallye valaisan<\/a><\/li>\n<li>31.08.2017 <a href=\"https:\/\/artm-fr.ch\/sowa\/\">Championnats d&#8217;\u00e9t\u00e9 de l&#8217;arm\u00e9e (SoWA)<\/a><\/li>\n<li>11.11.2017 <a href=\"https:\/\/artm-fr.ch\/rallye-zurichois-2017\/\">Rallye MWK PROBUS<\/a><\/li>\n<\/ul>\n<p>        <\/p><\/div>    <\/div><\/div><div class=\"panel panel-default\">    <div class=\"panel-heading\" role=\"tab\" id=\"heading_citem_6896-b0bd\">        <h4 class=\"panel-title\"><a class=\"accordion-toggle collapsed\" data-toggle=\"collapse\" aria-controls=\"heading_citem_6896-b0bd\" data-parent=\"#collapse_f0fc-4f17\" href=\"#citem_6896-b0bd\">2016<\/a>        <\/h4>    <\/div>    <div id=\"citem_6896-b0bd\" class=\"panel-collapse collapse \" role=\"tabpanel\" aria-labelledby=\"heading_citem_6896-b0bd\">        <div class=\"panel-body\">\n<h4>Manifestations&nbsp;cantonales<\/h4>\n<ul>\n<li>15.04.2016&nbsp;<a href=\"https:\/\/artm-fr.ch\/com1\/\">Course d\u2019orientation motoris\u00e9e COM1<\/a><\/li>\n<li>14.05.2016&nbsp;<a href=\"https:\/\/artm-fr.ch\/rallye-fribourgeois-2016\/\">Rallye fribourgeois<\/a><\/li>\n<li>11.09.2016&nbsp;<a href=\"https:\/\/artm-fr.ch\/gymkhana16\/\">Gymkhana fribourgeois<\/a><\/li>\n<\/ul>\n<h4>Manifestations externes<\/h4>\n<ul>\n<li>30.07.2016&nbsp;<a href=\"https:\/\/artm-fr.ch\/rallye-valaisan-2016\/\">Rallye valaisan<\/a><\/li>\n<li>19.08.2016&nbsp;<a href=\"https:\/\/artm-fr.ch\/com4-2016\/\">Course d\u2019orientation motoris\u00e9e COM4<\/a><\/li>\n<li>12.11.2016&nbsp;<a href=\"https:\/\/artm-fr.ch\/rallye-zurichois-2016\/\">Rallye MWK PROBUS<\/a><\/li>\n<\/ul>\n<p>        <\/p><\/div>    <\/div><\/div><div class=\"panel panel-default\">    <div class=\"panel-heading\" role=\"tab\" id=\"heading_citem_e84f-78bb\">        <h4 class=\"panel-title\"><a class=\"accordion-toggle collapsed\" data-toggle=\"collapse\" aria-controls=\"heading_citem_e84f-78bb\" data-parent=\"#collapse_f0fc-4f17\" href=\"#citem_e84f-78bb\">2015<\/a>        <\/h4>    <\/div>    <div id=\"citem_e84f-78bb\" class=\"panel-collapse collapse \" role=\"tabpanel\" aria-labelledby=\"heading_citem_e84f-78bb\">        <div class=\"panel-body\">\n<h4>Manifestations&nbsp;cantonales<\/h4>\n<ul>\n<li>17.04.2015&nbsp;<a href=\"https:\/\/artm-fr.ch\/com1-2015\/\">Course d\u2019orientation motoris\u00e9e COM1<\/a><\/li>\n<li>02.05.2015&nbsp;<a href=\"https:\/\/artm-fr.ch\/rallye-fribourgeois-2015\/\">Rallye fribourgeois<\/a><\/li>\n<li>13.09.2015&nbsp;<a href=\"https:\/\/artm-fr.ch\/gymkhana15\/\">Gymkhana fribourgeois<\/a><\/li>\n<\/ul>\n<h4>Manifestation externe<\/h4>\n<ul>\n<li>11-12.06.2015 <a href=\"https:\/\/artm-fr.ch\/100km-de-bienne\/\">100km de Bienne<\/a><\/li>\n<li>08.08.2015&nbsp;<a href=\"https:\/\/artm-fr.ch\/rallye-valaisan-2015\/\">Rallye valaisan<\/a><\/li>\n<\/ul>\n<p>        <\/p><\/div>    <\/div><\/div><div class=\"panel panel-default\">    <div class=\"panel-heading\" role=\"tab\" id=\"heading_citem_d029-d339\">        <h4 class=\"panel-title\"><a class=\"accordion-toggle collapsed\" data-toggle=\"collapse\" aria-controls=\"heading_citem_d029-d339\" data-parent=\"#collapse_f0fc-4f17\" href=\"#citem_d029-d339\">2014<\/a>        <\/h4>    <\/div>    <div id=\"citem_d029-d339\" class=\"panel-collapse collapse \" role=\"tabpanel\" aria-labelledby=\"heading_citem_d029-d339\">        <div class=\"panel-body\">\n<h4>Manifestations&nbsp;cantonales<\/h4>\n<ul>\n<li>12.04.2014&nbsp;<a href=\"https:\/\/artm-fr.ch\/com1-2014\/\">Course d\u2019orientation motoris\u00e9e COM1<\/a><\/li>\n<li>24.05.2014&nbsp;<a href=\"https:\/\/artm-fr.ch\/rallye-fribourgeois-2014\/\">Rallye fribourgeois<\/a><\/li>\n<li>14.09.2014&nbsp;<a href=\"https:\/\/artm-fr.ch\/gymkhana-fribourgeois-2014\/\">Gymkhana fribourgeois<\/a><\/li>\n<\/ul>\n<h4>Manifestations externes<\/h4>\n<ul>\n<li>26.04.2014&nbsp;<a href=\"https:\/\/artm-fr.ch\/rallye-argovien-2014\/\">Rallye argovien<\/a><\/li>\n<li>09.08.2014&nbsp;<a href=\"https:\/\/artm-fr.ch\/rallye-valaisan-2014\/\">Rallye valaisan<\/a><\/li>\n<li>27.09.2014&nbsp;<a href=\"https:\/\/artm-fr.ch\/rallye-suisse-2014\/\">Rallye suisse<\/a><\/li>\n<\/ul>\n<p>        <\/p><\/div>    <\/div><\/div><div class=\"panel panel-default\">    <div class=\"panel-heading\" role=\"tab\" id=\"heading_citem_4e2b-d0bf\">        <h4 class=\"panel-title\"><a class=\"accordion-toggle collapsed\" data-toggle=\"collapse\" aria-controls=\"heading_citem_4e2b-d0bf\" data-parent=\"#collapse_f0fc-4f17\" href=\"#citem_4e2b-d0bf\">2013<\/a>        <\/h4>    <\/div>    <div id=\"citem_4e2b-d0bf\" class=\"panel-collapse collapse \" role=\"tabpanel\" aria-labelledby=\"heading_citem_4e2b-d0bf\">        <div class=\"panel-body\">\n<h4>Manifestations&nbsp;cantonales<\/h4>\n<ul>\n<li>15.03.2013&nbsp;<a href=\"https:\/\/artm-fr.ch\/course-dorientation-motorisee-com1-2013\/\">Course d\u2019orientation motoris\u00e9e COM1<\/a><\/li>\n<li>25.05.2013&nbsp;<a href=\"https:\/\/artm-fr.ch\/rallye-fribourgeois-2013\/\">Rallye fribourgeois<\/a><\/li>\n<li>22.08.2013&nbsp;<a href=\"https:\/\/artm-fr.ch\/gymkhana-fribourgeois-2013\/\">Gymkhana fribourgeois<\/a><\/li>\n<li>24.08.2013&nbsp;<a href=\"https:\/\/artm-fr.ch\/tir-fribourgeois-2013\/\">Tir fribourgeois<\/a><\/li>\n<\/ul>\n<h4>Manifestations externes<\/h4>\n<ul>\n<li>13.04.2013&nbsp;<a href=\"https:\/\/artm-fr.ch\/rallye-argovien-2013\/\">Rallye argovien<\/a><\/li>\n<li>10.08.2013&nbsp;<a href=\"https:\/\/artm-fr.ch\/rallye-valaisan-2013\/\">Rallye valaisan<\/a><\/li>\n<li>25.10.2013&nbsp;<a href=\"https:\/\/artm-fr.ch\/course-dorientation-de-nuit-ammv-2013\/\">Course d\u2019orientation de nuit AMMV<\/a><\/li>\n<\/ul>\n<p>        <\/p><\/div>    <\/div><\/div><div class=\"panel panel-default\">    <div class=\"panel-heading\" role=\"tab\" id=\"heading_citem_729a-fea0\">        <h4 class=\"panel-title\"><a class=\"accordion-toggle collapsed\" data-toggle=\"collapse\" aria-controls=\"heading_citem_729a-fea0\" data-parent=\"#collapse_f0fc-4f17\" href=\"#citem_729a-fea0\">2012<\/a>        <\/h4>    <\/div>    <div id=\"citem_729a-fea0\" class=\"panel-collapse collapse \" role=\"tabpanel\" aria-labelledby=\"heading_citem_729a-fea0\">        <div class=\"panel-body\">\n<h4>Manifestations&nbsp;cantonales<\/h4>\n<ul>\n<li>16.03.2012&nbsp;<a href=\"https:\/\/artm-fr.ch\/course-dorientation-motorisee-com-1-2012\/\">Course d\u2019orientation motoris\u00e9e COM1<\/a><\/li>\n<li>12.05.2012&nbsp;<a href=\"https:\/\/artm-fr.ch\/rallye-fribourgeois-2012\/\">Rallye fribourgeois<\/a><\/li>\n<li>25.08.2012&nbsp;<a href=\"https:\/\/artm-fr.ch\/tir-fribourgeois-2012\/\">Tir fribourgeois<\/a><\/li>\n<li>23.09.2012&nbsp;<a href=\"https:\/\/artm-fr.ch\/gymkhana-fribourgeois-2012\/\">Gymkhana fribourgeois<\/a><\/li>\n<\/ul>\n<h4>Manifestations externes<\/h4>\n<ul>\n<li>09.06.2012&nbsp;<a href=\"https:\/\/artm-fr.ch\/rallye-zurichois-2012\/\">Rallye zurichois<\/a><\/li>\n<li>26.06.2012&nbsp;<a href=\"https:\/\/artm-fr.ch\/course-dorientation-de-nuit-ammv-2012\/\">Course d\u2019orientation de nuit AMMV<\/a><\/li>\n<\/ul>\n<p>        <\/p><\/div>    <\/div><\/div><div class=\"panel panel-default\">    <div class=\"panel-heading\" role=\"tab\" id=\"heading_citem_fc74-2dd0\">        <h4 class=\"panel-title\"><a class=\"accordion-toggle collapsed\" data-toggle=\"collapse\" aria-controls=\"heading_citem_fc74-2dd0\" data-parent=\"#collapse_f0fc-4f17\" href=\"#citem_fc74-2dd0\">2011<\/a>        <\/h4>    <\/div>    <div id=\"citem_fc74-2dd0\" class=\"panel-collapse collapse \" role=\"tabpanel\" aria-labelledby=\"heading_citem_fc74-2dd0\">        <div class=\"panel-body\">\n<h4>Manifestations&nbsp;cantonales<\/h4>\n<ul>\n<li>14.05.2011&nbsp;<a href=\"https:\/\/artm-fr.ch\/rallye-fribourgeois-2011\/\">Rallye fribourgeois<\/a><\/li>\n<li>23.09.2011&nbsp;<a href=\"https:\/\/artm-fr.ch\/course-dorientation-motorisee-com6-2011\/\">Course d\u2019orientation motoris\u00e9e COM6<\/a><\/li>\n<\/ul>\n<h4>Manifestations externes<\/h4>\n<ul>\n<li>30.04.2011&nbsp;<a href=\"https:\/\/artm-fr.ch\/rallye-argovien-2011\/\">Rallye argovien<\/a><\/li>\n<li>18.06.2011&nbsp;<a href=\"https:\/\/artm-fr.ch\/rallye-zurichois-2011\/\">Rallye zurichois<\/a><\/li>\n<li>10.09.2011&nbsp;<a href=\"https:\/\/artm-fr.ch\/rallye-romand-2011\/\">Rallye romand<\/a><\/li>\n<\/ul>\n<p>        <\/p><\/div>    <\/div><\/div><div class=\"panel panel-default\">    <div class=\"panel-heading\" role=\"tab\" id=\"heading_citem_7d7e-d82a\">        <h4 class=\"panel-title\"><a class=\"accordion-toggle collapsed\" data-toggle=\"collapse\" aria-controls=\"heading_citem_7d7e-d82a\" data-parent=\"#collapse_f0fc-4f17\" href=\"#citem_7d7e-d82a\">2010<\/a>        <\/h4>    <\/div>    <div id=\"citem_7d7e-d82a\" class=\"panel-collapse collapse \" role=\"tabpanel\" aria-labelledby=\"heading_citem_7d7e-d82a\">        <div class=\"panel-body\">\n<h4>Manifestations&nbsp;cantonales<\/h4>\n<ul>\n<li>29.05.2010&nbsp;<a href=\"https:\/\/artm-fr.ch\/rallye-fribourgeois-2010\/\">Rallye fribourgeois<\/a><\/li>\n<li>20.06.2010&nbsp;<a href=\"https:\/\/artm-fr.ch\/gymkhana-fribourgeois-2010\/\">Gymkhana fribourgeois<\/a><\/li>\n<li>28.08.2010&nbsp;<a href=\"https:\/\/artm-fr.ch\/tir-fribourgeois-2010\/\">Tir fribourgeois<\/a><\/li>\n<\/ul>\n<h4>Manifestations externes<\/h4>\n<ul>\n<li>28.08.2010&nbsp;<a href=\"https:\/\/artm-fr.ch\/rallye-suisse-2010\/\">Rallye suisse<\/a><\/li>\n<li>09.10.2010&nbsp;<a href=\"https:\/\/artm-fr.ch\/rallye-valaisan-2010\/\">Rallye valaisan<\/a><\/li>\n<\/ul>\n<p>        <\/p><\/div>    <\/div><\/div><div class=\"panel panel-default\">    <div class=\"panel-heading\" role=\"tab\" id=\"heading_citem_98d5-008f\">        <h4 class=\"panel-title\"><a class=\"accordion-toggle collapsed\" data-toggle=\"collapse\" aria-controls=\"heading_citem_98d5-008f\" data-parent=\"#collapse_f0fc-4f17\" href=\"#citem_98d5-008f\">2009<\/a>        <\/h4>    <\/div>    <div id=\"citem_98d5-008f\" class=\"panel-collapse collapse \" role=\"tabpanel\" aria-labelledby=\"heading_citem_98d5-008f\">        <div class=\"panel-body\">\n<h4>Manifestations&nbsp;cantonales<\/h4>\n<ul>\n<li>24.04.2009&nbsp;<a href=\"https:\/\/artm-fr.ch\/course-dorientation-motorisee-com1-2009\/\">Course d\u2019orientation motoris\u00e9e COM1<\/a><\/li>\n<li>16.05.2009&nbsp;<a href=\"https:\/\/artm-fr.ch\/rallye-fribourgeois-2009\/\">Rallye fribourgeois<\/a><\/li>\n<li>28.06.2009&nbsp;<a href=\"https:\/\/artm-fr.ch\/gymkhana-fribourgeois-2009\/\">Gymkhana fribourgeois<\/a><\/li>\n<\/ul>\n<h4>Manifestations externes<\/h4>\n<ul>\n<li>25.04.2009&nbsp;<a href=\"https:\/\/artm-fr.ch\/rallye-argovien-2009\/\">Rallye argovien<\/a><\/li>\n<li>26.09.2009&nbsp;<a href=\"https:\/\/artm-fr.ch\/rallye-valaisan-2009\/\">Rallye valaisan<\/a><\/li>\n<li>23.10.2009&nbsp;<a href=\"https:\/\/artm-fr.ch\/course-dorientation-de-nuit-ammv-2009\/\">Course d\u2019orientation de nuit AMMV<\/a><\/li>\n<\/ul>\n<p>        <\/p><\/div>    <\/div><\/div><div class=\"panel panel-default\">    <div class=\"panel-heading\" role=\"tab\" id=\"heading_citem_622c-0f88\">        <h4 class=\"panel-title\"><a class=\"accordion-toggle collapsed\" data-toggle=\"collapse\" aria-controls=\"heading_citem_622c-0f88\" data-parent=\"#collapse_f0fc-4f17\" href=\"#citem_622c-0f88\">2008<\/a>        <\/h4>    <\/div>    <div id=\"citem_622c-0f88\" class=\"panel-collapse collapse \" role=\"tabpanel\" aria-labelledby=\"heading_citem_622c-0f88\">        <div class=\"panel-body\">\n<h4>Manifestations&nbsp;cantonales<\/h4>\n<ul>\n<li>26.04.2008&nbsp;<a href=\"https:\/\/artm-fr.ch\/cours-de-lecture-de-carte-2008\/\">Cours de lecture de carte<\/a><\/li>\n<li>31.05.2008&nbsp;<a href=\"https:\/\/artm-fr.ch\/rallye-romand-2008\/\">Rallye romand<\/a><\/li>\n<li>29.06.2008&nbsp;<a href=\"https:\/\/artm-fr.ch\/gymkhana-cantonal-2008\/\">Gymkhana fribourgeois<\/a><\/li>\n<li>30.08.2008&nbsp;<a href=\"https:\/\/artm-fr.ch\/tir-fribourgeois-2008\/\">Tir fribourgeois<\/a><\/li>\n<\/ul>\n<h4>Manifestations externes<\/h4>\n<ul>\n<li>20.09.2008&nbsp;<a href=\"https:\/\/artm-fr.ch\/rallye-valaisan-2008\/\">Rallye valaisan<\/a><\/li>\n<li>24.10.2008&nbsp;<a href=\"https:\/\/artm-fr.ch\/course-dorientation-de-nuit-ammv-2008\/\">Course d\u2019orientation de nuit AMMV<\/a><\/li>\n<li>01.11.2008&nbsp;<a href=\"https:\/\/artm-fr.ch\/rallye-zurichois-2008\/\">Rallye zurichois<\/a><\/li>\n<\/ul>\n<p>        <\/p><\/div>    <\/div><\/div><div class=\"panel panel-default\">    <div class=\"panel-heading\" role=\"tab\" id=\"heading_citem_5932-c5c3\">        <h4 class=\"panel-title\"><a class=\"accordion-toggle collapsed\" data-toggle=\"collapse\" aria-controls=\"heading_citem_5932-c5c3\" data-parent=\"#collapse_f0fc-4f17\" href=\"#citem_5932-c5c3\">2007<\/a>        <\/h4>    <\/div>    <div id=\"citem_5932-c5c3\" class=\"panel-collapse collapse \" role=\"tabpanel\" aria-labelledby=\"heading_citem_5932-c5c3\">        <div class=\"panel-body\">\n<h4>Manifestations&nbsp;cantonales<\/h4>\n<ul>\n<li>21.04.2007&nbsp;<a href=\"https:\/\/artm-fr.ch\/cours-de-lecture-de-carte-2007\/\">Cours de lecture de carte<\/a><\/li>\n<li>12.05.2007&nbsp;<a href=\"https:\/\/artm-fr.ch\/rallye-fribourgeois-2007\/\">Rallye fribourgeois<\/a><\/li>\n<li>24.06.2007&nbsp;<a href=\"https:\/\/artm-fr.ch\/gymkhana-fribourgeois-2007\/\">Gymkhana fribourgeois<\/a><\/li>\n<li>25.08.2007&nbsp;<a href=\"https:\/\/artm-fr.ch\/tir-fribourgeois-2007\/\">Tir fribourgeois<\/a><\/li>\n<\/ul>\n<h4>Manifestations externes<\/h4>\n<ul>\n<li>28.04.2007&nbsp;<a href=\"https:\/\/artm-fr.ch\/rallye-argovien-2007\/\">Rallye argovien<\/a><\/li>\n<li>07.07.2007&nbsp;<a href=\"https:\/\/artm-fr.ch\/rallye-genevois-2007\/\">Rallye genevois<\/a><\/li>\n<li>15.09.2007&nbsp;<a href=\"https:\/\/artm-fr.ch\/rallye-valaisan-2007\/\">Rallye valaisan<\/a><\/li>\n<li>27.10.2007&nbsp;<a href=\"https:\/\/artm-fr.ch\/course-dorientation-de-nuit-ammv-2007\/\">Course d\u2019orientation de nuit AMMV<\/a><\/li>\n<li>03.11.2007&nbsp;<a href=\"https:\/\/artm-fr.ch\/rallye-zurichois-2007\/\">Rallye zurichois<\/a><\/li>\n<\/ul>\n<p>        <\/p><\/div>    <\/div><\/div><div class=\"panel panel-default\">    <div class=\"panel-heading\" role=\"tab\" id=\"heading_citem_eb46-46d2\">        <h4 class=\"panel-title\"><a class=\"accordion-toggle collapsed\" data-toggle=\"collapse\" aria-controls=\"heading_citem_eb46-46d2\" data-parent=\"#collapse_f0fc-4f17\" href=\"#citem_eb46-46d2\">2006<\/a>        <\/h4>    <\/div>    <div id=\"citem_eb46-46d2\" class=\"panel-collapse collapse \" role=\"tabpanel\" aria-labelledby=\"heading_citem_eb46-46d2\">        <div class=\"panel-body\">\n<h4>Manifestations&nbsp;cantonales<\/h4>\n<ul>\n<li>29.04.2006&nbsp;<a href=\"https:\/\/artm-fr.ch\/cours-de-lecture-de-carte-2006\/\">Cours de lecture de carte<\/a><\/li>\n<li>11.05.2006&nbsp;<a href=\"https:\/\/artm-fr.ch\/gymkhana-fribourgeois-2006\/\">Gymkhana fribourgeois<\/a><\/li>\n<li>20.05.2006&nbsp;<a href=\"https:\/\/artm-fr.ch\/rallye-fribourgeois-2006\/\">Rallye fribourgeois<\/a><\/li>\n<li>26.08.2006&nbsp;<a href=\"https:\/\/artm-fr.ch\/tir-fribourgeois-2006\/\">Tir fribourgeois<\/a><\/li>\n<\/ul>\n<h4>Manifestations externes<\/h4>\n<ul>\n<li>22.04.2006&nbsp;<a href=\"https:\/\/artm-fr.ch\/rallye-argovien-2006\/\">Rallye argovien<\/a><\/li>\n<li>30.09.2006&nbsp;<a href=\"https:\/\/artm-fr.ch\/rallye-romand-2006\/\">Rallye romand<\/a><\/li>\n<li>21.10.2006&nbsp;<a href=\"https:\/\/artm-fr.ch\/rallye-valaisan-2006\/\">Rallye valaisan<\/a><\/li>\n<li>28.10.2006&nbsp;<a href=\"https:\/\/artm-fr.ch\/rallye-suisse-2006\/\">Rallye suisse<\/a><\/li>\n<\/ul>\n<p>        <\/p><\/div>    <\/div><\/div><div class=\"panel panel-default\">    <div class=\"panel-heading\" role=\"tab\" id=\"heading_citem_8b3d-da2b\">        <h4 class=\"panel-title\"><a class=\"accordion-toggle collapsed\" data-toggle=\"collapse\" aria-controls=\"heading_citem_8b3d-da2b\" data-parent=\"#collapse_f0fc-4f17\" href=\"#citem_8b3d-da2b\">2005<\/a>        <\/h4>    <\/div>    <div id=\"citem_8b3d-da2b\" class=\"panel-collapse collapse \" role=\"tabpanel\" aria-labelledby=\"heading_citem_8b3d-da2b\">        <div class=\"panel-body\">\n<h4>Manifestations&nbsp;cantonales<\/h4>\n<ul>\n<li>16.04.2005&nbsp;<a href=\"https:\/\/artm-fr.ch\/cours-de-lecture-de-carte-2005\/\">Cours de lecture de carte<\/a><\/li>\n<li>21.05.2005&nbsp;<a href=\"https:\/\/artm-fr.ch\/rallye-fribourgeois-2005\/\">Rallye fribourgeois<\/a><\/li>\n<\/ul>\n<h4>Manifestations externes<\/h4>\n<ul>\n<li>22.10.2005&nbsp;<a href=\"https:\/\/artm-fr.ch\/rallye-tessinois-2005\/\">Rallye tessinois<\/a><\/li>\n<li>28.10.2005&nbsp;<a href=\"https:\/\/artm-fr.ch\/course-dorientation-de-nuit-ammv-2005\/\">Course d\u2019orientation de nuit AMMV<\/a><\/li>\n<li>19.11.2005&nbsp;<a href=\"https:\/\/artm-fr.ch\/rallye-valaisan-2005\/\">Rallye valaisan<\/a><\/li>\n<\/ul>\n<p>        <\/p><\/div>    <\/div><\/div><\/div>\n","protected":false},"excerpt":{"rendered":"<p>Hier sind alle Ergebnisse der ARTM Fribourg Veranstaltungen und die anderer Sektionen, an denen Freiburger Mitglieder teilgenommen haben.<\/p>\n","protected":false},"author":12,"featured_media":3595,"parent":0,"menu_order":0,"comment_status":"closed","ping_status":"closed","template":"","meta":{"footnotes":""},"class_list":["post-1466","page","type-page","status-publish","has-post-thumbnail","hentry"],"_links":{"self":[{"href":"https:\/\/artm-fr.ch\/de\/wp-json\/wp\/v2\/pages\/1466","targetHints":{"allow":["GET"]}}],"collection":[{"href":"https:\/\/artm-fr.ch\/de\/wp-json\/wp\/v2\/pages"}],"about":[{"href":"https:\/\/artm-fr.ch\/de\/wp-json\/wp\/v2\/types\/page"}],"author":[{"embeddable":true,"href":"https:\/\/artm-fr.ch\/de\/wp-json\/wp\/v2\/users\/12"}],"replies":[{"embeddable":true,"href":"https:\/\/artm-fr.ch\/de\/wp-json\/wp\/v2\/comments?post=1466"}],"version-history":[{"count":61,"href":"https:\/\/artm-fr.ch\/de\/wp-json\/wp\/v2\/pages\/1466\/revisions"}],"predecessor-version":[{"id":19348,"href":"https:\/\/artm-fr.ch\/de\/wp-json\/wp\/v2\/pages\/1466\/revisions\/19348"}],"wp:featuredmedia":[{"embeddable":true,"href":"https:\/\/artm-fr.ch\/de\/wp-json\/wp\/v2\/media\/3595"}],"wp:attachment":[{"href":"https:\/\/artm-fr.ch\/de\/wp-json\/wp\/v2\/media?parent=1466"}],"curies":[{"name":"wp","href":"https:\/\/api.w.org\/{rel}","templated":true}]}}