{"id":18864,"date":"2019-02-10T15:18:21","date_gmt":"2019-02-10T14:18:21","guid":{"rendered":"https:\/\/artm-fr.ch\/geschichte\/flagge-der-artm-fribourg\/"},"modified":"2025-04-16T14:41:39","modified_gmt":"2025-04-16T12:41:39","slug":"flagge-der-artm-fribourg","status":"publish","type":"page","link":"https:\/\/artm-fr.ch\/de\/geschichte\/flagge-der-artm-fribourg\/","title":{"rendered":"Flagge der ARTM Fribourg"},"content":{"rendered":"\n<figure class=\"wp-block-gallery has-nested-images columns-default is-cropped wp-block-gallery-1 is-layout-flex wp-block-gallery-is-layout-flex\">\n<figure class=\"wp-block-image size-large\"><img loading=\"lazy\" decoding=\"async\" width=\"1024\" height=\"1024\" data-id=\"3054\" src=\"https:\/\/artm-fr.ch\/wp-content\/uploads\/2017\/06\/FullSizeRender-1024x1024.jpg\" alt=\"\" class=\"wp-image-3054\" srcset=\"https:\/\/artm-fr.ch\/wp-content\/uploads\/2017\/06\/FullSizeRender-1024x1024.jpg 1024w, https:\/\/artm-fr.ch\/wp-content\/uploads\/2017\/06\/FullSizeRender-150x150.jpg 150w, https:\/\/artm-fr.ch\/wp-content\/uploads\/2017\/06\/FullSizeRender-300x300.jpg 300w, https:\/\/artm-fr.ch\/wp-content\/uploads\/2017\/06\/FullSizeRender-768x768.jpg 768w, https:\/\/artm-fr.ch\/wp-content\/uploads\/2017\/06\/FullSizeRender-60x60.jpg 60w, https:\/\/artm-fr.ch\/wp-content\/uploads\/2017\/06\/FullSizeRender.jpg 1269w\" sizes=\"auto, (max-width: 1024px) 100vw, 1024px\" \/><figcaption class=\"wp-element-caption\">Aktuelle Flagge der ARTM Fribourg<\/figcaption><\/figure>\n<\/figure>\n\n<h2 class=\"wp-block-heading\">Flaggen-Erneuerung<\/h2>\n\n<p class=\"wp-block-paragraph\">Am Sonntag, 31. Mai 1942, wurde die Fahne der ARTM Fribourg an der Kathedrale Saint-Nicolas getauft. Viele Jahre sind vergangen und trotz aller Sorgfalt, die ihm gewidmet wurde, ist sein Austausch jetzt notwendig. <\/p>\n\n<p class=\"wp-block-paragraph\">Die Symbolik dieser Flagge besteht darin, die Mitglieder des Vereins zu repr\u00e4sentieren, wir m\u00f6chten, dass Sie die Sch\u00f6pfer sind.<\/p>\n\n<p class=\"wp-block-paragraph\">Der Ideenwettbewerb lief bis zum 8. September 2019, unter den eingegangenen Antworten wird <strong>der Generalversammlung am 20. M\u00e4rz 2020 <\/strong> eine neue Flagge vorgeschlagen.<\/p>\n\n<figure class=\"wp-block-image size-large\"><img loading=\"lazy\" decoding=\"async\" width=\"1772\" height=\"1772\" src=\"https:\/\/artm-fr.ch\/wp-content\/uploads\/2020\/02\/drapeau-ARTM-FR-5.jpg\" alt=\"\" class=\"wp-image-13549\" srcset=\"https:\/\/artm-fr.ch\/wp-content\/uploads\/2020\/02\/drapeau-ARTM-FR-5.jpg 1772w, https:\/\/artm-fr.ch\/wp-content\/uploads\/2020\/02\/drapeau-ARTM-FR-5-650x650.jpg 650w, https:\/\/artm-fr.ch\/wp-content\/uploads\/2020\/02\/drapeau-ARTM-FR-5-150x150.jpg 150w, https:\/\/artm-fr.ch\/wp-content\/uploads\/2020\/02\/drapeau-ARTM-FR-5-768x768.jpg 768w, https:\/\/artm-fr.ch\/wp-content\/uploads\/2020\/02\/drapeau-ARTM-FR-5-1536x1536.jpg 1536w, https:\/\/artm-fr.ch\/wp-content\/uploads\/2020\/02\/drapeau-ARTM-FR-5-60x60.jpg 60w\" sizes=\"auto, (max-width: 1772px) 100vw, 1772px\" \/><figcaption class=\"wp-element-caption\">Vorschlag der neuen Flagge, von App-Chef Anthony Marchand<\/figcaption><\/figure>\n\n<h2 class=\"wp-block-heading\">Geschichte der Kantonsflagge<\/h2>\n\n<p class=\"has-drop-cap wp-block-paragraph\">Die Generalversammlung vom 8. Februar 1942 in der Brasserie Peier in Fribourg brachte eine Rekordbeteiligung von 128 von insgesamt 266 Mitgliedern zusammen, wobei sich die Zahl der Mitglieder in einem Jahr um 53 erh\u00f6ht hatte. (&#8230;)<\/p>\n\n<p class=\"wp-block-paragraph\">Am Ende der Debatten wurde ein Geheimnis gel\u00fcftet, das Paul Pythoud eifers\u00fcchtig h\u00fctete. Bisher begleitete nur ein von Bundespr\u00e4sident Georges Bise grossz\u00fcgig gestifteter Wimpel die Mitglieder und Delegierten bei den verschiedenen Veranstaltungen, zu denen die Freiburgerinnen und Freiburger eingeladen waren. Es war notwendig, es in der Zukunft besser zu machen, und das ist die Idee, die im Kopf von Paul Pythoud keimte. Auf dem Weg von der Idee zur Realisierung bildete er eine kleine Arbeitsgruppe, die das Gesch\u00e4ft aktiv weiterentwickelte. Das Projekt wurde von der Versammlung unter dem Vorbehalt der Finanzierung angenommen, die jedoch den Bauherrn betraf, der seinen Plan bereits hatte.    <\/p>\n\n<p class=\"wp-block-paragraph\">Im Vertrauen auf seinen Freund Paul dankte ihm Georges Bise herzlich f\u00fcr all diese Arbeit und schlug Paul Pythoud neben seiner Eigenschaft als Gr\u00fcnder und perfekter Organisator vor, ihm den Titel eines Ehrenmitglieds zu verleihen, was die Versammlung per Akklamation best\u00e4tigte.<\/p>\n\n<p class=\"wp-block-paragraph\">Nur wenige Monate reichten der Pythoud-Gruppe aus, um die notwendigen Mittel f\u00fcr die Herstellung einer Flagge aufzubringen, die nun von allen sehns\u00fcchtig erwartet wurde. Das Projekt wurde von Professor Plancherel entwickelt, der es verstand, Anmut und St\u00e4rke in den auf der Seide eingravierten Symbolen zu vereinen. Dank der Einrichtung einer Lotterie (Gewinn 1403 Fr. 35) und dem Sammeln von Geldspenden (1095 Fr. 70) konnte die Finanzierung gesichert werden. Der Preis f\u00fcr die Fahne betrug 655 Franken, die Vitrine kostete 550 Franken. Alle Spesen bezahlt, es blieb ein Gewinn von 140 Franken.    <\/p>\n<div class=\"wp-block-image\">\n<figure class=\"alignright is-resized\"><a href=\"https:\/\/artm-fr.ch\/wp-content\/uploads\/2016\/08\/wsi-imageoptim-Unfade-2016-08-26-18.08.28-156x300.jpg\" target=\"_blank\" rel=\"noreferrer noopener\"><img loading=\"lazy\" decoding=\"async\" width=\"156\" height=\"300\" src=\"https:\/\/artm-fr.ch\/wp-content\/uploads\/2016\/08\/wsi-imageoptim-Unfade-2016-08-26-18.08.28-156x300.jpg\" alt=\"1942 Organisation\" class=\"wp-image-2000\" style=\"width:191px;height:367px\" srcset=\"https:\/\/artm-fr.ch\/wp-content\/uploads\/2016\/08\/wsi-imageoptim-Unfade-2016-08-26-18.08.28-156x300.jpg 156w, https:\/\/artm-fr.ch\/wp-content\/uploads\/2016\/08\/wsi-imageoptim-Unfade-2016-08-26-18.08.28-768x1481.jpg 768w, https:\/\/artm-fr.ch\/wp-content\/uploads\/2016\/08\/wsi-imageoptim-Unfade-2016-08-26-18.08.28-531x1024.jpg 531w, https:\/\/artm-fr.ch\/wp-content\/uploads\/2016\/08\/wsi-imageoptim-Unfade-2016-08-26-18.08.28-536x1034.jpg 536w, https:\/\/artm-fr.ch\/wp-content\/uploads\/2016\/08\/wsi-imageoptim-Unfade-2016-08-26-18.08.28-800x1543.jpg 800w, https:\/\/artm-fr.ch\/wp-content\/uploads\/2016\/08\/wsi-imageoptim-Unfade-2016-08-26-18.08.28.jpg 1062w\" sizes=\"auto, (max-width: 156px) 100vw, 156px\" \/><\/a><figcaption class=\"wp-element-caption\">Zusammensetzung der Flaggenkommission und des Assoziationsausschusses<\/figcaption><\/figure>\n<\/div>\n<p class=\"wp-block-paragraph\">Am Sonntag, dem 31. Mai 1942, fand eine imposante Demonstration statt. Die Prozession, angef\u00fchrt von der Musik <a href=\"http:\/\/www.laconcordia.ch\/?lang=fr\">La Concordia de Fribourg<\/a> , zog durch die Stra\u00dfen der Stadt zur <a href=\"https:\/\/www.stnicolas.ch\/cathedrale\">Kathedrale St. Nikolaus<\/a>. Hinter der Musik folgte das Zentralkomitee mit seinem Pr\u00e4sidenten Jean Stamm, dann flatterten die Fahnen mit den Schwestersektionen der Milit\u00e4rgesellschaften im Wind. (&#8230;) Der Umzug endete mit langen Reihen von Milit\u00e4rfahrern, deren Tempo und martialisches Auftreten die Falschheit der Legende bewiesen, dass die Milit\u00e4rautofahrer nicht wussten, wie man im Gleichschritt marschiert. Im Anschluss fand das offizielle Bankett im Hotel Suisse statt. Die Reden waren zahlreich und alle von Freundschaft und Patriotismus durchdrungen.     <\/p>\n<div class=\"wp-block-image\">\n<figure class=\"alignleft is-resized\"><a href=\"https:\/\/artm-fr.ch\/wp-content\/uploads\/2016\/08\/wsi-imageoptim-Unfade-2016-08-26-18.08.53-156x300.jpg\" target=\"_blank\" rel=\"noreferrer noopener\"><img loading=\"lazy\" decoding=\"async\" width=\"156\" height=\"300\" src=\"https:\/\/artm-fr.ch\/wp-content\/uploads\/2016\/08\/wsi-imageoptim-Unfade-2016-08-26-18.08.53-156x300.jpg\" alt=\"Programm 1941\" class=\"wp-image-2001\" style=\"width:210px;height:404px\" srcset=\"https:\/\/artm-fr.ch\/wp-content\/uploads\/2016\/08\/wsi-imageoptim-Unfade-2016-08-26-18.08.53-156x300.jpg 156w, https:\/\/artm-fr.ch\/wp-content\/uploads\/2016\/08\/wsi-imageoptim-Unfade-2016-08-26-18.08.53-768x1479.jpg 768w, https:\/\/artm-fr.ch\/wp-content\/uploads\/2016\/08\/wsi-imageoptim-Unfade-2016-08-26-18.08.53-532x1024.jpg 532w, https:\/\/artm-fr.ch\/wp-content\/uploads\/2016\/08\/wsi-imageoptim-Unfade-2016-08-26-18.08.53.jpg 1064w\" sizes=\"auto, (max-width: 156px) 100vw, 156px\" \/><\/a><figcaption class=\"wp-element-caption\">Programm der Feierlichkeiten vom 31. Mai 1942<\/figcaption><\/figure>\n<\/div>\n<p class=\"wp-block-paragraph\">Der Pate Jean Henrioud lie\u00df sein Herz sprechen und hielt eine Rede voller Gef\u00fchle. Er dr\u00fcckt seine Freude dar\u00fcber aus, Pate der Freiburger Flagge zu sein und Frau Bise, die \u00abGrosse\u00bb Mutter aller Milit\u00e4rfahrer, als Patin gew\u00e4hlt zu haben. Er fuhr fort:    <em>\u00bbSie haben darauf bestanden, neben Ihren Freiburger Farben diese weinrote Farbe, die jedem Milit\u00e4rf\u00fchrer so teuer ist, in Begleitung des Kanariengelbs unserer motorisierten leichten Truppen zu setzen. Zum ersten Mal befinden sich die beiden Farben der Motoren nebeneinander auf einem Emblem. Ich gratuliere Ihnen zu Ihrem guten Geschmack. Es ist gut, dass unsere Kanarienv\u00f6gel das Gef\u00fchl haben, dass sie Teil unserer Familie sind und dass sie auch milit\u00e4rische Fahrer sind, genau wie die Weinhefe. Nur ihre Mission unterscheidet sich. Was macht die Farbe der Fassade aus, denn wir werden alle unsere Pflicht voll und ganz zu erf\u00fcllen wissen, wenn unser Land es verlangt.&#8220;<\/em>.<\/p>\n<div class=\"wp-block-image\">\n<figure class=\"aligncenter is-resized\"><a href=\"https:\/\/artm-fr.ch\/wp-content\/uploads\/2016\/08\/wsi-imageoptim-Unfade-2016-08-26-17.04.43-706x1024.jpg\" target=\"_blank\" rel=\"noreferrer noopener\"><img loading=\"lazy\" decoding=\"async\" width=\"706\" height=\"1024\" src=\"https:\/\/artm-fr.ch\/wp-content\/uploads\/2016\/08\/wsi-imageoptim-Unfade-2016-08-26-17.04.43-706x1024.jpg\" alt=\"\" class=\"wp-image-2002\" style=\"width:310px;height:449px\" srcset=\"https:\/\/artm-fr.ch\/wp-content\/uploads\/2016\/08\/wsi-imageoptim-Unfade-2016-08-26-17.04.43-706x1024.jpg 706w, https:\/\/artm-fr.ch\/wp-content\/uploads\/2016\/08\/wsi-imageoptim-Unfade-2016-08-26-17.04.43-207x300.jpg 207w, https:\/\/artm-fr.ch\/wp-content\/uploads\/2016\/08\/wsi-imageoptim-Unfade-2016-08-26-17.04.43-768x1114.jpg 768w, https:\/\/artm-fr.ch\/wp-content\/uploads\/2016\/08\/wsi-imageoptim-Unfade-2016-08-26-17.04.43-713x1034.jpg 713w, https:\/\/artm-fr.ch\/wp-content\/uploads\/2016\/08\/wsi-imageoptim-Unfade-2016-08-26-17.04.43-800x1160.jpg 800w, https:\/\/artm-fr.ch\/wp-content\/uploads\/2016\/08\/wsi-imageoptim-Unfade-2016-08-26-17.04.43.jpg 1412w\" sizes=\"auto, (max-width: 706px) 100vw, 706px\" \/><\/a><figcaption class=\"wp-element-caption\">Titelbild des Booklets des Fahnenfestes ARTM Fribourg, 31. Mai 1942.<\/figcaption><\/figure>\n<\/div>\n<figure class=\"wp-block-image\"><a href=\"https:\/\/artm-fr.ch\/wp-content\/uploads\/2016\/08\/wsi-imageoptim-Unfade-2016-08-26-17.06.16-1024x977.jpg\" target=\"_blank\" rel=\"noreferrer noopener\"><img loading=\"lazy\" decoding=\"async\" width=\"1024\" height=\"977\" src=\"https:\/\/artm-fr.ch\/wp-content\/uploads\/2016\/08\/wsi-imageoptim-Unfade-2016-08-26-17.06.16-1024x977.jpg\" alt=\"\" class=\"wp-image-1998\" srcset=\"https:\/\/artm-fr.ch\/wp-content\/uploads\/2016\/08\/wsi-imageoptim-Unfade-2016-08-26-17.06.16-1024x977.jpg 1024w, https:\/\/artm-fr.ch\/wp-content\/uploads\/2016\/08\/wsi-imageoptim-Unfade-2016-08-26-17.06.16-300x286.jpg 300w, https:\/\/artm-fr.ch\/wp-content\/uploads\/2016\/08\/wsi-imageoptim-Unfade-2016-08-26-17.06.16-768x733.jpg 768w, https:\/\/artm-fr.ch\/wp-content\/uploads\/2016\/08\/wsi-imageoptim-Unfade-2016-08-26-17.06.16.jpg 2048w\" sizes=\"auto, (max-width: 1024px) 100vw, 1024px\" \/><\/a><figcaption class=\"wp-element-caption\">Bericht \u00fcber das Fahnenfest der ARTM Fribourg, 31. Mai 1942.<\/figcaption><\/figure>\n\n<p class=\"wp-block-paragraph\"><em>Text und Bilder aus dem Buch zum 50-j\u00e4hrigen Jubil\u00e4um der ARTM Fribourg, verf\u00fcgbar auf der Seite <a href=\"https:\/\/artm-fr.ch\/de\/geschichte\/\">Geschichte<\/a>.<\/em><\/p>\n","protected":false},"excerpt":{"rendered":"<p>Flaggen-Erneuerung Am Sonntag, 31. Mai 1942, wurde die Fahne der ARTM Fribourg an der Kathedrale Saint-Nicolas getauft. Viele Jahre sind vergangen und trotz aller Sorgfalt, die ihm gewidmet wurde, ist sein Austausch jetzt notwendig. Die Symbolik dieser Flagge besteht darin, die Mitglieder des Vereins zu repr\u00e4sentieren, wir m\u00f6chten, dass Sie die Sch\u00f6pfer sind. Der Ideenwettbewerb [&hellip;]<\/p>\n","protected":false},"author":2,"featured_media":0,"parent":2867,"menu_order":0,"comment_status":"closed","ping_status":"closed","template":"","meta":{"footnotes":""},"class_list":["post-18864","page","type-page","status-publish","hentry"],"_links":{"self":[{"href":"https:\/\/artm-fr.ch\/de\/wp-json\/wp\/v2\/pages\/18864","targetHints":{"allow":["GET"]}}],"collection":[{"href":"https:\/\/artm-fr.ch\/de\/wp-json\/wp\/v2\/pages"}],"about":[{"href":"https:\/\/artm-fr.ch\/de\/wp-json\/wp\/v2\/types\/page"}],"author":[{"embeddable":true,"href":"https:\/\/artm-fr.ch\/de\/wp-json\/wp\/v2\/users\/2"}],"replies":[{"embeddable":true,"href":"https:\/\/artm-fr.ch\/de\/wp-json\/wp\/v2\/comments?post=18864"}],"version-history":[{"count":2,"href":"https:\/\/artm-fr.ch\/de\/wp-json\/wp\/v2\/pages\/18864\/revisions"}],"predecessor-version":[{"id":18866,"href":"https:\/\/artm-fr.ch\/de\/wp-json\/wp\/v2\/pages\/18864\/revisions\/18866"}],"up":[{"embeddable":true,"href":"https:\/\/artm-fr.ch\/de\/wp-json\/wp\/v2\/pages\/2867"}],"wp:attachment":[{"href":"https:\/\/artm-fr.ch\/de\/wp-json\/wp\/v2\/media?parent=18864"}],"curies":[{"name":"wp","href":"https:\/\/api.w.org\/{rel}","templated":true}]}}