{"id":2867,"date":"2016-08-20T13:29:28","date_gmt":"2016-08-20T11:29:28","guid":{"rendered":"https:\/\/artm-fr.ch\/histoire\/"},"modified":"2025-12-23T22:39:18","modified_gmt":"2025-12-23T21:39:18","slug":"geschichte","status":"publish","type":"page","link":"https:\/\/artm-fr.ch\/de\/geschichte\/","title":{"rendered":"Geschichte des Vereins"},"content":{"rendered":"\n<h2 class=\"wp-block-heading\">Vorwort<\/h2>\n\n<p class=\"wp-block-paragraph\">1936 pr\u00e4sentierte der deutsche Hersteller Mercedes auf der Berliner Automobilausstellung das erste Auto mit Dieselmotor, w\u00e4hrend Adolf Hitler im nieders\u00e4chsischen Fallersleben das Werk einweihte, in dem &#8222;der&#8220; Volkswagen (K\u00e4fer) hergestellt werden sollte.<\/p>\n\n<p class=\"wp-block-paragraph\">Doch am 15. November versammelten sich in Freiburg rund f\u00fcnfzig Milit\u00e4rfahrer um die Herren Georges Bise, Auguste Millasson, Pierre Auderset, Fr\u00e9dy Baumann, Gaston und Paul Pythoud sowie Michel Schneider und gr\u00fcndeten auch die kantonale Sektion der Association romande des troupes motoris\u00e9es. <\/p>\n\n<p class=\"wp-block-paragraph\">80 Jahre sp\u00e4ter ist Ihr Verein, der bis zu 900 Mitglieder z\u00e4hlt, immer noch pr\u00e4sent. Und um dieses Jubil\u00e4um zu feiern, laden wir Sie ein, auf dieser Seite die Ereignisse zu entdecken, die seine Geschichte gepr\u00e4gt haben, Informationen \u00fcber die Milit\u00e4rfahrzeuge, die seine Aktivit\u00e4ten in diesen Jahren begleitet haben, sowie verschiedene andere Inhalte. <\/p>\n\n<p class=\"wp-block-paragraph\">Wir danken den Gr\u00fcndern unseres Unternehmens f\u00fcr ihre Initiative und sind stolz darauf, f\u00fcr die Fortf\u00fchrung der Arbeit all derer verantwortlich zu sein, die es seitdem zum Leben erweckt haben, und freuen uns auf Ihr Feedback \u2013 und nat\u00fcrlich darauf, diese Seite mit anderen Erinnerungen zu vervollst\u00e4ndigen, die Sie gerne per <a href=\"https:\/\/artm-fr.ch\/de\/adressen\/\">Post<\/a> oder <a href=\"mailto:histoire@artm-fr.ch\">E-Mail<\/a> mit uns teilen k\u00f6nnen.<\/p>\n\n<p class=\"wp-block-paragraph\">M\u00f6ge das ARTM Fribourg noch lange leben!<\/p>\n\n<p class=\"wp-block-paragraph\">Der Ausschuss<\/p>\n\n<h2 class=\"wp-block-heading\">  Das Neueste bis heute<\/h2>\n\n<blockquote class=\"wp-block-quote is-layout-flow wp-block-quote-is-layout-flow\">\n<p class=\"wp-block-paragraph\"><a href=\"https:\/\/artm-fr.ch\/de\/geschichte\/einweihung-der-neuen-artm-flagge-fr\/\">Enth\u00fcllung der neuen Flagge<\/a><\/p>\n<\/blockquote>\n\n<div class=\"panel-group\" id=\"collapse_dbb0-4e05\">\n<div class=\"panel panel-default\">    <div class=\"panel-heading\" role=\"tab\" id=\"heading_citem_7aec-9112\">        <h4 class=\"panel-title\"><a class=\"accordion-toggle collapsed\" data-toggle=\"collapse\" aria-controls=\"heading_citem_7aec-9112\" data-parent=\"#collapse_dbb0-4e05\" href=\"#citem_7aec-9112\">Interaktive Zeitleiste<\/a>        <\/h4>    <\/div>    <div id=\"citem_7aec-9112\" class=\"panel-collapse collapse \" role=\"tabpanel\" aria-labelledby=\"heading_citem_7aec-9112\">        <div class=\"panel-body\"><br class=\"nc\"\/>\t\t\t<section id=\"cd-timeline\" class=\"cd-container timeline-express\">\n\n\t\t\t\n<div class=\"cd-timeline-block november 15 1936 announcement-1917\">\n\n\t\n\t\t<a class=\"cd-timeline-icon-link\" href=\"https:\/\/artm-fr.ch\/de\/announcement\/1936-2\/\">\n\n\t\t\t\n\t\t<div class=\"cd-timeline-img cd-picture\" style=\"background:#972f5b;\">\n\n\t\t\t<!-- Custom Action Hook -->\n\t\t\t\n\t\t\t\t<!-- Standard Font Awesome Icon -->\n\t\t\t\t<span class=\"fa fa-star\" title=\"Constitution de l&#8217;association\"><\/span>\n\n\t\t\t\n\t\t<\/div> <!-- cd-timeline-img -->\n\n\t\n\t\t<\/a>\n\n\t\t\n\t<!-- Timeline Content -->\n\t<div class=\"cd-timeline-content\">\n\n\t\t\n\t\t<!-- Announcement Title -->\n\t\t<div class=\"cd-timeline-title-container\">\n\n\t\t\t\n\t\t\t<h2 class=\"cd-timeline-item-title\">\n\t\t\t\tConstitution de l&#8217;association\t\t\t<\/h2>\n\n\t\t\t\t\t<\/div>\n\t\t<!-- End Announcement Title -->\n\n\t\t<img loading=\"lazy\" decoding=\"async\" width=\"350\" height=\"120\" src=\"https:\/\/artm-fr.ch\/wp-content\/uploads\/2016\/08\/wsi-imageoptim-Capture-d\u2019\u00e9cran-2016-08-21-\u00e0-11.41.16-350x120.png\" class=\"announcement-banner-image\" alt=\"Constitution de l\u2019association\" \/>\n\t\t<!-- Announcement Excerpt -->\n\t\t<div class=\"the-excerpt\">\n\t\t\t<p>Le 15 novembre 1936 a \u00e9t\u00e9 fond\u00e9e \u00e0 Fribourg la\u00a0Soci\u00e9t\u00e9 fribourgeoise des chauffeurs militaires. Anim\u00e9s par cet esprit de camaraderie, un comit\u00e9 provisoire compos\u00e9 de MM Georges Bise, Pierre Auderset, Fr\u00e9dy Baumann, Gaston Pythoud et Michel Schneider lan\u00e7a un appel, en date du 11 novembre 1936, \u00e0 tous les incorpor\u00e9s dans les troupes de transport et troupes motoris\u00e9es du canton de Fribourg. Cette initiative connut un succ\u00e8s r\u00e9jouissant. En effet, l&#8217;assembl\u00e9e constitutive, tenue le 15 novembre 1936 \u00e0 Fribourg, groupa une cinquantaine de membres qui reculent le titre de fondateur de la soci\u00e9t\u00e9. C&#8217;est en fouillant dans les archives que l&#8217;on d\u00e9couvrit la liste de pr\u00e9sences, peut-\u00eatre incompl\u00e8te, en admettant que d&#8217;aucuns aient omis de s&#8217;inscrire au moment voulu. Elle est donc publi\u00e9e ci-apr\u00e8s sous toute r\u00e9serve. S&#8217;il est certes r\u00e9confortant de trouver dans cette liste quelques membres fid\u00e8les qui n&#8217;h\u00e9sitent pas, \u00e0 chaque occasionne prouver leur attachement \u00e0 notre soci\u00e9t\u00e9, il convient h\u00e9las de rendre un hommage particulier \u00e0 ceux qui nous ont quitt\u00e9s pour l&#8217;au-del\u00e0 et dont&#8230;<\/p>\n<a class=\"timeline-express-read-more-link\" href=\"https:\/\/artm-fr.ch\/de\/announcement\/1936-2\/\"> Read more<\/a>\t\t<\/div>\n\t\t<!-- End Announcement Excerpt -->\n\n\t\t\n\t<\/div>\n\t<!-- End Timeline Content -->\n\n<\/div>\n<!-- End Timeline Block -->\n\n<div class=\"cd-timeline-block januar 01 1938 announcement-1895\">\n\n\t\n\t\t<a class=\"cd-timeline-icon-link\" href=\"https:\/\/artm-fr.ch\/de\/announcement\/1938-2\/\">\n\n\t\t\t\n\t\t<div class=\"cd-timeline-img cd-picture\" style=\"background:#363636;\">\n\n\t\t\t<!-- Custom Action Hook -->\n\t\t\t\n\t\t\t\t<!-- Standard Font Awesome Icon -->\n\t\t\t\t<span class=\"fa fa-truck\" title=\"1938\"><\/span>\n\n\t\t\t\n\t\t<\/div> <!-- cd-timeline-img -->\n\n\t\n\t\t<\/a>\n\n\t\t\n\t<!-- Timeline Content -->\n\t<div class=\"cd-timeline-content\">\n\n\t\t\n\t\t<!-- Announcement Title -->\n\t\t<div class=\"cd-timeline-title-container\">\n\n\t\t\t\n\t\t\t<h2 class=\"cd-timeline-item-title\">\n\t\t\t\t1938\t\t\t<\/h2>\n\n\t\t\t\t\t<\/div>\n\t\t<!-- End Announcement Title -->\n\n\t\t<img loading=\"lazy\" decoding=\"async\" width=\"283\" height=\"120\" src=\"https:\/\/artm-fr.ch\/wp-content\/uploads\/2016\/08\/wsi-imageoptim-1938-FBW-AM40.jpg\" class=\"announcement-banner-image\" alt=\"1938\" \/>\n\t\t<!-- Announcement Excerpt -->\n\t\t<div class=\"the-excerpt\">\n\t\t\t<p>FBW AM40<\/p>\n<a class=\"timeline-express-read-more-link\" href=\"https:\/\/artm-fr.ch\/de\/announcement\/1938-2\/\"> Read more<\/a>\t\t<\/div>\n\t\t<!-- End Announcement Excerpt -->\n\n\t\t\n\t<\/div>\n\t<!-- End Timeline Content -->\n\n<\/div>\n<!-- End Timeline Block -->\n\n<div class=\"cd-timeline-block april 30 1939 announcement-no-image announcement-3774\">\n\n\t\n\t\t<a class=\"cd-timeline-icon-link\" href=\"https:\/\/artm-fr.ch\/de\/announcement\/1939-2\/\">\n\n\t\t\t\n\t\t<div class=\"cd-timeline-img cd-picture\" style=\"background:#363636;\">\n\n\t\t\t<!-- Custom Action Hook -->\n\t\t\t\n\t\t\t\t<!-- Standard Font Awesome Icon -->\n\t\t\t\t<span class=\"fa fa-newspaper-o\" title=\"1939\"><\/span>\n\n\t\t\t\n\t\t<\/div> <!-- cd-timeline-img -->\n\n\t\n\t\t<\/a>\n\n\t\t\n\t<!-- Timeline Content -->\n\t<div class=\"cd-timeline-content\">\n\n\t\t\n\t\t<!-- Announcement Title -->\n\t\t<div class=\"cd-timeline-title-container\">\n\n\t\t\t\n\t\t\t<h2 class=\"cd-timeline-item-title\">\n\t\t\t\t1939\t\t\t<\/h2>\n\n\t\t\t\t\t<\/div>\n\t\t<!-- End Announcement Title -->\n\n\t\t\n\t\t<!-- Announcement Excerpt -->\n\t\t<div class=\"the-excerpt\">\n\t\t\t<p>1. Schweizerische Vielseitigkeitskonkurrenz der motorisierten leichten Truppen und der Motortransporttruppen am 30. April.<\/p>\n<a class=\"timeline-express-read-more-link\" href=\"https:\/\/artm-fr.ch\/de\/announcement\/1939-2\/\"> Read more<\/a>\t\t<\/div>\n\t\t<!-- End Announcement Excerpt -->\n\n\t\t\n\t<\/div>\n\t<!-- End Timeline Content -->\n\n<\/div>\n<!-- End Timeline Block -->\n\n<div class=\"cd-timeline-block januar 01 1940 announcement-1900\">\n\n\t\n\t\t<a class=\"cd-timeline-icon-link\" href=\"https:\/\/artm-fr.ch\/de\/announcement\/1940-2\/\">\n\n\t\t\t\n\t\t<div class=\"cd-timeline-img cd-picture\" style=\"background:#363636;\">\n\n\t\t\t<!-- Custom Action Hook -->\n\t\t\t\n\t\t\t\t<!-- Standard Font Awesome Icon -->\n\t\t\t\t<span class=\"fa fa-truck\" title=\"1940\"><\/span>\n\n\t\t\t\n\t\t<\/div> <!-- cd-timeline-img -->\n\n\t\n\t\t<\/a>\n\n\t\t\n\t<!-- Timeline Content -->\n\t<div class=\"cd-timeline-content\">\n\n\t\t\n\t\t<!-- Announcement Title -->\n\t\t<div class=\"cd-timeline-title-container\">\n\n\t\t\t\n\t\t\t<h2 class=\"cd-timeline-item-title\">\n\t\t\t\t1940\t\t\t<\/h2>\n\n\t\t\t\t\t<\/div>\n\t\t<!-- End Announcement Title -->\n\n\t\t<img loading=\"lazy\" decoding=\"async\" width=\"178\" height=\"120\" src=\"https:\/\/artm-fr.ch\/wp-content\/uploads\/2016\/08\/wsi-imageoptim-1940-Saurer-M6.jpg\" class=\"announcement-banner-image\" alt=\"1940\" \/>\n\t\t<!-- Announcement Excerpt -->\n\t\t<div class=\"the-excerpt\">\n\t\t\t<p>Saurer M6<\/p>\n<a class=\"timeline-express-read-more-link\" href=\"https:\/\/artm-fr.ch\/de\/announcement\/1940-2\/\"> Read more<\/a>\t\t<\/div>\n\t\t<!-- End Announcement Excerpt -->\n\n\t\t\n\t<\/div>\n\t<!-- End Timeline Content -->\n\n<\/div>\n<!-- End Timeline Block -->\n\n<div class=\"cd-timeline-block januar 25 1940 announcement-2667\">\n\n\t\n\t\t<a class=\"cd-timeline-icon-link\" href=\"https:\/\/artm-fr.ch\/de\/announcement\/revue-automobile\/\">\n\n\t\t\t\n\t\t<div class=\"cd-timeline-img cd-picture\" style=\"background:#972f5b;\">\n\n\t\t\t<!-- Custom Action Hook -->\n\t\t\t\n\t\t\t\t<!-- Standard Font Awesome Icon -->\n\t\t\t\t<span class=\"fa fa-newspaper-o\" title=\"Revue Automobile\"><\/span>\n\n\t\t\t\n\t\t<\/div> <!-- cd-timeline-img -->\n\n\t\n\t\t<\/a>\n\n\t\t\n\t<!-- Timeline Content -->\n\t<div class=\"cd-timeline-content\">\n\n\t\t\n\t\t<!-- Announcement Title -->\n\t\t<div class=\"cd-timeline-title-container\">\n\n\t\t\t\n\t\t\t<h2 class=\"cd-timeline-item-title\">\n\t\t\t\tRevue Automobile\t\t\t<\/h2>\n\n\t\t\t\t\t<\/div>\n\t\t<!-- End Announcement Title -->\n\n\t\t<img loading=\"lazy\" decoding=\"async\" width=\"350\" height=\"120\" src=\"https:\/\/artm-fr.ch\/wp-content\/uploads\/2017\/01\/Capture-d\u2019\u00e9cran-2017-01-15-\u00e0-20.52.07-350x120.png\" class=\"announcement-banner-image\" alt=\"Revue Automobile\" \/>\n\t\t<!-- Announcement Excerpt -->\n\t\t<div class=\"the-excerpt\">\n\t\t\t<p>Lors de l&#8217;assembl\u00e9e des d\u00e9l\u00e9gu\u00e9s de l&#8217;ARTM de 1940, qui s&#8217;est d\u00e9roul\u00e9e le 25 f\u00e9vrier \u00e0 Gen\u00e8ve, la Revue Automobile est adopt\u00e9e \u00e0 l&#8217;unanimit\u00e9 comme organe officiel de l&#8217;association. Encore aujourd&#8217;hui, la Revue Automobile reste un partenaire important de l&#8217;ARTM, proposant chaque semaine \u00e0 nos membres des informations \u00e9clair\u00e9es sur le monde de l&#8217;automobile.<\/p>\n<a class=\"timeline-express-read-more-link\" href=\"https:\/\/artm-fr.ch\/de\/announcement\/revue-automobile\/\"> Read more<\/a>\t\t<\/div>\n\t\t<!-- End Announcement Excerpt -->\n\n\t\t\n\t<\/div>\n\t<!-- End Timeline Content -->\n\n<\/div>\n<!-- End Timeline Block -->\n\n<div class=\"cd-timeline-block februar 11 1940 announcement-1995\">\n\n\t\n\t\t<a class=\"cd-timeline-icon-link\" href=\"https:\/\/artm-fr.ch\/de\/announcement\/1940-3\/\">\n\n\t\t\t\n\t\t<div class=\"cd-timeline-img cd-picture\" style=\"background:#972f5b;\">\n\n\t\t\t<!-- Custom Action Hook -->\n\t\t\t\n\t\t\t\t<!-- Standard Font Awesome Icon -->\n\t\t\t\t<span class=\"fa fa-newspaper-o\" title=\"1940\"><\/span>\n\n\t\t\t\n\t\t<\/div> <!-- cd-timeline-img -->\n\n\t\n\t\t<\/a>\n\n\t\t\n\t<!-- Timeline Content -->\n\t<div class=\"cd-timeline-content\">\n\n\t\t\n\t\t<!-- Announcement Title -->\n\t\t<div class=\"cd-timeline-title-container\">\n\n\t\t\t\n\t\t\t<h2 class=\"cd-timeline-item-title\">\n\t\t\t\t1940\t\t\t<\/h2>\n\n\t\t\t\t\t<\/div>\n\t\t<!-- End Announcement Title -->\n\n\t\t<img loading=\"lazy\" decoding=\"async\" width=\"350\" height=\"120\" src=\"https:\/\/artm-fr.ch\/wp-content\/uploads\/2016\/10\/wsi-imageoptim-revue_automobile_logo-350x120.jpeg\" class=\"announcement-banner-image\" alt=\"1940\" \/>\n\t\t<!-- Announcement Excerpt -->\n\t\t<div class=\"the-excerpt\">\n\t\t\t<p>Mobilisation g\u00e9n\u00e9rale et &#8222;Revue Automobile&#8220;<\/p>\n<a class=\"timeline-express-read-more-link\" href=\"https:\/\/artm-fr.ch\/de\/announcement\/1940-3\/\"> Read more<\/a>\t\t<\/div>\n\t\t<!-- End Announcement Excerpt -->\n\n\t\t\n\t<\/div>\n\t<!-- End Timeline Content -->\n\n<\/div>\n<!-- End Timeline Block -->\n\n<div class=\"cd-timeline-block februar 02 1941 announcement-no-image announcement-2543\">\n\n\t\n\t\t<a class=\"cd-timeline-icon-link\" href=\"https:\/\/artm-fr.ch\/de\/announcement\/1941-2\/\">\n\n\t\t\t\n\t\t<div class=\"cd-timeline-img cd-picture\" style=\"background:#972f5b;\">\n\n\t\t\t<!-- Custom Action Hook -->\n\t\t\t\n\t\t\t\t<!-- Standard Font Awesome Icon -->\n\t\t\t\t<span class=\"fa fa-pencil\" title=\"1941\"><\/span>\n\n\t\t\t\n\t\t<\/div> <!-- cd-timeline-img -->\n\n\t\n\t\t<\/a>\n\n\t\t\n\t<!-- Timeline Content -->\n\t<div class=\"cd-timeline-content\">\n\n\t\t\n\t\t<!-- Announcement Title -->\n\t\t<div class=\"cd-timeline-title-container\">\n\n\t\t\t\n\t\t\t<h2 class=\"cd-timeline-item-title\">\n\t\t\t\t1941\t\t\t<\/h2>\n\n\t\t\t\t\t<\/div>\n\t\t<!-- End Announcement Title -->\n\n\t\t\n\t\t<!-- Announcement Excerpt -->\n\t\t<div class=\"the-excerpt\">\n\t\t\t<p>La\u00a0&#8222;Soci\u00e9t\u00e9 fribourgeoise des chauffeurs militaires&#8220; devient &#8222;ARTM section de Fribourg&#8220;.<\/p>\n<a class=\"timeline-express-read-more-link\" href=\"https:\/\/artm-fr.ch\/de\/announcement\/1941-2\/\"> Read more<\/a>\t\t<\/div>\n\t\t<!-- End Announcement Excerpt -->\n\n\t\t\n\t<\/div>\n\t<!-- End Timeline Content -->\n\n<\/div>\n<!-- End Timeline Block -->\n\n<div class=\"cd-timeline-block februar 08 1942 announcement-no-image announcement-1997\">\n\n\t\n\t\t<a class=\"cd-timeline-icon-link\" href=\"https:\/\/artm-fr.ch\/de\/announcement\/1942-2\/\">\n\n\t\t\t\n\t\t<div class=\"cd-timeline-img cd-picture\" style=\"background:#972f5b;\">\n\n\t\t\t<!-- Custom Action Hook -->\n\t\t\t\n\t\t\t\t<!-- Standard Font Awesome Icon -->\n\t\t\t\t<span class=\"fa fa-flag\" title=\"1942\"><\/span>\n\n\t\t\t\n\t\t<\/div> <!-- cd-timeline-img -->\n\n\t\n\t\t<\/a>\n\n\t\t\n\t<!-- Timeline Content -->\n\t<div class=\"cd-timeline-content\">\n\n\t\t\n\t\t<!-- Announcement Title -->\n\t\t<div class=\"cd-timeline-title-container\">\n\n\t\t\t\n\t\t\t<h2 class=\"cd-timeline-item-title\">\n\t\t\t\t1942\t\t\t<\/h2>\n\n\t\t\t\t\t<\/div>\n\t\t<!-- End Announcement Title -->\n\n\t\t\n\t\t<!-- Announcement Excerpt -->\n\t\t<div class=\"the-excerpt\">\n\t\t\t<p>Confection et b\u00e9n\u00e9diction du drapeau cantonal<\/p>\n<a class=\"timeline-express-read-more-link\" href=\"https:\/\/artm-fr.ch\/de\/announcement\/1942-2\/\"> Read more<\/a>\t\t<\/div>\n\t\t<!-- End Announcement Excerpt -->\n\n\t\t\n\t<\/div>\n\t<!-- End Timeline Content -->\n\n<\/div>\n<!-- End Timeline Block -->\n\n<div class=\"cd-timeline-block august 15 1943 announcement-no-image announcement-2003\">\n\n\t\n\t\t<a class=\"cd-timeline-icon-link\" href=\"https:\/\/artm-fr.ch\/de\/announcement\/1943-2\/\">\n\n\t\t\t\n\t\t<div class=\"cd-timeline-img cd-picture\" style=\"background:#cb97ad;\">\n\n\t\t\t<!-- Custom Action Hook -->\n\t\t\t\n\t\t\t\t<!-- Standard Font Awesome Icon -->\n\t\t\t\t<span class=\"fa fa-trophy\" title=\"1943\"><\/span>\n\n\t\t\t\n\t\t<\/div> <!-- cd-timeline-img -->\n\n\t\n\t\t<\/a>\n\n\t\t\n\t<!-- Timeline Content -->\n\t<div class=\"cd-timeline-content\">\n\n\t\t\n\t\t<!-- Announcement Title -->\n\t\t<div class=\"cd-timeline-title-container\">\n\n\t\t\t\n\t\t\t<h2 class=\"cd-timeline-item-title\">\n\t\t\t\t1943\t\t\t<\/h2>\n\n\t\t\t\t\t<\/div>\n\t\t<!-- End Announcement Title -->\n\n\t\t\n\t\t<!-- Announcement Excerpt -->\n\t\t<div class=\"the-excerpt\">\n\t\t\t<p>Premier concours national de sport motoris\u00e9 \u00e0 Zurich<\/p>\n<a class=\"timeline-express-read-more-link\" href=\"https:\/\/artm-fr.ch\/de\/announcement\/1943-2\/\"> Read more<\/a>\t\t<\/div>\n\t\t<!-- End Announcement Excerpt -->\n\n\t\t\n\t<\/div>\n\t<!-- End Timeline Content -->\n\n<\/div>\n<!-- End Timeline Block -->\n\n<div class=\"cd-timeline-block juni 02 1946 announcement-2106\">\n\n\t\n\t\t<a class=\"cd-timeline-icon-link\" href=\"https:\/\/artm-fr.ch\/de\/announcement\/1946-2\/\">\n\n\t\t\t\n\t\t<div class=\"cd-timeline-img cd-picture\" style=\"background:#cb97ad;\">\n\n\t\t\t<!-- Custom Action Hook -->\n\t\t\t\n\t\t\t\t<!-- Standard Font Awesome Icon -->\n\t\t\t\t<span class=\"fa fa-star\" title=\"1946\"><\/span>\n\n\t\t\t\n\t\t<\/div> <!-- cd-timeline-img -->\n\n\t\n\t\t<\/a>\n\n\t\t\n\t<!-- Timeline Content -->\n\t<div class=\"cd-timeline-content\">\n\n\t\t\n\t\t<!-- Announcement Title -->\n\t\t<div class=\"cd-timeline-title-container\">\n\n\t\t\t\n\t\t\t<h2 class=\"cd-timeline-item-title\">\n\t\t\t\t1946\t\t\t<\/h2>\n\n\t\t\t\t\t<\/div>\n\t\t<!-- End Announcement Title -->\n\n\t\t<img loading=\"lazy\" decoding=\"async\" width=\"350\" height=\"120\" src=\"https:\/\/artm-fr.ch\/wp-content\/uploads\/2016\/10\/wsi-imageoptim-Capture-d\u2019\u00e9cran-2016-10-03-\u00e0-13.55.19-350x120.png\" class=\"announcement-banner-image\" alt=\"1946\" \/>\n\t\t<!-- Announcement Excerpt -->\n\t\t<div class=\"the-excerpt\">\n\t\t\t<p>Le 2 juin 1946 a \u00e9t\u00e9 fond\u00e9e \u00e0 Aarau la &#8222;Soci\u00e9t\u00e9 Suisse de troupes motoris\u00e9es&#8220; (SSTM).<\/p>\n<a class=\"timeline-express-read-more-link\" href=\"https:\/\/artm-fr.ch\/de\/announcement\/1946-2\/\"> Read more<\/a>\t\t<\/div>\n\t\t<!-- End Announcement Excerpt -->\n\n\t\t\n\t<\/div>\n\t<!-- End Timeline Content -->\n\n<\/div>\n<!-- End Timeline Block -->\n\n<div class=\"cd-timeline-block juli 19 1947 announcement-1920\">\n\n\t\n\t\t<a class=\"cd-timeline-icon-link\" href=\"https:\/\/artm-fr.ch\/de\/announcement\/1947-2\/\">\n\n\t\t\t\n\t\t<div class=\"cd-timeline-img cd-picture\" style=\"background:#972f5b;\">\n\n\t\t\t<!-- Custom Action Hook -->\n\t\t\t\n\t\t\t\t<!-- Standard Font Awesome Icon -->\n\t\t\t\t<span class=\"fa fa-star-o\" title=\"1947\"><\/span>\n\n\t\t\t\n\t\t<\/div> <!-- cd-timeline-img -->\n\n\t\n\t\t<\/a>\n\n\t\t\n\t<!-- Timeline Content -->\n\t<div class=\"cd-timeline-content\">\n\n\t\t\n\t\t<!-- Announcement Title -->\n\t\t<div class=\"cd-timeline-title-container\">\n\n\t\t\t\n\t\t\t<h2 class=\"cd-timeline-item-title\">\n\t\t\t\t1947\t\t\t<\/h2>\n\n\t\t\t\t\t<\/div>\n\t\t<!-- End Announcement Title -->\n\n\t\t<img loading=\"lazy\" decoding=\"async\" width=\"350\" height=\"120\" src=\"https:\/\/artm-fr.ch\/wp-content\/uploads\/2016\/08\/wsi-imageoptim-Capture-d\u2019\u00e9cran-2016-08-21-\u00e0-12.28.17-350x120.png\" class=\"announcement-banner-image\" alt=\"1947\" \/>\n\t\t<!-- Announcement Excerpt -->\n\t\t<div class=\"the-excerpt\">\n\t\t\t<p>Fondation de la sous-section &#8222;Gruy\u00e8re\/Veveyse&#8220;<\/p>\n<a class=\"timeline-express-read-more-link\" href=\"https:\/\/artm-fr.ch\/de\/announcement\/1947-2\/\"> Read more<\/a>\t\t<\/div>\n\t\t<!-- End Announcement Excerpt -->\n\n\t\t\n\t<\/div>\n\t<!-- End Timeline Content -->\n\n<\/div>\n<!-- End Timeline Block -->\n\n<div class=\"cd-timeline-block juni 26 1949 announcement-2110\">\n\n\t\n\t\t<a class=\"cd-timeline-icon-link\" href=\"https:\/\/artm-fr.ch\/de\/announcement\/1949-2\/\">\n\n\t\t\t\n\t\t<div class=\"cd-timeline-img cd-picture\" style=\"background:#cb97ad;\">\n\n\t\t\t<!-- Custom Action Hook -->\n\t\t\t\n\t\t\t\t<!-- Standard Font Awesome Icon -->\n\t\t\t\t<span class=\"fa fa-object-group\" title=\"1949\"><\/span>\n\n\t\t\t\n\t\t<\/div> <!-- cd-timeline-img -->\n\n\t\n\t\t<\/a>\n\n\t\t\n\t<!-- Timeline Content -->\n\t<div class=\"cd-timeline-content\">\n\n\t\t\n\t\t<!-- Announcement Title -->\n\t\t<div class=\"cd-timeline-title-container\">\n\n\t\t\t\n\t\t\t<h2 class=\"cd-timeline-item-title\">\n\t\t\t\t1949\t\t\t<\/h2>\n\n\t\t\t\t\t<\/div>\n\t\t<!-- End Announcement Title -->\n\n\t\t<img loading=\"lazy\" decoding=\"async\" width=\"350\" height=\"120\" src=\"https:\/\/artm-fr.ch\/wp-content\/uploads\/2016\/10\/wsi-imageoptim-Capture-d\u2019\u00e9cran-2016-10-03-\u00e0-13.55.19-1-350x120.png\" class=\"announcement-banner-image\" alt=\"1949\" \/>\n\t\t<!-- Announcement Excerpt -->\n\t\t<div class=\"the-excerpt\">\n\t\t\t<p>Le 26 juin 1949 \u00e0 Bienne, l&#8217;ARTM (et donc \u00e9galement la section fribourgeoise) rejoint la FSSTM.<\/p>\n<a class=\"timeline-express-read-more-link\" href=\"https:\/\/artm-fr.ch\/de\/announcement\/1949-2\/\"> Read more<\/a>\t\t<\/div>\n\t\t<!-- End Announcement Excerpt -->\n\n\t\t\n\t<\/div>\n\t<!-- End Timeline Content -->\n\n<\/div>\n<!-- End Timeline Block -->\n\n<div class=\"cd-timeline-block januar 01 1950 announcement-1901\">\n\n\t\n\t\t<a class=\"cd-timeline-icon-link\" href=\"https:\/\/artm-fr.ch\/de\/announcement\/1950-2\/\">\n\n\t\t\t\n\t\t<div class=\"cd-timeline-img cd-picture\" style=\"background:#363636;\">\n\n\t\t\t<!-- Custom Action Hook -->\n\t\t\t\n\t\t\t\t<!-- Standard Font Awesome Icon -->\n\t\t\t\t<span class=\"fa fa-truck\" title=\"1950\"><\/span>\n\n\t\t\t\n\t\t<\/div> <!-- cd-timeline-img -->\n\n\t\n\t\t<\/a>\n\n\t\t\n\t<!-- Timeline Content -->\n\t<div class=\"cd-timeline-content\">\n\n\t\t\n\t\t<!-- Announcement Title -->\n\t\t<div class=\"cd-timeline-title-container\">\n\n\t\t\t\n\t\t\t<h2 class=\"cd-timeline-item-title\">\n\t\t\t\t1950\t\t\t<\/h2>\n\n\t\t\t\t\t<\/div>\n\t\t<!-- End Announcement Title -->\n\n\t\t<img loading=\"lazy\" decoding=\"async\" width=\"172\" height=\"120\" src=\"https:\/\/artm-fr.ch\/wp-content\/uploads\/2016\/08\/wsi-imageoptim-1950-Berna-2UM.jpg\" class=\"announcement-banner-image\" alt=\"1950\" \/>\n\t\t<!-- Announcement Excerpt -->\n\t\t<div class=\"the-excerpt\">\n\t\t\t<p>Berna 2UM<\/p>\n<a class=\"timeline-express-read-more-link\" href=\"https:\/\/artm-fr.ch\/de\/announcement\/1950-2\/\"> Read more<\/a>\t\t<\/div>\n\t\t<!-- End Announcement Excerpt -->\n\n\t\t\n\t<\/div>\n\t<!-- End Timeline Content -->\n\n<\/div>\n<!-- End Timeline Block -->\n\n<div class=\"cd-timeline-block januar 01 1950 announcement-1902\">\n\n\t\n\t\t<a class=\"cd-timeline-icon-link\" href=\"https:\/\/artm-fr.ch\/de\/announcement\/1950-3\/\">\n\n\t\t\t\n\t\t<div class=\"cd-timeline-img cd-picture\" style=\"background:#363636;\">\n\n\t\t\t<!-- Custom Action Hook -->\n\t\t\t\n\t\t\t\t<!-- Standard Font Awesome Icon -->\n\t\t\t\t<span class=\"fa fa-truck\" title=\"1950\"><\/span>\n\n\t\t\t\n\t\t<\/div> <!-- cd-timeline-img -->\n\n\t\n\t\t<\/a>\n\n\t\t\n\t<!-- Timeline Content -->\n\t<div class=\"cd-timeline-content\">\n\n\t\t\n\t\t<!-- Announcement Title -->\n\t\t<div class=\"cd-timeline-title-container\">\n\n\t\t\t\n\t\t\t<h2 class=\"cd-timeline-item-title\">\n\t\t\t\t1950\t\t\t<\/h2>\n\n\t\t\t\t\t<\/div>\n\t\t<!-- End Announcement Title -->\n\n\t\t<img loading=\"lazy\" decoding=\"async\" width=\"179\" height=\"120\" src=\"https:\/\/artm-fr.ch\/wp-content\/uploads\/2016\/08\/wsi-imageoptim-1950-Saurer-2CM.jpg\" class=\"announcement-banner-image\" alt=\"1950\" \/>\n\t\t<!-- Announcement Excerpt -->\n\t\t<div class=\"the-excerpt\">\n\t\t\t<p>Saurer 2CM<\/p>\n<a class=\"timeline-express-read-more-link\" href=\"https:\/\/artm-fr.ch\/de\/announcement\/1950-3\/\"> Read more<\/a>\t\t<\/div>\n\t\t<!-- End Announcement Excerpt -->\n\n\t\t\n\t<\/div>\n\t<!-- End Timeline Content -->\n\n<\/div>\n<!-- End Timeline Block -->\n\n<div class=\"cd-timeline-block januar 01 1951 announcement-1903\">\n\n\t\n\t\t<a class=\"cd-timeline-icon-link\" href=\"https:\/\/artm-fr.ch\/de\/announcement\/1951-2\/\">\n\n\t\t\t\n\t\t<div class=\"cd-timeline-img cd-picture\" style=\"background:#363636;\">\n\n\t\t\t<!-- Custom Action Hook -->\n\t\t\t\n\t\t\t\t<!-- Standard Font Awesome Icon -->\n\t\t\t\t<span class=\"fa fa-truck\" title=\"1951\"><\/span>\n\n\t\t\t\n\t\t<\/div> <!-- cd-timeline-img -->\n\n\t\n\t\t<\/a>\n\n\t\t\n\t<!-- Timeline Content -->\n\t<div class=\"cd-timeline-content\">\n\n\t\t\n\t\t<!-- Announcement Title -->\n\t\t<div class=\"cd-timeline-title-container\">\n\n\t\t\t\n\t\t\t<h2 class=\"cd-timeline-item-title\">\n\t\t\t\t1951\t\t\t<\/h2>\n\n\t\t\t\t\t<\/div>\n\t\t<!-- End Announcement Title -->\n\n\t\t<img loading=\"lazy\" decoding=\"async\" width=\"179\" height=\"120\" src=\"https:\/\/artm-fr.ch\/wp-content\/uploads\/2016\/08\/wsi-imageoptim-1951-FBW-AX35.jpg\" class=\"announcement-banner-image\" alt=\"1951\" \/>\n\t\t<!-- Announcement Excerpt -->\n\t\t<div class=\"the-excerpt\">\n\t\t\t<p>FBW AX35<\/p>\n<a class=\"timeline-express-read-more-link\" href=\"https:\/\/artm-fr.ch\/de\/announcement\/1951-2\/\"> Read more<\/a>\t\t<\/div>\n\t\t<!-- End Announcement Excerpt -->\n\n\t\t\n\t<\/div>\n\t<!-- End Timeline Content -->\n\n<\/div>\n<!-- End Timeline Block -->\n\n<div class=\"cd-timeline-block september 09 1951 announcement-1921\">\n\n\t\n\t\t<a class=\"cd-timeline-icon-link\" href=\"https:\/\/artm-fr.ch\/de\/announcement\/1951-3\/\">\n\n\t\t\t\n\t\t<div class=\"cd-timeline-img cd-picture\" style=\"background:#972f5b;\">\n\n\t\t\t<!-- Custom Action Hook -->\n\t\t\t\n\t\t\t\t<!-- Standard Font Awesome Icon -->\n\t\t\t\t<span class=\"fa fa-star-o\" title=\"1951\"><\/span>\n\n\t\t\t\n\t\t<\/div> <!-- cd-timeline-img -->\n\n\t\n\t\t<\/a>\n\n\t\t\n\t<!-- Timeline Content -->\n\t<div class=\"cd-timeline-content\">\n\n\t\t\n\t\t<!-- Announcement Title -->\n\t\t<div class=\"cd-timeline-title-container\">\n\n\t\t\t\n\t\t\t<h2 class=\"cd-timeline-item-title\">\n\t\t\t\t1951\t\t\t<\/h2>\n\n\t\t\t\t\t<\/div>\n\t\t<!-- End Announcement Title -->\n\n\t\t<img loading=\"lazy\" decoding=\"async\" width=\"350\" height=\"120\" src=\"https:\/\/artm-fr.ch\/wp-content\/uploads\/2016\/08\/wsi-imageoptim-Capture-d\u2019\u00e9cran-2016-08-21-\u00e0-12.30.31-350x120.png\" class=\"announcement-banner-image\" alt=\"1951\" \/>\n\t\t<!-- Announcement Excerpt -->\n\t\t<div class=\"the-excerpt\">\n\t\t\t<p>Fondation de la sous-section &#8222;Singine&#8220;<\/p>\n<a class=\"timeline-express-read-more-link\" href=\"https:\/\/artm-fr.ch\/de\/announcement\/1951-3\/\"> Read more<\/a>\t\t<\/div>\n\t\t<!-- End Announcement Excerpt -->\n\n\t\t\n\t<\/div>\n\t<!-- End Timeline Content -->\n\n<\/div>\n<!-- End Timeline Block -->\n\n<div class=\"cd-timeline-block m\u00e4rz 24 1956 announcement-1922\">\n\n\t\n\t\t<a class=\"cd-timeline-icon-link\" href=\"https:\/\/artm-fr.ch\/de\/announcement\/1956-2\/\">\n\n\t\t\t\n\t\t<div class=\"cd-timeline-img cd-picture\" style=\"background:#972f5b;\">\n\n\t\t\t<!-- Custom Action Hook -->\n\t\t\t\n\t\t\t\t<!-- Standard Font Awesome Icon -->\n\t\t\t\t<span class=\"fa fa-star-o\" title=\"1956\"><\/span>\n\n\t\t\t\n\t\t<\/div> <!-- cd-timeline-img -->\n\n\t\n\t\t<\/a>\n\n\t\t\n\t<!-- Timeline Content -->\n\t<div class=\"cd-timeline-content\">\n\n\t\t\n\t\t<!-- Announcement Title -->\n\t\t<div class=\"cd-timeline-title-container\">\n\n\t\t\t\n\t\t\t<h2 class=\"cd-timeline-item-title\">\n\t\t\t\t1956\t\t\t<\/h2>\n\n\t\t\t\t\t<\/div>\n\t\t<!-- End Announcement Title -->\n\n\t\t<img loading=\"lazy\" decoding=\"async\" width=\"350\" height=\"120\" src=\"https:\/\/artm-fr.ch\/wp-content\/uploads\/2016\/08\/wsi-imageoptim-Capture-d\u2019\u00e9cran-2016-08-21-\u00e0-12.31.35-350x120.png\" class=\"announcement-banner-image\" alt=\"1956\" \/>\n\t\t<!-- Announcement Excerpt -->\n\t\t<div class=\"the-excerpt\">\n\t\t\t<p>Fondation de la sous-section &#8222;Gl\u00e2ne&#8220;<\/p>\n<a class=\"timeline-express-read-more-link\" href=\"https:\/\/artm-fr.ch\/de\/announcement\/1956-2\/\"> Read more<\/a>\t\t<\/div>\n\t\t<!-- End Announcement Excerpt -->\n\n\t\t\n\t<\/div>\n\t<!-- End Timeline Content -->\n\n<\/div>\n<!-- End Timeline Block -->\n\n<div class=\"cd-timeline-block januar 01 1958 announcement-1923\">\n\n\t\n\t\t<a class=\"cd-timeline-icon-link\" href=\"https:\/\/artm-fr.ch\/de\/announcement\/1958-2\/\">\n\n\t\t\t\n\t\t<div class=\"cd-timeline-img cd-picture\" style=\"background:#972f5b;\">\n\n\t\t\t<!-- Custom Action Hook -->\n\t\t\t\n\t\t\t\t<!-- Standard Font Awesome Icon -->\n\t\t\t\t<span class=\"fa fa-star-o\" title=\"1958\"><\/span>\n\n\t\t\t\n\t\t<\/div> <!-- cd-timeline-img -->\n\n\t\n\t\t<\/a>\n\n\t\t\n\t<!-- Timeline Content -->\n\t<div class=\"cd-timeline-content\">\n\n\t\t\n\t\t<!-- Announcement Title -->\n\t\t<div class=\"cd-timeline-title-container\">\n\n\t\t\t\n\t\t\t<h2 class=\"cd-timeline-item-title\">\n\t\t\t\t1958\t\t\t<\/h2>\n\n\t\t\t\t\t<\/div>\n\t\t<!-- End Announcement Title -->\n\n\t\t<img loading=\"lazy\" decoding=\"async\" width=\"350\" height=\"120\" src=\"https:\/\/artm-fr.ch\/wp-content\/uploads\/2016\/08\/wsi-imageoptim-Capture-d\u2019\u00e9cran-2016-08-21-\u00e0-12.33.06-350x120.png\" class=\"announcement-banner-image\" alt=\"1958\" \/>\n\t\t<!-- Announcement Excerpt -->\n\t\t<div class=\"the-excerpt\">\n\t\t\t<p>Fondation de la sous-section &#8222;Broye&#8220;<\/p>\n<a class=\"timeline-express-read-more-link\" href=\"https:\/\/artm-fr.ch\/de\/announcement\/1958-2\/\"> Read more<\/a>\t\t<\/div>\n\t\t<!-- End Announcement Excerpt -->\n\n\t\t\n\t<\/div>\n\t<!-- End Timeline Content -->\n\n<\/div>\n<!-- End Timeline Block -->\n\n<div class=\"cd-timeline-block m\u00e4rz 20 1959 announcement-1926\">\n\n\t\n\t\t<a class=\"cd-timeline-icon-link\" href=\"https:\/\/artm-fr.ch\/de\/announcement\/1959-2\/\">\n\n\t\t\t\n\t\t<div class=\"cd-timeline-img cd-picture\" style=\"background:#972f5b;\">\n\n\t\t\t<!-- Custom Action Hook -->\n\t\t\t\n\t\t\t\t<!-- Standard Font Awesome Icon -->\n\t\t\t\t<span class=\"fa fa-star-o\" title=\"1959\"><\/span>\n\n\t\t\t\n\t\t<\/div> <!-- cd-timeline-img -->\n\n\t\n\t\t<\/a>\n\n\t\t\n\t<!-- Timeline Content -->\n\t<div class=\"cd-timeline-content\">\n\n\t\t\n\t\t<!-- Announcement Title -->\n\t\t<div class=\"cd-timeline-title-container\">\n\n\t\t\t\n\t\t\t<h2 class=\"cd-timeline-item-title\">\n\t\t\t\t1959\t\t\t<\/h2>\n\n\t\t\t\t\t<\/div>\n\t\t<!-- End Announcement Title -->\n\n\t\t<img loading=\"lazy\" decoding=\"async\" width=\"350\" height=\"120\" src=\"https:\/\/artm-fr.ch\/wp-content\/uploads\/2016\/08\/wsi-imageoptim-Capture-d\u2019\u00e9cran-2016-08-21-\u00e0-12.34.06-350x120.png\" class=\"announcement-banner-image\" alt=\"1959\" \/>\n\t\t<!-- Announcement Excerpt -->\n\t\t<div class=\"the-excerpt\">\n\t\t\t<p>Fondation de la sous-section &#8222;Lac&#8220;<\/p>\n<a class=\"timeline-express-read-more-link\" href=\"https:\/\/artm-fr.ch\/de\/announcement\/1959-2\/\"> Read more<\/a>\t\t<\/div>\n\t\t<!-- End Announcement Excerpt -->\n\n\t\t\n\t<\/div>\n\t<!-- End Timeline Content -->\n\n<\/div>\n<!-- End Timeline Block -->\n\n<div class=\"cd-timeline-block januar 01 1961 announcement-1904\">\n\n\t\n\t\t<a class=\"cd-timeline-icon-link\" href=\"https:\/\/artm-fr.ch\/de\/announcement\/1961-2\/\">\n\n\t\t\t\n\t\t<div class=\"cd-timeline-img cd-picture\" style=\"background:#363636;\">\n\n\t\t\t<!-- Custom Action Hook -->\n\t\t\t\n\t\t\t\t<!-- Standard Font Awesome Icon -->\n\t\t\t\t<span class=\"fa fa-truck\" title=\"1961\"><\/span>\n\n\t\t\t\n\t\t<\/div> <!-- cd-timeline-img -->\n\n\t\n\t\t<\/a>\n\n\t\t\n\t<!-- Timeline Content -->\n\t<div class=\"cd-timeline-content\">\n\n\t\t\n\t\t<!-- Announcement Title -->\n\t\t<div class=\"cd-timeline-title-container\">\n\n\t\t\t\n\t\t\t<h2 class=\"cd-timeline-item-title\">\n\t\t\t\t1961\t\t\t<\/h2>\n\n\t\t\t\t\t<\/div>\n\t\t<!-- End Announcement Title -->\n\n\t\t<img loading=\"lazy\" decoding=\"async\" width=\"170\" height=\"120\" src=\"https:\/\/artm-fr.ch\/wp-content\/uploads\/2016\/08\/wsi-imageoptim-1961-cam-1.5-t-tt-4x4-Unimog-S-404.jpg\" class=\"announcement-banner-image\" alt=\"1961\" \/>\n\t\t<!-- Announcement Excerpt -->\n\t\t<div class=\"the-excerpt\">\n\t\t\t<p>Unimog S 404<\/p>\n<a class=\"timeline-express-read-more-link\" href=\"https:\/\/artm-fr.ch\/de\/announcement\/1961-2\/\"> Read more<\/a>\t\t<\/div>\n\t\t<!-- End Announcement Excerpt -->\n\n\t\t\n\t<\/div>\n\t<!-- End Timeline Content -->\n\n<\/div>\n<!-- End Timeline Block -->\n\n<div class=\"cd-timeline-block januar 01 1964 announcement-1905\">\n\n\t\n\t\t<a class=\"cd-timeline-icon-link\" href=\"https:\/\/artm-fr.ch\/de\/announcement\/1964-2\/\">\n\n\t\t\t\n\t\t<div class=\"cd-timeline-img cd-picture\" style=\"background:#363636;\">\n\n\t\t\t<!-- Custom Action Hook -->\n\t\t\t\n\t\t\t\t<!-- Standard Font Awesome Icon -->\n\t\t\t\t<span class=\"fa fa-truck\" title=\"1964\"><\/span>\n\n\t\t\t\n\t\t<\/div> <!-- cd-timeline-img -->\n\n\t\n\t\t<\/a>\n\n\t\t\n\t<!-- Timeline Content -->\n\t<div class=\"cd-timeline-content\">\n\n\t\t\n\t\t<!-- Announcement Title -->\n\t\t<div class=\"cd-timeline-title-container\">\n\n\t\t\t\n\t\t\t<h2 class=\"cd-timeline-item-title\">\n\t\t\t\t1964\t\t\t<\/h2>\n\n\t\t\t\t\t<\/div>\n\t\t<!-- End Announcement Title -->\n\n\t\t<img loading=\"lazy\" decoding=\"async\" width=\"180\" height=\"120\" src=\"https:\/\/artm-fr.ch\/wp-content\/uploads\/2016\/08\/wsi-imageoptim-1964-cam-4.9-t-tt-4x4-Saurer-2-DM-Berna-2-VM.jpg\" class=\"announcement-banner-image\" alt=\"1964\" \/>\n\t\t<!-- Announcement Excerpt -->\n\t\t<div class=\"the-excerpt\">\n\t\t\t<p>Saurer 2 DM et Berna 2 VM<\/p>\n<a class=\"timeline-express-read-more-link\" href=\"https:\/\/artm-fr.ch\/de\/announcement\/1964-2\/\"> Read more<\/a>\t\t<\/div>\n\t\t<!-- End Announcement Excerpt -->\n\n\t\t\n\t<\/div>\n\t<!-- End Timeline Content -->\n\n<\/div>\n<!-- End Timeline Block -->\n\n<div class=\"cd-timeline-block januar 01 1964 announcement-1906\">\n\n\t\n\t\t<a class=\"cd-timeline-icon-link\" href=\"https:\/\/artm-fr.ch\/de\/announcement\/1964-3\/\">\n\n\t\t\t\n\t\t<div class=\"cd-timeline-img cd-picture\" style=\"background:#363636;\">\n\n\t\t\t<!-- Custom Action Hook -->\n\t\t\t\n\t\t\t\t<!-- Standard Font Awesome Icon -->\n\t\t\t\t<span class=\"fa fa-truck\" title=\"1964\"><\/span>\n\n\t\t\t\n\t\t<\/div> <!-- cd-timeline-img -->\n\n\t\n\t\t<\/a>\n\n\t\t\n\t<!-- Timeline Content -->\n\t<div class=\"cd-timeline-content\">\n\n\t\t\n\t\t<!-- Announcement Title -->\n\t\t<div class=\"cd-timeline-title-container\">\n\n\t\t\t\n\t\t\t<h2 class=\"cd-timeline-item-title\">\n\t\t\t\t1964\t\t\t<\/h2>\n\n\t\t\t\t\t<\/div>\n\t\t<!-- End Announcement Title -->\n\n\t\t<img loading=\"lazy\" decoding=\"async\" width=\"179\" height=\"120\" src=\"https:\/\/artm-fr.ch\/wp-content\/uploads\/2016\/08\/wsi-imageoptim-1964-cam-7.9-t-tt-6x6-Henschel-HS-3-14-HA-CH-avec-b\u00e2che.jpg\" class=\"announcement-banner-image\" alt=\"1964\" \/>\n\t\t<!-- Announcement Excerpt -->\n\t\t<div class=\"the-excerpt\">\n\t\t\t<p>Henschel HS 3-14 HA<\/p>\n<a class=\"timeline-express-read-more-link\" href=\"https:\/\/artm-fr.ch\/de\/announcement\/1964-3\/\"> Read more<\/a>\t\t<\/div>\n\t\t<!-- End Announcement Excerpt -->\n\n\t\t\n\t<\/div>\n\t<!-- End Timeline Content -->\n\n<\/div>\n<!-- End Timeline Block -->\n\n<div class=\"cd-timeline-block januar 01 1967 announcement-2113\">\n\n\t\n\t\t<a class=\"cd-timeline-icon-link\" href=\"https:\/\/artm-fr.ch\/de\/announcement\/1967-2\/\">\n\n\t\t\t\n\t\t<div class=\"cd-timeline-img cd-picture\" style=\"background:#363636;\">\n\n\t\t\t<!-- Custom Action Hook -->\n\t\t\t\n\t\t\t\t<!-- Standard Font Awesome Icon -->\n\t\t\t\t<span class=\"fa fa-truck\" title=\"1967\"><\/span>\n\n\t\t\t\n\t\t<\/div> <!-- cd-timeline-img -->\n\n\t\n\t\t<\/a>\n\n\t\t\n\t<!-- Timeline Content -->\n\t<div class=\"cd-timeline-content\">\n\n\t\t\n\t\t<!-- Announcement Title -->\n\t\t<div class=\"cd-timeline-title-container\">\n\n\t\t\t\n\t\t\t<h2 class=\"cd-timeline-item-title\">\n\t\t\t\t1967\t\t\t<\/h2>\n\n\t\t\t\t\t<\/div>\n\t\t<!-- End Announcement Title -->\n\n\t\t<img loading=\"lazy\" decoding=\"async\" width=\"350\" height=\"120\" src=\"https:\/\/artm-fr.ch\/wp-content\/uploads\/2016\/10\/wsi-imageoptim-4a073b2ee3f9aa0c-350x120.jpg\" class=\"announcement-banner-image\" alt=\"1967\" \/>\n\t\t<!-- Announcement Excerpt -->\n\t\t<div class=\"the-excerpt\">\n\t\t\t<p>GMC\u00a0CCKW 352 ou 353 treuill\u00e9\u00a0par un\u00a0Unimog Mercedes 404S<\/p>\n<a class=\"timeline-express-read-more-link\" href=\"https:\/\/artm-fr.ch\/de\/announcement\/1967-2\/\"> Read more<\/a>\t\t<\/div>\n\t\t<!-- End Announcement Excerpt -->\n\n\t\t\n\t<\/div>\n\t<!-- End Timeline Content -->\n\n<\/div>\n<!-- End Timeline Block -->\n\n<div class=\"cd-timeline-block januar 01 1968 announcement-1907\">\n\n\t\n\t\t<a class=\"cd-timeline-icon-link\" href=\"https:\/\/artm-fr.ch\/de\/announcement\/1968-2\/\">\n\n\t\t\t\n\t\t<div class=\"cd-timeline-img cd-picture\" style=\"background:#363636;\">\n\n\t\t\t<!-- Custom Action Hook -->\n\t\t\t\n\t\t\t\t<!-- Standard Font Awesome Icon -->\n\t\t\t\t<span class=\"fa fa-truck\" title=\"1968\"><\/span>\n\n\t\t\t\n\t\t<\/div> <!-- cd-timeline-img -->\n\n\t\n\t\t<\/a>\n\n\t\t\n\t<!-- Timeline Content -->\n\t<div class=\"cd-timeline-content\">\n\n\t\t\n\t\t<!-- Announcement Title -->\n\t\t<div class=\"cd-timeline-title-container\">\n\n\t\t\t\n\t\t\t<h2 class=\"cd-timeline-item-title\">\n\t\t\t\t1968\t\t\t<\/h2>\n\n\t\t\t\t\t<\/div>\n\t\t<!-- End Announcement Title -->\n\n\t\t<img loading=\"lazy\" decoding=\"async\" width=\"171\" height=\"120\" src=\"https:\/\/artm-fr.ch\/wp-content\/uploads\/2016\/08\/wsi-imageoptim-1968-cam-3-t-tt-4x4-Steyr-A-680-g.jpg\" class=\"announcement-banner-image\" alt=\"1968\" \/>\n\t\t<!-- Announcement Excerpt -->\n\t\t<div class=\"the-excerpt\">\n\t\t\t<p>Steyr A 680 g<\/p>\n<a class=\"timeline-express-read-more-link\" href=\"https:\/\/artm-fr.ch\/de\/announcement\/1968-2\/\"> Read more<\/a>\t\t<\/div>\n\t\t<!-- End Announcement Excerpt -->\n\n\t\t\n\t<\/div>\n\t<!-- End Timeline Content -->\n\n<\/div>\n<!-- End Timeline Block -->\n\n<div class=\"cd-timeline-block januar 01 1971 announcement-1908\">\n\n\t\n\t\t<a class=\"cd-timeline-icon-link\" href=\"https:\/\/artm-fr.ch\/de\/announcement\/1971-2\/\">\n\n\t\t\t\n\t\t<div class=\"cd-timeline-img cd-picture\" style=\"background:#363636;\">\n\n\t\t\t<!-- Custom Action Hook -->\n\t\t\t\n\t\t\t\t<!-- Standard Font Awesome Icon -->\n\t\t\t\t<span class=\"fa fa-truck\" title=\"1971\"><\/span>\n\n\t\t\t\n\t\t<\/div> <!-- cd-timeline-img -->\n\n\t\n\t\t<\/a>\n\n\t\t\n\t<!-- Timeline Content -->\n\t<div class=\"cd-timeline-content\">\n\n\t\t\n\t\t<!-- Announcement Title -->\n\t\t<div class=\"cd-timeline-title-container\">\n\n\t\t\t\n\t\t\t<h2 class=\"cd-timeline-item-title\">\n\t\t\t\t1971\t\t\t<\/h2>\n\n\t\t\t\t\t<\/div>\n\t\t<!-- End Announcement Title -->\n\n\t\t<img loading=\"lazy\" decoding=\"async\" width=\"172\" height=\"120\" src=\"https:\/\/artm-fr.ch\/wp-content\/uploads\/2016\/08\/wsi-imageoptim-1971-cam-7.9-t-4x2-FBW-50V-E3.jpg\" class=\"announcement-banner-image\" alt=\"1971\" \/>\n\t\t<!-- Announcement Excerpt -->\n\t\t<div class=\"the-excerpt\">\n\t\t\t<p>FBW 50V-E3<\/p>\n<a class=\"timeline-express-read-more-link\" href=\"https:\/\/artm-fr.ch\/de\/announcement\/1971-2\/\"> Read more<\/a>\t\t<\/div>\n\t\t<!-- End Announcement Excerpt -->\n\n\t\t\n\t<\/div>\n\t<!-- End Timeline Content -->\n\n<\/div>\n<!-- End Timeline Block -->\n\n<div class=\"cd-timeline-block januar 01 1971 announcement-1909\">\n\n\t\n\t\t<a class=\"cd-timeline-icon-link\" href=\"https:\/\/artm-fr.ch\/de\/announcement\/1971-3\/\">\n\n\t\t\t\n\t\t<div class=\"cd-timeline-img cd-picture\" style=\"background:#363636;\">\n\n\t\t\t<!-- Custom Action Hook -->\n\t\t\t\n\t\t\t\t<!-- Standard Font Awesome Icon -->\n\t\t\t\t<span class=\"fa fa-truck\" title=\"1971\"><\/span>\n\n\t\t\t\n\t\t<\/div> <!-- cd-timeline-img -->\n\n\t\n\t\t<\/a>\n\n\t\t\n\t<!-- Timeline Content -->\n\t<div class=\"cd-timeline-content\">\n\n\t\t\n\t\t<!-- Announcement Title -->\n\t\t<div class=\"cd-timeline-title-container\">\n\n\t\t\t\n\t\t\t<h2 class=\"cd-timeline-item-title\">\n\t\t\t\t1971\t\t\t<\/h2>\n\n\t\t\t\t\t<\/div>\n\t\t<!-- End Announcement Title -->\n\n\t\t<img loading=\"lazy\" decoding=\"async\" width=\"174\" height=\"120\" src=\"https:\/\/artm-fr.ch\/wp-content\/uploads\/2016\/08\/wsi-imageoptim-1971-voit-livr-1-t-tt-4x4-Pinzgauer-710.jpg\" class=\"announcement-banner-image\" alt=\"1971\" \/>\n\t\t<!-- Announcement Excerpt -->\n\t\t<div class=\"the-excerpt\">\n\t\t\t<p>Pinzgauer 710<\/p>\n<a class=\"timeline-express-read-more-link\" href=\"https:\/\/artm-fr.ch\/de\/announcement\/1971-3\/\"> Read more<\/a>\t\t<\/div>\n\t\t<!-- End Announcement Excerpt -->\n\n\t\t\n\t<\/div>\n\t<!-- End Timeline Content -->\n\n<\/div>\n<!-- End Timeline Block -->\n\n<div class=\"cd-timeline-block januar 31 1971 announcement-1924\">\n\n\t\n\t\t<a class=\"cd-timeline-icon-link\" href=\"https:\/\/artm-fr.ch\/de\/announcement\/1971-4\/\">\n\n\t\t\t\n\t\t<div class=\"cd-timeline-img cd-picture\" style=\"background:#972f5b;\">\n\n\t\t\t<!-- Custom Action Hook -->\n\t\t\t\n\t\t\t\t<!-- Standard Font Awesome Icon -->\n\t\t\t\t<span class=\"fa fa-star-o\" title=\"1971\"><\/span>\n\n\t\t\t\n\t\t<\/div> <!-- cd-timeline-img -->\n\n\t\n\t\t<\/a>\n\n\t\t\n\t<!-- Timeline Content -->\n\t<div class=\"cd-timeline-content\">\n\n\t\t\n\t\t<!-- Announcement Title -->\n\t\t<div class=\"cd-timeline-title-container\">\n\n\t\t\t\n\t\t\t<h2 class=\"cd-timeline-item-title\">\n\t\t\t\t1971\t\t\t<\/h2>\n\n\t\t\t\t\t<\/div>\n\t\t<!-- End Announcement Title -->\n\n\t\t<img loading=\"lazy\" decoding=\"async\" width=\"350\" height=\"120\" src=\"https:\/\/artm-fr.ch\/wp-content\/uploads\/2016\/08\/wsi-imageoptim-Capture-d\u2019\u00e9cran-2016-08-21-\u00e0-12.36.37-350x120.png\" class=\"announcement-banner-image\" alt=\"1971\" \/>\n\t\t<!-- Announcement Excerpt -->\n\t\t<div class=\"the-excerpt\">\n\t\t\t<p>Fondation de la sous-section &#8222;Sarine&#8220;<\/p>\n<a class=\"timeline-express-read-more-link\" href=\"https:\/\/artm-fr.ch\/de\/announcement\/1971-4\/\"> Read more<\/a>\t\t<\/div>\n\t\t<!-- End Announcement Excerpt -->\n\n\t\t\n\t<\/div>\n\t<!-- End Timeline Content -->\n\n<\/div>\n<!-- End Timeline Block -->\n\n<div class=\"cd-timeline-block januar 01 1979 announcement-1910\">\n\n\t\n\t\t<a class=\"cd-timeline-icon-link\" href=\"https:\/\/artm-fr.ch\/de\/announcement\/1979-2\/\">\n\n\t\t\t\n\t\t<div class=\"cd-timeline-img cd-picture\" style=\"background:#363636;\">\n\n\t\t\t<!-- Custom Action Hook -->\n\t\t\t\n\t\t\t\t<!-- Standard Font Awesome Icon -->\n\t\t\t\t<span class=\"fa fa-truck\" title=\"1979\"><\/span>\n\n\t\t\t\n\t\t<\/div> <!-- cd-timeline-img -->\n\n\t\n\t\t<\/a>\n\n\t\t\n\t<!-- Timeline Content -->\n\t<div class=\"cd-timeline-content\">\n\n\t\t\n\t\t<!-- Announcement Title -->\n\t\t<div class=\"cd-timeline-title-container\">\n\n\t\t\t\n\t\t\t<h2 class=\"cd-timeline-item-title\">\n\t\t\t\t1979\t\t\t<\/h2>\n\n\t\t\t\t\t<\/div>\n\t\t<!-- End Announcement Title -->\n\n\t\t<img loading=\"lazy\" decoding=\"async\" width=\"180\" height=\"120\" src=\"https:\/\/artm-fr.ch\/wp-content\/uploads\/2016\/08\/wsi-imageoptim-1979-cam-5.6-t-tt-4x4-Steyr-1291P43-avec-treuil.jpg\" class=\"announcement-banner-image\" alt=\"1979\" \/>\n\t\t<!-- Announcement Excerpt -->\n\t\t<div class=\"the-excerpt\">\n\t\t\t<p>Steyr 1291<\/p>\n<a class=\"timeline-express-read-more-link\" href=\"https:\/\/artm-fr.ch\/de\/announcement\/1979-2\/\"> Read more<\/a>\t\t<\/div>\n\t\t<!-- End Announcement Excerpt -->\n\n\t\t\n\t<\/div>\n\t<!-- End Timeline Content -->\n\n<\/div>\n<!-- End Timeline Block -->\n\n<div class=\"cd-timeline-block januar 01 1984 announcement-1911\">\n\n\t\n\t\t<a class=\"cd-timeline-icon-link\" href=\"https:\/\/artm-fr.ch\/de\/announcement\/1984-2\/\">\n\n\t\t\t\n\t\t<div class=\"cd-timeline-img cd-picture\" style=\"background:#363636;\">\n\n\t\t\t<!-- Custom Action Hook -->\n\t\t\t\n\t\t\t\t<!-- Standard Font Awesome Icon -->\n\t\t\t\t<span class=\"fa fa-truck\" title=\"1984\"><\/span>\n\n\t\t\t\n\t\t<\/div> <!-- cd-timeline-img -->\n\n\t\n\t\t<\/a>\n\n\t\t\n\t<!-- Timeline Content -->\n\t<div class=\"cd-timeline-content\">\n\n\t\t\n\t\t<!-- Announcement Title -->\n\t\t<div class=\"cd-timeline-title-container\">\n\n\t\t\t\n\t\t\t<h2 class=\"cd-timeline-item-title\">\n\t\t\t\t1984\t\t\t<\/h2>\n\n\t\t\t\t\t<\/div>\n\t\t<!-- End Announcement Title -->\n\n\t\t<img loading=\"lazy\" decoding=\"async\" width=\"170\" height=\"120\" src=\"https:\/\/artm-fr.ch\/wp-content\/uploads\/2016\/08\/wsi-imageoptim-1984-cam-6-t-tt-4x4-Saurer-6-DM.jpg\" class=\"announcement-banner-image\" alt=\"1984\" \/>\n\t\t<!-- Announcement Excerpt -->\n\t\t<div class=\"the-excerpt\">\n\t\t\t<p>Saurer 6 DM<\/p>\n<a class=\"timeline-express-read-more-link\" href=\"https:\/\/artm-fr.ch\/de\/announcement\/1984-2\/\"> Read more<\/a>\t\t<\/div>\n\t\t<!-- End Announcement Excerpt -->\n\n\t\t\n\t<\/div>\n\t<!-- End Timeline Content -->\n\n<\/div>\n<!-- End Timeline Block -->\n\n<div class=\"cd-timeline-block januar 01 1985 announcement-1912\">\n\n\t\n\t\t<a class=\"cd-timeline-icon-link\" href=\"https:\/\/artm-fr.ch\/de\/announcement\/1985-2\/\">\n\n\t\t\t\n\t\t<div class=\"cd-timeline-img cd-picture\" style=\"background:#363636;\">\n\n\t\t\t<!-- Custom Action Hook -->\n\t\t\t\n\t\t\t\t<!-- Standard Font Awesome Icon -->\n\t\t\t\t<span class=\"fa fa-truck\" title=\"1985\"><\/span>\n\n\t\t\t\n\t\t<\/div> <!-- cd-timeline-img -->\n\n\t\n\t\t<\/a>\n\n\t\t\n\t<!-- Timeline Content -->\n\t<div class=\"cd-timeline-content\">\n\n\t\t\n\t\t<!-- Announcement Title -->\n\t\t<div class=\"cd-timeline-title-container\">\n\n\t\t\t\n\t\t\t<h2 class=\"cd-timeline-item-title\">\n\t\t\t\t1985\t\t\t<\/h2>\n\n\t\t\t\t\t<\/div>\n\t\t<!-- End Announcement Title -->\n\n\t\t<img loading=\"lazy\" decoding=\"async\" width=\"163\" height=\"120\" src=\"https:\/\/artm-fr.ch\/wp-content\/uploads\/2016\/08\/wsi-imageoptim-1985-cam-L-SI-bache-2.2-t-20-pl-4x4-tt-Bucher-Duro.jpg\" class=\"announcement-banner-image\" alt=\"1985\" \/>\n\t\t<!-- Announcement Excerpt -->\n\t\t<div class=\"the-excerpt\">\n\t\t\t<p>Bucher Duro<\/p>\n<a class=\"timeline-express-read-more-link\" href=\"https:\/\/artm-fr.ch\/de\/announcement\/1985-2\/\"> Read more<\/a>\t\t<\/div>\n\t\t<!-- End Announcement Excerpt -->\n\n\t\t\n\t<\/div>\n\t<!-- End Timeline Content -->\n\n<\/div>\n<!-- End Timeline Block -->\n\n<div class=\"cd-timeline-block januar 01 1988 announcement-1913\">\n\n\t\n\t\t<a class=\"cd-timeline-icon-link\" href=\"https:\/\/artm-fr.ch\/de\/announcement\/1988-2\/\">\n\n\t\t\t\n\t\t<div class=\"cd-timeline-img cd-picture\" style=\"background:#363636;\">\n\n\t\t\t<!-- Custom Action Hook -->\n\t\t\t\n\t\t\t\t<!-- Standard Font Awesome Icon -->\n\t\t\t\t<span class=\"fa fa-truck\" title=\"1988\"><\/span>\n\n\t\t\t\n\t\t<\/div> <!-- cd-timeline-img -->\n\n\t\n\t\t<\/a>\n\n\t\t\n\t<!-- Timeline Content -->\n\t<div class=\"cd-timeline-content\">\n\n\t\t\n\t\t<!-- Announcement Title -->\n\t\t<div class=\"cd-timeline-title-container\">\n\n\t\t\t\n\t\t\t<h2 class=\"cd-timeline-item-title\">\n\t\t\t\t1988\t\t\t<\/h2>\n\n\t\t\t\t\t<\/div>\n\t\t<!-- End Announcement Title -->\n\n\t\t<img loading=\"lazy\" decoding=\"async\" width=\"166\" height=\"120\" src=\"https:\/\/artm-fr.ch\/wp-content\/uploads\/2016\/08\/wsi-imageoptim-1988-voit-8-pl-tt-4x4-Puch-230-GE-4V.jpg\" class=\"announcement-banner-image\" alt=\"1988\" \/>\n\t\t<!-- Announcement Excerpt -->\n\t\t<div class=\"the-excerpt\">\n\t\t\t<p>Puch 230 GE<\/p>\n<a class=\"timeline-express-read-more-link\" href=\"https:\/\/artm-fr.ch\/de\/announcement\/1988-2\/\"> Read more<\/a>\t\t<\/div>\n\t\t<!-- End Announcement Excerpt -->\n\n\t\t\n\t<\/div>\n\t<!-- End Timeline Content -->\n\n<\/div>\n<!-- End Timeline Block -->\n\n<div class=\"cd-timeline-block juni 12 1993 announcement-2465\">\n\n\t\n\t\t<a class=\"cd-timeline-icon-link\" href=\"https:\/\/artm-fr.ch\/de\/announcement\/1993-2\/\">\n\n\t\t\t\n\t\t<div class=\"cd-timeline-img cd-picture\" style=\"background:#d490ac;\">\n\n\t\t\t<!-- Custom Action Hook -->\n\t\t\t\n\t\t\t\t<!-- Standard Font Awesome Icon -->\n\t\t\t\t<span class=\"fa fa-calendar-check-o\" title=\"1993\"><\/span>\n\n\t\t\t\n\t\t<\/div> <!-- cd-timeline-img -->\n\n\t\n\t\t<\/a>\n\n\t\t\n\t<!-- Timeline Content -->\n\t<div class=\"cd-timeline-content\">\n\n\t\t\n\t\t<!-- Announcement Title -->\n\t\t<div class=\"cd-timeline-title-container\">\n\n\t\t\t\n\t\t\t<h2 class=\"cd-timeline-item-title\">\n\t\t\t\t1993\t\t\t<\/h2>\n\n\t\t\t\t\t<\/div>\n\t\t<!-- End Announcement Title -->\n\n\t\t<img loading=\"lazy\" decoding=\"async\" width=\"350\" height=\"120\" src=\"https:\/\/artm-fr.ch\/wp-content\/uploads\/2016\/12\/1993_crop-350x120.jpg\" class=\"announcement-banner-image\" alt=\"1993\" \/>\n\t\t<!-- Announcement Excerpt -->\n\t\t<div class=\"the-excerpt\">\n\t\t\t<p>Assembl\u00e9e des d\u00e9l\u00e9gu\u00e9s FSSTM \u00e0 Estavayer-le-Lac Premi\u00e8re assembl\u00e9e des d\u00e9l\u00e9gu\u00e9s organis\u00e9e par l&#8217;ARTM sur les terres fribourgeoises. (Celle de Broc en 1973 \u00e9tait organis\u00e9e par l&#8217;AMMV) Le pr\u00e9sident central de la FSSTM \u00e9tait alors H.Hagger.<\/p>\n<a class=\"timeline-express-read-more-link\" href=\"https:\/\/artm-fr.ch\/de\/announcement\/1993-2\/\"> Read more<\/a>\t\t<\/div>\n\t\t<!-- End Announcement Excerpt -->\n\n\t\t\n\t<\/div>\n\t<!-- End Timeline Content -->\n\n<\/div>\n<!-- End Timeline Block -->\n\n<div class=\"cd-timeline-block januar 01 2004 announcement-1914\">\n\n\t\n\t\t<a class=\"cd-timeline-icon-link\" href=\"https:\/\/artm-fr.ch\/de\/announcement\/2004-2\/\">\n\n\t\t\t\n\t\t<div class=\"cd-timeline-img cd-picture\" style=\"background:#363636;\">\n\n\t\t\t<!-- Custom Action Hook -->\n\t\t\t\n\t\t\t\t<!-- Standard Font Awesome Icon -->\n\t\t\t\t<span class=\"fa fa-truck\" title=\"2004\"><\/span>\n\n\t\t\t\n\t\t<\/div> <!-- cd-timeline-img -->\n\n\t\n\t\t<\/a>\n\n\t\t\n\t<!-- Timeline Content -->\n\t<div class=\"cd-timeline-content\">\n\n\t\t\n\t\t<!-- Announcement Title -->\n\t\t<div class=\"cd-timeline-title-container\">\n\n\t\t\t\n\t\t\t<h2 class=\"cd-timeline-item-title\">\n\t\t\t\t2004\t\t\t<\/h2>\n\n\t\t\t\t\t<\/div>\n\t\t<!-- End Announcement Title -->\n\n\t\t<img loading=\"lazy\" decoding=\"async\" width=\"160\" height=\"120\" src=\"https:\/\/artm-fr.ch\/wp-content\/uploads\/2016\/08\/wsi-imageoptim-2004-cam-SI-mobcrt-con-treu-14-t-8x8-tt-IVECO-340-E-48W.jpg\" class=\"announcement-banner-image\" alt=\"2004\" \/>\n\t\t<!-- Announcement Excerpt -->\n\t\t<div class=\"the-excerpt\">\n\t\t\t<p>IVECO 340 Eurotrakker<\/p>\n<a class=\"timeline-express-read-more-link\" href=\"https:\/\/artm-fr.ch\/de\/announcement\/2004-2\/\"> Read more<\/a>\t\t<\/div>\n\t\t<!-- End Announcement Excerpt -->\n\n\t\t\n\t<\/div>\n\t<!-- End Timeline Content -->\n\n<\/div>\n<!-- End Timeline Block -->\n\n<div class=\"cd-timeline-block september 27 2009 announcement-1925\">\n\n\t\n\t\t<a class=\"cd-timeline-icon-link\" href=\"https:\/\/artm-fr.ch\/de\/announcement\/2009-2\/\">\n\n\t\t\t\n\t\t<div class=\"cd-timeline-img cd-picture\" style=\"background:#972f5b;\">\n\n\t\t\t<!-- Custom Action Hook -->\n\t\t\t\n\t\t\t\t<!-- Standard Font Awesome Icon -->\n\t\t\t\t<span class=\"fa fa-object-group\" title=\"2009\"><\/span>\n\n\t\t\t\n\t\t<\/div> <!-- cd-timeline-img -->\n\n\t\n\t\t<\/a>\n\n\t\t\n\t<!-- Timeline Content -->\n\t<div class=\"cd-timeline-content\">\n\n\t\t\n\t\t<!-- Announcement Title -->\n\t\t<div class=\"cd-timeline-title-container\">\n\n\t\t\t\n\t\t\t<h2 class=\"cd-timeline-item-title\">\n\t\t\t\t2009\t\t\t<\/h2>\n\n\t\t\t\t\t<\/div>\n\t\t<!-- End Announcement Title -->\n\n\t\t<img loading=\"lazy\" decoding=\"async\" width=\"350\" height=\"120\" src=\"https:\/\/artm-fr.ch\/wp-content\/uploads\/2016\/08\/wsi-imageoptim-Capture-d\u2019\u00e9cran-2016-08-21-\u00e0-12.35.39-350x120.png\" class=\"announcement-banner-image\" alt=\"2009\" \/>\n\t\t<!-- Announcement Excerpt -->\n\t\t<div class=\"the-excerpt\">\n\t\t\t<p>Dissolution des sous-sections \u00e0 la Caserne de la Poya<\/p>\n<a class=\"timeline-express-read-more-link\" href=\"https:\/\/artm-fr.ch\/de\/announcement\/2009-2\/\"> Read more<\/a>\t\t<\/div>\n\t\t<!-- End Announcement Excerpt -->\n\n\t\t\n\t<\/div>\n\t<!-- End Timeline Content -->\n\n<\/div>\n<!-- End Timeline Block -->\n\n<div class=\"cd-timeline-block januar 01 2015 announcement-1915\">\n\n\t\n\t\t<a class=\"cd-timeline-icon-link\" href=\"https:\/\/artm-fr.ch\/de\/announcement\/2015-2\/\">\n\n\t\t\t\n\t\t<div class=\"cd-timeline-img cd-picture\" style=\"background:#363636;\">\n\n\t\t\t<!-- Custom Action Hook -->\n\t\t\t\n\t\t\t\t<!-- Standard Font Awesome Icon -->\n\t\t\t\t<span class=\"fa fa-truck\" title=\"2015\"><\/span>\n\n\t\t\t\n\t\t<\/div> <!-- cd-timeline-img -->\n\n\t\n\t\t<\/a>\n\n\t\t\n\t<!-- Timeline Content -->\n\t<div class=\"cd-timeline-content\">\n\n\t\t\n\t\t<!-- Announcement Title -->\n\t\t<div class=\"cd-timeline-title-container\">\n\n\t\t\t\n\t\t\t<h2 class=\"cd-timeline-item-title\">\n\t\t\t\t2015\t\t\t<\/h2>\n\n\t\t\t\t\t<\/div>\n\t\t<!-- End Announcement Title -->\n\n\t\t<img loading=\"lazy\" decoding=\"async\" width=\"160\" height=\"120\" src=\"https:\/\/artm-fr.ch\/wp-content\/uploads\/2016\/06\/wsi-imageoptim-393e7cfd-cf93-45ca-b1cc-4ab30899d953.jpg\" class=\"announcement-banner-image\" alt=\"2015\" \/>\n\t\t<!-- Announcement Excerpt -->\n\t\t<div class=\"the-excerpt\">\n\t\t\t<p>Iveco Trakker &nbsp;<\/p>\n<a class=\"timeline-express-read-more-link\" href=\"https:\/\/artm-fr.ch\/de\/announcement\/2015-2\/\"> Read more<\/a>\t\t<\/div>\n\t\t<!-- End Announcement Excerpt -->\n\n\t\t\n\t<\/div>\n\t<!-- End Timeline Content -->\n\n<\/div>\n<!-- End Timeline Block -->\n\n<div class=\"cd-timeline-block januar 01 2017 announcement-3694\">\n\n\t\n\t\t<a class=\"cd-timeline-icon-link\" href=\"https:\/\/artm-fr.ch\/de\/announcement\/2017-2\/\">\n\n\t\t\t\n\t\t<div class=\"cd-timeline-img cd-picture\" style=\"background:#363636;\">\n\n\t\t\t<!-- Custom Action Hook -->\n\t\t\t\n\t\t\t\t<!-- Standard Font Awesome Icon -->\n\t\t\t\t<span class=\"fa fa-truck\" title=\"2017\"><\/span>\n\n\t\t\t\n\t\t<\/div> <!-- cd-timeline-img -->\n\n\t\n\t\t<\/a>\n\n\t\t\n\t<!-- Timeline Content -->\n\t<div class=\"cd-timeline-content\">\n\n\t\t\n\t\t<!-- Announcement Title -->\n\t\t<div class=\"cd-timeline-title-container\">\n\n\t\t\t\n\t\t\t<h2 class=\"cd-timeline-item-title\">\n\t\t\t\t2017\t\t\t<\/h2>\n\n\t\t\t\t\t<\/div>\n\t\t<!-- End Announcement Title -->\n\n\t\t<img loading=\"lazy\" decoding=\"async\" width=\"350\" height=\"120\" src=\"https:\/\/artm-fr.ch\/wp-content\/uploads\/2018\/10\/topelement-350x120.jpg\" class=\"announcement-banner-image\" alt=\"2017\" \/>\n\t\t<!-- Announcement Excerpt -->\n\t\t<div class=\"the-excerpt\">\n\t\t\t<p>Mercedes-Benz G 300 4&#215;4<\/p>\n<a class=\"timeline-express-read-more-link\" href=\"https:\/\/artm-fr.ch\/de\/announcement\/2017-2\/\"> Read more<\/a>\t\t<\/div>\n\t\t<!-- End Announcement Excerpt -->\n\n\t\t\n\t<\/div>\n\t<!-- End Timeline Content -->\n\n<\/div>\n<!-- End Timeline Block -->\n\n<div class=\"cd-timeline-block januar 01 2018 announcement-3691\">\n\n\t\n\t\t<a class=\"cd-timeline-icon-link\" href=\"https:\/\/artm-fr.ch\/de\/announcement\/2018-2\/\">\n\n\t\t\t\n\t\t<div class=\"cd-timeline-img cd-picture\" style=\"background:#363636;\">\n\n\t\t\t<!-- Custom Action Hook -->\n\t\t\t\n\t\t\t\t<!-- Standard Font Awesome Icon -->\n\t\t\t\t<span class=\"fa fa-truck\" title=\"2018\"><\/span>\n\n\t\t\t\n\t\t<\/div> <!-- cd-timeline-img -->\n\n\t\n\t\t<\/a>\n\n\t\t\n\t<!-- Timeline Content -->\n\t<div class=\"cd-timeline-content\">\n\n\t\t\n\t\t<!-- Announcement Title -->\n\t\t<div class=\"cd-timeline-title-container\">\n\n\t\t\t\n\t\t\t<h2 class=\"cd-timeline-item-title\">\n\t\t\t\t2018\t\t\t<\/h2>\n\n\t\t\t\t\t<\/div>\n\t\t<!-- End Announcement Title -->\n\n\t\t<img loading=\"lazy\" decoding=\"async\" width=\"350\" height=\"120\" src=\"https:\/\/artm-fr.ch\/wp-content\/uploads\/2018\/10\/53124-350x120.jpg\" class=\"announcement-banner-image\" alt=\"2018\" \/>\n\t\t<!-- Announcement Excerpt -->\n\t\t<div class=\"the-excerpt\">\n\t\t\t<p>DURO I WE<\/p>\n<a class=\"timeline-express-read-more-link\" href=\"https:\/\/artm-fr.ch\/de\/announcement\/2018-2\/\"> Read more<\/a>\t\t<\/div>\n\t\t<!-- End Announcement Excerpt -->\n\n\t\t\n\t<\/div>\n\t<!-- End Timeline Content -->\n\n<\/div>\n<!-- End Timeline Block -->\n\n<div class=\"cd-timeline-block september 12 2020 announcement-15152\">\n\n\t\n\t\t<a class=\"cd-timeline-icon-link\" href=\"https:\/\/artm-fr.ch\/de\/announcement\/2020-3\/\">\n\n\t\t\t\n\t\t<div class=\"cd-timeline-img cd-picture\" style=\"background:#972fb5;\">\n\n\t\t\t<!-- Custom Action Hook -->\n\t\t\t\n\t\t\t\t<!-- Standard Font Awesome Icon -->\n\t\t\t\t<span class=\"fa fa-flag\" title=\"2020\"><\/span>\n\n\t\t\t\n\t\t<\/div> <!-- cd-timeline-img -->\n\n\t\n\t\t<\/a>\n\n\t\t\n\t<!-- Timeline Content -->\n\t<div class=\"cd-timeline-content\">\n\n\t\t\n\t\t<!-- Announcement Title -->\n\t\t<div class=\"cd-timeline-title-container\">\n\n\t\t\t\n\t\t\t<h2 class=\"cd-timeline-item-title\">\n\t\t\t\t2020\t\t\t<\/h2>\n\n\t\t\t\t\t<\/div>\n\t\t<!-- End Announcement Title -->\n\n\t\t<img loading=\"lazy\" decoding=\"async\" width=\"350\" height=\"120\" src=\"https:\/\/artm-fr.ch\/wp-content\/uploads\/2020\/10\/ETENDARD_039-350x120.jpeg\" class=\"announcement-banner-image\" alt=\"2020\" \/>\n\t\t<!-- Announcement Excerpt -->\n\t\t<div class=\"the-excerpt\">\n\t\t\t<p>Inauguration du nouveau drapeau ARTM FR<\/p>\n<a class=\"timeline-express-read-more-link\" href=\"https:\/\/artm-fr.ch\/de\/announcement\/2020-3\/\"> Read more<\/a>\t\t<\/div>\n\t\t<!-- End Announcement Excerpt -->\n\n\t\t\n\t<\/div>\n\t<!-- End Timeline Content -->\n\n<\/div>\n<!-- End Timeline Block -->\n\n\t\t\t<\/section>\n\n\t\t\t<!-- Timeline Express Free v1.8.1 | Site: https:\/\/www.wp-timelineexpress.com | Author: CodeParrots - http:\/\/www.codeparrots.com --><br class=\"nc\"\/>        <\/div>    <\/div><\/div><div class=\"panel panel-default\">    <div class=\"panel-heading\" role=\"tab\" id=\"heading_citem_009d-4b88\">        <h4 class=\"panel-title\"><a class=\"accordion-toggle collapsed\" data-toggle=\"collapse\" aria-controls=\"heading_citem_009d-4b88\" data-parent=\"#collapse_dbb0-4e05\" href=\"#citem_009d-4b88\">Liste der Kantonspr\u00e4sidenten<\/a>        <\/h4>    <\/div>    <div id=\"citem_009d-4b88\" class=\"panel-collapse collapse \" role=\"tabpanel\" aria-labelledby=\"heading_citem_009d-4b88\">        <div class=\"panel-body\">\n\n<span style=\"color: #ffffff;\">_<\/span>Hier ist die Liste der kantonalen Pr\u00e4sidenten der ARTM Freiburg:\n<table class=\"tg\">\n<tbody>\n<tr>\n<th>Jahr<\/th>\n<th>Ort<\/th>\n<th>Datum<\/th>\n<th>Name<\/th>\n<\/tr>\n<tr>\n<td>1936<\/td>\n<td>Freiburg<\/td>\n<td>15.11<\/td>\n Uhr<td>Kuss Georges<\/td>\n<\/tr>\n<tr>\n<td>1947<\/td>\n<td>Freiburg<\/td>\n<td>12.01<\/td>\n Uhr<td>Auderset Pierre<\/td>\n<\/tr>\n<tr>\n<td>1950<\/td>\n<td>Freiburg<\/td>\n<td>29.01<\/td>\n Uhr<td>Baumann Fredi<\/td>\n<\/tr>\n<tr>\n<td>1951<\/td>\n<td>Freiburg<\/td>\n<td>29.01<\/td>\n Uhr<td>Gaston Wei\u00df<\/td>\n<\/tr>\n<tr>\n<td>1955<\/td>\n<td>Freiburg<\/td>\n<td>29.01<\/td>\n Uhr<td>Brunisholz, Pierre<\/td>\n<\/tr>\n<tr>\n<td>Das Jahr 1958<\/td>\n<td>Freiburg<\/td>\n<td>25.01<\/td>\n Uhr<td>Bise Guido<\/td>\n<\/tr>\n<tr>\n<td>1963<\/td>\n<td>Freiburg<\/td>\n<td>02.02<\/td>\n Uhr<td>Buillard Jeans<\/td>\n<\/tr>\n<tr>\n<td>1966<\/td>\n<td>Freiburg<\/td>\n<td>05.02<\/td>\n Uhr<td>Weber Michel<\/td>\n<\/tr>\n<tr>\n<td>1972<\/td>\n<td>D\u00fcdingen<\/td>\n<td>29.01<\/td>\n Uhr<td>Bussey Michel<\/td>\n<\/tr>\n<tr>\n<td>1978<\/td>\n<td>Freiburg<\/td>\n<td>04.03<\/td>\n Uhr<td>Th\u00e9voz Marc<\/td>\n<\/tr>\n<tr>\n<td>1984<\/td>\n<td>Murten<\/td>\n<td>31.03<\/td>\n Uhr<td>Bachmann Albert<\/td>\n<\/tr>\n<tr>\n<td>1990<\/td>\n<td>Lugnorre<\/td>\n<td>07:04<\/td>\n Uhr<td>Frei J\u00f6rg<\/td>\n<\/tr>\n<tr>\n<td>1993<\/td>\n<td>Belfaux<\/td>\n<td>20.03<\/td>\n Uhr<td>Sottas Jacques<\/td>\n<\/tr>\n<tr>\n<td>Das Jahr 2000<\/td>\n<td>Aumont<\/td>\n<td>25.03<\/td>\n Uhr<td>Corpataux Philippe<\/td>\n<\/tr>\n<tr>\n<td>2012<\/td>\n<td>Grolley<\/td>\n<td>31.03<\/td>\n Uhr<td>Mauron Alexandre<\/td>\n<\/tr>\n<tr>\n<td>2024<\/td>\n<td>Blase<\/td>\n<td>22.03<\/td>\n Uhr<td>C\u00e9dric Martin<\/td>\n<\/tr>\n<\/tbody>\n<\/table>\n        <\/div>    <\/div><\/div><div class=\"panel panel-default\">    <div class=\"panel-heading\" role=\"tab\" id=\"heading_citem_6359-7j52\">        <h4 class=\"panel-title\"><a class=\"accordion-toggle collapsed\" data-toggle=\"collapse\" aria-controls=\"heading_citem_6359-7j52\" data-parent=\"#collapse_dbb0-4e05\" href=\"#citem_6359-7j52\">Mitglieder des kantonalen Komitees nach Jahrg\u00e4ngen<\/a>        <\/h4>    <\/div>    <div id=\"citem_6359-7j52\" class=\"panel-collapse collapse \" role=\"tabpanel\" aria-labelledby=\"heading_citem_6359-7j52\">        <div class=\"panel-body\">\n\n<table id=\"tablepress-5\" class=\"tablepress tablepress-id-5\">\n<thead>\n<tr class=\"row-1\">\n\t<th class=\"column-1\">Ann\u00e9e<\/th><th class=\"column-2\">Pr\u00e9sident<\/th><th class=\"column-3\">Vice-pr\u00e9s.<\/th><th class=\"column-4\">Caisse<\/th><th class=\"column-5\">Secr\u00e9tariat<\/th><th class=\"column-6\">Resp. membres<\/th><th class=\"column-7\">Chef technique <\/th><th class=\"column-8\">Chef tech. adj. (HC jusqu'en 2017)<\/th><th class=\"column-9\">Chef tir (HC depuis 89)<\/th><th class=\"column-10\">Porte-drapeau (HC)<\/th><th class=\"column-11\">Autres<\/th>\n<\/tr>\n<\/thead>\n<tbody class=\"row-hover\">\n<tr class=\"row-2\">\n\t<td class=\"column-1\">2024<\/td><td class=\"column-2\">Martin C\u00e9dric<\/td><td class=\"column-3\">Stulz David<\/td><td class=\"column-4\">Strasser Arnaud<\/td><td class=\"column-5\">P\u00e9coud Beno\u00eet<\/td><td class=\"column-6\">Cagli Matthieu<\/td><td class=\"column-7\">Adrien Gabriel<\/td><td class=\"column-8\">Verdon Fabrice<\/td><td class=\"column-9\"><\/td><td class=\"column-10\">Walter Haenni<\/td><td class=\"column-11\">Axel Casareale (communication)<\/td>\n<\/tr>\n<tr class=\"row-3\">\n\t<td class=\"column-1\">2023<\/td><td class=\"column-2\">Mauron Alexandre<\/td><td class=\"column-3\"><\/td><td class=\"column-4\">Strasser Arnaud<\/td><td class=\"column-5\">P\u00e9coud Beno\u00eet<\/td><td class=\"column-6\">Stulz David<\/td><td class=\"column-7\">Verdon Fabrice<\/td><td class=\"column-8\">Martin C\u00e9dric<\/td><td class=\"column-9\"><\/td><td class=\"column-10\">Walter Haenni<\/td><td class=\"column-11\">Axel Casareale (communication)<\/td>\n<\/tr>\n<tr class=\"row-4\">\n\t<td class=\"column-1\">2022<\/td><td class=\"column-2\">Mauron Alexandre<\/td><td class=\"column-3\">Progin St\u00e9phane<\/td><td class=\"column-4\">Strasser Arnaud<\/td><td class=\"column-5\">P\u00e9coud Beno\u00eet<\/td><td class=\"column-6\">Stulz David<\/td><td class=\"column-7\">Verdon Fabrice<\/td><td class=\"column-8\">Martin C\u00e9dric<\/td><td class=\"column-9\"><\/td><td class=\"column-10\">Walter Haenni<\/td><td class=\"column-11\">Axel Casareale (communication)<\/td>\n<\/tr>\n<tr class=\"row-5\">\n\t<td class=\"column-1\">2021<\/td><td class=\"column-2\">Mauron Alexandre<\/td><td class=\"column-3\">Progin St\u00e9phane<\/td><td class=\"column-4\">Strasser Arnaud<\/td><td class=\"column-5\">P\u00e9coud Beno\u00eet<\/td><td class=\"column-6\">Stulz David<\/td><td class=\"column-7\">Verdon Fabrice<\/td><td class=\"column-8\">Martin C\u00e9dric<\/td><td class=\"column-9\"><\/td><td class=\"column-10\">Walter Haenni<\/td><td class=\"column-11\">Axel Casareale (communication)<\/td>\n<\/tr>\n<tr class=\"row-6\">\n\t<td class=\"column-1\">2020<\/td><td class=\"column-2\">Mauron Alexandre<\/td><td class=\"column-3\">Progin St\u00e9phane<\/td><td class=\"column-4\">Strasser Arnaud<\/td><td class=\"column-5\">P\u00e9coud Beno\u00eet<\/td><td class=\"column-6\">Stulz David<\/td><td class=\"column-7\">Verdon Fabrice<\/td><td class=\"column-8\">Favre J\u00e9r\u00e9mie<\/td><td class=\"column-9\"><\/td><td class=\"column-10\">Walter Haenni<\/td><td class=\"column-11\"><\/td>\n<\/tr>\n<tr class=\"row-7\">\n\t<td class=\"column-1\">2019<\/td><td class=\"column-2\">Mauron Alexandre<\/td><td class=\"column-3\">Progin St\u00e9phane<\/td><td class=\"column-4\">Sapin Valentin <\/td><td class=\"column-5\">Strasser Arnaud<\/td><td class=\"column-6\">Stulz David<\/td><td class=\"column-7\">Verdon Fabrice<\/td><td class=\"column-8\">Favre J\u00e9r\u00e9mie<\/td><td class=\"column-9\"><\/td><td class=\"column-10\">Walter Haenni<\/td><td class=\"column-11\"><\/td>\n<\/tr>\n<tr class=\"row-8\">\n\t<td class=\"column-1\">2018<\/td><td class=\"column-2\">Mauron Alexandre<\/td><td class=\"column-3\">Progin St\u00e9phane<\/td><td class=\"column-4\">Sapin Valentin <\/td><td class=\"column-5\">Strasser Arnaud<\/td><td class=\"column-6\">Stulz David<\/td><td class=\"column-7\">Verdon Fabrice<\/td><td class=\"column-8\">Favre J\u00e9r\u00e9mie<\/td><td class=\"column-9\"><\/td><td class=\"column-10\">Walter Haenni<\/td><td class=\"column-11\"><\/td>\n<\/tr>\n<tr class=\"row-9\">\n\t<td class=\"column-1\">2017<\/td><td class=\"column-2\">Mauron Alexandre<\/td><td class=\"column-3\">Progin St\u00e9phane<\/td><td class=\"column-4\">Sapin Valentin <\/td><td class=\"column-5\">Strasser Arnaud<\/td><td class=\"column-6\">Stulz David<\/td><td class=\"column-7\">Verdon Fabrice<\/td><td class=\"column-8\">Favre J\u00e9r\u00e9mie<\/td><td class=\"column-9\"><\/td><td class=\"column-10\"><em>vacat<\/em><\/td><td class=\"column-11\"><\/td>\n<\/tr>\n<tr class=\"row-10\">\n\t<td class=\"column-1\">2016<\/td><td class=\"column-2\">Mauron Alexandre<\/td><td class=\"column-3\">Progin St\u00e9phane<\/td><td class=\"column-4\">Progin St\u00e9phane<\/td><td class=\"column-5\">Strasser Arnaud<\/td><td class=\"column-6\">Stulz David<\/td><td class=\"column-7\">Verdon Fabrice<\/td><td class=\"column-8\">Favre J\u00e9r\u00e9mie<\/td><td class=\"column-9\"><\/td><td class=\"column-10\">Roger Molliet<\/td><td class=\"column-11\"><\/td>\n<\/tr>\n<tr class=\"row-11\">\n\t<td class=\"column-1\">2015<\/td><td class=\"column-2\">Mauron Alexandre<\/td><td class=\"column-3\">Progin St\u00e9phane<\/td><td class=\"column-4\">Progin St\u00e9phane<\/td><td class=\"column-5\">Strasser Arnaud<\/td><td class=\"column-6\">Stulz David<\/td><td class=\"column-7\">Verdon Fabrice<\/td><td class=\"column-8\">Favre J\u00e9r\u00e9mie<\/td><td class=\"column-9\"><\/td><td class=\"column-10\">Roger Molliet<\/td><td class=\"column-11\"><\/td>\n<\/tr>\n<tr class=\"row-12\">\n\t<td class=\"column-1\">2014<\/td><td class=\"column-2\">Mauron Alexandre<\/td><td class=\"column-3\">R\u00f6big Sylvain<\/td><td class=\"column-4\">Progin St\u00e9phane<\/td><td class=\"column-5\">Strasser Arnaud<\/td><td class=\"column-6\">Stulz David<\/td><td class=\"column-7\">R\u00f6big Sylvain<\/td><td class=\"column-8\">Verdon Fabrice<\/td><td class=\"column-9\"><em>Non repourvu<\/em><\/td><td class=\"column-10\">Roger Molliet<\/td><td class=\"column-11\"><\/td>\n<\/tr>\n<tr class=\"row-13\">\n\t<td class=\"column-1\">2013<\/td><td class=\"column-2\">Mauron Alexandre<\/td><td class=\"column-3\">R\u00f6big Sylvain<\/td><td class=\"column-4\">Progin St\u00e9phane<\/td><td class=\"column-5\">Strasser Arnaud<\/td><td class=\"column-6\">Stulz David<\/td><td class=\"column-7\">R\u00f6big Sylvain<\/td><td class=\"column-8\">Verdon Fabrice<\/td><td class=\"column-9\">Roche Pierre-Andr\u00e9<\/td><td class=\"column-10\">Roger Molliet<\/td><td class=\"column-11\"><\/td>\n<\/tr>\n<tr class=\"row-14\">\n\t<td class=\"column-1\">2012<\/td><td class=\"column-2\">Mauron Alexandre<\/td><td class=\"column-3\">R\u00f6big Sylvain<\/td><td class=\"column-4\">Progin St\u00e9phane<\/td><td class=\"column-5\">Strasser Arnaud<\/td><td class=\"column-6\">Stulz David<\/td><td class=\"column-7\">R\u00f6big Sylvain<\/td><td class=\"column-8\">Verdon Fabrice<\/td><td class=\"column-9\">Roche Pierre-Andr\u00e9<\/td><td class=\"column-10\">Roger Molliet<\/td><td class=\"column-11\"><\/td>\n<\/tr>\n<tr class=\"row-15\">\n\t<td class=\"column-1\">2011<\/td><td class=\"column-2\">Corpataux Philippe<\/td><td class=\"column-3\">Mauron Alexandre<\/td><td class=\"column-4\">Progin St\u00e9phane<\/td><td class=\"column-5\">Nicollier Rapha\u00ebl<\/td><td class=\"column-6\">Stulz David<\/td><td class=\"column-7\">R\u00f6big Sylvain<\/td><td class=\"column-8\">Mauron Alexandre<\/td><td class=\"column-9\"><em>vacat<\/em><\/td><td class=\"column-10\">Monney Edouard<\/td><td class=\"column-11\"><\/td>\n<\/tr>\n<tr class=\"row-16\">\n\t<td class=\"column-1\">2010<\/td><td class=\"column-2\">Corpataux Philippe<\/td><td class=\"column-3\">R\u00f6big Sylvain<\/td><td class=\"column-4\">Progin St\u00e9phane<\/td><td class=\"column-5\">Nicollier Rapha\u00ebl<\/td><td class=\"column-6\">Stulz David<\/td><td class=\"column-7\">R\u00f6big Sylvain<\/td><td class=\"column-8\">Mauron Alexandre<\/td><td class=\"column-9\"><em>vacat<\/em><\/td><td class=\"column-10\">Monney Edouard<\/td><td class=\"column-11\"><\/td>\n<\/tr>\n<tr class=\"row-17\">\n\t<td class=\"column-1\">2009<\/td><td class=\"column-2\">Corpataux Philippe<\/td><td class=\"column-3\">Gafner Werner<\/td><td class=\"column-4\">Progin St\u00e9phane<\/td><td class=\"column-5\">Barras Fran\u00e7oise<\/td><td class=\"column-6\">Buchs Jacqueline <\/td><td class=\"column-7\">R\u00f6big Sylvain<\/td><td class=\"column-8\">Mauron Alexandre<\/td><td class=\"column-9\">Mory Olivier<\/td><td class=\"column-10\">Monney Edouard<\/td><td class=\"column-11\"><\/td>\n<\/tr>\n<tr class=\"row-18\">\n\t<td class=\"column-1\">2008<\/td><td class=\"column-2\">Corpataux Philippe<\/td><td class=\"column-3\">Hubert Schorro<\/td><td class=\"column-4\">Progin St\u00e9phane<\/td><td class=\"column-5\">Barras Fran\u00e7oise<\/td><td class=\"column-6\"><em>vacat<\/em><\/td><td class=\"column-7\">R\u00f6big Sylvain<\/td><td class=\"column-8\">Mauron Alexandre<\/td><td class=\"column-9\">Mory Olivier<\/td><td class=\"column-10\">Monney Edouard<\/td><td class=\"column-11\"><\/td>\n<\/tr>\n<tr class=\"row-19\">\n\t<td class=\"column-1\">2007<\/td><td class=\"column-2\">Corpataux Philippe<\/td><td class=\"column-3\">Mayor Philippe<\/td><td class=\"column-4\">Buchs Jacqueline<\/td><td class=\"column-5\">Barras Fran\u00e7oise<\/td><td class=\"column-6\">Buchs Jacqueline <\/td><td class=\"column-7\">R\u00f6big Sylvain<\/td><td class=\"column-8\">Mauron Alexandre<\/td><td class=\"column-9\">Mory Olivier<\/td><td class=\"column-10\">Monney Edouard<\/td><td class=\"column-11\"><\/td>\n<\/tr>\n<tr class=\"row-20\">\n\t<td class=\"column-1\">2006<\/td><td class=\"column-2\">Corpataux Philippe<\/td><td class=\"column-3\">Gauchat Henri<\/td><td class=\"column-4\">Buchs Jacqueline<\/td><td class=\"column-5\">Barras Fran\u00e7oise<\/td><td class=\"column-6\">Buchs Jacqueline <\/td><td class=\"column-7\">R\u00f6big Sylvain<\/td><td class=\"column-8\">Mauron Alexandre<\/td><td class=\"column-9\"><em>vacat<\/em><\/td><td class=\"column-10\">Monney Edouard<\/td><td class=\"column-11\"><\/td>\n<\/tr>\n<tr class=\"row-21\">\n\t<td class=\"column-1\">2005<\/td><td class=\"column-2\">Corpataux Philippe<\/td><td class=\"column-3\">Henzen Bernhard<\/td><td class=\"column-4\">Buchs Jacqueline<\/td><td class=\"column-5\">Barras Fran\u00e7oise<\/td><td class=\"column-6\">Buchs Jacqueline <\/td><td class=\"column-7\">R\u00f6big Sylvain<\/td><td class=\"column-8\">Mauron Alexandre<\/td><td class=\"column-9\">Krattinger Serge<\/td><td class=\"column-10\">Monney Edouard<\/td><td class=\"column-11\"><\/td>\n<\/tr>\n<tr class=\"row-22\">\n\t<td class=\"column-1\">2004<\/td><td class=\"column-2\">Corpataux Philippe<\/td><td class=\"column-3\">Henzen Bernhard<\/td><td class=\"column-4\">Buchs Jacqueline<\/td><td class=\"column-5\">Barras Fran\u00e7oise<\/td><td class=\"column-6\">Buchs Jacqueline <\/td><td class=\"column-7\">R\u00f6big Sylvain<\/td><td class=\"column-8\">Mauron Alexandre<\/td><td class=\"column-9\">Krattinger Serge<\/td><td class=\"column-10\">Monney Edouard<\/td><td class=\"column-11\"><\/td>\n<\/tr>\n<tr class=\"row-23\">\n\t<td class=\"column-1\">2003<\/td><td class=\"column-2\">Corpataux Philippe<\/td><td class=\"column-3\">Buchs Daniel<\/td><td class=\"column-4\">Buchs Jacqueline<\/td><td class=\"column-5\">Barras Fran\u00e7oise<\/td><td class=\"column-6\">Buchs Jacqueline <\/td><td class=\"column-7\">R\u00f6big Sylvain<\/td><td class=\"column-8\">Mauron Alexandre<\/td><td class=\"column-9\">Krattinger Serge<\/td><td class=\"column-10\">Monney Edouard<\/td><td class=\"column-11\"><\/td>\n<\/tr>\n<tr class=\"row-24\">\n\t<td class=\"column-1\">2002<\/td><td class=\"column-2\">Corpataux Philippe<\/td><td class=\"column-3\">Gafner Werner<\/td><td class=\"column-4\">Buchs Jacqueline<\/td><td class=\"column-5\">K\u00e4nzig Ruedi<\/td><td class=\"column-6\">Krattinger Daniel<\/td><td class=\"column-7\">Buchs Daniel<\/td><td class=\"column-8\">R\u00f6big Sylvain<\/td><td class=\"column-9\"><em>vacat<\/em><\/td><td class=\"column-10\">Monney Edouard<\/td><td class=\"column-11\"><\/td>\n<\/tr>\n<tr class=\"row-25\">\n\t<td class=\"column-1\">2001<\/td><td class=\"column-2\">Corpataux Philippe<\/td><td class=\"column-3\">Gauchat Henri<\/td><td class=\"column-4\">Buchs Jacqueline<\/td><td class=\"column-5\">K\u00e4nzig Ruedi<\/td><td class=\"column-6\">Krattinger Daniel<\/td><td class=\"column-7\">Buchs Daniel<\/td><td class=\"column-8\">R\u00f6big Sylvain<\/td><td class=\"column-9\">Roche Pierre-Andr\u00e9<\/td><td class=\"column-10\">Monney Edouard<\/td><td class=\"column-11\"><\/td>\n<\/tr>\n<tr class=\"row-26\">\n\t<td class=\"column-1\">2000<\/td><td class=\"column-2\">Corpataux Philippe<\/td><td class=\"column-3\">Mayor Philippe<\/td><td class=\"column-4\">Buchs Jacqueline<\/td><td class=\"column-5\">Eggertswyler Georges<\/td><td class=\"column-6\">Krattinger Daniel<\/td><td class=\"column-7\">Buchs Daniel<\/td><td class=\"column-8\">-<\/td><td class=\"column-9\">Roche Pierre-Andr\u00e9<\/td><td class=\"column-10\">Monney Edouard<\/td><td class=\"column-11\"><\/td>\n<\/tr>\n<tr class=\"row-27\">\n\t<td class=\"column-1\">1999<\/td><td class=\"column-2\">Sottas Jacques<\/td><td class=\"column-3\">Corpataux Philippe<\/td><td class=\"column-4\">Buchs Jacqueline<\/td><td class=\"column-5\">Eggertswyler Georges<\/td><td class=\"column-6\">Krattinger Daniel<\/td><td class=\"column-7\">Buchs Daniel<\/td><td class=\"column-8\">-<\/td><td class=\"column-9\">Roche Pierre-Andr\u00e9<\/td><td class=\"column-10\">Monney Edouard<\/td><td class=\"column-11\"><\/td>\n<\/tr>\n<tr class=\"row-28\">\n\t<td class=\"column-1\">1998<\/td><td class=\"column-2\">Sottas Jacques<\/td><td class=\"column-3\">Buchs Roger<\/td><td class=\"column-4\">Hegg Hans<\/td><td class=\"column-5\">Eggertswyler Georges<\/td><td class=\"column-6\">Krattinger Daniel<\/td><td class=\"column-7\">Corpataux Philippe<\/td><td class=\"column-8\">-<\/td><td class=\"column-9\">Roche Pierre-Andr\u00e9<\/td><td class=\"column-10\">Rey Paul<\/td><td class=\"column-11\"><\/td>\n<\/tr>\n<tr class=\"row-29\">\n\t<td class=\"column-1\">1997<\/td><td class=\"column-2\">Sottas Jacques<\/td><td class=\"column-3\">?<\/td><td class=\"column-4\">Hegg Hans et Bachmann Albert<\/td><td class=\"column-5\">Eggertswyler Georges<\/td><td class=\"column-6\">Krattinger Daniel<\/td><td class=\"column-7\">Corpataux Philippe<\/td><td class=\"column-8\">-<\/td><td class=\"column-9\">Roche Pierre-Andr\u00e9<\/td><td class=\"column-10\">Rey Paul<\/td><td class=\"column-11\"><\/td>\n<\/tr>\n<tr class=\"row-30\">\n\t<td class=\"column-1\">1996<\/td><td class=\"column-2\">Sottas Jacques<\/td><td class=\"column-3\">?<\/td><td class=\"column-4\">Jaquet Francis<\/td><td class=\"column-5\">Eggertswyler Georges<\/td><td class=\"column-6\">Krattinger Daniel<\/td><td class=\"column-7\">Corpataux Philippe<\/td><td class=\"column-8\">-<\/td><td class=\"column-9\">Roche Pierre-Andr\u00e9<\/td><td class=\"column-10\">Rey Paul<\/td><td class=\"column-11\"><\/td>\n<\/tr>\n<tr class=\"row-31\">\n\t<td class=\"column-1\">1995<\/td><td class=\"column-2\">Sottas Jacques<\/td><td class=\"column-3\">?<\/td><td class=\"column-4\">Menoud Jean-Louis<\/td><td class=\"column-5\">Eggertswyler Georges<\/td><td class=\"column-6\">Stoll Narcisse<\/td><td class=\"column-7\">Corpataux Philippe<\/td><td class=\"column-8\">Barras Jean-Marc<\/td><td class=\"column-9\">Roche Pierre-Andr\u00e9<\/td><td class=\"column-10\">Rey Paul<\/td><td class=\"column-11\"><\/td>\n<\/tr>\n<tr class=\"row-32\">\n\t<td class=\"column-1\">1994<\/td><td class=\"column-2\">Sottas Jacques<\/td><td class=\"column-3\">?<\/td><td class=\"column-4\">Menoud Jean-Louis<\/td><td class=\"column-5\">Barras Fran\u00e7oise<\/td><td class=\"column-6\">Stoll Narcisse<\/td><td class=\"column-7\">Corpataux Philippe<\/td><td class=\"column-8\">Barras Jean-Marc<\/td><td class=\"column-9\">Gafner Werner<\/td><td class=\"column-10\">Rey Paul<\/td><td class=\"column-11\"><\/td>\n<\/tr>\n<tr class=\"row-33\">\n\t<td class=\"column-1\">1993<\/td><td class=\"column-2\">Sottas Jacques<\/td><td class=\"column-3\">Barras Fran\u00e7ois<\/td><td class=\"column-4\">Mauron Claudine<\/td><td class=\"column-5\">Barras Fran\u00e7oise<\/td><td class=\"column-6\">Stoll Narcisse<\/td><td class=\"column-7\">Jean-Claude Duriaux<\/td><td class=\"column-8\">Barras Jean-Marc<\/td><td class=\"column-9\">Gafner Werner<\/td><td class=\"column-10\">Rey Paul<\/td><td class=\"column-11\"><\/td>\n<\/tr>\n<tr class=\"row-34\">\n\t<td class=\"column-1\">1992<\/td><td class=\"column-2\">Frei J\u00f6rg<\/td><td class=\"column-3\">?<\/td><td class=\"column-4\">Mauron Claudine<\/td><td class=\"column-5\">Barras Fran\u00e7oise<\/td><td class=\"column-6\">Stoll Narcisse<\/td><td class=\"column-7\">Jean-Claude Duriaux<\/td><td class=\"column-8\">Barras Jean-Marc<\/td><td class=\"column-9\">Gafner Werner<\/td><td class=\"column-10\">Rey Paul<\/td><td class=\"column-11\"><\/td>\n<\/tr>\n<tr class=\"row-35\">\n\t<td class=\"column-1\">1991<\/td><td class=\"column-2\">Frei J\u00f6rg<\/td><td class=\"column-3\">Hans Hegg<\/td><td class=\"column-4\">Mauron Claudine<\/td><td class=\"column-5\">Hegg Fran\u00e7oise<\/td><td class=\"column-6\">Eggertswyler Georges<\/td><td class=\"column-7\">Jean-Claude Duriaux<\/td><td class=\"column-8\">Barras Jean-Marc<\/td><td class=\"column-9\"><em>ai Maeder Fred<\/em><\/td><td class=\"column-10\">Rey Paul<\/td><td class=\"column-11\"><\/td>\n<\/tr>\n<tr class=\"row-36\">\n\t<td class=\"column-1\">1990<\/td><td class=\"column-2\">Frei J\u00f6rg<\/td><td class=\"column-3\">Hans Hegg<\/td><td class=\"column-4\">Mauron Claudine<\/td><td class=\"column-5\">Hegg Fran\u00e7oise<\/td><td class=\"column-6\">Gisler Roland<\/td><td class=\"column-7\"><\/td><td class=\"column-8\">Barras Jean-Marc<\/td><td class=\"column-9\"><em>ai Maeder Fred<\/em><\/td><td class=\"column-10\">Rey Paul<\/td><td class=\"column-11\"><\/td>\n<\/tr>\n<tr class=\"row-37\">\n\t<td class=\"column-1\">1989<\/td><td class=\"column-2\">Bachmann Albert<\/td><td class=\"column-3\">Hans Hegg<\/td><td class=\"column-4\">Hans Hegg<\/td><td class=\"column-5\">Hegg Fran\u00e7oise<\/td><td class=\"column-6\">Gisler Roland<\/td><td class=\"column-7\">Barras Fran\u00e7ois<\/td><td class=\"column-8\">Jean-Daniel Goetschi<\/td><td class=\"column-9\"><em>ai Maeder Fred<\/em><\/td><td class=\"column-10\">Rey Paul<\/td><td class=\"column-11\"><\/td>\n<\/tr>\n<tr class=\"row-38\">\n\t<td class=\"column-1\">1988<\/td><td class=\"column-2\">Bachmann Albert<\/td><td class=\"column-3\">?<\/td><td class=\"column-4\">Hans Hegg<\/td><td class=\"column-5\">Seligmann Beatrice<\/td><td class=\"column-6\">Gisler Roland<\/td><td class=\"column-7\">Barras Fran\u00e7ois<\/td><td class=\"column-8\">Jean-Daniel Goetschi<\/td><td class=\"column-9\">Maeder Fred<\/td><td class=\"column-10\">Rey Paul<\/td><td class=\"column-11\"><\/td>\n<\/tr>\n<tr class=\"row-39\">\n\t<td class=\"column-1\">1987<\/td><td class=\"column-2\">Bachmann Albert<\/td><td class=\"column-3\">?<\/td><td class=\"column-4\">Hans Hegg<\/td><td class=\"column-5\">Seligmann Beatrice<\/td><td class=\"column-6\">Gisler Roland<\/td><td class=\"column-7\">Barras Fran\u00e7ois<\/td><td class=\"column-8\">Jean-Daniel Goetschi<\/td><td class=\"column-9\">Maeder Fred<\/td><td class=\"column-10\">Rey Paul<\/td><td class=\"column-11\"><\/td>\n<\/tr>\n<tr class=\"row-40\">\n\t<td class=\"column-1\">1986<\/td><td class=\"column-2\">Bachmann Albert<\/td><td class=\"column-3\">Salamin Jean-Richard<\/td><td class=\"column-4\">Hans Hegg<\/td><td class=\"column-5\">Sylvie d'Aumeries<\/td><td class=\"column-6\">Gisler Roland<\/td><td class=\"column-7\">Barras Fran\u00e7ois<\/td><td class=\"column-8\">Jean-Daniel Goetschi<\/td><td class=\"column-9\">Maeder Fred<\/td><td class=\"column-10\">Rey Paul<\/td><td class=\"column-11\"><\/td>\n<\/tr>\n<tr class=\"row-41\">\n\t<td class=\"column-1\">1985<\/td><td class=\"column-2\">Bachmann Albert<\/td><td class=\"column-3\">?<\/td><td class=\"column-4\"><\/td><td class=\"column-5\">Sylvie d'Aumeries<\/td><td class=\"column-6\"><\/td><td class=\"column-7\">Barras Fran\u00e7ois<\/td><td class=\"column-8\">Jean-Daniel Goetschi<\/td><td class=\"column-9\">Maeder Fred<\/td><td class=\"column-10\">Rey Paul<\/td><td class=\"column-11\"><\/td>\n<\/tr>\n<tr class=\"row-42\">\n\t<td class=\"column-1\">1984<\/td><td class=\"column-2\">Bachmann Albert<\/td><td class=\"column-3\">?<\/td><td class=\"column-4\"><\/td><td class=\"column-5\">Jacques Sottas<\/td><td class=\"column-6\">Salamin Jean-Richard<\/td><td class=\"column-7\"><\/td><td class=\"column-8\"><\/td><td class=\"column-9\">Maeder Fred<\/td><td class=\"column-10\">Rey Paul<\/td><td class=\"column-11\"><\/td>\n<\/tr>\n<tr class=\"row-43\">\n\t<td class=\"column-1\">1983<\/td><td class=\"column-2\">Th\u00e9voz Marc<\/td><td class=\"column-3\">Bachmann Albert<\/td><td class=\"column-4\">Aebischer Joseph<\/td><td class=\"column-5\">Jacques Sottas<\/td><td class=\"column-6\">Salamin Jean-Richard<\/td><td class=\"column-7\">Fischer Bruno<\/td><td class=\"column-8\"><\/td><td class=\"column-9\">Maeder Fred<\/td><td class=\"column-10\">Rey Paul<\/td><td class=\"column-11\"><\/td>\n<\/tr>\n<tr class=\"row-44\">\n\t<td class=\"column-1\">1982<\/td><td class=\"column-2\">Th\u00e9voz Marc<\/td><td class=\"column-3\"><\/td><td class=\"column-4\"><\/td><td class=\"column-5\">Jacques Sottas<\/td><td class=\"column-6\"><\/td><td class=\"column-7\">Fischer Bruno<\/td><td class=\"column-8\"><\/td><td class=\"column-9\">Maeder Fred<\/td><td class=\"column-10\">Rey Paul<\/td><td class=\"column-11\"><\/td>\n<\/tr>\n<tr class=\"row-45\">\n\t<td class=\"column-1\">1981<\/td><td class=\"column-2\">Th\u00e9voz Marc<\/td><td class=\"column-3\"><\/td><td class=\"column-4\"><\/td><td class=\"column-5\">Jacques Sottas<\/td><td class=\"column-6\"><\/td><td class=\"column-7\"><\/td><td class=\"column-8\"><\/td><td class=\"column-9\">Maeder Fred<\/td><td class=\"column-10\">Rey Paul<\/td><td class=\"column-11\"><\/td>\n<\/tr>\n<tr class=\"row-46\">\n\t<td class=\"column-1\">1980<\/td><td class=\"column-2\">Th\u00e9voz Marc<\/td><td class=\"column-3\">K\u00e4ser Andr\u00e9<\/td><td class=\"column-4\"><\/td><td class=\"column-5\">Tinguely Jacques<\/td><td class=\"column-6\"><\/td><td class=\"column-7\"><\/td><td class=\"column-8\"><\/td><td class=\"column-9\">Maeder Fred<\/td><td class=\"column-10\">Rey Paul<\/td><td class=\"column-11\"><\/td>\n<\/tr>\n<tr class=\"row-47\">\n\t<td class=\"column-1\">1979<\/td><td class=\"column-2\">Th\u00e9voz Marc<\/td><td class=\"column-3\">K\u00e4ser Andr\u00e9<\/td><td class=\"column-4\">Bilat Claude<\/td><td class=\"column-5\">Tinguely Jacques<\/td><td class=\"column-6\">Molliet Michel<\/td><td class=\"column-7\">Dennig Etienne<\/td><td class=\"column-8\"><\/td><td class=\"column-9\">Maeder Fred<\/td><td class=\"column-10\">Rey Paul<\/td><td class=\"column-11\"><\/td>\n<\/tr>\n<tr class=\"row-48\">\n\t<td class=\"column-1\">1978<\/td><td class=\"column-2\">Th\u00e9voz Marc<\/td><td class=\"column-3\">K\u00e4ser Andr\u00e9<\/td><td class=\"column-4\">Guisolan Ren\u00e9<\/td><td class=\"column-5\">Tinguely Jacques<\/td><td class=\"column-6\">Th\u00fcrler Marcel<\/td><td class=\"column-7\">Heimann Pierre<\/td><td class=\"column-8\"><\/td><td class=\"column-9\">Maeder Fred<\/td><td class=\"column-10\">Rey Paul<\/td><td class=\"column-11\">K\u00e4ser Andr\u00e9, Tinguely Jacques<\/td>\n<\/tr>\n<tr class=\"row-49\">\n\t<td class=\"column-1\">1977<\/td><td class=\"column-2\">Bussey Michel<\/td><td class=\"column-3\">Schuwey Marcel<\/td><td class=\"column-4\">Guisolan Ren\u00e9<\/td><td class=\"column-5\">Monney Jean-Bernard<\/td><td class=\"column-6\">Th\u00fcrler Marcel<\/td><td class=\"column-7\">Heimann Pierre<\/td><td class=\"column-8\"><\/td><td class=\"column-9\">Maeder Fred<\/td><td class=\"column-10\">Rey Paul<\/td><td class=\"column-11\">Deillon G\u00e9rald, K\u00e4ser Andr\u00e9, Tinguely Jacques<\/td>\n<\/tr>\n<tr class=\"row-50\">\n\t<td class=\"column-1\">1976<\/td><td class=\"column-2\">Bussey Michel<\/td><td class=\"column-3\">Schuwey Marcel<\/td><td class=\"column-4\">Guisolan Ren\u00e9<\/td><td class=\"column-5\">Monney Jean-Bernard<\/td><td class=\"column-6\">Th\u00fcrler Marcel<\/td><td class=\"column-7\">Marmy Jean-Charles<\/td><td class=\"column-8\">Martignoni Jean<\/td><td class=\"column-9\">Maeder Fred<\/td><td class=\"column-10\">Rey Paul<\/td><td class=\"column-11\"><\/td>\n<\/tr>\n<tr class=\"row-51\">\n\t<td class=\"column-1\">1975<\/td><td class=\"column-2\">Bussey Michel<\/td><td class=\"column-3\"><\/td><td class=\"column-4\"><\/td><td class=\"column-5\">Monney Jean-Bernard<\/td><td class=\"column-6\"><\/td><td class=\"column-7\"><\/td><td class=\"column-8\"><\/td><td class=\"column-9\">Maeder Fred<\/td><td class=\"column-10\">Rey Paul<\/td><td class=\"column-11\">Marcel Schuwey,<br \/>\nRen\u00e9 Guisolan, Jean Martignoni, Jean-Bernard Monney<\/td>\n<\/tr>\n<tr class=\"row-52\">\n\t<td class=\"column-1\">1974<\/td><td class=\"column-2\">Bussey Michel<\/td><td class=\"column-3\"><\/td><td class=\"column-4\"><\/td><td class=\"column-5\">Perroud Ren\u00e9<\/td><td class=\"column-6\"><\/td><td class=\"column-7\"><\/td><td class=\"column-8\"><\/td><td class=\"column-9\">Buillard Louis<\/td><td class=\"column-10\">Rey Paul<\/td><td class=\"column-11\"><\/td>\n<\/tr>\n<tr class=\"row-53\">\n\t<td class=\"column-1\">1973<\/td><td class=\"column-2\">Bussey Michel<\/td><td class=\"column-3\"><\/td><td class=\"column-4\"><\/td><td class=\"column-5\">Perroud Ren\u00e9<\/td><td class=\"column-6\"><\/td><td class=\"column-7\"><\/td><td class=\"column-8\"><\/td><td class=\"column-9\">Buillard Louis<\/td><td class=\"column-10\">Rey Paul<\/td><td class=\"column-11\"><\/td>\n<\/tr>\n<tr class=\"row-54\">\n\t<td class=\"column-1\">1972<\/td><td class=\"column-2\">Bussey Michel<\/td><td class=\"column-3\"><\/td><td class=\"column-4\"><\/td><td class=\"column-5\"><\/td><td class=\"column-6\"><\/td><td class=\"column-7\"><\/td><td class=\"column-8\"><\/td><td class=\"column-9\">Buillard Louis<\/td><td class=\"column-10\">Rey Paul<\/td><td class=\"column-11\"><\/td>\n<\/tr>\n<tr class=\"row-55\">\n\t<td class=\"column-1\">1971<\/td><td class=\"column-2\">Weber Michel<\/td><td class=\"column-3\">Bussey Michel<\/td><td class=\"column-4\">Berger Norbert<\/td><td class=\"column-5\">Buillard Jean<\/td><td class=\"column-6\">Jakob Walther, Macherei Roger<\/td><td class=\"column-7\">Martignoni Jean<\/td><td class=\"column-8\">Jungo Jean, Fontana Jean-Claude<\/td><td class=\"column-9\">Buillard Louis<\/td><td class=\"column-10\">Rey Paul<\/td><td class=\"column-11\"><\/td>\n<\/tr>\n<tr class=\"row-56\">\n\t<td class=\"column-1\">1970<\/td><td class=\"column-2\">Weber Michel<\/td><td class=\"column-3\">Bulliard Louis<\/td><td class=\"column-4\">Berger Norbert<\/td><td class=\"column-5\">Buillard Jean<\/td><td class=\"column-6\">Jakob Walther<\/td><td class=\"column-7\">Martignoni Jean<\/td><td class=\"column-8\">Jungo Jean<\/td><td class=\"column-9\">Buillard Louis<\/td><td class=\"column-10\">Rey Paul<\/td><td class=\"column-11\">\"Secr. adj.\": Dousse Francis<\/td>\n<\/tr>\n<tr class=\"row-57\">\n\t<td class=\"column-1\">1969<\/td><td class=\"column-2\">Weber Michel<\/td><td class=\"column-3\">Dousse Francis<\/td><td class=\"column-4\">Tissot Andr\u00e9<\/td><td class=\"column-5\">Buillard Jean<\/td><td class=\"column-6\">Jakob Walther<\/td><td class=\"column-7\">Martignoni Jean<\/td><td class=\"column-8\">Jungo Jean<\/td><td class=\"column-9\">Buillard Louis<\/td><td class=\"column-10\">Rey Paul<\/td><td class=\"column-11\">\"Secr. adj.\": Berger Norbert<\/td>\n<\/tr>\n<tr class=\"row-58\">\n\t<td class=\"column-1\">1968<\/td><td class=\"column-2\">Weber Michel<\/td><td class=\"column-3\">Aeby Ren\u00e9<\/td><td class=\"column-4\">Tissot Andr\u00e9<\/td><td class=\"column-5\">Buillard Jean<\/td><td class=\"column-6\">Jakob Walther<\/td><td class=\"column-7\">Martignoni Jean<\/td><td class=\"column-8\">Jungo Jean<\/td><td class=\"column-9\">Buillard Louis<\/td><td class=\"column-10\">Rey Paul<\/td><td class=\"column-11\">\"Secr. adj.\": Godel Jean-Claude<\/td>\n<\/tr>\n<tr class=\"row-59\">\n\t<td class=\"column-1\">1967<\/td><td class=\"column-2\">Weber Michel<\/td><td class=\"column-3\">Aeby Ren\u00e9<\/td><td class=\"column-4\">Tissot Andr\u00e9<\/td><td class=\"column-5\">Buillard Jean<\/td><td class=\"column-6\"><\/td><td class=\"column-7\"><\/td><td class=\"column-8\"><\/td><td class=\"column-9\">Buillard Louis<\/td><td class=\"column-10\">Rey Paul<\/td><td class=\"column-11\"><\/td>\n<\/tr>\n<tr class=\"row-60\">\n\t<td class=\"column-1\">1966<\/td><td class=\"column-2\">Weber Michel<\/td><td class=\"column-3\">Aeby Ren\u00e9<\/td><td class=\"column-4\">Tissot Andr\u00e9<\/td><td class=\"column-5\">Weber Michel<\/td><td class=\"column-6\"><\/td><td class=\"column-7\"><\/td><td class=\"column-8\"><\/td><td class=\"column-9\">Buillard Louis<\/td><td class=\"column-10\">Rey Paul<\/td><td class=\"column-11\"><\/td>\n<\/tr>\n<tr class=\"row-61\">\n\t<td class=\"column-1\">1965<\/td><td class=\"column-2\">Buillard Jean<\/td><td class=\"column-3\">Weber Michel<\/td><td class=\"column-4\">Godel Jean-Claude<\/td><td class=\"column-5\">Weber Michel<\/td><td class=\"column-6\">Aeby Ren\u00e9<\/td><td class=\"column-7\"><\/td><td class=\"column-8\"><\/td><td class=\"column-9\">Buillard Louis<\/td><td class=\"column-10\">Rey Paul<\/td><td class=\"column-11\"><\/td>\n<\/tr>\n<tr class=\"row-62\">\n\t<td class=\"column-1\">1964<\/td><td class=\"column-2\">Buillard Jean<\/td><td class=\"column-3\">Weber Michel<\/td><td class=\"column-4\">Dobler Rolf<\/td><td class=\"column-5\">Bersier Romain<\/td><td class=\"column-6\"><\/td><td class=\"column-7\"><\/td><td class=\"column-8\"><\/td><td class=\"column-9\">Buillard Louis<\/td><td class=\"column-10\">Rey Paul<\/td><td class=\"column-11\">Baeriswyl Jean-Claude<\/td>\n<\/tr>\n<tr class=\"row-63\">\n\t<td class=\"column-1\">1963<\/td><td class=\"column-2\">Buillard Jean<\/td><td class=\"column-3\">Weber Michel<\/td><td class=\"column-4\">Dobler Rolf<\/td><td class=\"column-5\">Bersier Romain<\/td><td class=\"column-6\">Giabani Bernard<\/td><td class=\"column-7\"><\/td><td class=\"column-8\"><\/td><td class=\"column-9\">Buillard Louis<\/td><td class=\"column-10\">Rey Paul<\/td><td class=\"column-11\">Baeriswyl Jean-Claude,<br \/>\nRouge Maurice, Zumwald Alphonse<\/td>\n<\/tr>\n<tr class=\"row-64\">\n\t<td class=\"column-1\">1962<\/td><td class=\"column-2\">Bise Guido<\/td><td class=\"column-3\">Buillard Jean<\/td><td class=\"column-4\">Dobler Rolf<\/td><td class=\"column-5\">Giabani Bernard<\/td><td class=\"column-6\">Weber Michel<\/td><td class=\"column-7\"><\/td><td class=\"column-8\"><\/td><td class=\"column-9\">Buillard Louis (et \"Divertis.\")<\/td><td class=\"column-10\">Rey Paul<\/td><td class=\"column-11\"><\/td>\n<\/tr>\n<tr class=\"row-65\">\n\t<td class=\"column-1\">1961<\/td><td class=\"column-2\">Bise Guido<\/td><td class=\"column-3\">Buillard Jean<\/td><td class=\"column-4\">Aebi Marcel, Thalmann James<\/td><td class=\"column-5\">Giabani Bernard<\/td><td class=\"column-6\">Weber Michel<\/td><td class=\"column-7\"><\/td><td class=\"column-8\"><\/td><td class=\"column-9\">Buillard Louis (et \"Divertis.\")<\/td><td class=\"column-10\">Rey Paul<\/td><td class=\"column-11\"><\/td>\n<\/tr>\n<tr class=\"row-66\">\n\t<td class=\"column-1\">1960<\/td><td class=\"column-2\">Bise Guido<\/td><td class=\"column-3\">Bertschy Meinrad<\/td><td class=\"column-4\">Bise Fr\u00e9dy, Thalmann James<\/td><td class=\"column-5\">Buillard Jean<\/td><td class=\"column-6\">Giabani Bernard<\/td><td class=\"column-7\"><\/td><td class=\"column-8\"><\/td><td class=\"column-9\"><\/td><td class=\"column-10\">Rey Paul, Gross Henri<\/td><td class=\"column-11\"><\/td>\n<\/tr>\n<tr class=\"row-67\">\n\t<td class=\"column-1\">1959<\/td><td class=\"column-2\">Bise Guido<\/td><td class=\"column-3\">Bertschy Meinrad<\/td><td class=\"column-4\">Bise Fr\u00e9dy, Thalmann James<\/td><td class=\"column-5\">Buillard Jean<\/td><td class=\"column-6\">Giabani Bernard<\/td><td class=\"column-7\">Pittet Roger<\/td><td class=\"column-8\">Baeriswyl Jean-Claude, Rouge Maurice<br \/>\n<\/td><td class=\"column-9\"><\/td><td class=\"column-10\">Rey Paul, Gross Henri<\/td><td class=\"column-11\"><\/td>\n<\/tr>\n<tr class=\"row-68\">\n\t<td class=\"column-1\">1958<\/td><td class=\"column-2\">Bise Guido<\/td><td class=\"column-3\">Bertschy Meinrad<\/td><td class=\"column-4\">Bise Fr\u00e9dy, Volery Jean<\/td><td class=\"column-5\">Buillard Jean<\/td><td class=\"column-6\">Pittet Roger<\/td><td class=\"column-7\">Thalmann James<\/td><td class=\"column-8\"><\/td><td class=\"column-9\"><\/td><td class=\"column-10\">Klaus F\u00e9lix, Gross Henri<\/td><td class=\"column-11\"><\/td>\n<\/tr>\n<tr class=\"row-69\">\n\t<td class=\"column-1\">1957<\/td><td class=\"column-2\">Brunisholz Pierre<\/td><td class=\"column-3\">Bise Guido<\/td><td class=\"column-4\">Buillard Jean, Zosso Jean-Michel<\/td><td class=\"column-5\">Vipret Roland<\/td><td class=\"column-6\">Pittet Roger<\/td><td class=\"column-7\">Bertschy Meinrad<\/td><td class=\"column-8\"><\/td><td class=\"column-9\"><\/td><td class=\"column-10\">Klaus F\u00e9lix<\/td><td class=\"column-11\"><\/td>\n<\/tr>\n<tr class=\"row-70\">\n\t<td class=\"column-1\">1956<\/td><td class=\"column-2\">Brunisholz Pierre<\/td><td class=\"column-3\">Hoff Charles<\/td><td class=\"column-4\">Zosso Jean-Michel<\/td><td class=\"column-5\">Vipret Roland<\/td><td class=\"column-6\"><\/td><td class=\"column-7\">Bertschy Meinrad<\/td><td class=\"column-8\">Buillard Jean, Pittet Roger<\/td><td class=\"column-9\">Bise Guido (et \"Divertis.\"<\/td><td class=\"column-10\">Klaus F\u00e9lix<\/td><td class=\"column-11\"><\/td>\n<\/tr>\n<tr class=\"row-71\">\n\t<td class=\"column-1\">1955<\/td><td class=\"column-2\">Brunisholz Pierre<\/td><td class=\"column-3\">Hoff Charles<\/td><td class=\"column-4\">Zosso Jean-Michel<\/td><td class=\"column-5\">Vipret Roland<\/td><td class=\"column-6\">\"Bur. de placement\": Rime Andr\u00e9<\/td><td class=\"column-7\">Bertschy Meinrad<\/td><td class=\"column-8\">Buillard Jean, Menoud Andr\u00e9<\/td><td class=\"column-9\">Bise Guido (et \"Divertis.\"<\/td><td class=\"column-10\">Klaus F\u00e9lix<\/td><td class=\"column-11\"><\/td>\n<\/tr>\n<tr class=\"row-72\">\n\t<td class=\"column-1\">1954<\/td><td class=\"column-2\">Blanc Gaston<\/td><td class=\"column-3\">Rime Armand<\/td><td class=\"column-4\">Rime Armand<\/td><td class=\"column-5\">Vipret Roland<\/td><td class=\"column-6\">\"Bur. de placement\": Rime Andr\u00e9<\/td><td class=\"column-7\">Tissot Marcel<\/td><td class=\"column-8\">Hoff Charles<\/td><td class=\"column-9\">Bise Guido (et \"Divertis.\"), Schneider Marcel<\/td><td class=\"column-10\">Klaus F\u00e9lix<\/td><td class=\"column-11\"><\/td>\n<\/tr>\n<tr class=\"row-73\">\n\t<td class=\"column-1\">1953<\/td><td class=\"column-2\">Blanc Gaston<\/td><td class=\"column-3\"><\/td><td class=\"column-4\">Rime Armand<\/td><td class=\"column-5\">Ruprecht Pierre<\/td><td class=\"column-6\">\"Bur. de placement\": Vionnet Joseph<\/td><td class=\"column-7\">Tissot Marcel<\/td><td class=\"column-8\">Daler James<\/td><td class=\"column-9\">Bise Guido (et \"Divertis.\")<\/td><td class=\"column-10\">Klaus F\u00e9lix<\/td><td class=\"column-11\"><\/td>\n<\/tr>\n<tr class=\"row-74\">\n\t<td class=\"column-1\">1952<\/td><td class=\"column-2\">Blanc Gaston<\/td><td class=\"column-3\">Kemm Walter<\/td><td class=\"column-4\">Rime Armand<\/td><td class=\"column-5\">Ruprecht Pierre<\/td><td class=\"column-6\">\"Bur. de placement\": Vionnet Joseph<\/td><td class=\"column-7\">Tissot Marcel<\/td><td class=\"column-8\">Daler James<\/td><td class=\"column-9\">Bise Guido (et \"Divertis.\")<\/td><td class=\"column-10\"><\/td><td class=\"column-11\">\"Secr\u00e9taire adj.\": Vipret Roland<\/td>\n<\/tr>\n<tr class=\"row-75\">\n\t<td class=\"column-1\">1951<\/td><td class=\"column-2\">Blanc Gaston<\/td><td class=\"column-3\">Kemm Walter<\/td><td class=\"column-4\">Rime Armand<\/td><td class=\"column-5\">Ruprecht Pierre<\/td><td class=\"column-6\">\"Bur. de placement\": Vionnet Joseph<\/td><td class=\"column-7\">Tissot Marcel<\/td><td class=\"column-8\">Daler James<\/td><td class=\"column-9\">Bise Guido (et \"Divertis.\")<\/td><td class=\"column-10\"><\/td><td class=\"column-11\">\"Secr\u00e9taire adj.\": Vipret Roland<\/td>\n<\/tr>\n<tr class=\"row-76\">\n\t<td class=\"column-1\">1950<\/td><td class=\"column-2\">Baumann Fredi<\/td><td class=\"column-3\">Kemm Walter<\/td><td class=\"column-4\">Daler James<\/td><td class=\"column-5\">Ruprecht Pierre<\/td><td class=\"column-6\"><\/td><td class=\"column-7\">Tissot Marcel<\/td><td class=\"column-8\">\"Divertis.\": Pythoud Gaston<\/td><td class=\"column-9\">Bise Guido<\/td><td class=\"column-10\">Kemm Walter<\/td><td class=\"column-11\">\"Secr\u00e9taire adj.\": Blanc Gaston<\/td>\n<\/tr>\n<tr class=\"row-77\">\n\t<td class=\"column-1\">1949<\/td><td class=\"column-2\">Auderset Pierre<\/td><td class=\"column-3\">Raemy Ernest (et \"Bur. de placement\")<\/td><td class=\"column-4\">Gremaud Georges<\/td><td class=\"column-5\">Ruprecht Pierre<\/td><td class=\"column-6\"><\/td><td class=\"column-7\">Tissot Marcel<\/td><td class=\"column-8\"><\/td><td class=\"column-9\"><\/td><td class=\"column-10\">Kemm Walter<\/td><td class=\"column-11\"><\/td>\n<\/tr>\n<tr class=\"row-78\">\n\t<td class=\"column-1\">1948<\/td><td class=\"column-2\">Auderset Pierre<\/td><td class=\"column-3\">Raemy Ernest (et \"Bur. de placement\")<\/td><td class=\"column-4\">Gremaud Georges<\/td><td class=\"column-5\">Blanc Gaston<\/td><td class=\"column-6\"><\/td><td class=\"column-7\">Tissot Marcel<\/td><td class=\"column-8\"><\/td><td class=\"column-9\"><\/td><td class=\"column-10\">Kemm Walter<\/td><td class=\"column-11\"><\/td>\n<\/tr>\n<tr class=\"row-79\">\n\t<td class=\"column-1\">1947<\/td><td class=\"column-2\">Auderset Pierre<\/td><td class=\"column-3\">Raemy Ernest (et \"Bur. de placement\")<\/td><td class=\"column-4\">Gremaud Georges<\/td><td class=\"column-5\">Blanc Gaston<\/td><td class=\"column-6\"><\/td><td class=\"column-7\">Tissot Marcel<\/td><td class=\"column-8\"><\/td><td class=\"column-9\">\"Divertis.\": Haering Jean-Charles<\/td><td class=\"column-10\">Kemm Walter (et \"Tourisme\")<\/td><td class=\"column-11\">\"Secr\u00e9taire adj.\": Ruprecht Pierre<\/td>\n<\/tr>\n<tr class=\"row-80\">\n\t<td class=\"column-1\">1946<\/td><td class=\"column-2\">Bise Georges<\/td><td class=\"column-3\">Baumann Fr\u00e9dy<\/td><td class=\"column-4\">Gremaud Georges<\/td><td class=\"column-5\">Blanc Gaston<\/td><td class=\"column-6\">\"Bur. de placement\": Raemy Ernest<\/td><td class=\"column-7\">Gauthier Georges<\/td><td class=\"column-8\">Bersier Pierre, Maradan Paul, Tissot Marcel<\/td><td class=\"column-9\">\"Divertis.\": Pythoud Gaston<\/td><td class=\"column-10\">Kemm Walter<\/td><td class=\"column-11\">autres cf. livre \"50 ans\"<\/td>\n<\/tr>\n<tr class=\"row-81\">\n\t<td class=\"column-1\">1945<\/td><td class=\"column-2\">Bise Georges<\/td><td class=\"column-3\">Baumann Fr\u00e9dy<\/td><td class=\"column-4\">Bersier Pierre<\/td><td class=\"column-5\">Baumann Georges<\/td><td class=\"column-6\">\"Bur. de placement\": Raemy Ernest<\/td><td class=\"column-7\">Gauthier Georges<\/td><td class=\"column-8\">Tissot Marcel, Brohy Emile<\/td><td class=\"column-9\">\"Loisirs\": Bersier Emile<\/td><td class=\"column-10\">Kemm Walter<\/td><td class=\"column-11\">Pythoud Gaston<\/td>\n<\/tr>\n<tr class=\"row-82\">\n\t<td class=\"column-1\">1944<\/td><td class=\"column-2\">Bise Georges<\/td><td class=\"column-3\">Baumann Fr\u00e9dy<\/td><td class=\"column-4\">Gougler Jean<\/td><td class=\"column-5\">Baumann Georges<\/td><td class=\"column-6\">\"Bur. de placement\": Raemy Ernest<\/td><td class=\"column-7\">Gauthier Georges<\/td><td class=\"column-8\">Tissot Marcel, Brohy Emile<\/td><td class=\"column-9\">\"Loisirs\": Bersier Emile<\/td><td class=\"column-10\">Kemm Walter<\/td><td class=\"column-11\"><\/td>\n<\/tr>\n<tr class=\"row-83\">\n\t<td class=\"column-1\">1943<\/td><td class=\"column-2\">Bise Georges<\/td><td class=\"column-3\">Baumann Fr\u00e9dy<\/td><td class=\"column-4\">Gougler Jean<\/td><td class=\"column-5\">Baumann Fr\u00e9dy<\/td><td class=\"column-6\">\"Bur. de placement\": Pythoud Gaston<\/td><td class=\"column-7\">Gauthier Georges<\/td><td class=\"column-8\">Brohy Emile<\/td><td class=\"column-9\">\"Loisirs\": Bersier Emile<\/td><td class=\"column-10\">Kemm Walter<\/td><td class=\"column-11\">\"Secr\u00e9taire adj.\": Tissot Marcel<\/td>\n<\/tr>\n<tr class=\"row-84\">\n\t<td class=\"column-1\">1942<\/td><td class=\"column-2\">Bise Georges<\/td><td class=\"column-3\">Baumann Fr\u00e9dy<\/td><td class=\"column-4\">Gougler Jean<\/td><td class=\"column-5\">Baumann Fr\u00e9dy<\/td><td class=\"column-6\"><\/td><td class=\"column-7\">Gauthier Georges<\/td><td class=\"column-8\">Raemy Ernst<\/td><td class=\"column-9\"><\/td><td class=\"column-10\">Kemm Walter<\/td><td class=\"column-11\"><\/td>\n<\/tr>\n<tr class=\"row-85\">\n\t<td class=\"column-1\">1941<\/td><td class=\"column-2\">Bise Georges<\/td><td class=\"column-3\">Pythoud Paul<\/td><td class=\"column-4\">Gougler Jean<\/td><td class=\"column-5\">Baumann Fr\u00e9dy<\/td><td class=\"column-6\">\"Recrutement\": Suter Paul<\/td><td class=\"column-7\">Gauthier Georges<\/td><td class=\"column-8\">Haering Jean-Charles, Kemm Walter<\/td><td class=\"column-9\"><\/td><td class=\"column-10\">Rey Paul<\/td><td class=\"column-11\"><\/td>\n<\/tr>\n<tr class=\"row-86\">\n\t<td class=\"column-1\">1940<\/td><td class=\"column-2\">Bise Georges<\/td><td class=\"column-3\">Pythoud Paul<\/td><td class=\"column-4\">Auderset Pierre<\/td><td class=\"column-5\">Baumann Fr\u00e9dy<\/td><td class=\"column-6\">\"Recrutement\": Suter Paul<\/td><td class=\"column-7\">\"Tourisme\": Gauthier Georges<\/td><td class=\"column-8\">\"Tourisme adj.\": Gougler Jean<\/td><td class=\"column-9\"><\/td><td class=\"column-10\">Rey Paul<\/td><td class=\"column-11\">\"Secr\u00e9taire adj.\": Schneider Michel<\/td>\n<\/tr>\n<tr class=\"row-87\">\n\t<td class=\"column-1\">1939<\/td><td class=\"column-2\">Bise Georges<\/td><td class=\"column-3\">Pythoud Paul<\/td><td class=\"column-4\">Auderset Pierre<\/td><td class=\"column-5\">Baumann Fr\u00e9dy<\/td><td class=\"column-6\">\"Recrutement\": Suter Paul<\/td><td class=\"column-7\">\"Tourisme\": Gauthier Georges<\/td><td class=\"column-8\">\"Tourisme adj.\": Gougler Jean<\/td><td class=\"column-9\"><\/td><td class=\"column-10\">Rey Paul<\/td><td class=\"column-11\">\"Secr\u00e9taire adj.\": Schneider Michel<\/td>\n<\/tr>\n<tr class=\"row-88\">\n\t<td class=\"column-1\">1938<\/td><td class=\"column-2\">Bise Georges<\/td><td class=\"column-3\">Millasson Auguste<\/td><td class=\"column-4\">Auderset Pierre<\/td><td class=\"column-5\">Baumann Fr\u00e9dy<\/td><td class=\"column-6\"><\/td><td class=\"column-7\"><\/td><td class=\"column-8\"><\/td><td class=\"column-9\"><\/td><td class=\"column-10\">Brohy Emile<\/td><td class=\"column-11\">\"Secr\u00e9taire adj.\": Schneider Michel<\/td>\n<\/tr>\n<tr class=\"row-89\">\n\t<td class=\"column-1\">1937<\/td><td class=\"column-2\">Bise Georges<\/td><td class=\"column-3\">Millasson Auguste<\/td><td class=\"column-4\">Auderset Pierre<\/td><td class=\"column-5\">Baumann Fr\u00e9dy<\/td><td class=\"column-6\"><\/td><td class=\"column-7\"><\/td><td class=\"column-8\"><\/td><td class=\"column-9\"><\/td><td class=\"column-10\"><\/td><td class=\"column-11\">Hogg Henri, Pythoud Paul, Schneider Michel<\/td>\n<\/tr>\n<tr class=\"row-90\">\n\t<td class=\"column-1\">1936<\/td><td class=\"column-2\">Bise Georges<\/td><td class=\"column-3\">Millasson Auguste<\/td><td class=\"column-4\">Auderset Pierre<\/td><td class=\"column-5\">Baumann Fr\u00e9dy<\/td><td class=\"column-6\"><\/td><td class=\"column-7\"><\/td><td class=\"column-8\"><\/td><td class=\"column-9\"><\/td><td class=\"column-10\"><\/td><td class=\"column-11\">Pythoud Paul, Pythoud Gaston, Schneider Michel<\/td>\n<\/tr>\n<\/tbody>\n<\/table>\n<!-- #tablepress-5 from cache -->\nHC: Nicht im Ausschuss\n\n        <\/div>    <\/div><\/div><div class=\"panel panel-default\">    <div class=\"panel-heading\" role=\"tab\" id=\"heading_citem_6210-3q85\">        <h4 class=\"panel-title\"><a class=\"accordion-toggle collapsed\" data-toggle=\"collapse\" aria-controls=\"heading_citem_6210-3q85\" data-parent=\"#collapse_dbb0-4e05\" href=\"#citem_6210-3q85\">Ehrenmitglieder<\/a>        <\/h4>    <\/div>    <div id=\"citem_6210-3q85\" class=\"panel-collapse collapse \" role=\"tabpanel\" aria-labelledby=\"heading_citem_6210-3q85\">        <div class=\"panel-body\">\n<table id=\"tablepress-3\" class=\"tablepress tablepress-id-3\">\n<thead>\n<tr class=\"row-1\">\n\t<th class=\"column-1\">Nom<\/th><th class=\"column-2\">Pr\u00e9nom<\/th><th class=\"column-3\">Entr\u00e9e<\/th><th class=\"column-4\">Nomination<\/th><th class=\"column-5\">Remarques<\/th>\n<\/tr>\n<\/thead>\n<tbody class=\"row-striping row-hover\">\n<tr class=\"row-2\">\n\t<td class=\"column-1\">Baeriswil<\/td><td class=\"column-2\">Hans-Peter<\/td><td class=\"column-3\">1975<\/td><td class=\"column-4\">1994<\/td><td class=\"column-5\"><\/td>\n<\/tr>\n<tr class=\"row-3\">\n\t<td class=\"column-1\">Barras<\/td><td class=\"column-2\">Francoise<\/td><td class=\"column-3\">1989<\/td><td class=\"column-4\">2010<\/td><td class=\"column-5\"><\/td>\n<\/tr>\n<tr class=\"row-4\">\n\t<td class=\"column-1\">Berset<\/td><td class=\"column-2\">Louis<\/td><td class=\"column-3\">1979<\/td><td class=\"column-4\">1999<\/td><td class=\"column-5\"><\/td>\n<\/tr>\n<tr class=\"row-5\">\n\t<td class=\"column-1\">Borcard<\/td><td class=\"column-2\">Yves<\/td><td class=\"column-3\">1985<\/td><td class=\"column-4\">2017<\/td><td class=\"column-5\"><\/td>\n<\/tr>\n<tr class=\"row-6\">\n\t<td class=\"column-1\">Buchs<\/td><td class=\"column-2\">Roger<\/td><td class=\"column-3\">1968<\/td><td class=\"column-4\">1999<\/td><td class=\"column-5\"><\/td>\n<\/tr>\n<tr class=\"row-7\">\n\t<td class=\"column-1\">Bussey<\/td><td class=\"column-2\">Michel<\/td><td class=\"column-3\">1945<\/td><td class=\"column-4\">1978<\/td><td class=\"column-5\">Pr\u00e9sident 1972-1978<\/td>\n<\/tr>\n<tr class=\"row-8\">\n\t<td class=\"column-1\">Corpataux<\/td><td class=\"column-2\">Philippe<\/td><td class=\"column-3\">1993<\/td><td class=\"column-4\">2004<\/td><td class=\"column-5\">Pr\u00e9sident d'honneur<br \/>\nPr\u00e9sident 2000-2012<\/td>\n<\/tr>\n<tr class=\"row-9\">\n\t<td class=\"column-1\">Eggertswyler<\/td><td class=\"column-2\">Georges<\/td><td class=\"column-3\">1984<\/td><td class=\"column-4\">2002<\/td><td class=\"column-5\"><\/td>\n<\/tr>\n<tr class=\"row-10\">\n\t<td class=\"column-1\">Etter<\/td><td class=\"column-2\">Hubert<\/td><td class=\"column-3\">1973<\/td><td class=\"column-4\">1991<\/td><td class=\"column-5\"><\/td>\n<\/tr>\n<tr class=\"row-11\">\n\t<td class=\"column-1\">Gafner<\/td><td class=\"column-2\">Werner<\/td><td class=\"column-3\">1984<\/td><td class=\"column-4\">2009<\/td><td class=\"column-5\"><\/td>\n<\/tr>\n<tr class=\"row-12\">\n\t<td class=\"column-1\">Gauchat<\/td><td class=\"column-2\">Henri<\/td><td class=\"column-3\">1973<\/td><td class=\"column-4\">2010<\/td><td class=\"column-5\"><\/td>\n<\/tr>\n<tr class=\"row-13\">\n\t<td class=\"column-1\">Girard<\/td><td class=\"column-2\">Roland<\/td><td class=\"column-3\">1952<\/td><td class=\"column-4\">1981<\/td><td class=\"column-5\"><\/td>\n<\/tr>\n<tr class=\"row-14\">\n\t<td class=\"column-1\">Gisler<\/td><td class=\"column-2\">Roland<\/td><td class=\"column-3\">1978<\/td><td class=\"column-4\">1991<\/td><td class=\"column-5\"><\/td>\n<\/tr>\n<tr class=\"row-15\">\n\t<td class=\"column-1\">Goumaz<\/td><td class=\"column-2\">Laurent<\/td><td class=\"column-3\">1994<\/td><td class=\"column-4\">2007<\/td><td class=\"column-5\"><\/td>\n<\/tr>\n<tr class=\"row-16\">\n\t<td class=\"column-1\">Hegg<\/td><td class=\"column-2\">Hans-Ulrich<\/td><td class=\"column-3\">1969<\/td><td class=\"column-4\">1992<\/td><td class=\"column-5\"><\/td>\n<\/tr>\n<tr class=\"row-17\">\n\t<td class=\"column-1\">Huegli<\/td><td class=\"column-2\">Walter<\/td><td class=\"column-3\">1970<\/td><td class=\"column-4\">2008<\/td><td class=\"column-5\"><\/td>\n<\/tr>\n<tr class=\"row-18\">\n\t<td class=\"column-1\">Jacquat-Roullier<\/td><td class=\"column-2\">G\u00e9rald<\/td><td class=\"column-3\">1975<\/td><td class=\"column-4\">2003<\/td><td class=\"column-5\"><\/td>\n<\/tr>\n<tr class=\"row-19\">\n\t<td class=\"column-1\">Jungo<\/td><td class=\"column-2\">Jean<\/td><td class=\"column-3\">1967<\/td><td class=\"column-4\">1977<\/td><td class=\"column-5\"><\/td>\n<\/tr>\n<tr class=\"row-20\">\n\t<td class=\"column-1\">Maeder<\/td><td class=\"column-2\">Fred<\/td><td class=\"column-3\">1993<\/td><td class=\"column-4\">1992<\/td><td class=\"column-5\"><\/td>\n<\/tr>\n<tr class=\"row-21\">\n\t<td class=\"column-1\">Mauron<\/td><td class=\"column-2\">Alexandre<\/td><td class=\"column-3\">2000<\/td><td class=\"column-4\">2024<\/td><td class=\"column-5\">Pr\u00e9sident d'honneur<br \/>\nPr\u00e9sident 2012-2024<\/td>\n<\/tr>\n<tr class=\"row-22\">\n\t<td class=\"column-1\">Mayor<\/td><td class=\"column-2\">Philippe<\/td><td class=\"column-3\">1994<\/td><td class=\"column-4\">2010<\/td><td class=\"column-5\"><\/td>\n<\/tr>\n<tr class=\"row-23\">\n\t<td class=\"column-1\">Meuwly<\/td><td class=\"column-2\">Michel<\/td><td class=\"column-3\">1970<\/td><td class=\"column-4\">2005<\/td><td class=\"column-5\"><\/td>\n<\/tr>\n<tr class=\"row-24\">\n\t<td class=\"column-1\">Monney<\/td><td class=\"column-2\">Jean-Bernard<\/td><td class=\"column-3\">1970<\/td><td class=\"column-4\">1991<\/td><td class=\"column-5\"><\/td>\n<\/tr>\n<tr class=\"row-25\">\n\t<td class=\"column-1\">Progin<\/td><td class=\"column-2\">St\u00e9phane<\/td><td class=\"column-3\">2008<\/td><td class=\"column-4\">2023<\/td><td class=\"column-5\"><\/td>\n<\/tr>\n<tr class=\"row-26\">\n\t<td class=\"column-1\">R\u00f6big<\/td><td class=\"column-2\">Sylvain<\/td><td class=\"column-3\">1999<\/td><td class=\"column-4\">2015<\/td><td class=\"column-5\"><\/td>\n<\/tr>\n<tr class=\"row-27\">\n\t<td class=\"column-1\">Roche<\/td><td class=\"column-2\">Pierre-Andr\u00e9<\/td><td class=\"column-3\">1985<\/td><td class=\"column-4\">2002<\/td><td class=\"column-5\"><\/td>\n<\/tr>\n<tr class=\"row-28\">\n\t<td class=\"column-1\">Schorro<\/td><td class=\"column-2\">Hubert<\/td><td class=\"column-3\">2007<\/td><td class=\"column-4\">2010<\/td><td class=\"column-5\"><\/td>\n<\/tr>\n<tr class=\"row-29\">\n\t<td class=\"column-1\">Schuwey<\/td><td class=\"column-2\">Marcel<\/td><td class=\"column-3\">1971<\/td><td class=\"column-4\">1987<\/td><td class=\"column-5\"><\/td>\n<\/tr>\n<tr class=\"row-30\">\n\t<td class=\"column-1\">Sottas<\/td><td class=\"column-2\">Jacques<\/td><td class=\"column-3\">1977<\/td><td class=\"column-4\">2000<\/td><td class=\"column-5\">Pr\u00e9sident 1993-2000<\/td>\n<\/tr>\n<tr class=\"row-31\">\n\t<td class=\"column-1\">Stempfel<\/td><td class=\"column-2\">Hermann<\/td><td class=\"column-3\">1958<\/td><td class=\"column-4\">2006<\/td><td class=\"column-5\"><\/td>\n<\/tr>\n<tr class=\"row-32\">\n\t<td class=\"column-1\">Terreaux<\/td><td class=\"column-2\">Georges<\/td><td class=\"column-3\">1973<\/td><td class=\"column-4\">1998<\/td><td class=\"column-5\"><\/td>\n<\/tr>\n<tr class=\"row-33\">\n\t<td class=\"column-1\">Thomas<\/td><td class=\"column-2\">Jean-Daniel<\/td><td class=\"column-3\">1964<\/td><td class=\"column-4\">2003<\/td><td class=\"column-5\"><\/td>\n<\/tr>\n<\/tbody>\n<\/table>\n<!-- #tablepress-3 from cache -->\n        <\/div>    <\/div><\/div><div class=\"panel panel-default\">    <div class=\"panel-heading\" role=\"tab\" id=\"heading_citem_2471-4nb61\">        <h4 class=\"panel-title\"><a class=\"accordion-toggle collapsed\" data-toggle=\"collapse\" aria-controls=\"heading_citem_2471-4nb61\" data-parent=\"#collapse_dbb0-4e05\" href=\"#citem_2471-4nb61\">Verstorbene Ehrenmitglieder<\/a>        <\/h4>    <\/div>    <div id=\"citem_2471-4nb61\" class=\"panel-collapse collapse \" role=\"tabpanel\" aria-labelledby=\"heading_citem_2471-4nb61\">        <div class=\"panel-body\">\n\nDie Liste der Ehrenmitglieder, die uns verlassen haben, finden Sie auf <a href=\"https:\/\/artm-fr.ch\/de\/geschichte\/verstorbene-ehrenmitglieder\/\">dieser Seite<\/a>, das Passwort erhalten Sie auf Anfrage beim <a href=\"https:\/\/artm-fr.ch\/de\/adressen\/\">Sekretariat<\/a>.\n\n        <\/div>    <\/div><\/div><div class=\"panel panel-default\">    <div class=\"panel-heading\" role=\"tab\" id=\"heading_citem_068o-7n94\">        <h4 class=\"panel-title\"><a class=\"accordion-toggle collapsed\" data-toggle=\"collapse\" aria-controls=\"heading_citem_068o-7n94\" data-parent=\"#collapse_dbb0-4e05\" href=\"#citem_068o-7n94\">Ort der Hauptversammlungen<\/a>        <\/h4>    <\/div>    <div id=\"citem_068o-7n94\" class=\"panel-collapse collapse \" role=\"tabpanel\" aria-labelledby=\"heading_citem_068o-7n94\">        <div class=\"panel-body\">\n\nLegende:\n<a href=\"#top\"><i class=\"glyphicon glyphicon-plus-sign\"><\/i><\/a>  Besonderer Hinweis in der Chronologie\n<a href=\"https:\/\/artm-fr.ch\/de\/geschichte\/librettos\/\"><i class=\"glyphicon glyphicon-list-alt\"><\/i><\/a>  PV verf\u00fcgbar\n<a href=\"https:\/\/artm-fr.ch\/de\/geschichte\/librettos\/\"><i class=\"glyphicon glyphicon-book\"><\/i><\/a>  Libretto verf\u00fcgbar (enth\u00e4lt das Protokoll der vorangegangenen Sitzung)\n<i class=\"glyphicon glyphicon-folder-open\"><\/i>  Zeitungsartikel\n\n<div class=\"row\">\n\n<table id=\"tablepress-1\" class=\"tablepress tablepress-id-1\">\n<thead>\n<tr class=\"row-1\">\n\t<th class=\"column-1\">Ann\u00e9e<\/th><th class=\"column-2\">Date<\/th><th class=\"column-3\">N\u00b0<\/th><th class=\"column-4\">Localit\u00e9<\/th><th class=\"column-5\">District<\/th><th class=\"column-6\">Lieu<\/th><th class=\"column-7\">Participants<\/th><td class=\"column-8\"><\/td>\n<\/tr>\n<\/thead>\n<tbody class=\"row-hover\">\n<tr class=\"row-2\">\n\t<td class=\"column-1\">1936<\/td><td class=\"column-2\">15.11<\/td><td class=\"column-3\">const.<\/td><td class=\"column-4\">Fribourg<\/td><td class=\"column-5\">Sarine<\/td><td class=\"column-6\"><\/td><td class=\"column-7\">55<\/td><td class=\"column-8\"><a href=\"https:\/\/artm-fr.ch\/announcement\/1936-2\/\"><i class=\"glyphicon glyphicon-plus-sign\"><\/i><\/a><\/td>\n<\/tr>\n<tr class=\"row-3\">\n\t<td class=\"column-1\">1937<\/td><td class=\"column-2\">21.02<\/td><td class=\"column-3\">fond.<\/td><td class=\"column-4\">Fribourg<\/td><td class=\"column-5\">Sarine<\/td><td class=\"column-6\"><\/td><td class=\"column-7\"><\/td><td class=\"column-8\"><\/td>\n<\/tr>\n<tr class=\"row-4\">\n\t<td class=\"column-1\">1938<\/td><td class=\"column-2\">06.02<\/td><td class=\"column-3\">1<\/td><td class=\"column-4\">Fribourg<\/td><td class=\"column-5\">Sarine<\/td><td class=\"column-6\"><\/td><td class=\"column-7\"><\/td><td class=\"column-8\"><\/td>\n<\/tr>\n<tr class=\"row-5\">\n\t<td class=\"column-1\">1939<\/td><td class=\"column-2\">05.02<\/td><td class=\"column-3\">2<\/td><td class=\"column-4\">Fribourg<\/td><td class=\"column-5\">Sarine<\/td><td class=\"column-6\">Brasserie Peier<\/td><td class=\"column-7\">59<\/td><td class=\"column-8\"><\/td>\n<\/tr>\n<tr class=\"row-6\">\n\t<td class=\"column-1\">1940<\/td><td class=\"column-2\">11.02<\/td><td class=\"column-3\">3<\/td><td class=\"column-4\">Fribourg<\/td><td class=\"column-5\">Sarine<\/td><td class=\"column-6\">Brasserie Peier<\/td><td class=\"column-7\">env.50<\/td><td class=\"column-8\"><\/td>\n<\/tr>\n<tr class=\"row-7\">\n\t<td class=\"column-1\">1941<\/td><td class=\"column-2\">02.02<\/td><td class=\"column-3\">4<\/td><td class=\"column-4\">Fribourg<\/td><td class=\"column-5\">Sarine<\/td><td class=\"column-6\">Casino des Charmettes<\/td><td class=\"column-7\"><\/td><td class=\"column-8\"><a href=\"https:\/\/artm-fr.ch\/announcement\/1941-2\/\"><i class=\"glyphicon glyphicon-plus-sign\"><\/i><\/a><\/td>\n<\/tr>\n<tr class=\"row-8\">\n\t<td class=\"column-1\">1942<\/td><td class=\"column-2\">08.02<\/td><td class=\"column-3\">5<\/td><td class=\"column-4\">Fribourg<\/td><td class=\"column-5\">Sarine<\/td><td class=\"column-6\">Brasserie Peier<\/td><td class=\"column-7\">128<\/td><td class=\"column-8\"><a href=\"https:\/\/artm-fr.ch\/announcement\/1942-2\/\"><i class=\"glyphicon glyphicon-plus-sign\"><\/i><\/a><\/td>\n<\/tr>\n<tr class=\"row-9\">\n\t<td class=\"column-1\">1943<\/td><td class=\"column-2\">31.01<\/td><td class=\"column-3\">6<\/td><td class=\"column-4\">Fribourg<\/td><td class=\"column-5\">Sarine<\/td><td class=\"column-6\">Brasserie Peier<\/td><td class=\"column-7\"><\/td><td class=\"column-8\"><\/td>\n<\/tr>\n<tr class=\"row-10\">\n\t<td class=\"column-1\">1944<\/td><td class=\"column-2\">30.01<\/td><td class=\"column-3\">7<\/td><td class=\"column-4\">Fribourg<\/td><td class=\"column-5\">Sarine<\/td><td class=\"column-6\">Brasserie Peier<\/td><td class=\"column-7\">121<\/td><td class=\"column-8\"><\/td>\n<\/tr>\n<tr class=\"row-11\">\n\t<td class=\"column-1\">1945<\/td><td class=\"column-2\">04.02<\/td><td class=\"column-3\">8<\/td><td class=\"column-4\">Fribourg<\/td><td class=\"column-5\">Sarine<\/td><td class=\"column-6\">H\u00f4tel Suisse<\/td><td class=\"column-7\">138<\/td><td class=\"column-8\"><\/td>\n<\/tr>\n<tr class=\"row-12\">\n\t<td class=\"column-1\">1946<\/td><td class=\"column-2\">17.03<\/td><td class=\"column-3\">9<\/td><td class=\"column-4\">Fribourg<\/td><td class=\"column-5\">Sarine<\/td><td class=\"column-6\">Casino des Charmettes<\/td><td class=\"column-7\">env. 200<\/td><td class=\"column-8\"><\/td>\n<\/tr>\n<tr class=\"row-13\">\n\t<td class=\"column-1\">1947<\/td><td class=\"column-2\">12.01<\/td><td class=\"column-3\">10<\/td><td class=\"column-4\">Fribourg<\/td><td class=\"column-5\">Sarine<\/td><td class=\"column-6\">Restaurant des Merciers<\/td><td class=\"column-7\">150<\/td><td class=\"column-8\"><a href=\"https:\/\/artm-fr.ch\/wp-content\/uploads\/2016\/08\/1947-01-31-38.pdf\"><i class=\"glyphicon glyphicon-folder-open\"><\/i><\/a><\/td>\n<\/tr>\n<tr class=\"row-14\">\n\t<td class=\"column-1\">1948<\/td><td class=\"column-2\">??.??<\/td><td class=\"column-3\">11<\/td><td class=\"column-4\">Fribourg<\/td><td class=\"column-5\">Sarine<\/td><td class=\"column-6\"><\/td><td class=\"column-7\"><\/td><td class=\"column-8\"><\/td>\n<\/tr>\n<tr class=\"row-15\">\n\t<td class=\"column-1\">1949<\/td><td class=\"column-2\">30.01<\/td><td class=\"column-3\">12<\/td><td class=\"column-4\">Fribourg<\/td><td class=\"column-5\">Sarine<\/td><td class=\"column-6\">Casino des Charmettes<\/td><td class=\"column-7\">120<\/td><td class=\"column-8\"><\/td>\n<\/tr>\n<tr class=\"row-16\">\n\t<td class=\"column-1\">1950<\/td><td class=\"column-2\">29.01<\/td><td class=\"column-3\">13<\/td><td class=\"column-4\">Fribourg<\/td><td class=\"column-5\">Sarine<\/td><td class=\"column-6\">Casino des Charmettes<\/td><td class=\"column-7\"><\/td><td class=\"column-8\"><\/td>\n<\/tr>\n<tr class=\"row-17\">\n\t<td class=\"column-1\">1951<\/td><td class=\"column-2\">28.01<\/td><td class=\"column-3\">14<\/td><td class=\"column-4\">Fribourg<\/td><td class=\"column-5\">Sarine<\/td><td class=\"column-6\">Casino des Charmettes<\/td><td class=\"column-7\">150<\/td><td class=\"column-8\"><a href=\"https:\/\/artm-fr.ch\/wp-content\/uploads\/2016\/08\/1951-12-16-1216.pdf\"><i class=\"glyphicon glyphicon-folder-open\"><\/i><\/a><\/td>\n<\/tr>\n<tr class=\"row-18\">\n\t<td class=\"column-1\">1952<\/td><td class=\"column-2\">26.01<\/td><td class=\"column-3\">15<\/td><td class=\"column-4\">Fribourg<\/td><td class=\"column-5\">Sarine<\/td><td class=\"column-6\">Casino des Charmettes<\/td><td class=\"column-7\"><\/td><td class=\"column-8\"><\/td>\n<\/tr>\n<tr class=\"row-19\">\n\t<td class=\"column-1\">1953<\/td><td class=\"column-2\">??.??<\/td><td class=\"column-3\">16<\/td><td class=\"column-4\">Fribourg<\/td><td class=\"column-5\">Sarine<\/td><td class=\"column-6\">Casino des Charmettes<\/td><td class=\"column-7\"><\/td><td class=\"column-8\"><\/td>\n<\/tr>\n<tr class=\"row-20\">\n\t<td class=\"column-1\">1954<\/td><td class=\"column-2\">30.01<\/td><td class=\"column-3\">17<\/td><td class=\"column-4\">Fribourg<\/td><td class=\"column-5\">Sarine<\/td><td class=\"column-6\">Casino des Charmettes<\/td><td class=\"column-7\"><\/td><td class=\"column-8\"><\/td>\n<\/tr>\n<tr class=\"row-21\">\n\t<td class=\"column-1\">1955<\/td><td class=\"column-2\">29.01<\/td><td class=\"column-3\">18<\/td><td class=\"column-4\">Fribourg<\/td><td class=\"column-5\">Sarine<\/td><td class=\"column-6\">Casino des Charmettes<\/td><td class=\"column-7\">103<\/td><td class=\"column-8\"><\/td>\n<\/tr>\n<tr class=\"row-22\">\n\t<td class=\"column-1\">1956<\/td><td class=\"column-2\">28.01<\/td><td class=\"column-3\">19<\/td><td class=\"column-4\">Fribourg<\/td><td class=\"column-5\">Sarine<\/td><td class=\"column-6\">Casino des Charmettes<\/td><td class=\"column-7\"><\/td><td class=\"column-8\"><\/td>\n<\/tr>\n<tr class=\"row-23\">\n\t<td class=\"column-1\">1957<\/td><td class=\"column-2\">26.01<\/td><td class=\"column-3\">20<\/td><td class=\"column-4\">Fribourg<\/td><td class=\"column-5\">Sarine<\/td><td class=\"column-6\">Casino des Charmettes<\/td><td class=\"column-7\">111<\/td><td class=\"column-8\"><a href=\"https:\/\/artm-fr.ch\/wp-content\/uploads\/2016\/08\/1957-01-28-512.pdf\"><i class=\"glyphicon glyphicon-folder-open\"><\/i><\/a><\/td>\n<\/tr>\n<tr class=\"row-24\">\n\t<td class=\"column-1\">1958<\/td><td class=\"column-2\">25.01<\/td><td class=\"column-3\">21<\/td><td class=\"column-4\">Fribourg<\/td><td class=\"column-5\">Sarine<\/td><td class=\"column-6\">Restaurant de la Grenette<\/td><td class=\"column-7\">97<\/td><td class=\"column-8\"><a href=\"https:\/\/artm-fr.ch\/wp-content\/uploads\/2016\/08\/1957-01-28-512.pdf\"><i class=\"glyphicon glyphicon-folder-open\"><\/i><\/a> <a href=\"https:\/\/artm-fr.ch\/wp-content\/uploads\/2016\/08\/1958-01-28-514.pdf\"><i class=\"glyphicon glyphicon-folder-open\"><\/i><\/a><\/td>\n<\/tr>\n<tr class=\"row-25\">\n\t<td class=\"column-1\">1959<\/td><td class=\"column-2\">31.01<\/td><td class=\"column-3\">22<\/td><td class=\"column-4\">Fribourg<\/td><td class=\"column-5\">Sarine<\/td><td class=\"column-6\">Casino des Charmettes<\/td><td class=\"column-7\">124<\/td><td class=\"column-8\"><\/td>\n<\/tr>\n<tr class=\"row-26\">\n\t<td class=\"column-1\">1960<\/td><td class=\"column-2\">30.01<\/td><td class=\"column-3\">23<\/td><td class=\"column-4\">Fribourg<\/td><td class=\"column-5\">Sarine<\/td><td class=\"column-6\">Casino des Charmettes<\/td><td class=\"column-7\">102<\/td><td class=\"column-8\"><a href=\"https:\/\/artm-fr.ch\/wp-content\/uploads\/2016\/08\/1960-02-10-516.pdf\"><i class=\"glyphicon glyphicon-folder-open\"><\/i><\/a><\/td>\n<\/tr>\n<tr class=\"row-27\">\n\t<td class=\"column-1\">1961<\/td><td class=\"column-2\">28.01<\/td><td class=\"column-3\">24<\/td><td class=\"column-4\">Fribourg<\/td><td class=\"column-5\">Sarine<\/td><td class=\"column-6\">Casino des Charmettes<\/td><td class=\"column-7\">120<\/td><td class=\"column-8\"><\/td>\n<\/tr>\n<tr class=\"row-28\">\n\t<td class=\"column-1\">1962<\/td><td class=\"column-2\">03.02<\/td><td class=\"column-3\">25<\/td><td class=\"column-4\">Fribourg<\/td><td class=\"column-5\">Sarine<\/td><td class=\"column-6\">Restaurant Gambrinus<\/td><td class=\"column-7\">130 (repas 220)<\/td><td class=\"column-8\"><\/td>\n<\/tr>\n<tr class=\"row-29\">\n\t<td class=\"column-1\">1963<\/td><td class=\"column-2\">02.02<\/td><td class=\"column-3\">26<\/td><td class=\"column-4\">Fribourg<\/td><td class=\"column-5\">Sarine<\/td><td class=\"column-6\">Restaurant Gambrinus<\/td><td class=\"column-7\">env. 100<\/td><td class=\"column-8\"><a href=\"https:\/\/artm-fr.ch\/wp-content\/uploads\/2016\/08\/1963-02-26-916.pdf\"><i class=\"glyphicon glyphicon-folder-open\"><\/i><\/a><\/td>\n<\/tr>\n<tr class=\"row-30\">\n\t<td class=\"column-1\">1964<\/td><td class=\"column-2\">08.02<\/td><td class=\"column-3\">27<\/td><td class=\"column-4\">Fribourg<\/td><td class=\"column-5\">Sarine<\/td><td class=\"column-6\">Restaurant Gambrinus<\/td><td class=\"column-7\">env. 100<\/td><td class=\"column-8\"><a href=\"https:\/\/artm-fr.ch\/wp-content\/uploads\/2016\/08\/1964-02-10-1220.pdf\"><i class=\"glyphicon glyphicon-folder-open\"><\/i><\/a> <a href=\"https:\/\/artm-fr.ch\/wp-content\/uploads\/2016\/08\/1964-02-20-1120.pdf\"><i class=\"glyphicon glyphicon-folder-open\"><\/i><\/a><\/td>\n<\/tr>\n<tr class=\"row-31\">\n\t<td class=\"column-1\">1965<\/td><td class=\"column-2\">06.02<\/td><td class=\"column-3\">28<\/td><td class=\"column-4\">Fribourg<\/td><td class=\"column-5\">Sarine<\/td><td class=\"column-6\">Restaurant Gambrinus<\/td><td class=\"column-7\"><\/td><td class=\"column-8\"><a href=\"https:\/\/artm-fr.ch\/wp-content\/uploads\/2016\/08\/1965-02-08-1220.pdf\"><i class=\"glyphicon glyphicon-folder-open\"><\/i><\/a> <a href=\"https:\/\/artm-fr.ch\/wp-content\/uploads\/2016\/08\/1965-02-17-1120.pdf\"><i class=\"glyphicon glyphicon-folder-open\"><\/i><\/a><\/td>\n<\/tr>\n<tr class=\"row-32\">\n\t<td class=\"column-1\">1966<\/td><td class=\"column-2\">05.02<\/td><td class=\"column-3\">29<\/td><td class=\"column-4\">Fribourg<\/td><td class=\"column-5\">Sarine<\/td><td class=\"column-6\">Restaurant Gambrinus<\/td><td class=\"column-7\"><\/td><td class=\"column-8\"><\/td>\n<\/tr>\n<tr class=\"row-33\">\n\t<td class=\"column-1\">1967<\/td><td class=\"column-2\">04.02<\/td><td class=\"column-3\">30<\/td><td class=\"column-4\">Fribourg<\/td><td class=\"column-5\">Sarine<\/td><td class=\"column-6\">Restaurant Gambrinus<\/td><td class=\"column-7\"><\/td><td class=\"column-8\"><\/td>\n<\/tr>\n<tr class=\"row-34\">\n\t<td class=\"column-1\">1968<\/td><td class=\"column-2\">20.01<\/td><td class=\"column-3\">31<\/td><td class=\"column-4\">Fribourg<\/td><td class=\"column-5\">Sarine<\/td><td class=\"column-6\">Restaurant de la Grenette<\/td><td class=\"column-7\">130<\/td><td class=\"column-8\"><\/td>\n<\/tr>\n<tr class=\"row-35\">\n\t<td class=\"column-1\">1969<\/td><td class=\"column-2\">01.02<\/td><td class=\"column-3\">32<\/td><td class=\"column-4\">Fribourg<\/td><td class=\"column-5\">Sarine<\/td><td class=\"column-6\">Restaurant de la Grenette<\/td><td class=\"column-7\">130<\/td><td class=\"column-8\"><a href=\"https:\/\/artm-fr.ch\/wp-content\/uploads\/2016\/08\/1969-02-04-131524.pdf\"><i class=\"glyphicon glyphicon-folder-open\"><\/i><\/a><\/td>\n<\/tr>\n<tr class=\"row-36\">\n\t<td class=\"column-1\">1970<\/td><td class=\"column-2\">24.01<\/td><td class=\"column-3\">33<\/td><td class=\"column-4\">Fribourg<\/td><td class=\"column-5\">Sarine<\/td><td class=\"column-6\">Restaurant de la Grenette<\/td><td class=\"column-7\">125<\/td><td class=\"column-8\"><a href=\"\/?page_id=2343\"><i class=\"glyphicon glyphicon-list-alt\"><\/i><\/a> <a href=\"https:\/\/artm-fr.ch\/wp-content\/uploads\/2016\/08\/1970-01-30-1932.pdf\"><i class=\"glyphicon glyphicon-folder-open\"><\/i><\/a><\/td>\n<\/tr>\n<tr class=\"row-37\">\n\t<td class=\"column-1\">1971<\/td><td class=\"column-2\">06.02<\/td><td class=\"column-3\">34<\/td><td class=\"column-4\">Fribourg<\/td><td class=\"column-5\">Sarine<\/td><td class=\"column-6\">Restaurant de la Grenette<\/td><td class=\"column-7\">env. 130<\/td><td class=\"column-8\"><\/td>\n<\/tr>\n<tr class=\"row-38\">\n\t<td class=\"column-1\">1972<\/td><td class=\"column-2\">29.01<\/td><td class=\"column-3\">35<\/td><td class=\"column-4\">D\u00fcdingen<\/td><td class=\"column-5\">Singine<\/td><td class=\"column-6\">Restaurant de la Gare<\/td><td class=\"column-7\">110<\/td><td class=\"column-8\"><a href=\"https:\/\/artm-fr.ch\/wp-content\/uploads\/2016\/08\/1965-02-08-1220.pdf\"><i class=\"glyphicon glyphicon-folder-open\"><\/i><\/a> <a href=\"https:\/\/artm-fr.ch\/wp-content\/uploads\/2016\/08\/1965-02-17-1120.pdf\"><i class=\"glyphicon glyphicon-folder-open\"><\/i><\/a><\/td>\n<\/tr>\n<tr class=\"row-39\">\n\t<td class=\"column-1\">1973<\/td><td class=\"column-2\">03.02<\/td><td class=\"column-3\">36<\/td><td class=\"column-4\">Estavayer-le-Lac<\/td><td class=\"column-5\"><\/td><td class=\"column-6\"><\/td><td class=\"column-7\">130<\/td><td class=\"column-8\"><a href=\"https:\/\/artm-fr.ch\/wp-content\/uploads\/2016\/08\/1973-02-05-1528.pdf\"><i class=\"glyphicon glyphicon-folder-open\"><\/i><\/a><\/td>\n<\/tr>\n<tr class=\"row-40\">\n\t<td class=\"column-1\">1974<\/td><td class=\"column-2\">09.02<\/td><td class=\"column-3\">37<\/td><td class=\"column-4\">Broc<\/td><td class=\"column-5\">Gruy\u00e8re<\/td><td class=\"column-6\">H\u00f4tel de Ville<\/td><td class=\"column-7\"><\/td><td class=\"column-8\"><a href=\"\/?page_id=2343\"><i class=\"glyphicon glyphicon-list-alt\"><\/i><\/a><\/td>\n<\/tr>\n<tr class=\"row-41\">\n\t<td class=\"column-1\">1975<\/td><td class=\"column-2\">15.02<\/td><td class=\"column-3\">38<\/td><td class=\"column-4\">Romont<\/td><td class=\"column-5\">Gl\u00e2ne<\/td><td class=\"column-6\">H\u00f4tel de Ville<\/td><td class=\"column-7\"><\/td><td class=\"column-8\"><a href=\"\/?page_id=2343\"><i class=\"glyphicon glyphicon-list-alt\"><\/i><\/a><\/td>\n<\/tr>\n<tr class=\"row-42\">\n\t<td class=\"column-1\">1976<\/td><td class=\"column-2\">14.02<\/td><td class=\"column-3\">39<\/td><td class=\"column-4\">Morat<\/td><td class=\"column-5\">Lac<\/td><td class=\"column-6\">H\u00f4tel de la Couronne<\/td><td class=\"column-7\">96<\/td><td class=\"column-8\"><a href=\"\/?page_id=2343\"><i class=\"glyphicon glyphicon-list-alt\"><\/i><\/a> <a href=\"\/?page_id=2343\"><i class=\"glyphicon glyphicon-book\"><\/i><\/a><\/td>\n<\/tr>\n<tr class=\"row-43\">\n\t<td class=\"column-1\">1977<\/td><td class=\"column-2\">05.03<\/td><td class=\"column-3\">40<\/td><td class=\"column-4\">Fribourg<\/td><td class=\"column-5\">Sarine<\/td><td class=\"column-6\">Caserne de la Poya<\/td><td class=\"column-7\"><\/td><td class=\"column-8\"><\/td>\n<\/tr>\n<tr class=\"row-44\">\n\t<td class=\"column-1\">1978<\/td><td class=\"column-2\">04.03<\/td><td class=\"column-3\">41<\/td><td class=\"column-4\">Fribourg<\/td><td class=\"column-5\">Sarine<\/td><td class=\"column-6\">Dancing du Vieux-Ch\u00eane<\/td><td class=\"column-7\">108<\/td><td class=\"column-8\"><\/td>\n<\/tr>\n<tr class=\"row-45\">\n\t<td class=\"column-1\">1979<\/td><td class=\"column-2\">03.03<\/td><td class=\"column-3\">42<\/td><td class=\"column-4\">Vuisternen-dvt-Romont<\/td><td class=\"column-5\">Gl\u00e2ne<\/td><td class=\"column-6\">H\u00f4tel St-Jacques<\/td><td class=\"column-7\">71<\/td><td class=\"column-8\"><a href=\"\/?page_id=2343\"><i class=\"glyphicon glyphicon-book\"><\/i><\/a><\/td>\n<\/tr>\n<tr class=\"row-46\">\n\t<td class=\"column-1\">1980<\/td><td class=\"column-2\">15.03<\/td><td class=\"column-3\">43<\/td><td class=\"column-4\">Vaulruz<\/td><td class=\"column-5\">Gruy\u00e8re<\/td><td class=\"column-6\">Ch\u00e2teau de Vaulruz<\/td><td class=\"column-7\">91<\/td><td class=\"column-8\"><a href=\"\/?page_id=2343\"><i class=\"glyphicon glyphicon-book\"><\/i><\/a><\/td>\n<\/tr>\n<tr class=\"row-47\">\n\t<td class=\"column-1\">1981<\/td><td class=\"column-2\">21.03<\/td><td class=\"column-3\">44<\/td><td class=\"column-4\">Neyruz<\/td><td class=\"column-5\">Sarine<\/td><td class=\"column-6\">Restaurant de l'Aigle-Noir<\/td><td class=\"column-7\">84<\/td><td class=\"column-8\"><a href=\"\/?page_id=2343\"><i class=\"glyphicon glyphicon-book\"><\/i><\/a><\/td>\n<\/tr>\n<tr class=\"row-48\">\n\t<td class=\"column-1\">1982<\/td><td class=\"column-2\">20.03<\/td><td class=\"column-3\">45<\/td><td class=\"column-4\">Saint-Aubin<\/td><td class=\"column-5\">Broye<\/td><td class=\"column-6\">Caf\u00e9 du Gr\u00fctli<\/td><td class=\"column-7\"><\/td><td class=\"column-8\"><a href=\"\/?page_id=2343\"><i class=\"glyphicon glyphicon-book\"><\/i><\/a><\/td>\n<\/tr>\n<tr class=\"row-49\">\n\t<td class=\"column-1\">1983<\/td><td class=\"column-2\">19.03<\/td><td class=\"column-3\">46<\/td><td class=\"column-4\">Romont<\/td><td class=\"column-5\">Gl\u00e2ne<\/td><td class=\"column-6\">Ecole primaire<\/td><td class=\"column-7\"><\/td><td class=\"column-8\"><a href=\"\/?page_id=2343\"><i class=\"glyphicon glyphicon-book\"><\/i><\/a><\/td>\n<\/tr>\n<tr class=\"row-50\">\n\t<td class=\"column-1\">1984<\/td><td class=\"column-2\">31.03<\/td><td class=\"column-3\">47<\/td><td class=\"column-4\">Morat<\/td><td class=\"column-5\">Lac<\/td><td class=\"column-6\">H\u00f4tel de la Couronne<\/td><td class=\"column-7\">113<\/td><td class=\"column-8\"><a href=\"\/?page_id=2343\"><i class=\"glyphicon glyphicon-book\"><\/i><\/a><\/td>\n<\/tr>\n<tr class=\"row-51\">\n\t<td class=\"column-1\">1985<\/td><td class=\"column-2\">??.??<\/td><td class=\"column-3\">48<\/td><td class=\"column-4\"><\/td><td class=\"column-5\"><\/td><td class=\"column-6\"><\/td><td class=\"column-7\"><\/td><td class=\"column-8\"><\/td>\n<\/tr>\n<tr class=\"row-52\">\n\t<td class=\"column-1\">1986<\/td><td class=\"column-2\">15.03<\/td><td class=\"column-3\">49<\/td><td class=\"column-4\">Les Paccots<\/td><td class=\"column-5\">Veveyse<\/td><td class=\"column-6\"><\/td><td class=\"column-7\">73<\/td><td class=\"column-8\"><\/td>\n<\/tr>\n<tr class=\"row-53\">\n\t<td class=\"column-1\">1987<\/td><td class=\"column-2\">21.03<\/td><td class=\"column-3\">50<\/td><td class=\"column-4\">Neyruz<\/td><td class=\"column-5\">Sarine<\/td><td class=\"column-6\">H\u00f4tel de l'Aigle-Noir<\/td><td class=\"column-7\"><\/td><td class=\"column-8\"><a href=\"\/?page_id=2343\"><i class=\"glyphicon glyphicon-book\"><\/i><\/a><\/td>\n<\/tr>\n<tr class=\"row-54\">\n\t<td class=\"column-1\">1988<\/td><td class=\"column-2\">19.03<\/td><td class=\"column-3\">51<\/td><td class=\"column-4\">Estavayer-le-Lac<\/td><td class=\"column-5\">Broye<\/td><td class=\"column-6\">Salle de la Prillaz<\/td><td class=\"column-7\"><\/td><td class=\"column-8\"><a href=\"\/?page_id=2343\"><i class=\"glyphicon glyphicon-book\"><\/i><\/a><\/td>\n<\/tr>\n<tr class=\"row-55\">\n\t<td class=\"column-1\">1989<\/td><td class=\"column-2\">18.03<\/td><td class=\"column-3\">52<\/td><td class=\"column-4\">Romont<\/td><td class=\"column-5\">Gl\u00e2ne<\/td><td class=\"column-6\">Ecole primaire<\/td><td class=\"column-7\"><\/td><td class=\"column-8\"><a href=\"\/?page_id=2343\"><i class=\"glyphicon glyphicon-book\"><\/i><\/a><\/td>\n<\/tr>\n<tr class=\"row-56\">\n\t<td class=\"column-1\">1990<\/td><td class=\"column-2\">07.04<\/td><td class=\"column-3\">53<\/td><td class=\"column-4\">Lugnorre<\/td><td class=\"column-5\">Lac<\/td><td class=\"column-6\">Grande salle du Coll\u00e8ge<\/td><td class=\"column-7\"><\/td><td class=\"column-8\"><a href=\"\/?page_id=2343\"><i class=\"glyphicon glyphicon-book\"><\/i><\/a> <a href=\"https:\/\/artm-fr.ch\/wp-content\/uploads\/2016\/08\/1990-02-05-940.pdf\"><i class=\"glyphicon glyphicon-folder-open\"><\/i><\/a> <a href=\"https:\/\/artm-fr.ch\/wp-content\/uploads\/2016\/08\/1990-04-09-1140.pdf\"><i class=\"glyphicon glyphicon-folder-open\"><\/i><\/a><\/td>\n<\/tr>\n<tr class=\"row-57\">\n\t<td class=\"column-1\">1991<\/td><td class=\"column-2\">23.03<\/td><td class=\"column-3\">54<\/td><td class=\"column-4\">D\u00fcdingen<\/td><td class=\"column-5\">Singine<\/td><td class=\"column-6\">Centre de Rencontres<\/td><td class=\"column-7\"><\/td><td class=\"column-8\"><a href=\"\/?page_id=2343\"><i class=\"glyphicon glyphicon-book\"><\/i><\/a><\/td>\n<\/tr>\n<tr class=\"row-58\">\n\t<td class=\"column-1\">1992<\/td><td class=\"column-2\">21.03<\/td><td class=\"column-3\">55<\/td><td class=\"column-4\">Riaz<\/td><td class=\"column-5\">Gruy\u00e8re<\/td><td class=\"column-6\">Salle communale<\/td><td class=\"column-7\"><\/td><td class=\"column-8\"><a href=\"\/?page_id=2343\"><i class=\"glyphicon glyphicon-book\"><\/i><\/a><\/td>\n<\/tr>\n<tr class=\"row-59\">\n\t<td class=\"column-1\">1993<\/td><td class=\"column-2\">20.03<\/td><td class=\"column-3\">56<\/td><td class=\"column-4\">Belfaux<\/td><td class=\"column-5\">Sarine<\/td><td class=\"column-6\">Salle communale<\/td><td class=\"column-7\"><\/td><td class=\"column-8\"><a href=\"\/?page_id=2343\"><i class=\"glyphicon glyphicon-book\"><\/i><\/a><\/td>\n<\/tr>\n<tr class=\"row-60\">\n\t<td class=\"column-1\">1994<\/td><td class=\"column-2\">19.03<\/td><td class=\"column-3\">57<\/td><td class=\"column-4\">Estavayer-le-Lac<\/td><td class=\"column-5\">Broye<\/td><td class=\"column-6\">H\u00f4tel du Port<\/td><td class=\"column-7\"><\/td><td class=\"column-8\"><a href=\"\/?page_id=2343\"><i class=\"glyphicon glyphicon-book\"><\/i><\/a><\/td>\n<\/tr>\n<tr class=\"row-61\">\n\t<td class=\"column-1\">1995<\/td><td class=\"column-2\">18.03<\/td><td class=\"column-3\">58<\/td><td class=\"column-4\">Romont<\/td><td class=\"column-5\">Gl\u00e2ne<\/td><td class=\"column-6\">PAA<\/td><td class=\"column-7\"><\/td><td class=\"column-8\"><a href=\"\/?page_id=2343\"><i class=\"glyphicon glyphicon-book\"><\/i><\/a><\/td>\n<\/tr>\n<tr class=\"row-62\">\n\t<td class=\"column-1\">1996<\/td><td class=\"column-2\">30.03<\/td><td class=\"column-3\">59<\/td><td class=\"column-4\">Lugnorre<\/td><td class=\"column-5\">Lac<\/td><td class=\"column-6\">La Jordilla<\/td><td class=\"column-7\"><\/td><td class=\"column-8\"><a href=\"\/?page_id=2343\"><i class=\"glyphicon glyphicon-book\"><\/i><\/a><\/td>\n<\/tr>\n<tr class=\"row-63\">\n\t<td class=\"column-1\">1997<\/td><td class=\"column-2\">22.03<\/td><td class=\"column-3\">60<\/td><td class=\"column-4\">Alterswil<\/td><td class=\"column-5\">Singine<\/td><td class=\"column-6\">H\u00f4tel Alpenrose<\/td><td class=\"column-7\">49<\/td><td class=\"column-8\"><a href=\"\/?page_id=2343\"><i class=\"glyphicon glyphicon-book\"><\/i><\/a><\/td>\n<\/tr>\n<tr class=\"row-64\">\n\t<td class=\"column-1\">1998<\/td><td class=\"column-2\">23.03<\/td><td class=\"column-3\">61<\/td><td class=\"column-4\">Riaz<\/td><td class=\"column-5\">Gruy\u00e8re<\/td><td class=\"column-6\">Salle communale<\/td><td class=\"column-7\">81<\/td><td class=\"column-8\"><a href=\"\/?page_id=2343\"><i class=\"glyphicon glyphicon-book\"><\/i><\/a><\/td>\n<\/tr>\n<tr class=\"row-65\">\n\t<td class=\"column-1\">1999<\/td><td class=\"column-2\">20.03<\/td><td class=\"column-3\">62<\/td><td class=\"column-4\">Fribourg<\/td><td class=\"column-5\">Sarine<\/td><td class=\"column-6\">Parc H\u00f4tel<\/td><td class=\"column-7\">68<\/td><td class=\"column-8\"><a href=\"\/?page_id=2343\"><i class=\"glyphicon glyphicon-book\"><\/i><\/a><\/td>\n<\/tr>\n<tr class=\"row-66\">\n\t<td class=\"column-1\">2000<\/td><td class=\"column-2\">25.03<\/td><td class=\"column-3\">63<\/td><td class=\"column-4\">Aumont<\/td><td class=\"column-5\">Broye<\/td><td class=\"column-6\">Auberge du Rendez-vous<\/td><td class=\"column-7\">66<\/td><td class=\"column-8\"><a href=\"\/?page_id=2343\"><i class=\"glyphicon glyphicon-book\"><\/i><\/a><\/td>\n<\/tr>\n<tr class=\"row-67\">\n\t<td class=\"column-1\">2001<\/td><td class=\"column-2\">24.03<\/td><td class=\"column-3\">64<\/td><td class=\"column-4\">Romont<\/td><td class=\"column-5\">Gl\u00e2ne<\/td><td class=\"column-6\">Aula du CO<\/td><td class=\"column-7\">64<\/td><td class=\"column-8\"><a href=\"\/?page_id=2343\"><i class=\"glyphicon glyphicon-book\"><\/i><\/a><\/td>\n<\/tr>\n<tr class=\"row-68\">\n\t<td class=\"column-1\">2002<\/td><td class=\"column-2\">23.03<\/td><td class=\"column-3\">65<\/td><td class=\"column-4\">Lugnorre<\/td><td class=\"column-5\">Lac<\/td><td class=\"column-6\">La Jordilla<\/td><td class=\"column-7\">63<\/td><td class=\"column-8\"><a href=\"\/?page_id=2343\"><i class=\"glyphicon glyphicon-book\"><\/i><\/a><\/td>\n<\/tr>\n<tr class=\"row-69\">\n\t<td class=\"column-1\">2003<\/td><td class=\"column-2\">15.03<\/td><td class=\"column-3\">66<\/td><td class=\"column-4\">Riaz<\/td><td class=\"column-5\">Gruy\u00e8re<\/td><td class=\"column-6\">H\u00f4tel de Ville<\/td><td class=\"column-7\">61<\/td><td class=\"column-8\"><a href=\"\/?page_id=2343\"><i class=\"glyphicon glyphicon-book\"><\/i><\/a><\/td>\n<\/tr>\n<tr class=\"row-70\">\n\t<td class=\"column-1\">2004<\/td><td class=\"column-2\">13.03<\/td><td class=\"column-3\">67<\/td><td class=\"column-4\">Alterswil<\/td><td class=\"column-5\">Singine<\/td><td class=\"column-6\">H\u00f4tel Alpenrose<\/td><td class=\"column-7\">51<\/td><td class=\"column-8\"><a href=\"\/?page_id=2343\"><i class=\"glyphicon glyphicon-book\"><\/i><\/a><\/td>\n<\/tr>\n<tr class=\"row-71\">\n\t<td class=\"column-1\">2005<\/td><td class=\"column-2\">19.03<\/td><td class=\"column-3\">68<\/td><td class=\"column-4\">Vuisternens-en-Ogoz<\/td><td class=\"column-5\">Sarine<\/td><td class=\"column-6\">Hostellerie des Chevaliers<\/td><td class=\"column-7\">59<\/td><td class=\"column-8\"><a href=\"\/?page_id=2343\"><i class=\"glyphicon glyphicon-book\"><\/i><\/a><\/td>\n<\/tr>\n<tr class=\"row-72\">\n\t<td class=\"column-1\">2006<\/td><td class=\"column-2\">01.04<\/td><td class=\"column-3\">69<\/td><td class=\"column-4\">Siviriez<\/td><td class=\"column-5\">Gl\u00e2ne<\/td><td class=\"column-6\">Auberge du Lion d'Or<\/td><td class=\"column-7\">57<\/td><td class=\"column-8\"><a href=\"\/?page_id=2343\"><i class=\"glyphicon glyphicon-book\"><\/i><\/a><\/td>\n<\/tr>\n<tr class=\"row-73\">\n\t<td class=\"column-1\">2007<\/td><td class=\"column-2\">14.04<\/td><td class=\"column-3\">70<\/td><td class=\"column-4\">Morens<\/td><td class=\"column-5\">Broye<\/td><td class=\"column-6\">Mus\u00e9e Clin d'Ailes<\/td><td class=\"column-7\">60<\/td><td class=\"column-8\"><a href=\"\/?page_id=2343\"><i class=\"glyphicon glyphicon-book\"><\/i><\/a><\/td>\n<\/tr>\n<tr class=\"row-74\">\n\t<td class=\"column-1\">2008<\/td><td class=\"column-2\">05.04<\/td><td class=\"column-3\">71<\/td><td class=\"column-4\">\u00dcberstorf<\/td><td class=\"column-5\">Singine<\/td><td class=\"column-6\">Restaurant Schl\u00fcssel<\/td><td class=\"column-7\">46<\/td><td class=\"column-8\"><a href=\"\/?page_id=2343\"><i class=\"glyphicon glyphicon-book\"><\/i><\/a><\/td>\n<\/tr>\n<tr class=\"row-75\">\n\t<td class=\"column-1\">2009<\/td><td class=\"column-2\">04.04<\/td><td class=\"column-3\">72<\/td><td class=\"column-4\">Lugnorre<\/td><td class=\"column-5\">Lac<\/td><td class=\"column-6\">La Jordila<\/td><td class=\"column-7\">60<\/td><td class=\"column-8\"><a href=\"\/?page_id=2343\"><i class=\"glyphicon glyphicon-book\"><\/i><\/a><\/td>\n<\/tr>\n<tr class=\"row-76\">\n\t<td class=\"column-1\">2009<\/td><td class=\"column-2\">27.09<\/td><td class=\"column-3\">extra.<\/td><td class=\"column-4\">Fribourg<\/td><td class=\"column-5\">Sarine<\/td><td class=\"column-6\">Caserne de la Poya<\/td><td class=\"column-7\"><\/td><td class=\"column-8\"><a href=\"https:\/\/artm-fr.ch\/announcement\/2009-2\/\"><i class=\"glyphicon glyphicon-plus-sign\"><\/i><\/a><\/td>\n<\/tr>\n<tr class=\"row-77\">\n\t<td class=\"column-1\">2010<\/td><td class=\"column-2\">10.04<\/td><td class=\"column-3\">73<\/td><td class=\"column-4\">Bonnefontaine<\/td><td class=\"column-5\">Sarine<\/td><td class=\"column-6\">Restaurant Burgerwald<\/td><td class=\"column-7\">46<\/td><td class=\"column-8\"><a href=\"\/?page_id=2343\"><i class=\"glyphicon glyphicon-book\"><\/i><\/a><\/td>\n<\/tr>\n<tr class=\"row-78\">\n\t<td class=\"column-1\">2011<\/td><td class=\"column-2\">09.04<\/td><td class=\"column-3\">74<\/td><td class=\"column-4\">Pringy<\/td><td class=\"column-5\">Gruy\u00e8re<\/td><td class=\"column-6\">Auberge de La Loue<\/td><td class=\"column-7\">41<\/td><td class=\"column-8\"><a href=\"\/?page_id=2343\"><i class=\"glyphicon glyphicon-book\"><\/i><\/a><\/td>\n<\/tr>\n<tr class=\"row-79\">\n\t<td class=\"column-1\">2012<\/td><td class=\"column-2\">31.03<\/td><td class=\"column-3\">75<\/td><td class=\"column-4\">Grolley<\/td><td class=\"column-5\">Sarine<\/td><td class=\"column-6\">Caserne de Grolley<\/td><td class=\"column-7\">53<\/td><td class=\"column-8\"><a href=\"\/?page_id=2343\"><i class=\"glyphicon glyphicon-book\"><\/i><\/a><\/td>\n<\/tr>\n<tr class=\"row-80\">\n\t<td class=\"column-1\">2013<\/td><td class=\"column-2\">23.03<\/td><td class=\"column-3\">76<\/td><td class=\"column-4\">St. Antoni<\/td><td class=\"column-5\">Singine<\/td><td class=\"column-6\">Restaurant Senslerhof<\/td><td class=\"column-7\">36<\/td><td class=\"column-8\"><a href=\"\/?page_id=2343\"><i class=\"glyphicon glyphicon-book\"><\/i><\/a><\/td>\n<\/tr>\n<tr class=\"row-81\">\n\t<td class=\"column-1\">2014<\/td><td class=\"column-2\">22.03<\/td><td class=\"column-3\">77<\/td><td class=\"column-4\">Morat<\/td><td class=\"column-5\">Lac<\/td><td class=\"column-6\">Restaurant de la Couronne<\/td><td class=\"column-7\">43<\/td><td class=\"column-8\"><a href=\"\/?page_id=2343\"><i class=\"glyphicon glyphicon-book\"><\/i><\/a><\/td>\n<\/tr>\n<tr class=\"row-82\">\n\t<td class=\"column-1\">2015<\/td><td class=\"column-2\">21.03<\/td><td class=\"column-3\">78<\/td><td class=\"column-4\">Siviriez<\/td><td class=\"column-5\">Gl\u00e2ne<\/td><td class=\"column-6\">Auberge du Lion d'Or<\/td><td class=\"column-7\">38<\/td><td class=\"column-8\"><a href=\"\/?page_id=2343\"><i class=\"glyphicon glyphicon-book\"><\/i><\/a><\/td>\n<\/tr>\n<tr class=\"row-83\">\n\t<td class=\"column-1\">2016<\/td><td class=\"column-2\">05.03<\/td><td class=\"column-3\">79<\/td><td class=\"column-4\">Semsales<\/td><td class=\"column-5\">Veveyse<\/td><td class=\"column-6\">Auberge de l'H\u00f4tel de Ville<\/td><td class=\"column-7\">37<\/td><td class=\"column-8\"><a href=\"\/?page_id=2343\"><i class=\"glyphicon glyphicon-book\"><\/i><\/a><\/td>\n<\/tr>\n<tr class=\"row-84\">\n\t<td class=\"column-1\">2017<\/td><td class=\"column-2\">25.03<\/td><td class=\"column-3\">80<\/td><td class=\"column-4\">Gruy\u00e8res<\/td><td class=\"column-5\">Gruy\u00e8re<\/td><td class=\"column-6\">Restaurant des Remparts<\/td><td class=\"column-7\">34<\/td><td class=\"column-8\"><a href=\"\/?page_id=2343\"><i class=\"glyphicon glyphicon-book\"><\/i><\/a><\/td>\n<\/tr>\n<tr class=\"row-85\">\n\t<td class=\"column-1\">2018<\/td><td class=\"column-2\">24.03<\/td><td class=\"column-3\">81<\/td><td class=\"column-4\">Estavayer-le-Lac<\/td><td class=\"column-5\">Broye<\/td><td class=\"column-6\">Buffet de la Gare<\/td><td class=\"column-7\">48<\/td><td class=\"column-8\"><a href=\"\/?page_id=2343\"><i class=\"glyphicon glyphicon-book\"><\/i><\/a><\/td>\n<\/tr>\n<tr class=\"row-86\">\n\t<td class=\"column-1\">2019<\/td><td class=\"column-2\">30.03<\/td><td class=\"column-3\">82<\/td><td class=\"column-4\">Grolley<\/td><td class=\"column-5\">Sarine<\/td><td class=\"column-6\">Auberge de la Gare<\/td><td class=\"column-7\">57<\/td><td class=\"column-8\"><a href=\"\/?page_id=2343\"><i class=\"glyphicon glyphicon-book\"><\/i><\/a><\/td>\n<\/tr>\n<tr class=\"row-87\">\n\t<td class=\"column-1\">2020<\/td><td class=\"column-2\">19.06<\/td><td class=\"column-3\">83<\/td><td class=\"column-4\">B\u00f6singen<\/td><td class=\"column-5\">Singine<\/td><td class=\"column-6\">Gasthof Drei Eidgenossen<\/td><td class=\"column-7\"><\/td><td class=\"column-8\"><a href=\"\/?page_id=2343\"><i class=\"glyphicon glyphicon-book\"><\/i><\/a><\/td>\n<\/tr>\n<tr class=\"row-88\">\n\t<td class=\"column-1\">2021<\/td><td class=\"column-2\">11.06<\/td><td class=\"column-3\">84<\/td><td class=\"column-4\">Montilier<\/td><td class=\"column-5\">Lac<\/td><td class=\"column-6\">Restaurant Le Jardin<\/td><td class=\"column-7\">50<\/td><td class=\"column-8\"><\/td>\n<\/tr>\n<tr class=\"row-89\">\n\t<td class=\"column-1\">2022<\/td><td class=\"column-2\">25.03<\/td><td class=\"column-3\">85<\/td><td class=\"column-4\">Blessens<\/td><td class=\"column-5\">Gl\u00e2ne<\/td><td class=\"column-6\">Gros Essert<\/td><td class=\"column-7\">50<\/td><td class=\"column-8\"><\/td>\n<\/tr>\n<tr class=\"row-90\">\n\t<td class=\"column-1\">2023<\/td><td class=\"column-2\">24.03<\/td><td class=\"column-3\">86<\/td><td class=\"column-4\">Le Cr\u00eat<\/td><td class=\"column-5\">Veveyse<\/td><td class=\"column-6\">H\u00f4tel de la Croix F\u00e9d\u00e9rale<\/td><td class=\"column-7\">60<\/td><td class=\"column-8\"><\/td>\n<\/tr>\n<tr class=\"row-91\">\n\t<td class=\"column-1\">2024<\/td><td class=\"column-2\">22.03<\/td><td class=\"column-3\">86<\/td><td class=\"column-4\">Bulle<\/td><td class=\"column-5\">Gruy\u00e8re<\/td><td class=\"column-6\">Liebherr Machines SA<\/td><td class=\"column-7\">65<\/td><td class=\"column-8\"><\/td>\n<\/tr>\n<\/tbody>\n<\/table>\n<!-- #tablepress-1 from cache -->\n<\/div>\n        <\/div>    <\/div><\/div><div class=\"panel panel-default\">    <div class=\"panel-heading\" role=\"tab\" id=\"heading_citem_ef90-d355\">        <h4 class=\"panel-title\"><a class=\"accordion-toggle collapsed\" data-toggle=\"collapse\" aria-controls=\"heading_citem_ef90-d355\" data-parent=\"#collapse_dbb0-4e05\" href=\"#citem_ef90-d355\">Buch zum 50-j\u00e4hrigen Jubil\u00e4um (1936-1986)<\/a>        <\/h4>    <\/div>    <div id=\"citem_ef90-d355\" class=\"panel-collapse collapse \" role=\"tabpanel\" aria-labelledby=\"heading_citem_ef90-d355\">        <div class=\"panel-body\">\n<p style=\"text-align: justify;\">In diesem Buch, das anl\u00e4sslich unseres 50-j\u00e4hrigen Jubil\u00e4ums erscheint, finden Sie Jahr f\u00fcr Jahr sehr detaillierte Informationen zu unseren ersten 5 Jahrzehnten.<\/p>\n\n<div class=\"issuuembed\" style=\"width: 600px; height: 475px; text-align: center;\" data-configid=\"9719793\/38221379\"><\/div>\n<script type=\"text\/javascript\" src=\"\/\/e.issuu.com\/embed.js\" async=\"true\"><\/script>\n<p style=\"text-align: left;\">ARTM Fribourg (1986). <em>50 Jahre ARTM, 1936-1986<\/em>. <span dir=\"ltr\">Estavayer-le-Lac: ARTM-FR, [A. Bachmann]. <\/span> <span dir=\"ltr\">110 S. : Abb. ; 21 cm. Erh\u00e4ltlich in <a href=\"http:\/\/permalink.snl.ch\/bib\/sz001081890\">Papierversion<\/a>.   <\/span><br class=\"nc\"\/>        <\/p><\/div>    <\/div><\/div><div class=\"panel panel-default\">    <div class=\"panel-heading\" role=\"tab\" id=\"heading_citem_9b16-8e6d\">        <h4 class=\"panel-title\"><a class=\"accordion-toggle collapsed\" data-toggle=\"collapse\" aria-controls=\"heading_citem_9b16-8e6d\" data-parent=\"#collapse_dbb0-4e05\" href=\"#citem_9b16-8e6d\">Entwicklung der Belegschaft<\/a>        <\/h4>    <\/div>    <div id=\"citem_9b16-8e6d\" class=\"panel-collapse collapse \" role=\"tabpanel\" aria-labelledby=\"heading_citem_9b16-8e6d\">        <div class=\"panel-body\">\nGrafik, die die Entwicklung der Mitgliederzahl seit der Gr\u00fcndung des Vereins zeigt.\n\n<p style=\"text-align: center;\"><em> <a href=\"https:\/\/artm-fr.ch\/wp-content\/uploads\/2024\/07\/2024_evo_effectif.png\"><img loading=\"lazy\" decoding=\"async\" class=\"aligncenter wp-image-2862 size-medium\" src=\"https:\/\/artm-fr.ch\/wp-content\/uploads\/2017\/04\/Capture-d%E2%80%99%C3%A9cran-2017-04-19-%C3%A0-20.36.36-300x128.png\" alt=\"\" width=\"300\" height=\"128\"\/><\/a>(Klicken Sie auf die Grafik, um sie zu vergr\u00f6\u00dfern)<\/em><\/p>\n        <\/div>    <\/div><\/div><div class=\"panel panel-default\">    <div class=\"panel-heading\" role=\"tab\" id=\"heading_citem_e4b9-7333\">        <h4 class=\"panel-title\"><a class=\"accordion-toggle collapsed\" data-toggle=\"collapse\" aria-controls=\"heading_citem_e4b9-7333\" data-parent=\"#collapse_dbb0-4e05\" href=\"#citem_e4b9-7333\">Librettos<\/a>        <\/h4>    <\/div>    <div id=\"citem_e4b9-7333\" class=\"panel-collapse collapse \" role=\"tabpanel\" aria-labelledby=\"heading_citem_e4b9-7333\">        <div class=\"panel-body\">\n\nDie Libretti der Mitgliederversammlungen sind auf <a href=\"https:\/\/artm-fr.ch\/de\/geschichte\/librettos\/\">dieser Seite<\/a> verf\u00fcgbar. Das Passwort ist auf Anfrage beim <a href=\"https:\/\/artm-fr.ch\/de\/adressen\/\">Sekretariat<\/a> erh\u00e4ltlich. \n\n        <\/div>    <\/div><\/div><div class=\"panel panel-default\">    <div class=\"panel-heading\" role=\"tab\" id=\"heading_citem_x8b4-5f09\">        <h4 class=\"panel-title\"><a class=\"accordion-toggle collapsed\" data-toggle=\"collapse\" aria-controls=\"heading_citem_x8b4-5f09\" data-parent=\"#collapse_52a0-b2da\" href=\"#citem_x8b4-5f09\">Artikel in La Libert\u00e9<\/a>        <\/h4>    <\/div>    <div id=\"citem_x8b4-5f09\" class=\"panel-collapse collapse \" role=\"tabpanel\" aria-labelledby=\"heading_citem_x8b4-5f09\">        <div class=\"panel-body\">\n\n<span style=\"color: #333333;\">Hier finden Sie Artikel \u00fcber unseren Verein, die bis 1999 in &#8222;La Libert\u00e9&#8220; ver\u00f6ffentlicht wurden. Diese Dokumente sind dem <a href=\"http:\/\/doc.rero.ch\/\">RERO DOC entnommen.<\/a> \n<\/span><img loading=\"lazy\" decoding=\"async\" class=\"size-full wp-image-2168 aligncenter\" src=\"https:\/\/artm-fr.ch\/wp-content\/uploads\/2016\/10\/wsi-imageoptim-Capture-d%E2%80%99%C3%A9cran-2016-10-10-%C3%A0-10.19.23.png\" alt=\"screenshot-2016-10-10-10-23 bis -10-19-23\" width=\"519\" height=\"88\"\/>\n<h3 style=\"text-align: center;\">Artikel &#8222;Hauptversammlungen und au\u00dferordentliche Versammlungen&#8220;<\/h3>\n<table class=\"tg\">\n<tbody>\n<tr>\n<th>Jahr<\/th>\n<th>Datum<\/th>\n<th>Betreff<\/th>\n<th>Verbinden<\/th>\n<\/tr>\n<tr>\n<td>1946<\/td>\n13. <td>August<\/td>\n<td>10. Mitgliederversammlung<\/td>\n<td><a href=\"https:\/\/artm-fr.ch\/wp-content\/uploads\/2016\/08\/1946-08-13-48.pdf\"><i class=\"glyphicon glyphicon-folder-open\"><\/i><\/a><\/td>\n<\/tr>\n<tr>\n<td>1947<\/td>\n31. <td>Januar<\/td>\n<td>11. Generalversammlung<\/td>\n<td><a href=\"https:\/\/artm-fr.ch\/wp-content\/uploads\/2016\/08\/1947-01-31-38.pdf\"><i class=\"glyphicon glyphicon-folder-open\"><\/i><\/a><\/td>\n<\/tr>\n<tr>\n<td>1949<\/td>\n30<td>. April<\/td>\n<td>13. Generalversammlung<\/td>\n<td><a href=\"https:\/\/artm-fr.ch\/wp-content\/uploads\/2016\/08\/1949-04-30-1124.pdf\"><i class=\"glyphicon glyphicon-folder-open\"><\/i><\/a><\/td>\n<\/tr>\n<tr>\n<td>1951<\/td>\n16. <td>Februar<\/td>\n<td>15. Generalversammlung<\/td>\n<td><a href=\"https:\/\/artm-fr.ch\/wp-content\/uploads\/2016\/08\/1951-12-16-1216.pdf\"><i class=\"glyphicon glyphicon-folder-open\"><\/i><\/a><\/td>\n<\/tr>\n<tr>\n<td>1956<\/td>\n2<td>. Februar<\/td>\n<td>18. Generalversammlung<\/td>\n<td><a href=\"https:\/\/artm-fr.ch\/wp-content\/uploads\/2016\/08\/1956-02-02-514.pdf\"><i class=\"glyphicon glyphicon-folder-open\"><\/i><\/a><\/td>\n<\/tr>\n<tr>\n<td>1956<\/td>\n24<td>. November<\/td>\n<td>Programm zum 20-j\u00e4hrigen Jubil\u00e4um<\/td>\n<td><a href=\"https:\/\/artm-fr.ch\/wp-content\/uploads\/2016\/08\/1956-11-24-632.pdf\"><i class=\"glyphicon glyphicon-folder-open\"><\/i><\/a><\/td>\n<\/tr>\n<tr>\n<td>1956<\/td>\n26<td>. November<\/td>\n<td>Der Tag nach dem 20-j\u00e4hrigen Jubil\u00e4um<\/td>\n<td><a href=\"https:\/\/artm-fr.ch\/wp-content\/uploads\/2016\/08\/1956-11-26-614.pdf\"><i class=\"glyphicon glyphicon-folder-open\"><\/i><\/a><\/td>\n<\/tr>\n<tr>\n<td>1956<\/td>\n30<td>. November<\/td>\n<td>Bericht zum 20-j\u00e4hrigen Jubil\u00e4um<\/td>\n<td><a href=\"https:\/\/artm-fr.ch\/wp-content\/uploads\/2016\/08\/1956-11-30-1120.pdf\"><i class=\"glyphicon glyphicon-folder-open\"><\/i><\/a><\/td>\n<\/tr>\n<tr>\n<td>1956<\/td>\n1<td>. Dezember<\/td>\n<td>Foto zum 20-j\u00e4hrigen Jubil\u00e4um<\/td>\n<td><a href=\"https:\/\/artm-fr.ch\/wp-content\/uploads\/2016\/08\/1956-12-01-3232.pdf\"><i class=\"glyphicon glyphicon-folder-open\"><\/i><\/a><\/td>\n<\/tr>\n<tr>\n<td>1957<\/td>\n28. <td>Januar<\/td>\n<td>Der Tag nach der 19. Generalversammlung<\/td>\n<td><a href=\"https:\/\/artm-fr.ch\/wp-content\/uploads\/2016\/08\/1957-01-28-512.pdf\"><i class=\"glyphicon glyphicon-folder-open\"><\/i><\/a><\/td>\n<\/tr>\n<tr>\n<td>1957<\/td>\n2<td>. Februar<\/td>\n<td>21. Mitgliederversammlung<\/td>\n<td><a href=\"https:\/\/artm-fr.ch\/wp-content\/uploads\/2016\/08\/1957-02-02-532.pdf\"><i class=\"glyphicon glyphicon-folder-open\"><\/i><\/a><\/td>\n<\/tr>\n<tr>\n<td>Das Jahr 1958<\/td>\n28. <td>Januar<\/td>\n<td>22. Generalversammlung<\/td>\n<td><a href=\"https:\/\/artm-fr.ch\/wp-content\/uploads\/2016\/08\/1958-01-28-514.pdf\"><i class=\"glyphicon glyphicon-folder-open\"><\/i><\/a><\/td>\n<\/tr>\n<tr>\n<td>1960<\/td>\n10. <td>Februar<\/td>\n<td>23. Generalversammlung<\/td>\n<td><a href=\"https:\/\/artm-fr.ch\/wp-content\/uploads\/2016\/08\/1960-02-10-516.pdf\"><i class=\"glyphicon glyphicon-folder-open\"><\/i><\/a><\/td>\n<\/tr>\n<tr>\n<td>1962<\/td>\n28<td>. April<\/td>\n<td>25. Generalversammlung<\/td>\n<td><a href=\"https:\/\/artm-fr.ch\/wp-content\/uploads\/2016\/08\/1962-04-28-532.pdf\"><i class=\"glyphicon glyphicon-folder-open\"><\/i><\/a><\/td>\n<\/tr>\n<tr>\n<td>1963<\/td>\n26. <td>Februar<\/td>\n<td>26. Generalversammlung<\/td>\n<td><a href=\"https:\/\/artm-fr.ch\/wp-content\/uploads\/2016\/08\/1963-02-26-916.pdf\"><i class=\"glyphicon glyphicon-folder-open\"><\/i><\/a><\/td>\n<\/tr>\n<tr>\n<td>1964<\/td>\n10. <td>Februar<\/td>\n<td>27. Generalversammlung<\/td>\n<td><a href=\"https:\/\/artm-fr.ch\/wp-content\/uploads\/2016\/08\/1964-02-10-1220.pdf\"><i class=\"glyphicon glyphicon-folder-open\"><\/i><\/a><\/td>\n<\/tr>\n<tr>\n<td>1964<\/td>\n20<td>. Februar<\/td>\n<td>Protokoll der 27. Generalversammlung<\/td>\n<td><a href=\"https:\/\/artm-fr.ch\/wp-content\/uploads\/2016\/08\/1964-02-20-1120.pdf\"><i class=\"glyphicon glyphicon-folder-open\"><\/i><\/a><\/td>\n<\/tr>\n<tr>\n<td>1965<\/td>\n8<td>. Februar<\/td>\n<td>28. Generalversammlung<\/td>\n<td><a href=\"https:\/\/artm-fr.ch\/wp-content\/uploads\/2016\/08\/1965-02-08-1220.pdf\"><i class=\"glyphicon glyphicon-folder-open\"><\/i><\/a><\/td>\n<\/tr>\n<tr>\n<td>1965<\/td>\n17. <td>Februar<\/td>\n<td>Protokoll der 28. Generalversammlung<\/td>\n<td><a href=\"https:\/\/artm-fr.ch\/wp-content\/uploads\/2016\/08\/1965-02-17-1120.pdf\"><i class=\"glyphicon glyphicon-folder-open\"><\/i><\/a><\/td>\n<\/tr>\n<tr>\n<td>1966<\/td>\n17. <td>Februar<\/td>\n<td>29. Generalversammlung<\/td>\n<td><a href=\"https:\/\/artm-fr.ch\/wp-content\/uploads\/2016\/08\/1966-02-17-1424.pdf\"><i class=\"glyphicon glyphicon-folder-open\"><\/i><\/a><\/td>\n<\/tr>\n<tr>\n<td>1967<\/td>\n1<td>. April<\/td>\n<td>30. Generalversammlung<\/td>\n<td><a href=\"https:\/\/artm-fr.ch\/wp-content\/uploads\/2016\/08\/1967-04-01-932.pdf\"><i class=\"glyphicon glyphicon-folder-open\"><\/i><\/a><\/td>\n<\/tr>\n<tr>\n<td>1968<\/td>\n25<td>. Januar<\/td>\n<td>31. Generalversammlung<\/td>\n<td><a href=\"https:\/\/artm-fr.ch\/wp-content\/uploads\/2016\/08\/1968-01-25-131424.pdf\"><i class=\"glyphicon glyphicon-folder-open\"><\/i><\/a><\/td>\n<\/tr>\n<tr>\n<td>1969<\/td>\n4<td>. Februar<\/td>\n<td>32. Generalversammlung<\/td>\n<td><a href=\"https:\/\/artm-fr.ch\/wp-content\/uploads\/2016\/08\/1969-02-04-131524.pdf\"><i class=\"glyphicon glyphicon-folder-open\"><\/i><\/a><\/td>\n<\/tr>\n<tr>\n<td>1970<\/td>\n<td>30. Januar<\/td>\n<td>33. Generalversammlung<\/td>\n<td><a href=\"https:\/\/artm-fr.ch\/wp-content\/uploads\/2016\/08\/1970-01-30-1932.pdf\"><i class=\"glyphicon glyphicon-folder-open\"><\/i><\/a> <a href=\"https:\/\/artm-fr.ch\/de\/geschichte\/librettos\/\"><i class=\"glyphicon glyphicon-list-alt\"><\/i><\/a><\/td>\n<\/tr>\n<tr>\n<td>1972<\/td>\n1. <td>Februar<\/td>\n<td>35. Generalversammlung<\/td>\n<td><a href=\"https:\/\/artm-fr.ch\/wp-content\/uploads\/2016\/08\/1972-02-01-1324.pdf\"><i class=\"glyphicon glyphicon-folder-open\"><\/i><\/a><\/td>\n<\/tr>\n<tr>\n<td>1973<\/td>\n5<td>. Februar<\/td>\n<td>36. Generalversammlung<\/td>\n<td><a href=\"https:\/\/artm-fr.ch\/wp-content\/uploads\/2016\/08\/1973-02-05-1528.pdf\"><i class=\"glyphicon glyphicon-folder-open\"><\/i><\/a><\/td>\n<\/tr>\n<tr>\n<td>1974<\/td>\n<td>13. Februar<\/td>\n<td>37. Generalversammlung<\/td>\n<td><a href=\"https:\/\/artm-fr.ch\/wp-content\/uploads\/2016\/08\/1974-02-13-2236.pdf\"><i class=\"glyphicon glyphicon-folder-open\"><\/i><\/a> <a href=\"https:\/\/artm-fr.ch\/de\/geschichte\/librettos\/\"><i class=\"glyphicon glyphicon-list-alt\"><\/i><\/a><\/td>\n<\/tr>\n<tr>\n<td>1975<\/td>\n<td>18. Februar<\/td>\n<td>38. Generalversammlung<\/td>\n<td><a href=\"https:\/\/artm-fr.ch\/wp-content\/uploads\/2016\/08\/1975-02-18-1120.pdf\"><i class=\"glyphicon glyphicon-folder-open\"><\/i><\/a> <a href=\"https:\/\/artm-fr.ch\/de\/geschichte\/librettos\/\"><i class=\"glyphicon glyphicon-list-alt\"><\/i><\/a><\/td>\n<\/tr>\n<tr>\n<td>1976<\/td>\n<td>16. Februar<\/td>\n<td>39. Generalversammlung<\/td>\n<td><a href=\"https:\/\/artm-fr.ch\/wp-content\/uploads\/2016\/08\/1976-02-16-1324.pdf\"><i class=\"glyphicon glyphicon-folder-open\"><\/i><\/a> <a href=\"https:\/\/artm-fr.ch\/de\/geschichte\/librettos\/\"><i class=\"glyphicon glyphicon-list-alt\"><\/i><\/a> <a href=\"https:\/\/artm-fr.ch\/de\/geschichte\/librettos\/\"><i class=\"glyphicon glyphicon-book\"><\/i><\/a><\/td>\n<\/tr>\n<tr>\n<td>1977<\/td>\n5<td>. M\u00e4rz<\/td>\n<td>40. Generalversammlung<\/td>\n<td><a href=\"https:\/\/artm-fr.ch\/wp-content\/uploads\/2016\/08\/1977-05-03-20-28.pdf\"><i class=\"glyphicon glyphicon-folder-open\"><\/i><\/a><\/td>\n<\/tr>\n<tr>\n<td>1978<\/td>\n6<td>. M\u00e4rz<\/td>\n<td>41. Mitgliederversammlung<\/td>\n<td><a href=\"https:\/\/artm-fr.ch\/wp-content\/uploads\/2016\/08\/1978-03-06-17-28.pdf\"><i class=\"glyphicon glyphicon-folder-open\"><\/i><\/a><\/td>\n<\/tr>\n<tr>\n<td>1980<\/td>\n<td>20. M\u00e4rz<\/td>\n<td>43. Generalversammlung<\/td>\n<td><a href=\"https:\/\/artm-fr.ch\/wp-content\/uploads\/2016\/08\/1980-03-20-23-52.pdf\"><i class=\"glyphicon glyphicon-folder-open\"><\/i><\/a> <a href=\"https:\/\/artm-fr.ch\/de\/geschichte\/librettos\/\"><i class=\"glyphicon glyphicon-book\"><\/i><\/a><\/td>\n<\/tr>\n<tr>\n<td>1981<\/td>\n<td>31. Januar<\/td>\n<td>44. Generalversammlung<\/td>\n<td><a href=\"https:\/\/artm-fr.ch\/wp-content\/uploads\/2016\/08\/1981-01-31-17-40.pdf\"><i class=\"glyphicon glyphicon-folder-open\"><\/i><\/a> <a href=\"https:\/\/artm-fr.ch\/de\/geschichte\/librettos\/\"><i class=\"glyphicon glyphicon-book\"><\/i><\/a><\/td>\n<\/tr>\n<tr>\n<td>1982<\/td>\n<td>24. M\u00e4rz<\/td>\n<td>45. Generalversammlung<\/td>\n<td><a href=\"https:\/\/artm-fr.ch\/wp-content\/uploads\/2016\/08\/1982-03-24-17-40.pdf\"><i class=\"glyphicon glyphicon-folder-open\"><\/i><\/a> <a href=\"https:\/\/artm-fr.ch\/de\/geschichte\/librettos\/\"><i class=\"glyphicon glyphicon-book\"><\/i><\/a><\/td>\n<\/tr>\n<tr>\n<td>1983<\/td>\n<td>22. M\u00e4rz<\/td>\n<td>46. Generalversammlung<\/td>\n<td><a href=\"https:\/\/artm-fr.ch\/wp-content\/uploads\/2016\/08\/1983-03-22-13-32.pdf\"><i class=\"glyphicon glyphicon-folder-open\"><\/i><\/a> <a href=\"https:\/\/artm-fr.ch\/de\/geschichte\/librettos\/\"><i class=\"glyphicon glyphicon-book\"><\/i><\/a><\/td>\n<\/tr>\n<tr>\n<td>1984<\/td>\n<td>2. April<\/td>\n<td>47. Generalversammlung<\/td>\n<td><a href=\"https:\/\/artm-fr.ch\/wp-content\/uploads\/2016\/08\/1984-04-02-16-32.pdf\"><i class=\"glyphicon glyphicon-folder-open\"><\/i><\/a> <a href=\"https:\/\/artm-fr.ch\/de\/geschichte\/librettos\/\"><i class=\"glyphicon glyphicon-book\"><\/i><\/a><\/td>\n<\/tr>\n<tr>\n<td>1985<\/td>\n11. <td>M\u00e4rz<\/td>\n<td>48. Generalversammlung<\/td>\n<td><a href=\"https:\/\/artm-fr.ch\/wp-content\/uploads\/2016\/08\/1985-03-11-13-32.pdf\"><i class=\"glyphicon glyphicon-folder-open\"><\/i><\/a><\/td>\n<\/tr>\n<tr>\n<td>1986<\/td>\n17. <td>M\u00e4rz<\/td>\n<td>49. Generalversammlung<\/td>\n<td><a href=\"https:\/\/artm-fr.ch\/wp-content\/uploads\/2016\/08\/1986-03-17-18-36.pdf\"><i class=\"glyphicon glyphicon-folder-open\"><\/i><\/a><\/td>\n<\/tr>\n<tr>\n<td>1986<\/td>\n3<td>. Mai<\/td>\n<td>50-j\u00e4hriges Jubil\u00e4um<\/td>\n<td><a href=\"https:\/\/artm-fr.ch\/wp-content\/uploads\/2016\/08\/1986-05-03-11-44.pdf\"><i class=\"glyphicon glyphicon-folder-open\"><\/i><\/a><\/td>\n<\/tr>\n<tr>\n<td>1986<\/td>\n6<td>. Mai<\/td>\n<td>50-j\u00e4hriges Jubil\u00e4um<\/td>\n<td><a href=\"https:\/\/artm-fr.ch\/wp-content\/uploads\/2016\/08\/1986-05-06-15-40.pdf\"><i class=\"glyphicon glyphicon-folder-open\"><\/i><\/a><\/td>\n<\/tr>\n<tr>\n<td>1987<\/td>\n<td>23. M\u00e4rz<\/td>\n<td>50. Mitgliederversammlung<\/td>\n<td><a href=\"https:\/\/artm-fr.ch\/wp-content\/uploads\/2016\/08\/1987-03-23-11-36.pdf\"><i class=\"glyphicon glyphicon-folder-open\"><\/i><\/a> <a href=\"https:\/\/artm-fr.ch\/de\/geschichte\/librettos\/\"><i class=\"glyphicon glyphicon-book\"><\/i><\/a><\/td>\n<\/tr>\n<tr>\n<td>1988<\/td>\n<td>21. M\u00e4rz<\/td>\n<td>51. Generalversammlung<\/td>\n<td><a href=\"https:\/\/artm-fr.ch\/wp-content\/uploads\/2016\/08\/1988-03-21-19-39.pdf\"><i class=\"glyphicon glyphicon-folder-open\"><\/i><\/a> <a href=\"https:\/\/artm-fr.ch\/de\/geschichte\/librettos\/\"><i class=\"glyphicon glyphicon-book\"><\/i><\/a><\/td>\n<\/tr>\n<tr>\n<td>1989<\/td>\n<td>20. M\u00e4rz<\/td>\n<td>52. Generalversammlung<\/td>\n<td><a href=\"https:\/\/artm-fr.ch\/wp-content\/uploads\/2016\/08\/1989-03-20-15-48.pdf\"><i class=\"glyphicon glyphicon-folder-open\"><\/i><\/a> <a href=\"https:\/\/artm-fr.ch\/de\/geschichte\/librettos\/\"><i class=\"glyphicon glyphicon-book\"><\/i><\/a><\/td>\n<\/tr>\n<tr>\n<td>1990<\/td>\n<td>10. April<\/td>\n<td>53. Generalversammlung<\/td>\n<td><a href=\"https:\/\/artm-fr.ch\/wp-content\/uploads\/2016\/08\/1990-04-10-13-40.pdf\"><i class=\"glyphicon glyphicon-folder-open\"><\/i><\/a> <a href=\"https:\/\/artm-fr.ch\/de\/geschichte\/librettos\/\"><i class=\"glyphicon glyphicon-book\"><\/i><\/a><\/td>\n<\/tr>\n<tr>\n<td>1991<\/td>\n<td>30. M\u00e4rz<\/td>\n<td>54. Generalversammlung<\/td>\n<td><a href=\"https:\/\/artm-fr.ch\/wp-content\/uploads\/2016\/08\/1991-03-30-20-40.pdf\"><i class=\"glyphicon glyphicon-folder-open\"><\/i><\/a> <a href=\"https:\/\/artm-fr.ch\/de\/geschichte\/librettos\/\"><i class=\"glyphicon glyphicon-book\"><\/i><\/a><\/td>\n<\/tr>\n<tr>\n<td>1995<\/td>\n<td>20. M\u00e4rz<\/td>\n<td>58. Generalversammlung<\/td>\n<td><a href=\"https:\/\/artm-fr.ch\/wp-content\/uploads\/2016\/08\/1995-03-20-13-36.pdf\"><i class=\"glyphicon glyphicon-folder-open\"><\/i><\/a> <a href=\"https:\/\/artm-fr.ch\/de\/geschichte\/librettos\/\"><i class=\"glyphicon glyphicon-book\"><\/i><\/a><\/td>\n<\/tr>\n<tr>\n<td>1996<\/td>\n<td>2. April<\/td>\n<td>59. Generalversammlung<\/td>\n<td><a href=\"https:\/\/artm-fr.ch\/wp-content\/uploads\/2016\/08\/1996-04-02-12-40.pdf\"><i class=\"glyphicon glyphicon-folder-open\"><\/i><\/a> <a href=\"https:\/\/artm-fr.ch\/de\/geschichte\/librettos\/\"><i class=\"glyphicon glyphicon-book\"><\/i><\/a><\/td>\n<\/tr>\n<tr>\n<td>1998<\/td>\n<td>23. M\u00e4rz<\/td>\n<td>61. Generalversammlung<\/td>\n<td><a href=\"https:\/\/artm-fr.ch\/wp-content\/uploads\/2016\/08\/1998-03-23-13-32.pdf\"><i class=\"glyphicon glyphicon-folder-open\"><\/i><\/a> <a href=\"https:\/\/artm-fr.ch\/de\/geschichte\/librettos\/\"><i class=\"glyphicon glyphicon-book\"><\/i><\/a><\/td>\n<\/tr>\n<\/tbody>\n<\/table>\n<h3 style=\"text-align: center;\">Artikel &#8222;Veranstaltungen, Einladungen und Ergebnisse&#8220;<\/h3>\n<table class=\"tg\">\n<tbody>\n<tr>\n<th>Jahr<\/th>\n<th>Datum<\/th>\n<th>Betreff<\/th>\n<th>Verbinden<\/th>\n<\/tr>\n<tr>\n<td>1944<\/td>\n15<td>. November<\/td>\n<td>Religi\u00f6se Zeremonie f\u00fcr Soldaten, die im Dienst des Vaterlandes gefallen<\/td> sind\n<td><a href=\"https:\/\/artm-fr.ch\/wp-content\/uploads\/2016\/08\/1944-11-15-810.pdf\"><i class=\"glyphicon glyphicon-folder-open\"><\/i><\/a><\/td>\n<\/tr>\n<tr>\n<td>1953<\/td>\n9<td>. Juni<\/td>\n<td>8. Rallye romand<\/td>\n<td><a href=\"https:\/\/artm-fr.ch\/wp-content\/uploads\/2016\/08\/1953-06-09-814.pdf\"><i class=\"glyphicon glyphicon-folder-open\"><\/i><\/a><\/td>\n<\/tr>\n<tr>\n<td>1955<\/td>\n6<td>. Oktober<\/td>\n<td>Singin-Rallye<\/td>\n<td><a href=\"https:\/\/artm-fr.ch\/wp-content\/uploads\/2016\/08\/1955-10-06-514.pdf\"><i class=\"glyphicon glyphicon-folder-open\"><\/i><\/a><\/td>\n<\/tr>\n<tr>\n<td>1956<\/td>\n31<td>. August<\/td>\n<td>1. Platz Gruy\u00e8re Rallye<\/td>\n<td><a href=\"https:\/\/artm-fr.ch\/wp-content\/uploads\/2016\/08\/1956-08-31-514.pdf\"><i class=\"glyphicon glyphicon-folder-open\"><\/i><\/a><\/td>\n<\/tr>\n<tr>\n<td>1956<\/td>\n\n <td>5. September<\/td><td>Bericht 1. Gruy\u00e8re Rallye<\/td>\n<td><a href=\"https:\/\/artm-fr.ch\/wp-content\/uploads\/2016\/08\/1956-09-05-814.pdf\"><i class=\"glyphicon glyphicon-folder-open\"><\/i><\/a><\/td>\n<\/tr>\n<tr>\n<td>1956<\/td>\n<td>19<\/td>\n. September<td>Rallye Fribourg<\/td>\n<td><a href=\"https:\/\/artm-fr.ch\/wp-content\/uploads\/2016\/08\/1956-09-19-614.pdf\"><i class=\"glyphicon glyphicon-folder-open\"><\/i><\/a><\/td>\n<\/tr>\n<tr>\n<td>1956<\/td>\n9<td>. Oktober<\/td>\n<td>Bericht \u00fcber die Rallye Freiburg<\/td>\n<td><a href=\"https:\/\/artm-fr.ch\/wp-content\/uploads\/2016\/08\/1956-10-09-716.pdf\"><i class=\"glyphicon glyphicon-folder-open\"><\/i><\/a><\/td>\n<\/tr>\n<tr>\n<td>1956<\/td>\n10<td>. November<\/td>\n<td>Programm &#8222;In Memoriam&#8220;<\/td>\n<td><a href=\"https:\/\/artm-fr.ch\/wp-content\/uploads\/2016\/08\/1956-11-10-532.pdf\"><i class=\"glyphicon glyphicon-folder-open\"><\/i><\/a><\/td>\n<\/tr>\n<tr>\n<td>1962<\/td>\n8<td>. Juni<\/td>\n<td>Ergebnisse der Rallye romand<\/td>\n<td><a href=\"https:\/\/artm-fr.ch\/wp-content\/uploads\/2016\/08\/1962-06-08-1524.pdf\"><i class=\"glyphicon glyphicon-folder-open\"><\/i><\/a><\/td>\n<\/tr>\n<tr>\n<td>1964<\/td>\n10. <td>Juni<\/td>\n<td>Ergebnisse der Rallye romand<\/td>\n<td><a href=\"https:\/\/artm-fr.ch\/wp-content\/uploads\/2016\/08\/1964-06-10-1120.pdf\"><i class=\"glyphicon glyphicon-folder-open\"><\/i><\/a><\/td>\n<\/tr>\n<tr>\n<td>1968<\/td>\n8<td>. April<\/td>\n<td>Werbung f\u00fcr Fahrkurse<\/td>\n<td><a href=\"https:\/\/artm-fr.ch\/wp-content\/uploads\/2016\/08\/1968-04-08-1332.pdf\"><i class=\"glyphicon glyphicon-folder-open\"><\/i><\/a><\/td>\n<\/tr>\n<tr>\n<td>1968<\/td>\n<td>10. April<\/td>\n<td>Werbung f\u00fcr Fahrkurse<\/td>\n<td><a href=\"https:\/\/artm-fr.ch\/wp-content\/uploads\/2016\/08\/1968-04-10-2432.pdf\"><i class=\"glyphicon glyphicon-folder-open\"><\/i><\/a><\/td>\n<\/tr>\n<tr>\n<td>1971<\/td>\n25. <td>Mai<\/td>\n<td>Kantonale Schiessresultate<\/td>\n<td><a href=\"https:\/\/artm-fr.ch\/wp-content\/uploads\/2016\/08\/1971-05-25-1524.pdf\"><i class=\"glyphicon glyphicon-folder-open\"><\/i><\/a><\/td>\n<\/tr>\n<tr>\n<td>1971<\/td>\n23<td>. August<\/td>\n<td>Gymkhana Broyard<\/td>\n<td><a href=\"https:\/\/artm-fr.ch\/wp-content\/uploads\/2016\/08\/1971-08-23-1324.pdf\"><i class=\"glyphicon glyphicon-folder-open\"><\/i><\/a><\/td>\n<\/tr>\n<tr>\n<td>1971<\/td>\n17. <td>Dezember<\/td>\n<td>Nikolaustag<\/td>\n<td><a href=\"https:\/\/artm-fr.ch\/wp-content\/uploads\/2016\/08\/1971-12-17-1932.pdf\"><i class=\"glyphicon glyphicon-folder-open\"><\/i><\/a><\/td>\n<\/tr>\n<tr>\n<td>1972<\/td>\n6<td>. Oktober<\/td>\n<td>Gymkhana (130 Teilnehmer!)<\/td>\n<td><a href=\"https:\/\/artm-fr.ch\/wp-content\/uploads\/2016\/08\/1972-10-06-2140.pdf\"><i class=\"glyphicon glyphicon-folder-open\"><\/i><\/a><\/td>\n<\/tr>\n<tr>\n<td>1972<\/td>\n14. <td>Oktober<\/td>\n<td>26. Rallye romand<\/td>\n<td><a href=\"https:\/\/artm-fr.ch\/wp-content\/uploads\/2016\/08\/1972-10-14-2148.pdf\"><i class=\"glyphicon glyphicon-folder-open\"><\/i><\/a><\/td>\n<\/tr>\n<tr>\n<td>1976<\/td>\n18. <td>August<\/td>\n<td>Kantonale Schiessresultate<\/td>\n<td><a href=\"https:\/\/artm-fr.ch\/wp-content\/uploads\/2016\/08\/1976-08-18-1320.pdf\"><i class=\"glyphicon glyphicon-folder-open\"><\/i><\/a><\/td>\n<\/tr>\n<tr>\n<td>1977<\/td>\n2. <td>Juli<\/td>\n<td>Gymkhana Broyard<\/td>\n<td><a href=\"https:\/\/artm-fr.ch\/wp-content\/uploads\/2016\/08\/1977-07-02-9-32.pdf\"><i class=\"glyphicon glyphicon-folder-open\"><\/i><\/a><\/td>\n<\/tr>\n<tr>\n<td>1979<\/td>\n6<td>. Juni<\/td>\n<td>33. Rallye romand<\/td>\n<td><a href=\"https:\/\/artm-fr.ch\/wp-content\/uploads\/2016\/08\/1979-06-06-21-40.pdf\"><i class=\"glyphicon glyphicon-folder-open\"><\/i><\/a><\/td>\n<\/tr>\n<tr>\n<td>1979<\/td>\n13. <td>Juni<\/td>\n<td>33. Rallye romand<\/td>\n<td><a href=\"https:\/\/artm-fr.ch\/wp-content\/uploads\/2016\/08\/1979-06-13-21-32.pdf\"><i class=\"glyphicon glyphicon-folder-open\"><\/i><\/a><\/td>\n<\/tr>\n<tr>\n<td>1979<\/td>\n22<td>. August<\/td>\n<td>Kantonales Schiessen<\/td>\n<td><a href=\"https:\/\/artm-fr.ch\/wp-content\/uploads\/2016\/08\/1979-08-22-17-24.pdf\"><i class=\"glyphicon glyphicon-folder-open\"><\/i><\/a><\/td>\n<\/tr>\n<tr>\n<td>1979<\/td>\n12. <td>Dezember<\/td>\n<td>Selbstwinde-Unterricht in Vesin<\/td>\n<td><a href=\"https:\/\/artm-fr.ch\/wp-content\/uploads\/2016\/08\/1979-12-12-23-32.pdf\"><i class=\"glyphicon glyphicon-folder-open\"><\/i><\/a><\/td>\n<\/tr>\n<tr>\n<td>1980<\/td>\n12. <td>Juni<\/td>\n<td>Gymkhana<\/td>\n<td><a href=\"https:\/\/artm-fr.ch\/wp-content\/uploads\/2016\/08\/1980-06-12-13-32.pdf\"><i class=\"glyphicon glyphicon-folder-open\"><\/i><\/a><\/td>\n<\/tr>\n<tr>\n<td>1980<\/td>\n26<td>. Juni<\/td>\n<td>5. Saane Safari<\/td>\n<td><a href=\"https:\/\/artm-fr.ch\/wp-content\/uploads\/2016\/08\/1980-06-26-13-32.pdf\"><i class=\"glyphicon glyphicon-folder-open\"><\/i><\/a><\/td>\n<\/tr>\n<tr>\n<td>1981<\/td>\n25<td>. Juni<\/td>\n<td>6. Saane Safari<\/td>\n<td><a href=\"https:\/\/artm-fr.ch\/wp-content\/uploads\/2016\/08\/1981-06-25-19-48.pdf\"><i class=\"glyphicon glyphicon-folder-open\"><\/i><\/a><\/td>\n<\/tr>\n<tr>\n<td>1982<\/td>\n9<td>. November<\/td>\n<td>Kollektive Fahrschule (Fachrichtung Frauen)<\/td>\n<td><a href=\"https:\/\/artm-fr.ch\/wp-content\/uploads\/2016\/08\/1982-11-09-11-32.pdf\"><i class=\"glyphicon glyphicon-folder-open\"><\/i><\/a><\/td>\n<\/tr>\n<tr>\n<td>1983<\/td>\n<td>18. Mai<\/td>\n<td>8. Saane Safari<\/td>\n<td><a href=\"https:\/\/artm-fr.ch\/wp-content\/uploads\/2016\/08\/1983-05-18-14-36.pdf\"><i class=\"glyphicon glyphicon-folder-open\"><\/i><\/a><\/td>\n<\/tr>\n<tr>\n<td>1985<\/td>\n20. <td>Mai<\/td>\n<td>10. Saanen-Safari<\/td>\n<td><a href=\"https:\/\/artm-fr.ch\/wp-content\/uploads\/2016\/08\/1985-05-20-11-32.pdf\"><i class=\"glyphicon glyphicon-folder-open\"><\/i><\/a><\/td>\n<\/tr>\n<tr>\n<td>1985<\/td>\n12. <td>November<\/td>\n<td>Kollektive Fahrschule<\/td>\n<td><a href=\"https:\/\/artm-fr.ch\/wp-content\/uploads\/2016\/08\/1985-11-12-13-32.pdf\"><i class=\"glyphicon glyphicon-folder-open\"><\/i><\/a><\/td>\n<\/tr>\n<tr>\n<td>1987<\/td>\n6<td>. Juni<\/td>\n<td>Swiss Rally Ergebnisse (78 Teams!)<\/td>\n<td><a href=\"https:\/\/artm-fr.ch\/wp-content\/uploads\/2016\/08\/1987-06-06-17-48.pdf\"><i class=\"glyphicon glyphicon-folder-open\"><\/i><\/a><\/td>\n<\/tr>\n<tr>\n<td>1987<\/td>\n<td>19<\/td>\n. September<td>26. ARTM-Einf\u00fchrung<\/td>\n<td><a href=\"https:\/\/artm-fr.ch\/wp-content\/uploads\/2016\/08\/1987-09-19-17-48.pdf\"><i class=\"glyphicon glyphicon-folder-open\"><\/i><\/a><\/td>\n<\/tr>\n<tr>\n<td>1991<\/td>\n17. <td>Juni<\/td>\n<td>700 Jahre Lake District, mit Hilfe der ARTM<\/td>\n<td><a href=\"https:\/\/artm-fr.ch\/wp-content\/uploads\/2016\/08\/1991-06-17-17-40.pdf\"><i class=\"glyphicon glyphicon-folder-open\"><\/i><\/a><\/td>\n<\/tr>\n<tr>\n<td>1993<\/td>\n23. <td>Februar<\/td>\n<td>Erratum ARTM Fribourg<\/td>\n<td><a href=\"https:\/\/artm-fr.ch\/wp-content\/uploads\/2016\/08\/1993-02-23-11-32.pdf\"><i class=\"glyphicon glyphicon-folder-open\"><\/i><\/a><\/td>\n<\/tr>\n<tr>\n<td>1993<\/td>\n11. <td>Juni<\/td>\n<td>FSSTM-Montage in Estavayer-le-Lac<\/td>\n<td><a href=\"https:\/\/artm-fr.ch\/wp-content\/uploads\/2016\/08\/1993-06-11-21-44.pdf\"><i class=\"glyphicon glyphicon-folder-open\"><\/i><\/a><\/td>\n<\/tr>\n<tr>\n<td>1993<\/td>\n29<td>. November<\/td>\n<td>In Memoriam in Estavayer-le-Lac<\/td>\n<td><a href=\"https:\/\/artm-fr.ch\/wp-content\/uploads\/2016\/08\/1993-11-29-19-40.pdf\"><i class=\"glyphicon glyphicon-folder-open\"><\/i><\/a><\/td>\n<\/tr>\n<tr>\n<td>1996<\/td>\n3<td>. Juni<\/td>\n<td>50-j\u00e4hriges Jubil\u00e4um der ARTM in Bulle<\/td>\n<td><a href=\"https:\/\/artm-fr.ch\/wp-content\/uploads\/2016\/08\/1996-06-03-13-32.pdf\"><i class=\"glyphicon glyphicon-folder-open\"><\/i><\/a><\/td>\n<\/tr>\n<\/tbody>\n<\/table>\n<h3 style=\"text-align: center;\">Artikel zu den Unterabschnitten<\/h3>\n<table class=\"tg\">\n<tbody>\n<tr>\n<th>Jahr<\/th>\n<th>Datum<\/th>\n<th>Unterabschnitt<\/th>\n<th>Betreff<\/th>\n<th>Verbinden<\/th>\n<\/tr>\n<tr>\n<td>1977<\/td>\n<td>20. Januar<\/td>\n<td>Broye<\/td>\n<td>Mitgliederversammlung<\/td>\n<td><a href=\"https:\/\/artm-fr.ch\/wp-content\/uploads\/2016\/08\/1977-01-20-19-28.pdf\"><i class=\"glyphicon glyphicon-folder-open\"><\/i><\/a><\/td>\n<\/tr>\n<tr>\n<td>1977<\/td>\n<td>2. Februar<\/td>\n<td>Broye<\/td>\n<td>Zusammensetzung des Komitees<\/td>\n<td><a href=\"https:\/\/artm-fr.ch\/wp-content\/uploads\/2016\/08\/1977-02-02-17-28.pdf\"><i class=\"glyphicon glyphicon-folder-open\"><\/i><\/a><\/td>\n<\/tr>\n<tr>\n<td>1978<\/td>\n<td>10. Januar<\/td>\n<td>Broye<\/td>\n<td>Mitgliederversammlung<\/td>\n<td><a href=\"https:\/\/artm-fr.ch\/wp-content\/uploads\/2016\/08\/1978-01-10-17-24.pdf\"><i class=\"glyphicon glyphicon-folder-open\"><\/i><\/a><\/td>\n<\/tr>\n<tr>\n<td>1979<\/td>\n<td>7. Februar<\/td>\n<td>Saane<\/td>\n<td>8. Mitgliederversammlung<\/td>\n<td><a href=\"https:\/\/artm-fr.ch\/wp-content\/uploads\/2016\/08\/1979-02-07-19-28.pdf\"><i class=\"glyphicon glyphicon-folder-open\"><\/i><\/a><\/td>\n<\/tr>\n<tr>\n<td>1979<\/td>\n<td>16. Februar<\/td>\n<td>Broye<\/td>\n<td>Mitgliederversammlung<\/td>\n<td><a href=\"https:\/\/artm-fr.ch\/wp-content\/uploads\/2016\/08\/1979-02-16-23-32.pdf\"><i class=\"glyphicon glyphicon-folder-open\"><\/i><\/a><\/td>\n<\/tr>\n<tr>\n<td>1980<\/td>\n<td>4. Februar<\/td>\n<td>Broye<\/td>\n<td>Mitgliederversammlung<\/td>\n<td><a href=\"https:\/\/artm-fr.ch\/wp-content\/uploads\/2016\/08\/1980-02-04-17-28.pdf\"><i class=\"glyphicon glyphicon-folder-open\"><\/i><\/a><\/td>\n<\/tr>\n<tr>\n<td>1981<\/td>\n<td>26. Januar<\/td>\n<td>See<\/td>\n<td>Mitgliederversammlung<\/td>\n<td><a href=\"https:\/\/artm-fr.ch\/wp-content\/uploads\/2016\/08\/1981-01-26-18-36.pdf\"><i class=\"glyphicon glyphicon-folder-open\"><\/i><\/a><\/td>\n<\/tr>\n<tr>\n<td>1981<\/td>\n<td>21. M\u00e4rz<\/td>\n<td>Saane<\/td>\n<td>10. Mitgliederversammlung<\/td>\n<td><a href=\"https:\/\/artm-fr.ch\/wp-content\/uploads\/2016\/08\/1981-03-21-17-40.pdf\"><i class=\"glyphicon glyphicon-folder-open\"><\/i><\/a><\/td>\n<\/tr>\n<tr>\n<td>1981<\/td>\n<td>23. M\u00e4rz<\/td>\n<td>Saane<\/td>\n<td>10. Mitgliederversammlung<\/td>\n<td><a href=\"https:\/\/artm-fr.ch\/wp-content\/uploads\/2016\/08\/1981-03-23-18-36.pdf\"><i class=\"glyphicon glyphicon-folder-open\"><\/i><\/a><\/td>\n<\/tr>\n<tr>\n<td>1982<\/td>\n<td>12. Februar<\/td>\n<td>See<\/td>\n<td>Mitgliederversammlung<\/td>\n<td><a href=\"https:\/\/artm-fr.ch\/wp-content\/uploads\/2016\/08\/1982-02-12-17-40.pdf\"><i class=\"glyphicon glyphicon-folder-open\"><\/i><\/a><\/td>\n<\/tr>\n<tr>\n<td>1982<\/td>\n<td>1. Oktober<\/td>\n<td>Broye<\/td>\n<td>Sondersitzung<\/td>\n<td><a href=\"https:\/\/artm-fr.ch\/wp-content\/uploads\/2016\/08\/1982-10-01-17-44.pdf\"><i class=\"glyphicon glyphicon-folder-open\"><\/i><\/a><\/td>\n<\/tr>\n<tr>\n<td>1983<\/td>\n<td>21. M\u00e4rz<\/td>\n<td>Gl\u00e2ne<\/td>\n<td>Taufe der Fahne<\/td>\n<td><a href=\"https:\/\/artm-fr.ch\/wp-content\/uploads\/2016\/08\/1983-03-21-14-28.pdf\"><i class=\"glyphicon glyphicon-folder-open\"><\/i><\/a><\/td>\n<\/tr>\n<tr>\n<td>1983<\/td>\n<td>24. Juni<\/td>\n<td>Broye<\/td>\n<td>25 Jahre, Fahnentaufe<\/td>\n<td><a href=\"https:\/\/artm-fr.ch\/wp-content\/uploads\/2016\/08\/1983-06-24-19-44.pdf\"><i class=\"glyphicon glyphicon-folder-open\"><\/i><\/a><\/td>\n<\/tr>\n<tr>\n<td>1983<\/td>\n<td>27. Juni<\/td>\n<td>Broye<\/td>\n<td>25 Jahre, Fahnentaufe<\/td>\n<td><a href=\"https:\/\/artm-fr.ch\/wp-content\/uploads\/2016\/08\/1983-06-27-11-28.pdf\"><i class=\"glyphicon glyphicon-folder-open\"><\/i><\/a><\/td>\n<\/tr>\n<tr>\n<td>1986<\/td>\n<td>21. Januar<\/td>\n<td>Broye<\/td>\n<td>Mitgliederversammlung<\/td>\n<td><a href=\"https:\/\/artm-fr.ch\/wp-content\/uploads\/2016\/08\/1986-01-21-11-28.pdf\"><i class=\"glyphicon glyphicon-folder-open\"><\/i><\/a><\/td>\n<\/tr>\n<tr>\n<td>1986<\/td>\n<td>10. Juni<\/td>\n<td>Gruy\u00e8re\/Veveyse<\/td>\n<td>40 Jahre, Generalversammlung<\/td>\n<td><a href=\"https:\/\/artm-fr.ch\/wp-content\/uploads\/2016\/08\/1986-06-10-12-32.pdf\"><i class=\"glyphicon glyphicon-folder-open\"><\/i><\/a><\/td>\n<\/tr>\n<tr>\n<td>1987<\/td>\n<td>19. Januar<\/td>\n<td>Broye<\/td>\n<td>Mitgliederversammlung<\/td>\n<td><a href=\"https:\/\/artm-fr.ch\/wp-content\/uploads\/2016\/08\/1987-01-19-16-32.pdf\"><i class=\"glyphicon glyphicon-folder-open\"><\/i><\/a><\/td>\n<\/tr>\n<tr>\n<td>1987<\/td>\n<td>9. Februar<\/td>\n<td>See<\/td>\n<td>Mitgliederversammlung<\/td>\n<td><a href=\"https:\/\/artm-fr.ch\/wp-content\/uploads\/2016\/08\/1987-02-09-11-36.pdf\"><i class=\"glyphicon glyphicon-folder-open\"><\/i><\/a><\/td>\n<\/tr>\n<tr>\n<td>1990<\/td>\n<td>5. Februar<\/td>\n<td>See<\/td>\n<td>Mitgliederversammlung<\/td>\n<td><a href=\"https:\/\/artm-fr.ch\/wp-content\/uploads\/2016\/08\/1990-02-05-17-40.pdf\"><i class=\"glyphicon glyphicon-folder-open\"><\/i><\/a><\/td>\n<\/tr>\n<tr>\n<td>1991<\/td>\n<td>21. Januar<\/td>\n<td>Broye<\/td>\n<td>Mitgliederversammlung<\/td>\n<td><a href=\"https:\/\/artm-fr.ch\/wp-content\/uploads\/2016\/08\/1991-01-21-17-40.pdf\"><i class=\"glyphicon glyphicon-folder-open\"><\/i><\/a><\/td>\n<\/tr>\n<tr>\n<td>1992<\/td>\n<td>10. M\u00e4rz<\/td>\n<td>See<\/td>\n<td>Mitgliederversammlung<\/td>\n<td><a href=\"https:\/\/artm-fr.ch\/wp-content\/uploads\/2016\/08\/1992-03-10-13-44.pdf\"><i class=\"glyphicon glyphicon-folder-open\"><\/i><\/a><\/td>\n<\/tr>\n<tr>\n<td>1993<\/td>\n<td>27. Januar<\/td>\n<td>Broye<\/td>\n<td>Erratum Generalversammlung (Artikel der Generalversammlung fehlt)<\/td>\n<td><a href=\"https:\/\/artm-fr.ch\/wp-content\/uploads\/2016\/08\/1993-01-27-19-40.pdf\"><i class=\"glyphicon glyphicon-folder-open\"><\/i><\/a><\/td>\n<\/tr>\n<tr>\n<td>1993<\/td>\n<td>10. Februar<\/td>\n<td>See<\/td>\n<td>Mitgliederversammlung<\/td>\n<td><a href=\"https:\/\/artm-fr.ch\/wp-content\/uploads\/2016\/08\/1993-02-10-19-40.pdf\"><i class=\"glyphicon glyphicon-folder-open\"><\/i><\/a><\/td>\n<\/tr>\n<tr>\n<td>1994<\/td>\n<td>9. Februar<\/td>\n<td>See<\/td>\n<td>Mitgliederversammlung<\/td>\n<td><a href=\"https:\/\/artm-fr.ch\/wp-content\/uploads\/2016\/08\/1994-02-09-17-36.pdf\"><i class=\"glyphicon glyphicon-folder-open\"><\/i><\/a><\/td>\n<\/tr>\n<tr>\n<td>1995<\/td>\n<td>1. Februar<\/td>\n<td>Broye<\/td>\n<td>Mitgliederversammlung<\/td>\n<td><a href=\"https:\/\/artm-fr.ch\/wp-content\/uploads\/2016\/08\/1995-02-01-19-40.pdf\"><i class=\"glyphicon glyphicon-folder-open\"><\/i><\/a><\/td>\n<\/tr>\n<tr>\n<td>1995<\/td>\n<td>7. Februar<\/td>\n<td>See<\/td>\n<td>Mitgliederversammlung<\/td>\n<td><a href=\"https:\/\/artm-fr.ch\/wp-content\/uploads\/2016\/08\/1995-02-07-17-36.pdf\"><i class=\"glyphicon glyphicon-folder-open\"><\/i><\/a><\/td>\n<\/tr>\n<tr>\n<td>1997<\/td>\n<td>10. M\u00e4rz<\/td>\n<td>See<\/td>\n<td>Mitgliederversammlung<\/td>\n<td><a href=\"https:\/\/artm-fr.ch\/wp-content\/uploads\/2016\/08\/1997-03-10-16-32.pdf\"><i class=\"glyphicon glyphicon-folder-open\"><\/i><\/a><\/td>\n<\/tr>\n<tr>\n<td>1998<\/td>\n<td>11. M\u00e4rz<\/td>\n<td>See<\/td>\n<td>Mitgliederversammlung<\/td>\n<td><a href=\"https:\/\/artm-fr.ch\/wp-content\/uploads\/2016\/08\/1998-03-11-22-48.pdf\"><i class=\"glyphicon glyphicon-folder-open\"><\/i><\/a><\/td>\n<\/tr>\n<\/tbody>\n<\/table>\n        <\/div>    <\/div><\/div><div class=\"panel panel-default\">    <div class=\"panel-heading\" role=\"tab\" id=\"heading_citem_9b32-8e6e\">        <h4 class=\"panel-title\"><a class=\"accordion-toggle collapsed\" data-toggle=\"collapse\" aria-controls=\"heading_citem_9b32-8e6e\" data-parent=\"#collapse_dbb0-4e05\" href=\"#citem_9b32-8e6e\">Artikel in L'Express<\/a>        <\/h4>    <\/div>    <div id=\"citem_9b32-8e6e\" class=\"panel-collapse collapse \" role=\"tabpanel\" aria-labelledby=\"heading_citem_9b32-8e6e\">        <div class=\"panel-body\">\nHier finden Sie Artikel \u00fcber unseren Verein, die in &#8222;L&#8217;Express&#8220; ver\u00f6ffentlicht wurden. Diese Dokumente sind dem <a href=\"http:\/\/doc.rero.ch\/\">RERO DOC entnommen.<\/a> \n\n<a href=\"https:\/\/artm-fr.ch\/histoire\/attachment\/1990\/\" rel=\"attachment wp-att-2537\"><img loading=\"lazy\" decoding=\"async\" class=\"size-full wp-image-2537 aligncenter\" src=\"https:\/\/artm-fr.ch\/wp-content\/uploads\/2016\/08\/1990.png\" alt=\"\" width=\"490\" height=\"121\" srcset=\"https:\/\/artm-fr.ch\/wp-content\/uploads\/2016\/08\/1990.png 490w, https:\/\/artm-fr.ch\/wp-content\/uploads\/2016\/08\/1990-300x74.png 300w\" sizes=\"auto, (max-width: 490px) 100vw, 490px\" \/><\/a>\n<table class=\"tg\">\n<tbody>\n<tr>\n<th>Jahr<\/th>\n<th>Datum<\/th>\n<th>Betreff<\/th>\n<th>Verbinden<\/th>\n<\/tr>\n<tr>\n<td>1986<\/td>\n3<td>. Mai<\/td>\n<td>50 Jahre<\/td>\n<td><a href=\"https:\/\/artm-fr.ch\/wp-content\/uploads\/2016\/08\/1986-05-03-1032.pdf\"><i class=\"glyphicon glyphicon-folder-open\"><\/i><\/a><\/td>\n<\/tr>\n<tr>\n<td>1987<\/td>\n6<td>. Februar<\/td>\n<td>50 Jahre<\/td>\n<td><a href=\"https:\/\/artm-fr.ch\/wp-content\/uploads\/2016\/08\/1987-02-06-1330.pdf\"><i class=\"glyphicon glyphicon-folder-open\"><\/i><\/a><\/td>\n<\/tr>\n<tr>\n<td>1987<\/td>\n<td>11. September<\/td>\n<td>26. Schuss in der Westschweiz<\/td>\n<td><a href=\"https:\/\/artm-fr.ch\/wp-content\/uploads\/2016\/08\/1987-09-11-1736.pdf\"><i class=\"glyphicon glyphicon-folder-open\"><\/i><\/a><\/td>\n<\/tr>\n<tr>\n<td>1990<\/td>\n5<td>. Februar<\/td>\n<td>Mitgliederversammlung<\/td>\n<td><a href=\"https:\/\/artm-fr.ch\/wp-content\/uploads\/2016\/08\/1990-02-05-940.pdf\"><i class=\"glyphicon glyphicon-folder-open\"><\/i><\/a><\/td>\n<\/tr>\n<tr>\n<td>1990<\/td>\n6<td>. April<\/td>\n<td>Mitgliederversammlung<\/td>\n<td><a href=\"https:\/\/artm-fr.ch\/wp-content\/uploads\/2016\/08\/1990-04-06-956.pdf\"><i class=\"glyphicon glyphicon-folder-open\"><\/i><\/a><\/td>\n<\/tr>\n<tr>\n<td>1990<\/td>\n9<td>. April<\/td>\n<td>Neuer Pr\u00e4sident<\/td>\n<td><a href=\"https:\/\/artm-fr.ch\/wp-content\/uploads\/2016\/08\/1990-04-09-1140.pdf\"><i class=\"glyphicon glyphicon-folder-open\"><\/i><\/a><\/td>\n<\/tr>\n<\/tbody>\n<\/table>\n        <\/div>    <\/div><\/div><div class=\"panel panel-default\">    <div class=\"panel-heading\" role=\"tab\" id=\"heading_citem_0ar4-5f96\">        <h4 class=\"panel-title\"><a class=\"accordion-toggle collapsed\" data-toggle=\"collapse\" aria-controls=\"heading_citem_0ar4-5f96\" data-parent=\"#collapse_52a0-b2da\" href=\"#citem_0ar4-5f96\">Artikel in Le R\u00e9publicain<\/a>        <\/h4>    <\/div>    <div id=\"citem_0ar4-5f96\" class=\"panel-collapse collapse \" role=\"tabpanel\" aria-labelledby=\"heading_citem_0ar4-5f96\">        <div class=\"panel-body\">\n\n<span style=\"color: #333333;\">Hier finden Sie Artikel \u00fcber unseren Verein, die in &#8222;Le R\u00e9publicain&#8220; ver\u00f6ffentlicht wurden\n<table class=\"tg\">\n<tbody>\n<tr>\n<th>Jahr<\/th>\n<th>Datum<\/th>\n<th>Betreff<\/th>\n<th>Verbinden<\/th>\n<\/tr>\n<tr>\n<td>2003<\/td>\n16. <td>Oktober<\/td>\n<td>Gymkhana de la Broye<\/td>\n<td><a href=\"https:\/\/artm-fr.ch\/wp-content\/uploads\/2019\/05\/66511991-C8AD-4552-9A67-C8E33080B48C.jpeg\"><i class=\"glyphicon glyphicon-folder-open\"><\/i><\/a><\/td>\n<\/tr>\n<\/tbody>\n<\/table>\n        <\/span><\/div>    <\/div><\/div><div class=\"panel panel-default\">    <div class=\"panel-heading\" role=\"tab\" id=\"heading_citem_a2ff-e302\">        <h4 class=\"panel-title\"><a class=\"accordion-toggle collapsed\" data-toggle=\"collapse\" aria-controls=\"heading_citem_a2ff-e302\" data-parent=\"#collapse_dbb0-4e05\" href=\"#citem_a2ff-e302\">Bibliographie<\/a>        <\/h4>    <\/div>    <div id=\"citem_a2ff-e302\" class=\"panel-collapse collapse \" role=\"tabpanel\" aria-labelledby=\"heading_citem_a2ff-e302\">        <div class=\"panel-body\">\n<ul>\n \t<li>ARTM Fribourg (1986). <em>50 Jahre ARTM, 1936-1986<\/em>. <span dir=\"ltr\">Estavayer-le-Lac: ARTM-FR, [A. Bachmann]. <\/span> <span dir=\"ltr\">110 S. : Abb. ; 21 cm. Erh\u00e4ltlich in <a href=\"http:\/\/permalink.snl.ch\/bib\/sz001081890\">Papier<\/a>, <a href=\"https:\/\/issuu.com\/arnoos\/docs\/50ans_raccourci\">elektronisch<\/a>    <\/span><\/li>\n \t<li>AMMV (1996). <em>50 Jahre VSMMV,<\/em> <em>1946-1996: Jubil\u00e4umsschrift.<\/em> Aarau: [AMMV, Aargauischer Milit\u00e4r-Motorfahrer-Verband]. 39 S. : Abb. ; 21cm. Erh\u00e4ltlich in <a href=\"http:\/\/permalink.snl.ch\/bib\/sz001167841\">Papierversion<\/a>. <a href=\"https:\/\/artm-fr.ch\/wp-content\/uploads\/2016\/08\/50ansFSSTM.pdf\">Auszug pdf (S.28 bis 38).<\/a>    <\/li>\n \t<li>Bauer, M. (1996). <em>Transporttruppen 1907-1995: Der Motorverkehr in der Schweizer Armee: Eine Dokumentation<\/em>. Bern: [Bundesamt f\u00fcr Transporttruppen]. 151 S. : Abb. ; 30 cm. Erh\u00e4ltlich in <a href=\"http:\/\/www.helveticat.ch\/lib\/item?id=chamo:1139513&#038;locale=fr_CH\">Papier<\/a>, <a href=\"https:\/\/issuu.com\/arnoos\/docs\/livre_troupes\">elektronisch<\/a>      <\/li>\n \t<li>Hofmann, M. (2015). <em>Fahrzeuge der Schweizer Armee<\/em>. Thun: Verein <span class=\"searchword\">Schweizer<\/span> Armeemuseum VSAM. 303 S. : Abb. ; 28cm. ISBN: 9783033050389. Erh\u00e4ltlich in <a href=\"http:\/\/www.alexandria.ch\/primo_library\/libweb\/action\/display.do?frbrVersion=3&#038;tabs=requestTab&#038;ct=display&#038;fn=search&#038;doc=BIG_ALMA21338715670001791&#038;indx=1&#038;recIds=BIG_ALMA21338715670001791&#038;recIdxs=0&#038;elementId=0&#038;renderMode=poppedOut&#038;displayMode=full&#038;frbrVersion=3&#038;vl(6804762UI0)=any&#038;frbg=&#038;vl(943352262UI1)=all_items&#038;&#038;dscnt=0&#038;scp.scps=scope%3A%28BIG_ALMA%29%2Cscope%3A%28the+unique+value+in+the+PNX%29&#038;vid=ALEX&#038;mode=Basic&#038;srt=rank&#038;tab=default_tab&#038;dum=true&#038;vl(freeText0)=Fahrzeuge%20der%20Schweizer%20Armee&#038;dstmp=1492271424757\">Papierversion<\/a>.      <\/li>\n \t<li>Schlumberger, A. (2005). <em>Geschichte der motorisierten leichten Truppen der Schweizer Armee 1936-1951 ohne Motorradfirmen<\/em>. Bottmingen: [A. Schlumberger]. Bl.: Abb.; 30 cm. Erh\u00e4ltlich in <a href=\"http:\/\/permalink.snl.ch\/bib\/sz001564169\">Papierversion<\/a>.     <\/li>\n \t<li>Schweizer Armee; Hofmann, M. (2016). <em>Sammlung historische Armeefahrzeuge : Anh\u00e4nger und Aggregate<\/em>. Bern: BBL, Verkauf Bundespublikationen. 136 S. : Abb. ; 28 cm. ISBN: 9783906211060. Erh\u00e4ltlich in <a href=\"http:\/\/www.alexandria.ch\/primo_library\/libweb\/action\/display.do?tabs=requestTab&#038;ct=display&#038;fn=search&#038;doc=BIG_ALMA21344658960001791&#038;indx=1&#038;recIds=BIG_ALMA21344658960001791&#038;recIdxs=0&#038;elementId=0&#038;renderMode=poppedOut&#038;displayMode=full&#038;frbrVersion=&#038;vl(6804762UI0)=any&#038;frbg=&#038;vl(943352262UI1)=all_items&#038;&#038;dscnt=0&#038;scp.scps=scope%3A%28BIG_ALMA%29%2Cscope%3A%28the+unique+value+in+the+PNX%29&#038;vid=ALEX&#038;mode=Basic&#038;srt=rank&#038;tab=default_tab&#038;dum=true&#038;vl(freeText0)=Anh%C3%A4nger%20und%20Aggregate&#038;dstmp=1492271690050\">Papierversion<\/a>.      <\/li>\n<\/ul>\n        <\/div>    <\/div><\/div>\n<\/div>\n<\/span>\n<p class=\"wp-block-paragraph\"><\/p>\n<p><\/p>\n","protected":false},"excerpt":{"rendered":"<p>Vorwort 1936 pr\u00e4sentierte der deutsche Hersteller Mercedes auf der Berliner Automobilausstellung das erste Auto mit Dieselmotor, w\u00e4hrend Adolf Hitler im nieders\u00e4chsischen Fallersleben das Werk einweihte, in dem &#8222;der&#8220; Volkswagen (K\u00e4fer) hergestellt werden sollte. Doch am 15. November versammelten sich in Freiburg rund f\u00fcnfzig Milit\u00e4rfahrer um die Herren Georges Bise, Auguste Millasson, Pierre Auderset, Fr\u00e9dy Baumann, Gaston und Paul Pythoud sowie Michel Schneider und gr\u00fcndeten auch die kantonale Sektion der Association romande des troupes motoris\u00e9es. 80 Jahre&#8230;<\/p>\n","protected":false},"author":2,"featured_media":10020,"parent":0,"menu_order":0,"comment_status":"closed","ping_status":"closed","template":"","meta":{"footnotes":""},"class_list":["post-2867","page","type-page","status-publish","has-post-thumbnail","hentry"],"_links":{"self":[{"href":"https:\/\/artm-fr.ch\/de\/wp-json\/wp\/v2\/pages\/2867","targetHints":{"allow":["GET"]}}],"collection":[{"href":"https:\/\/artm-fr.ch\/de\/wp-json\/wp\/v2\/pages"}],"about":[{"href":"https:\/\/artm-fr.ch\/de\/wp-json\/wp\/v2\/types\/page"}],"author":[{"embeddable":true,"href":"https:\/\/artm-fr.ch\/de\/wp-json\/wp\/v2\/users\/2"}],"replies":[{"embeddable":true,"href":"https:\/\/artm-fr.ch\/de\/wp-json\/wp\/v2\/comments?post=2867"}],"version-history":[{"count":8,"href":"https:\/\/artm-fr.ch\/de\/wp-json\/wp\/v2\/pages\/2867\/revisions"}],"predecessor-version":[{"id":19369,"href":"https:\/\/artm-fr.ch\/de\/wp-json\/wp\/v2\/pages\/2867\/revisions\/19369"}],"wp:featuredmedia":[{"embeddable":true,"href":"https:\/\/artm-fr.ch\/de\/wp-json\/wp\/v2\/media\/10020"}],"wp:attachment":[{"href":"https:\/\/artm-fr.ch\/de\/wp-json\/wp\/v2\/media?parent=2867"}],"curies":[{"name":"wp","href":"https:\/\/api.w.org\/{rel}","templated":true}]}}