{"id":3051,"date":"2017-02-28T19:27:31","date_gmt":"2017-02-28T18:27:31","guid":{"rendered":"https:\/\/artm-fr.ch\/statuts\/"},"modified":"2024-03-21T14:32:04","modified_gmt":"2024-03-21T13:32:04","slug":"statuts","status":"publish","type":"page","link":"https:\/\/artm-fr.ch\/de\/statuts\/","title":{"rendered":"Statuten"},"content":{"rendered":"\n<p class=\"wp-block-paragraph\">An der 80. Generalversammlung vom 25. M\u00e4rz 2017 in Gruy\u00e8res hat die ARTM Fribourg ihre Statuten \u00fcberarbeitet und damit einen Wendepunkt in ihrer Geschichte markiert. Diese Entwicklung zeigt die Bereitschaft des Verbandes, proaktiv voranzukommen und sich an zuk\u00fcnftige Herausforderungen anzupassen.<\/p>\n\n<p class=\"wp-block-paragraph\"><a href=\"https:\/\/artm-fr.ch\/wp-content\/uploads\/2017\/02\/Statuts-2017.pdf\">Statuten 2017<\/a><\/p>\n","protected":false},"excerpt":{"rendered":"<p>An der 80. Generalversammlung vom 25. M\u00e4rz 2017 in Gruy\u00e8res hat die ARTM Fribourg ihre Statuten \u00fcberarbeitet und damit einen Wendepunkt in ihrer Geschichte markiert. Diese Entwicklung zeigt die Bereitschaft des Verbandes, proaktiv voranzukommen und sich an zuk\u00fcnftige Herausforderungen anzupassen. Statuten 2017<\/p>\n","protected":false},"author":2,"featured_media":0,"parent":0,"menu_order":0,"comment_status":"closed","ping_status":"closed","template":"","meta":{"footnotes":""},"class_list":["post-3051","page","type-page","status-publish","hentry"],"_links":{"self":[{"href":"https:\/\/artm-fr.ch\/de\/wp-json\/wp\/v2\/pages\/3051","targetHints":{"allow":["GET"]}}],"collection":[{"href":"https:\/\/artm-fr.ch\/de\/wp-json\/wp\/v2\/pages"}],"about":[{"href":"https:\/\/artm-fr.ch\/de\/wp-json\/wp\/v2\/types\/page"}],"author":[{"embeddable":true,"href":"https:\/\/artm-fr.ch\/de\/wp-json\/wp\/v2\/users\/2"}],"replies":[{"embeddable":true,"href":"https:\/\/artm-fr.ch\/de\/wp-json\/wp\/v2\/comments?post=3051"}],"version-history":[{"count":7,"href":"https:\/\/artm-fr.ch\/de\/wp-json\/wp\/v2\/pages\/3051\/revisions"}],"predecessor-version":[{"id":18327,"href":"https:\/\/artm-fr.ch\/de\/wp-json\/wp\/v2\/pages\/3051\/revisions\/18327"}],"wp:attachment":[{"href":"https:\/\/artm-fr.ch\/de\/wp-json\/wp\/v2\/media?parent=3051"}],"curies":[{"name":"wp","href":"https:\/\/api.w.org\/{rel}","templated":true}]}}