{"id":652,"date":"1941-01-01T00:00:24","date_gmt":"1940-12-31T23:00:24","guid":{"rendered":"http:\/\/sh68065.ophelia.kreativmedia.ch\/?page_id=652"},"modified":"2021-10-12T10:34:11","modified_gmt":"2021-10-12T08:34:11","slug":"galerie-photo","status":"publish","type":"page","link":"https:\/\/artm-fr.ch\/de\/galerie-photo\/","title":{"rendered":"Fotogalerie"},"content":{"rendered":"\n<p class=\"wp-block-paragraph\">Auf den Wettbewerbsseiten sind die Fotos unterhalb der Ranglisten zu sehen. Wir w\u00fcnschen Ihnen einen sch\u00f6nen Besuch!<\/p>\n\n<p class=\"wp-block-paragraph\">Z\u00f6gern Sie nicht, uns Ihre Fotos zu schicken, um unsere Galerie zu vervollst\u00e4ndigen!<\/p>\n\n<h2 class=\"wp-block-heading\">Ereignisse<\/h2>\n<div class=\"pt-cv-wrapper\"><div class=\"pt-cv-view pt-cv-grid pt-cv-colsys\" id=\"pt-cv-view-c596bcf3q0\"><div data-id=\"pt-cv-page-1\" class=\"pt-cv-page\" data-cvc=\"5\"><div class=\"col-md-2 col-sm-4 col-xs-12 pt-cv-content-item pt-cv-1-col\" ><div class='pt-cv-ifield'><a href=\"https:\/\/artm-fr.ch\/de\/smmft-2022\/\" class=\"_self pt-cv-href-thumbnail pt-cv-thumb-default\" target=\"_self\" ><img loading=\"lazy\" decoding=\"async\" width=\"150\" height=\"150\" src=\"https:\/\/artm-fr.ch\/wp-content\/uploads\/2022\/12\/P1090015-150x150.jpg\" class=\"pt-cv-thumbnail\" alt=\"\" srcset=\"https:\/\/artm-fr.ch\/wp-content\/uploads\/2022\/12\/P1090015-150x150.jpg 150w, https:\/\/artm-fr.ch\/wp-content\/uploads\/2022\/12\/P1090015-60x60.jpg 60w\" sizes=\"auto, (max-width: 150px) 100vw, 150px\" \/><\/a>\n<h4 class=\"pt-cv-title\"><a href=\"https:\/\/artm-fr.ch\/de\/smmft-2022\/\" class=\"_self\" target=\"_self\" >SMMFT 2022<\/a><\/h4><\/div><\/div>\n<div class=\"col-md-2 col-sm-4 col-xs-12 pt-cv-content-item pt-cv-1-col\" ><div class='pt-cv-ifield'><a href=\"https:\/\/artm-fr.ch\/de\/training-fuer-die-swiss-rally-2022\/\" class=\"_self pt-cv-href-thumbnail pt-cv-thumb-default\" target=\"_self\" ><img loading=\"lazy\" decoding=\"async\" width=\"150\" height=\"150\" src=\"https:\/\/artm-fr.ch\/wp-content\/uploads\/2022\/04\/Prep_RCH22_017-150x150.jpeg\" class=\"pt-cv-thumbnail\" alt=\"\" srcset=\"https:\/\/artm-fr.ch\/wp-content\/uploads\/2022\/04\/Prep_RCH22_017-150x150.jpeg 150w, https:\/\/artm-fr.ch\/wp-content\/uploads\/2022\/04\/Prep_RCH22_017-60x60.jpeg 60w\" sizes=\"auto, (max-width: 150px) 100vw, 150px\" \/><\/a>\n<h4 class=\"pt-cv-title\"><a href=\"https:\/\/artm-fr.ch\/de\/training-fuer-die-swiss-rally-2022\/\" class=\"_self\" target=\"_self\" >Vorbereitung Schweizermeisterschaft 2022<\/a><\/h4><\/div><\/div>\n<div class=\"col-md-2 col-sm-4 col-xs-12 pt-cv-content-item pt-cv-1-col\" ><div class='pt-cv-ifield'><a href=\"https:\/\/artm-fr.ch\/de\/virtuelle-rallye-corona-2020\/\" class=\"_self pt-cv-href-thumbnail pt-cv-thumb-default\" target=\"_self\" ><img loading=\"lazy\" decoding=\"async\" width=\"150\" height=\"150\" src=\"https:\/\/artm-fr.ch\/wp-content\/uploads\/2020\/04\/IMG_0450-150x150.jpeg\" class=\"pt-cv-thumbnail\" alt=\"\" srcset=\"https:\/\/artm-fr.ch\/wp-content\/uploads\/2020\/04\/IMG_0450-150x150.jpeg 150w, https:\/\/artm-fr.ch\/wp-content\/uploads\/2020\/04\/IMG_0450-60x60.jpeg 60w\" sizes=\"auto, (max-width: 150px) 100vw, 150px\" \/><\/a>\n<h4 class=\"pt-cv-title\"><a href=\"https:\/\/artm-fr.ch\/de\/virtuelle-rallye-corona-2020\/\" class=\"_self\" target=\"_self\" >Virtuelle Rallye &#8222;Corona 2020&#8220;<\/a><\/h4><\/div><\/div>\n<div class=\"col-md-2 col-sm-4 col-xs-12 pt-cv-content-item pt-cv-1-col\" ><div class='pt-cv-ifield'><a href=\"https:\/\/artm-fr.ch\/de\/walisser-rallye-2019\/\" class=\"_self pt-cv-href-thumbnail pt-cv-thumb-default\" target=\"_self\" ><img loading=\"lazy\" decoding=\"async\" width=\"150\" height=\"150\" src=\"https:\/\/artm-fr.ch\/wp-content\/uploads\/2019\/09\/cropped-IMG_7845-1-150x150.jpeg\" class=\"pt-cv-thumbnail\" alt=\"\" srcset=\"https:\/\/artm-fr.ch\/wp-content\/uploads\/2019\/09\/cropped-IMG_7845-1-150x150.jpeg 150w, https:\/\/artm-fr.ch\/wp-content\/uploads\/2019\/09\/cropped-IMG_7845-1-60x60.jpeg 60w\" sizes=\"auto, (max-width: 150px) 100vw, 150px\" \/><\/a>\n<h4 class=\"pt-cv-title\"><a href=\"https:\/\/artm-fr.ch\/de\/walisser-rallye-2019\/\" class=\"_self\" target=\"_self\" >Walisser Rallye 2019<\/a><\/h4><\/div><\/div>\n<div class=\"col-md-4 col-sm-4 col-xs-12 pt-cv-content-item pt-cv-1-col\" ><div class='pt-cv-ifield'><a href=\"https:\/\/artm-fr.ch\/de\/freiburger-rallye-2019\/\" class=\"_self pt-cv-href-thumbnail pt-cv-thumb-default\" target=\"_self\" ><img loading=\"lazy\" decoding=\"async\" width=\"150\" height=\"150\" src=\"https:\/\/artm-fr.ch\/wp-content\/uploads\/2019\/05\/cropped-CE179EA0-F9FA-47AE-AEA7-2B833097CC69-150x150.jpeg\" class=\"pt-cv-thumbnail\" alt=\"\" srcset=\"https:\/\/artm-fr.ch\/wp-content\/uploads\/2019\/05\/cropped-CE179EA0-F9FA-47AE-AEA7-2B833097CC69-150x150.jpeg 150w, https:\/\/artm-fr.ch\/wp-content\/uploads\/2019\/05\/cropped-CE179EA0-F9FA-47AE-AEA7-2B833097CC69-60x60.jpeg 60w\" sizes=\"auto, (max-width: 150px) 100vw, 150px\" \/><\/a>\n<h4 class=\"pt-cv-title\"><a href=\"https:\/\/artm-fr.ch\/de\/freiburger-rallye-2019\/\" class=\"_self\" target=\"_self\" >Freiburger Rallye 2019<\/a><\/h4><\/div><\/div>\n<div class=\"col-md-2 col-sm-4 col-xs-12 pt-cv-content-item pt-cv-1-col\" ><div class='pt-cv-ifield'><a href=\"https:\/\/artm-fr.ch\/de\/fahrschule-1-2019\/\" class=\"_self pt-cv-href-thumbnail pt-cv-thumb-default\" target=\"_self\" ><img loading=\"lazy\" decoding=\"async\" width=\"150\" height=\"150\" src=\"https:\/\/artm-fr.ch\/wp-content\/uploads\/2019\/03\/PHOTO-2019-03-09-21-27-09-1-150x150.jpg\" class=\"pt-cv-thumbnail\" alt=\"\" srcset=\"https:\/\/artm-fr.ch\/wp-content\/uploads\/2019\/03\/PHOTO-2019-03-09-21-27-09-1-150x150.jpg 150w, https:\/\/artm-fr.ch\/wp-content\/uploads\/2019\/03\/PHOTO-2019-03-09-21-27-09-1-60x60.jpg 60w\" sizes=\"auto, (max-width: 150px) 100vw, 150px\" \/><\/a>\n<h4 class=\"pt-cv-title\"><a href=\"https:\/\/artm-fr.ch\/de\/fahrschule-1-2019\/\" class=\"_self\" target=\"_self\" >Fahrschule 1 2019<\/a><\/h4><\/div><\/div>\n<div class=\"col-md-2 col-sm-4 col-xs-12 pt-cv-content-item pt-cv-1-col\" ><div class='pt-cv-ifield'><a href=\"https:\/\/artm-fr.ch\/de\/rallye-suisse-2018\/\" class=\"_self pt-cv-href-thumbnail pt-cv-thumb-default\" target=\"_self\" ><img loading=\"lazy\" decoding=\"async\" width=\"150\" height=\"150\" src=\"https:\/\/artm-fr.ch\/wp-content\/uploads\/2018\/09\/IMG_5403-150x150.jpg\" class=\"pt-cv-thumbnail\" alt=\"\" srcset=\"https:\/\/artm-fr.ch\/wp-content\/uploads\/2018\/09\/IMG_5403-150x150.jpg 150w, https:\/\/artm-fr.ch\/wp-content\/uploads\/2018\/09\/IMG_5403-60x60.jpg 60w\" sizes=\"auto, (max-width: 150px) 100vw, 150px\" \/><\/a>\n<h4 class=\"pt-cv-title\"><a href=\"https:\/\/artm-fr.ch\/de\/rallye-suisse-2018\/\" class=\"_self\" target=\"_self\" >Rallye suisse 2018<\/a><\/h4><\/div><\/div>\n<div class=\"col-md-2 col-sm-4 col-xs-12 pt-cv-content-item pt-cv-1-col\" ><div class='pt-cv-ifield'><a href=\"https:\/\/artm-fr.ch\/de\/rallye-fribourgeois-2018\/\" class=\"_self pt-cv-href-thumbnail pt-cv-thumb-default\" target=\"_self\" ><img loading=\"lazy\" decoding=\"async\" width=\"150\" height=\"150\" src=\"https:\/\/artm-fr.ch\/wp-content\/uploads\/2018\/05\/Rallye18_0001-150x150.jpg\" class=\"pt-cv-thumbnail\" alt=\"\" srcset=\"https:\/\/artm-fr.ch\/wp-content\/uploads\/2018\/05\/Rallye18_0001-150x150.jpg 150w, https:\/\/artm-fr.ch\/wp-content\/uploads\/2018\/05\/Rallye18_0001-60x60.jpg 60w\" sizes=\"auto, (max-width: 150px) 100vw, 150px\" \/><\/a>\n<h4 class=\"pt-cv-title\"><a href=\"https:\/\/artm-fr.ch\/de\/rallye-fribourgeois-2018\/\" class=\"_self\" target=\"_self\" >Rallye fribourgeois 2018<\/a><\/h4><\/div><\/div>\n<div class=\"col-md-2 col-sm-4 col-xs-12 pt-cv-content-item pt-cv-1-col\" ><div class='pt-cv-ifield'><a href=\"https:\/\/artm-fr.ch\/de\/sommermeisterschaften-2017-der-armee\/\" class=\"_self pt-cv-href-thumbnail pt-cv-thumb-default\" target=\"_self\" ><img loading=\"lazy\" decoding=\"async\" width=\"150\" height=\"150\" src=\"https:\/\/artm-fr.ch\/wp-content\/uploads\/2017\/09\/IMG_2262-150x150.jpg\" class=\"pt-cv-thumbnail\" alt=\"\" srcset=\"https:\/\/artm-fr.ch\/wp-content\/uploads\/2017\/09\/IMG_2262-150x150.jpg 150w, https:\/\/artm-fr.ch\/wp-content\/uploads\/2017\/09\/IMG_2262-60x60.jpg 60w\" sizes=\"auto, (max-width: 150px) 100vw, 150px\" \/><\/a>\n<h4 class=\"pt-cv-title\"><a href=\"https:\/\/artm-fr.ch\/de\/sommermeisterschaften-2017-der-armee\/\" class=\"_self\" target=\"_self\" >Sommermeisterschaften 2017 der Armee<\/a><\/h4><\/div><\/div>\n<div class=\"col-md-4 col-sm-4 col-xs-12 pt-cv-content-item pt-cv-1-col\" ><div class='pt-cv-ifield'><a href=\"https:\/\/artm-fr.ch\/de\/rallye-valaisan-2017\/\" class=\"_self pt-cv-href-thumbnail pt-cv-thumb-default\" target=\"_self\" ><img loading=\"lazy\" decoding=\"async\" width=\"150\" height=\"150\" src=\"https:\/\/artm-fr.ch\/wp-content\/uploads\/2017\/08\/IMG_7819-150x150.jpg\" class=\"pt-cv-thumbnail\" alt=\"\" srcset=\"https:\/\/artm-fr.ch\/wp-content\/uploads\/2017\/08\/IMG_7819-150x150.jpg 150w, https:\/\/artm-fr.ch\/wp-content\/uploads\/2017\/08\/IMG_7819-60x60.jpg 60w\" sizes=\"auto, (max-width: 150px) 100vw, 150px\" \/><\/a>\n<h4 class=\"pt-cv-title\"><a href=\"https:\/\/artm-fr.ch\/de\/rallye-valaisan-2017\/\" class=\"_self\" target=\"_self\" >Rallye valaisan 2017<\/a><\/h4><\/div><\/div>\n<div class=\"col-md-2 col-sm-4 col-xs-12 pt-cv-content-item pt-cv-1-col\" ><div class='pt-cv-ifield'><a href=\"https:\/\/artm-fr.ch\/de\/rallye-romand-2017\/\" class=\"_self pt-cv-href-thumbnail pt-cv-thumb-default\" target=\"_self\" ><img loading=\"lazy\" decoding=\"async\" width=\"150\" height=\"150\" src=\"https:\/\/artm-fr.ch\/wp-content\/uploads\/2017\/05\/IMG_8981_2-150x150.jpg\" class=\"pt-cv-thumbnail\" alt=\"\" srcset=\"https:\/\/artm-fr.ch\/wp-content\/uploads\/2017\/05\/IMG_8981_2-150x150.jpg 150w, https:\/\/artm-fr.ch\/wp-content\/uploads\/2017\/05\/IMG_8981_2-60x60.jpg 60w\" sizes=\"auto, (max-width: 150px) 100vw, 150px\" \/><\/a>\n<h4 class=\"pt-cv-title\"><a href=\"https:\/\/artm-fr.ch\/de\/rallye-romand-2017\/\" class=\"_self\" target=\"_self\" >Rallye romand 2017<\/a><\/h4><\/div><\/div>\n<div class=\"col-md-2 col-sm-4 col-xs-12 pt-cv-content-item pt-cv-1-col\" ><div class='pt-cv-ifield'><a href=\"https:\/\/artm-fr.ch\/de\/rallye-mwk-probus-2016\/\" class=\"_self pt-cv-href-thumbnail pt-cv-thumb-default\" target=\"_self\" ><img loading=\"lazy\" decoding=\"async\" width=\"150\" height=\"150\" src=\"https:\/\/artm-fr.ch\/wp-content\/uploads\/2016\/11\/2016_1112_1134_34_MWK_Kloten_GMMZ-150x150.jpg\" class=\"pt-cv-thumbnail\" alt=\"\" srcset=\"https:\/\/artm-fr.ch\/wp-content\/uploads\/2016\/11\/2016_1112_1134_34_MWK_Kloten_GMMZ-150x150.jpg 150w, https:\/\/artm-fr.ch\/wp-content\/uploads\/2016\/11\/2016_1112_1134_34_MWK_Kloten_GMMZ-60x60.jpg 60w\" sizes=\"auto, (max-width: 150px) 100vw, 150px\" \/><\/a>\n<h4 class=\"pt-cv-title\"><a href=\"https:\/\/artm-fr.ch\/de\/rallye-mwk-probus-2016\/\" class=\"_self\" target=\"_self\" >Rallye MWK PROBUS 2016<\/a><\/h4><\/div><\/div>\n<div class=\"col-md-2 col-sm-4 col-xs-12 pt-cv-content-item pt-cv-1-col\" ><div class='pt-cv-ifield'><a href=\"https:\/\/artm-fr.ch\/de\/gymkhana-fribourgeois-2016\/\" class=\"_self pt-cv-href-thumbnail pt-cv-thumb-default\" target=\"_self\" ><img loading=\"lazy\" decoding=\"async\" width=\"150\" height=\"150\" src=\"https:\/\/artm-fr.ch\/wp-content\/uploads\/2016\/06\/wsi-imageoptim-res_DSC06031_2-e1429537215685-150x150.jpg\" class=\"pt-cv-thumbnail\" alt=\"\" srcset=\"https:\/\/artm-fr.ch\/wp-content\/uploads\/2016\/06\/wsi-imageoptim-res_DSC06031_2-e1429537215685-150x150.jpg 150w, https:\/\/artm-fr.ch\/wp-content\/uploads\/2016\/06\/wsi-imageoptim-res_DSC06031_2-e1429537215685-60x60.jpg 60w\" sizes=\"auto, (max-width: 150px) 100vw, 150px\" \/><\/a>\n<h4 class=\"pt-cv-title\"><a href=\"https:\/\/artm-fr.ch\/de\/gymkhana-fribourgeois-2016\/\" class=\"_self\" target=\"_self\" >Gymkhana fribourgeois 2016<\/a><\/h4><\/div><\/div>\n<div class=\"col-md-2 col-sm-4 col-xs-12 pt-cv-content-item pt-cv-1-col\" ><div class='pt-cv-ifield'><a href=\"https:\/\/artm-fr.ch\/de\/fahrschule-2-2016\/\" class=\"_self pt-cv-href-thumbnail pt-cv-thumb-default\" target=\"_self\" ><img loading=\"lazy\" decoding=\"async\" width=\"150\" height=\"150\" src=\"https:\/\/artm-fr.ch\/wp-content\/uploads\/2018\/12\/20160812_4-150x150.jpg\" class=\"pt-cv-thumbnail\" alt=\"\" srcset=\"https:\/\/artm-fr.ch\/wp-content\/uploads\/2018\/12\/20160812_4-150x150.jpg 150w, https:\/\/artm-fr.ch\/wp-content\/uploads\/2018\/12\/20160812_4-60x60.jpg 60w\" sizes=\"auto, (max-width: 150px) 100vw, 150px\" \/><\/a>\n<h4 class=\"pt-cv-title\"><a href=\"https:\/\/artm-fr.ch\/de\/fahrschule-2-2016\/\" class=\"_self\" target=\"_self\" >Fahrschule 2 2016<\/a><\/h4><\/div><\/div>\n<div class=\"col-md-4 col-sm-4 col-xs-12 pt-cv-content-item pt-cv-1-col\" ><div class='pt-cv-ifield'><a href=\"https:\/\/artm-fr.ch\/de\/fahrschule-1-2016\/\" class=\"_self pt-cv-href-thumbnail pt-cv-thumb-default\" target=\"_self\" ><img loading=\"lazy\" decoding=\"async\" width=\"150\" height=\"150\" src=\"https:\/\/artm-fr.ch\/wp-content\/uploads\/2018\/12\/20160319_10-150x150.jpg\" class=\"pt-cv-thumbnail\" alt=\"\" srcset=\"https:\/\/artm-fr.ch\/wp-content\/uploads\/2018\/12\/20160319_10-150x150.jpg 150w, https:\/\/artm-fr.ch\/wp-content\/uploads\/2018\/12\/20160319_10-60x60.jpg 60w\" sizes=\"auto, (max-width: 150px) 100vw, 150px\" \/><\/a>\n<h4 class=\"pt-cv-title\"><a href=\"https:\/\/artm-fr.ch\/de\/fahrschule-1-2016\/\" class=\"_self\" target=\"_self\" >Fahrschule 1 2016<\/a><\/h4><\/div><\/div>\n<div class=\"col-md-2 col-sm-4 col-xs-12 pt-cv-content-item pt-cv-1-col\" ><div class='pt-cv-ifield'><a href=\"https:\/\/artm-fr.ch\/de\/rallye-fribourgeois-2015\/\" class=\"_self pt-cv-href-thumbnail pt-cv-thumb-default\" target=\"_self\" ><img loading=\"lazy\" decoding=\"async\" width=\"150\" height=\"150\" src=\"https:\/\/artm-fr.ch\/wp-content\/uploads\/2016\/06\/wsi-imageoptim-IMG_1308-150x150.jpg\" class=\"pt-cv-thumbnail\" alt=\"\" srcset=\"https:\/\/artm-fr.ch\/wp-content\/uploads\/2016\/06\/wsi-imageoptim-IMG_1308-150x150.jpg 150w, https:\/\/artm-fr.ch\/wp-content\/uploads\/2016\/06\/wsi-imageoptim-IMG_1308-60x60.jpg 60w\" sizes=\"auto, (max-width: 150px) 100vw, 150px\" \/><\/a>\n<h4 class=\"pt-cv-title\"><a href=\"https:\/\/artm-fr.ch\/de\/rallye-fribourgeois-2015\/\" class=\"_self\" target=\"_self\" >Rallye fribourgeois 2015<\/a><\/h4><\/div><\/div>\n<div class=\"col-md-2 col-sm-4 col-xs-12 pt-cv-content-item pt-cv-1-col\" ><div class='pt-cv-ifield'><a href=\"https:\/\/artm-fr.ch\/de\/fahrschule-1-2015\/\" class=\"_self pt-cv-href-thumbnail pt-cv-thumb-default\" target=\"_self\" ><img loading=\"lazy\" decoding=\"async\" width=\"150\" height=\"150\" src=\"https:\/\/artm-fr.ch\/wp-content\/uploads\/2018\/12\/20150314_15-150x150.jpg\" class=\"pt-cv-thumbnail\" alt=\"\" srcset=\"https:\/\/artm-fr.ch\/wp-content\/uploads\/2018\/12\/20150314_15-150x150.jpg 150w, https:\/\/artm-fr.ch\/wp-content\/uploads\/2018\/12\/20150314_15-60x60.jpg 60w\" sizes=\"auto, (max-width: 150px) 100vw, 150px\" \/><\/a>\n<h4 class=\"pt-cv-title\"><a href=\"https:\/\/artm-fr.ch\/de\/fahrschule-1-2015\/\" class=\"_self\" target=\"_self\" >Fahrschule 1 2015<\/a><\/h4><\/div><\/div>\n<div class=\"col-md-2 col-sm-4 col-xs-12 pt-cv-content-item pt-cv-1-col\" ><div class='pt-cv-ifield'><a href=\"https:\/\/artm-fr.ch\/de\/berggreis-2014\/\" class=\"_self pt-cv-href-thumbnail pt-cv-thumb-default\" target=\"_self\" ><img loading=\"lazy\" decoding=\"async\" width=\"150\" height=\"150\" src=\"https:\/\/artm-fr.ch\/wp-content\/uploads\/2018\/12\/20140719_35-150x150.jpg\" class=\"pt-cv-thumbnail\" alt=\"\" srcset=\"https:\/\/artm-fr.ch\/wp-content\/uploads\/2018\/12\/20140719_35-150x150.jpg 150w, https:\/\/artm-fr.ch\/wp-content\/uploads\/2018\/12\/20140719_35-60x60.jpg 60w\" sizes=\"auto, (max-width: 150px) 100vw, 150px\" \/><\/a>\n<h4 class=\"pt-cv-title\"><a href=\"https:\/\/artm-fr.ch\/de\/berggreis-2014\/\" class=\"_self\" target=\"_self\" >Berggreis 2014<\/a><\/h4><\/div><\/div>\n<div class=\"col-md-2 col-sm-4 col-xs-12 pt-cv-content-item pt-cv-1-col\" ><div class='pt-cv-ifield'><a href=\"https:\/\/artm-fr.ch\/de\/rallye-fribourgeois-2014\/\" class=\"_self pt-cv-href-thumbnail pt-cv-thumb-default\" target=\"_self\" ><img loading=\"lazy\" decoding=\"async\" width=\"150\" height=\"150\" src=\"https:\/\/artm-fr.ch\/wp-content\/uploads\/2016\/06\/wsi-imageoptim-RF14-150x150.jpg\" class=\"pt-cv-thumbnail\" alt=\"\" srcset=\"https:\/\/artm-fr.ch\/wp-content\/uploads\/2016\/06\/wsi-imageoptim-RF14-150x150.jpg 150w, https:\/\/artm-fr.ch\/wp-content\/uploads\/2016\/06\/wsi-imageoptim-RF14-60x60.jpg 60w\" sizes=\"auto, (max-width: 150px) 100vw, 150px\" \/><\/a>\n<h4 class=\"pt-cv-title\"><a href=\"https:\/\/artm-fr.ch\/de\/rallye-fribourgeois-2014\/\" class=\"_self\" target=\"_self\" >Rallye fribourgeois 2014<\/a><\/h4><\/div><\/div>\n<div class=\"col-md-4 col-sm-4 col-xs-12 pt-cv-content-item pt-cv-1-col\" ><div class='pt-cv-ifield'><a href=\"https:\/\/artm-fr.ch\/de\/fahrschule-2-2013\/\" class=\"_self pt-cv-href-thumbnail pt-cv-thumb-default\" target=\"_self\" ><img loading=\"lazy\" decoding=\"async\" width=\"150\" height=\"150\" src=\"https:\/\/artm-fr.ch\/wp-content\/uploads\/2018\/12\/20130817_18-150x150.jpg\" class=\"pt-cv-thumbnail\" alt=\"\" srcset=\"https:\/\/artm-fr.ch\/wp-content\/uploads\/2018\/12\/20130817_18-150x150.jpg 150w, https:\/\/artm-fr.ch\/wp-content\/uploads\/2018\/12\/20130817_18-60x60.jpg 60w\" sizes=\"auto, (max-width: 150px) 100vw, 150px\" \/><\/a>\n<h4 class=\"pt-cv-title\"><a href=\"https:\/\/artm-fr.ch\/de\/fahrschule-2-2013\/\" class=\"_self\" target=\"_self\" >Fahrschule 2 2013<\/a><\/h4><\/div><\/div>\n<div class=\"col-md-2 col-sm-4 col-xs-12 pt-cv-content-item pt-cv-1-col\" ><div class='pt-cv-ifield'><a href=\"https:\/\/artm-fr.ch\/de\/freiburger-gymkhana-2013\/\" class=\"_self pt-cv-href-thumbnail pt-cv-thumb-default\" target=\"_self\" ><img loading=\"lazy\" decoding=\"async\" width=\"150\" height=\"150\" src=\"https:\/\/artm-fr.ch\/wp-content\/uploads\/2016\/06\/wsi-imageoptim-IMG_4119-e1429537335406-150x150.jpg\" class=\"pt-cv-thumbnail\" alt=\"\" srcset=\"https:\/\/artm-fr.ch\/wp-content\/uploads\/2016\/06\/wsi-imageoptim-IMG_4119-e1429537335406-150x150.jpg 150w, https:\/\/artm-fr.ch\/wp-content\/uploads\/2016\/06\/wsi-imageoptim-IMG_4119-e1429537335406-60x60.jpg 60w\" sizes=\"auto, (max-width: 150px) 100vw, 150px\" \/><\/a>\n<h4 class=\"pt-cv-title\"><a href=\"https:\/\/artm-fr.ch\/de\/freiburger-gymkhana-2013\/\" class=\"_self\" target=\"_self\" >Freiburger Gymkhana 2013<\/a><\/h4><\/div><\/div>\n<div class=\"col-md-2 col-sm-4 col-xs-12 pt-cv-content-item pt-cv-1-col\" ><div class='pt-cv-ifield'><a href=\"https:\/\/artm-fr.ch\/de\/rallye-fribourgeois-2013\/\" class=\"_self pt-cv-href-thumbnail pt-cv-thumb-default\" target=\"_self\" ><img loading=\"lazy\" decoding=\"async\" width=\"150\" height=\"150\" src=\"https:\/\/artm-fr.ch\/wp-content\/uploads\/2016\/06\/wsi-imageoptim-RFR13_028-e1429537343908-150x150.jpg\" class=\"pt-cv-thumbnail\" alt=\"\" srcset=\"https:\/\/artm-fr.ch\/wp-content\/uploads\/2016\/06\/wsi-imageoptim-RFR13_028-e1429537343908-150x150.jpg 150w, https:\/\/artm-fr.ch\/wp-content\/uploads\/2016\/06\/wsi-imageoptim-RFR13_028-e1429537343908-60x60.jpg 60w\" sizes=\"auto, (max-width: 150px) 100vw, 150px\" \/><\/a>\n<h4 class=\"pt-cv-title\"><a href=\"https:\/\/artm-fr.ch\/de\/rallye-fribourgeois-2013\/\" class=\"_self\" target=\"_self\" >Rallye fribourgeois 2013<\/a><\/h4><\/div><\/div>\n<div class=\"col-md-2 col-sm-4 col-xs-12 pt-cv-content-item pt-cv-1-col\" ><div class='pt-cv-ifield'><a href=\"https:\/\/artm-fr.ch\/de\/fahrschule-2-2012\/\" class=\"_self pt-cv-href-thumbnail pt-cv-thumb-default\" target=\"_self\" ><img loading=\"lazy\" decoding=\"async\" width=\"150\" height=\"150\" src=\"https:\/\/artm-fr.ch\/wp-content\/uploads\/2018\/12\/20120817_49-150x150.jpg\" class=\"pt-cv-thumbnail\" alt=\"\" srcset=\"https:\/\/artm-fr.ch\/wp-content\/uploads\/2018\/12\/20120817_49-150x150.jpg 150w, https:\/\/artm-fr.ch\/wp-content\/uploads\/2018\/12\/20120817_49-60x60.jpg 60w\" sizes=\"auto, (max-width: 150px) 100vw, 150px\" \/><\/a>\n<h4 class=\"pt-cv-title\"><a href=\"https:\/\/artm-fr.ch\/de\/fahrschule-2-2012\/\" class=\"_self\" target=\"_self\" >Fahrschule 2 2012<\/a><\/h4><\/div><\/div>\n<div class=\"col-md-2 col-sm-4 col-xs-12 pt-cv-content-item pt-cv-1-col\" ><div class='pt-cv-ifield'><a href=\"https:\/\/artm-fr.ch\/de\/rallye-fribourgeois-2012\/\" class=\"_self pt-cv-href-thumbnail pt-cv-thumb-default\" target=\"_self\" ><img loading=\"lazy\" decoding=\"async\" width=\"150\" height=\"150\" src=\"https:\/\/artm-fr.ch\/wp-content\/uploads\/2016\/06\/wsi-imageoptim-IMG_2869-e1429537305458-150x150.jpg\" class=\"pt-cv-thumbnail\" alt=\"\" srcset=\"https:\/\/artm-fr.ch\/wp-content\/uploads\/2016\/06\/wsi-imageoptim-IMG_2869-e1429537305458-150x150.jpg 150w, https:\/\/artm-fr.ch\/wp-content\/uploads\/2016\/06\/wsi-imageoptim-IMG_2869-e1429537305458-60x60.jpg 60w\" sizes=\"auto, (max-width: 150px) 100vw, 150px\" \/><\/a>\n<h4 class=\"pt-cv-title\"><a href=\"https:\/\/artm-fr.ch\/de\/rallye-fribourgeois-2012\/\" class=\"_self\" target=\"_self\" >Rallye fribourgeois 2012<\/a><\/h4><\/div><\/div>\n<div class=\"col-md-4 col-sm-4 col-xs-12 pt-cv-content-item pt-cv-1-col\" ><div class='pt-cv-ifield'><a href=\"https:\/\/artm-fr.ch\/de\/75-generalversammlung\/\" class=\"_self pt-cv-href-thumbnail pt-cv-thumb-default\" target=\"_self\" ><img loading=\"lazy\" decoding=\"async\" width=\"150\" height=\"150\" src=\"https:\/\/artm-fr.ch\/wp-content\/uploads\/2018\/12\/20120331_32-150x150.jpg\" class=\"pt-cv-thumbnail\" alt=\"\" srcset=\"https:\/\/artm-fr.ch\/wp-content\/uploads\/2018\/12\/20120331_32-150x150.jpg 150w, https:\/\/artm-fr.ch\/wp-content\/uploads\/2018\/12\/20120331_32-60x60.jpg 60w\" sizes=\"auto, (max-width: 150px) 100vw, 150px\" \/><\/a>\n<h4 class=\"pt-cv-title\"><a href=\"https:\/\/artm-fr.ch\/de\/75-generalversammlung\/\" class=\"_self\" target=\"_self\" >75. Generalversammlung<\/a><\/h4><\/div><\/div>\n<div class=\"col-md-2 col-sm-4 col-xs-12 pt-cv-content-item pt-cv-1-col\" ><div class='pt-cv-ifield'><a href=\"https:\/\/artm-fr.ch\/de\/fahrschule-1-2012\/\" class=\"_self pt-cv-href-thumbnail pt-cv-thumb-default\" target=\"_self\" ><img loading=\"lazy\" decoding=\"async\" width=\"150\" height=\"150\" src=\"https:\/\/artm-fr.ch\/wp-content\/uploads\/2018\/12\/20120324_25-150x150.jpg\" class=\"pt-cv-thumbnail\" alt=\"\" srcset=\"https:\/\/artm-fr.ch\/wp-content\/uploads\/2018\/12\/20120324_25-150x150.jpg 150w, https:\/\/artm-fr.ch\/wp-content\/uploads\/2018\/12\/20120324_25-60x60.jpg 60w\" sizes=\"auto, (max-width: 150px) 100vw, 150px\" \/><\/a>\n<h4 class=\"pt-cv-title\"><a href=\"https:\/\/artm-fr.ch\/de\/fahrschule-1-2012\/\" class=\"_self\" target=\"_self\" >Fahrschule 1 2012<\/a><\/h4><\/div><\/div>\n<div class=\"col-md-2 col-sm-4 col-xs-12 pt-cv-content-item pt-cv-1-col\" ><div class='pt-cv-ifield'><a href=\"https:\/\/artm-fr.ch\/de\/fahrschule-1-2011\/\" class=\"_self pt-cv-href-thumbnail pt-cv-thumb-default\" target=\"_self\" ><img loading=\"lazy\" decoding=\"async\" width=\"150\" height=\"150\" src=\"https:\/\/artm-fr.ch\/wp-content\/uploads\/2018\/12\/20110819_13-150x150.jpg\" class=\"pt-cv-thumbnail\" alt=\"\" srcset=\"https:\/\/artm-fr.ch\/wp-content\/uploads\/2018\/12\/20110819_13-150x150.jpg 150w, https:\/\/artm-fr.ch\/wp-content\/uploads\/2018\/12\/20110819_13-60x60.jpg 60w\" sizes=\"auto, (max-width: 150px) 100vw, 150px\" \/><\/a>\n<h4 class=\"pt-cv-title\"><a href=\"https:\/\/artm-fr.ch\/de\/fahrschule-1-2011\/\" class=\"_self\" target=\"_self\" >Fahrschule 1 2011<\/a><\/h4><\/div><\/div>\n<div class=\"col-md-2 col-sm-4 col-xs-12 pt-cv-content-item pt-cv-1-col\" ><div class='pt-cv-ifield'><a href=\"https:\/\/artm-fr.ch\/de\/freiburger-rallye-2011\/\" class=\"_self pt-cv-href-thumbnail pt-cv-thumb-default\" target=\"_self\" ><img loading=\"lazy\" decoding=\"async\" width=\"150\" height=\"150\" src=\"https:\/\/artm-fr.ch\/wp-content\/uploads\/2016\/06\/wsi-imageoptim-res_0034-e1429537286891-150x150.jpg\" class=\"pt-cv-thumbnail\" alt=\"\" srcset=\"https:\/\/artm-fr.ch\/wp-content\/uploads\/2016\/06\/wsi-imageoptim-res_0034-e1429537286891-150x150.jpg 150w, https:\/\/artm-fr.ch\/wp-content\/uploads\/2016\/06\/wsi-imageoptim-res_0034-e1429537286891-60x60.jpg 60w\" sizes=\"auto, (max-width: 150px) 100vw, 150px\" \/><\/a>\n<h4 class=\"pt-cv-title\"><a href=\"https:\/\/artm-fr.ch\/de\/freiburger-rallye-2011\/\" class=\"_self\" target=\"_self\" >Freiburger Rallye 2011<\/a><\/h4><\/div><\/div>\n<div class=\"col-md-2 col-sm-4 col-xs-12 pt-cv-content-item pt-cv-1-col\" ><div class='pt-cv-ifield'><a href=\"https:\/\/artm-fr.ch\/de\/rallye-2010-2\/\" class=\"_self pt-cv-href-thumbnail pt-cv-thumb-default\" target=\"_self\" ><img loading=\"lazy\" decoding=\"async\" width=\"150\" height=\"150\" src=\"https:\/\/artm-fr.ch\/wp-content\/uploads\/2016\/06\/wsi-imageoptim-res_RVS10_002_2-e1429537276541-150x150.jpg\" class=\"pt-cv-thumbnail\" alt=\"\" srcset=\"https:\/\/artm-fr.ch\/wp-content\/uploads\/2016\/06\/wsi-imageoptim-res_RVS10_002_2-e1429537276541-150x150.jpg 150w, https:\/\/artm-fr.ch\/wp-content\/uploads\/2016\/06\/wsi-imageoptim-res_RVS10_002_2-e1429537276541-60x60.jpg 60w\" sizes=\"auto, (max-width: 150px) 100vw, 150px\" \/><\/a>\n<h4 class=\"pt-cv-title\"><a href=\"https:\/\/artm-fr.ch\/de\/rallye-2010-2\/\" class=\"_self\" target=\"_self\" >Rallye 2010<\/a><\/h4><\/div><\/div>\n<div class=\"col-md-4 col-sm-4 col-xs-12 pt-cv-content-item pt-cv-1-col\" ><div class='pt-cv-ifield'><a href=\"https:\/\/artm-fr.ch\/de\/berggreis-2010\/\" class=\"_self pt-cv-href-thumbnail pt-cv-thumb-default\" target=\"_self\" ><img loading=\"lazy\" decoding=\"async\" width=\"150\" height=\"150\" src=\"https:\/\/artm-fr.ch\/wp-content\/uploads\/2018\/12\/20100702_73-150x150.jpg\" class=\"pt-cv-thumbnail\" alt=\"\" srcset=\"https:\/\/artm-fr.ch\/wp-content\/uploads\/2018\/12\/20100702_73-150x150.jpg 150w, https:\/\/artm-fr.ch\/wp-content\/uploads\/2018\/12\/20100702_73-60x60.jpg 60w\" sizes=\"auto, (max-width: 150px) 100vw, 150px\" \/><\/a>\n<h4 class=\"pt-cv-title\"><a href=\"https:\/\/artm-fr.ch\/de\/berggreis-2010\/\" class=\"_self\" target=\"_self\" >Berggreis 2010<\/a><\/h4><\/div><\/div>\n<div class=\"col-md-2 col-sm-4 col-xs-12 pt-cv-content-item pt-cv-1-col\" ><div class='pt-cv-ifield'><a href=\"https:\/\/artm-fr.ch\/de\/freiburger-gymkhana-2010\/\" class=\"_self pt-cv-href-thumbnail pt-cv-thumb-default\" target=\"_self\" ><img loading=\"lazy\" decoding=\"async\" width=\"150\" height=\"150\" src=\"https:\/\/artm-fr.ch\/wp-content\/uploads\/2016\/06\/wsi-imageoptim-res_IMG_0251-e1429537265506-150x150.jpg\" class=\"pt-cv-thumbnail\" alt=\"\" srcset=\"https:\/\/artm-fr.ch\/wp-content\/uploads\/2016\/06\/wsi-imageoptim-res_IMG_0251-e1429537265506-150x150.jpg 150w, https:\/\/artm-fr.ch\/wp-content\/uploads\/2016\/06\/wsi-imageoptim-res_IMG_0251-e1429537265506-60x60.jpg 60w\" sizes=\"auto, (max-width: 150px) 100vw, 150px\" \/><\/a>\n<h4 class=\"pt-cv-title\"><a href=\"https:\/\/artm-fr.ch\/de\/freiburger-gymkhana-2010\/\" class=\"_self\" target=\"_self\" >Freiburger Gymkhana 2010<\/a><\/h4><\/div><\/div>\n<div class=\"col-md-2 col-sm-4 col-xs-12 pt-cv-content-item pt-cv-1-col\" ><div class='pt-cv-ifield'><a href=\"https:\/\/artm-fr.ch\/de\/freiburger-rallye-2010\/\" class=\"_self pt-cv-href-thumbnail pt-cv-thumb-default\" target=\"_self\" ><img loading=\"lazy\" decoding=\"async\" width=\"150\" height=\"150\" src=\"https:\/\/artm-fr.ch\/wp-content\/uploads\/2016\/06\/wsi-imageoptim-res_034_2-e1429537259471-150x150.jpg\" class=\"pt-cv-thumbnail\" alt=\"\" srcset=\"https:\/\/artm-fr.ch\/wp-content\/uploads\/2016\/06\/wsi-imageoptim-res_034_2-e1429537259471-150x150.jpg 150w, https:\/\/artm-fr.ch\/wp-content\/uploads\/2016\/06\/wsi-imageoptim-res_034_2-e1429537259471-60x60.jpg 60w\" sizes=\"auto, (max-width: 150px) 100vw, 150px\" \/><\/a>\n<h4 class=\"pt-cv-title\"><a href=\"https:\/\/artm-fr.ch\/de\/freiburger-rallye-2010\/\" class=\"_self\" target=\"_self\" >Freiburger Rallye 2010<\/a><\/h4><\/div><\/div>\n<div class=\"col-md-2 col-sm-4 col-xs-12 pt-cv-content-item pt-cv-1-col\" ><div class='pt-cv-ifield'><a href=\"https:\/\/artm-fr.ch\/de\/rallye-2009\/\" class=\"_self pt-cv-href-thumbnail pt-cv-thumb-default\" target=\"_self\" ><img loading=\"lazy\" decoding=\"async\" width=\"150\" height=\"150\" src=\"https:\/\/artm-fr.ch\/wp-content\/uploads\/2016\/06\/wsi-imageoptim-res_P1000133-e1429537193268-150x150.jpg\" class=\"pt-cv-thumbnail\" alt=\"\" srcset=\"https:\/\/artm-fr.ch\/wp-content\/uploads\/2016\/06\/wsi-imageoptim-res_P1000133-e1429537193268-150x150.jpg 150w, https:\/\/artm-fr.ch\/wp-content\/uploads\/2016\/06\/wsi-imageoptim-res_P1000133-e1429537193268-60x60.jpg 60w\" sizes=\"auto, (max-width: 150px) 100vw, 150px\" \/><\/a>\n<h4 class=\"pt-cv-title\"><a href=\"https:\/\/artm-fr.ch\/de\/rallye-2009\/\" class=\"_self\" target=\"_self\" >Rallye 2009<\/a><\/h4><\/div><\/div>\n<div class=\"col-md-2 col-sm-4 col-xs-12 pt-cv-content-item pt-cv-1-col\" ><div class='pt-cv-ifield'><a href=\"https:\/\/artm-fr.ch\/de\/freiburger-rallye-2009\/\" class=\"_self pt-cv-href-thumbnail pt-cv-thumb-default\" target=\"_self\" ><img loading=\"lazy\" decoding=\"async\" width=\"150\" height=\"150\" src=\"https:\/\/artm-fr.ch\/wp-content\/uploads\/2016\/06\/wsi-imageoptim-res_0067_2-e1429537200397-150x150.jpg\" class=\"pt-cv-thumbnail\" alt=\"\" srcset=\"https:\/\/artm-fr.ch\/wp-content\/uploads\/2016\/06\/wsi-imageoptim-res_0067_2-e1429537200397-150x150.jpg 150w, https:\/\/artm-fr.ch\/wp-content\/uploads\/2016\/06\/wsi-imageoptim-res_0067_2-e1429537200397-60x60.jpg 60w\" sizes=\"auto, (max-width: 150px) 100vw, 150px\" \/><\/a>\n<h4 class=\"pt-cv-title\"><a href=\"https:\/\/artm-fr.ch\/de\/freiburger-rallye-2009\/\" class=\"_self\" target=\"_self\" >Freiburger Rallye 2009<\/a><\/h4><\/div><\/div>\n<div class=\"col-md-4 col-sm-4 col-xs-12 pt-cv-content-item pt-cv-1-col\" ><div class='pt-cv-ifield'><a href=\"https:\/\/artm-fr.ch\/de\/rallye-2008-2\/\" class=\"_self pt-cv-href-thumbnail pt-cv-thumb-default\" target=\"_self\" ><\/a>\n<h4 class=\"pt-cv-title\"><a href=\"https:\/\/artm-fr.ch\/de\/rallye-2008-2\/\" class=\"_self\" target=\"_self\" >Rallye 2008<\/a><\/h4><\/div><\/div>\n<div class=\"col-md-2 col-sm-4 col-xs-12 pt-cv-content-item pt-cv-1-col\" ><div class='pt-cv-ifield'><a href=\"https:\/\/artm-fr.ch\/de\/fahrschule-2-2008\/\" class=\"_self pt-cv-href-thumbnail pt-cv-thumb-default\" target=\"_self\" ><img loading=\"lazy\" decoding=\"async\" width=\"150\" height=\"150\" src=\"https:\/\/artm-fr.ch\/wp-content\/uploads\/2018\/12\/20080717_3-150x150.jpg\" class=\"pt-cv-thumbnail\" alt=\"\" srcset=\"https:\/\/artm-fr.ch\/wp-content\/uploads\/2018\/12\/20080717_3-150x150.jpg 150w, https:\/\/artm-fr.ch\/wp-content\/uploads\/2018\/12\/20080717_3-60x60.jpg 60w\" sizes=\"auto, (max-width: 150px) 100vw, 150px\" \/><\/a>\n<h4 class=\"pt-cv-title\"><a href=\"https:\/\/artm-fr.ch\/de\/fahrschule-2-2008\/\" class=\"_self\" target=\"_self\" >Fahrschule 2 2008<\/a><\/h4><\/div><\/div>\n<div class=\"col-md-2 col-sm-4 col-xs-12 pt-cv-content-item pt-cv-1-col\" ><div class='pt-cv-ifield'><a href=\"https:\/\/artm-fr.ch\/de\/gymkhana-fribourgeois-2008\/\" class=\"_self pt-cv-href-thumbnail pt-cv-thumb-default\" target=\"_self\" ><img loading=\"lazy\" decoding=\"async\" width=\"150\" height=\"150\" src=\"https:\/\/artm-fr.ch\/wp-content\/uploads\/2016\/06\/wsi-imageoptim-res_DSC06031_2-e1429537215685-150x150.jpg\" class=\"pt-cv-thumbnail\" alt=\"\" srcset=\"https:\/\/artm-fr.ch\/wp-content\/uploads\/2016\/06\/wsi-imageoptim-res_DSC06031_2-e1429537215685-150x150.jpg 150w, https:\/\/artm-fr.ch\/wp-content\/uploads\/2016\/06\/wsi-imageoptim-res_DSC06031_2-e1429537215685-60x60.jpg 60w\" sizes=\"auto, (max-width: 150px) 100vw, 150px\" \/><\/a>\n<h4 class=\"pt-cv-title\"><a href=\"https:\/\/artm-fr.ch\/de\/gymkhana-fribourgeois-2008\/\" class=\"_self\" target=\"_self\" >Gymkhana fribourgeois 2008<\/a><\/h4><\/div><\/div>\n<div class=\"col-md-2 col-sm-4 col-xs-12 pt-cv-content-item pt-cv-1-col\" ><div class='pt-cv-ifield'><a href=\"https:\/\/artm-fr.ch\/de\/rallye-romand-2008\/\" class=\"_self pt-cv-href-thumbnail pt-cv-thumb-default\" target=\"_self\" ><img loading=\"lazy\" decoding=\"async\" width=\"150\" height=\"150\" src=\"https:\/\/artm-fr.ch\/wp-content\/uploads\/2016\/06\/wsi-imageoptim-res_RR08_0005-e1429537222808-150x150.jpg\" class=\"pt-cv-thumbnail\" alt=\"\" srcset=\"https:\/\/artm-fr.ch\/wp-content\/uploads\/2016\/06\/wsi-imageoptim-res_RR08_0005-e1429537222808-150x150.jpg 150w, https:\/\/artm-fr.ch\/wp-content\/uploads\/2016\/06\/wsi-imageoptim-res_RR08_0005-e1429537222808-60x60.jpg 60w\" sizes=\"auto, (max-width: 150px) 100vw, 150px\" \/><\/a>\n<h4 class=\"pt-cv-title\"><a href=\"https:\/\/artm-fr.ch\/de\/rallye-romand-2008\/\" class=\"_self\" target=\"_self\" >Rallye romand 2008<\/a><\/h4><\/div><\/div>\n<div class=\"col-md-2 col-sm-4 col-xs-12 pt-cv-content-item pt-cv-1-col\" ><div class='pt-cv-ifield'><a href=\"https:\/\/artm-fr.ch\/de\/karte-lesekurs-2008\/\" class=\"_self pt-cv-href-thumbnail pt-cv-thumb-default\" target=\"_self\" ><img loading=\"lazy\" decoding=\"async\" width=\"150\" height=\"150\" src=\"https:\/\/artm-fr.ch\/wp-content\/uploads\/2016\/06\/wsi-imageoptim-W_054-e1429537229253-150x150.jpg\" class=\"pt-cv-thumbnail\" alt=\"\" srcset=\"https:\/\/artm-fr.ch\/wp-content\/uploads\/2016\/06\/wsi-imageoptim-W_054-e1429537229253-150x150.jpg 150w, https:\/\/artm-fr.ch\/wp-content\/uploads\/2016\/06\/wsi-imageoptim-W_054-e1429537229253-60x60.jpg 60w\" sizes=\"auto, (max-width: 150px) 100vw, 150px\" \/><\/a>\n<h4 class=\"pt-cv-title\"><a href=\"https:\/\/artm-fr.ch\/de\/karte-lesekurs-2008\/\" class=\"_self\" target=\"_self\" >Karte Lesekurs 2008<\/a><\/h4><\/div><\/div>\n<div class=\"col-md-4 col-sm-4 col-xs-12 pt-cv-content-item pt-cv-1-col\" ><div class='pt-cv-ifield'><a href=\"https:\/\/artm-fr.ch\/de\/fahrtrainingskurs-2007\/\" class=\"_self pt-cv-href-thumbnail pt-cv-thumb-default\" target=\"_self\" ><img loading=\"lazy\" decoding=\"async\" width=\"150\" height=\"150\" src=\"https:\/\/artm-fr.ch\/wp-content\/uploads\/2018\/12\/20070922_30-150x150.jpg\" class=\"pt-cv-thumbnail\" alt=\"\" srcset=\"https:\/\/artm-fr.ch\/wp-content\/uploads\/2018\/12\/20070922_30-150x150.jpg 150w, https:\/\/artm-fr.ch\/wp-content\/uploads\/2018\/12\/20070922_30-60x60.jpg 60w\" sizes=\"auto, (max-width: 150px) 100vw, 150px\" \/><\/a>\n<h4 class=\"pt-cv-title\"><a href=\"https:\/\/artm-fr.ch\/de\/fahrtrainingskurs-2007\/\" class=\"_self\" target=\"_self\" >Fahrtrainingskurs 2007<\/a><\/h4><\/div><\/div>\n<div class=\"col-md-2 col-sm-4 col-xs-12 pt-cv-content-item pt-cv-1-col\" ><div class='pt-cv-ifield'><a href=\"https:\/\/artm-fr.ch\/de\/rallye-valaisan-2007\/\" class=\"_self pt-cv-href-thumbnail pt-cv-thumb-default\" target=\"_self\" ><img loading=\"lazy\" decoding=\"async\" width=\"150\" height=\"150\" src=\"https:\/\/artm-fr.ch\/wp-content\/uploads\/2016\/06\/wsi-imageoptim-res_IMG_0659-e1429537172138-150x150.jpg\" class=\"pt-cv-thumbnail\" alt=\"\" srcset=\"https:\/\/artm-fr.ch\/wp-content\/uploads\/2016\/06\/wsi-imageoptim-res_IMG_0659-e1429537172138-150x150.jpg 150w, https:\/\/artm-fr.ch\/wp-content\/uploads\/2016\/06\/wsi-imageoptim-res_IMG_0659-e1429537172138-60x60.jpg 60w\" sizes=\"auto, (max-width: 150px) 100vw, 150px\" \/><\/a>\n<h4 class=\"pt-cv-title\"><a href=\"https:\/\/artm-fr.ch\/de\/rallye-valaisan-2007\/\" class=\"_self\" target=\"_self\" >Rallye valaisan 2007<\/a><\/h4><\/div><\/div>\n<div class=\"col-md-2 col-sm-4 col-xs-12 pt-cv-content-item pt-cv-1-col\" ><div class='pt-cv-ifield'><a href=\"https:\/\/artm-fr.ch\/de\/berggreis-2007\/\" class=\"_self pt-cv-href-thumbnail pt-cv-thumb-default\" target=\"_self\" ><img loading=\"lazy\" decoding=\"async\" width=\"150\" height=\"150\" src=\"https:\/\/artm-fr.ch\/wp-content\/uploads\/2018\/12\/20070602_57-150x150.jpg\" class=\"pt-cv-thumbnail\" alt=\"\" srcset=\"https:\/\/artm-fr.ch\/wp-content\/uploads\/2018\/12\/20070602_57-150x150.jpg 150w, https:\/\/artm-fr.ch\/wp-content\/uploads\/2018\/12\/20070602_57-60x60.jpg 60w\" sizes=\"auto, (max-width: 150px) 100vw, 150px\" \/><\/a>\n<h4 class=\"pt-cv-title\"><a href=\"https:\/\/artm-fr.ch\/de\/berggreis-2007\/\" class=\"_self\" target=\"_self\" >Berggreis 2007<\/a><\/h4><\/div><\/div>\n<div class=\"col-md-2 col-sm-4 col-xs-12 pt-cv-content-item pt-cv-1-col\" ><div class='pt-cv-ifield'><a href=\"https:\/\/artm-fr.ch\/de\/freiburger-rallye-2007\/\" class=\"_self pt-cv-href-thumbnail pt-cv-thumb-default\" target=\"_self\" ><img loading=\"lazy\" decoding=\"async\" width=\"150\" height=\"150\" src=\"https:\/\/artm-fr.ch\/wp-content\/uploads\/2016\/06\/wsi-imageoptim-res_IMG_0214_2-e1429537179382-150x150.jpg\" class=\"pt-cv-thumbnail\" alt=\"\" srcset=\"https:\/\/artm-fr.ch\/wp-content\/uploads\/2016\/06\/wsi-imageoptim-res_IMG_0214_2-e1429537179382-150x150.jpg 150w, https:\/\/artm-fr.ch\/wp-content\/uploads\/2016\/06\/wsi-imageoptim-res_IMG_0214_2-e1429537179382-60x60.jpg 60w\" sizes=\"auto, (max-width: 150px) 100vw, 150px\" \/><\/a>\n<h4 class=\"pt-cv-title\"><a href=\"https:\/\/artm-fr.ch\/de\/freiburger-rallye-2007\/\" class=\"_self\" target=\"_self\" >Rallye Fribourg 2007<\/a><\/h4><\/div><\/div>\n<div class=\"col-md-2 col-sm-4 col-xs-12 pt-cv-content-item pt-cv-1-col\" ><div class='pt-cv-ifield'><a href=\"https:\/\/artm-fr.ch\/de\/rallye-2007\/\" class=\"_self pt-cv-href-thumbnail pt-cv-thumb-default\" target=\"_self\" ><img loading=\"lazy\" decoding=\"async\" width=\"150\" height=\"150\" src=\"https:\/\/artm-fr.ch\/wp-content\/uploads\/2016\/06\/wsi-imageoptim-Othmarsingen-150x150.png\" class=\"pt-cv-thumbnail\" alt=\"\" srcset=\"https:\/\/artm-fr.ch\/wp-content\/uploads\/2016\/06\/wsi-imageoptim-Othmarsingen-150x150.png 150w, https:\/\/artm-fr.ch\/wp-content\/uploads\/2016\/06\/wsi-imageoptim-Othmarsingen-60x60.png 60w\" sizes=\"auto, (max-width: 150px) 100vw, 150px\" \/><\/a>\n<h4 class=\"pt-cv-title\"><a href=\"https:\/\/artm-fr.ch\/de\/rallye-2007\/\" class=\"_self\" target=\"_self\" >Rallye 2007<\/a><\/h4><\/div><\/div>\n<div class=\"col-md-4 col-sm-4 col-xs-12 pt-cv-content-item pt-cv-1-col\" ><div class='pt-cv-ifield'><a href=\"https:\/\/artm-fr.ch\/de\/rallye-2006-2\/\" class=\"_self pt-cv-href-thumbnail pt-cv-thumb-default\" target=\"_self\" ><img loading=\"lazy\" decoding=\"async\" width=\"150\" height=\"150\" src=\"https:\/\/artm-fr.ch\/wp-content\/uploads\/2016\/06\/wsi-imageoptim-res_IMG_0035-e1429537155932-150x150.jpg\" class=\"pt-cv-thumbnail\" alt=\"\" srcset=\"https:\/\/artm-fr.ch\/wp-content\/uploads\/2016\/06\/wsi-imageoptim-res_IMG_0035-e1429537155932-150x150.jpg 150w, https:\/\/artm-fr.ch\/wp-content\/uploads\/2016\/06\/wsi-imageoptim-res_IMG_0035-e1429537155932-60x60.jpg 60w\" sizes=\"auto, (max-width: 150px) 100vw, 150px\" \/><\/a>\n<h4 class=\"pt-cv-title\"><a href=\"https:\/\/artm-fr.ch\/de\/rallye-2006-2\/\" class=\"_self\" target=\"_self\" >Rallye 2006<\/a><\/h4><\/div><\/div>\n<div class=\"col-md-2 col-sm-4 col-xs-12 pt-cv-content-item pt-cv-1-col\" ><div class='pt-cv-ifield'><a href=\"https:\/\/artm-fr.ch\/de\/cours-camion-2006\/\" class=\"_self pt-cv-href-thumbnail pt-cv-thumb-default\" target=\"_self\" ><img loading=\"lazy\" decoding=\"async\" width=\"150\" height=\"150\" src=\"https:\/\/artm-fr.ch\/wp-content\/uploads\/2018\/12\/20060902a_14-150x150.jpg\" class=\"pt-cv-thumbnail\" alt=\"\" srcset=\"https:\/\/artm-fr.ch\/wp-content\/uploads\/2018\/12\/20060902a_14-150x150.jpg 150w, https:\/\/artm-fr.ch\/wp-content\/uploads\/2018\/12\/20060902a_14-60x60.jpg 60w\" sizes=\"auto, (max-width: 150px) 100vw, 150px\" \/><\/a>\n<h4 class=\"pt-cv-title\"><a href=\"https:\/\/artm-fr.ch\/de\/cours-camion-2006\/\" class=\"_self\" target=\"_self\" >Cours camion 2006<\/a><\/h4><\/div><\/div>\n<div class=\"col-md-2 col-sm-4 col-xs-12 pt-cv-content-item pt-cv-1-col\" ><div class='pt-cv-ifield'><a href=\"https:\/\/artm-fr.ch\/de\/traversee-pont-flottant-2006\/\" class=\"_self pt-cv-href-thumbnail pt-cv-thumb-default\" target=\"_self\" ><img loading=\"lazy\" decoding=\"async\" width=\"150\" height=\"150\" src=\"https:\/\/artm-fr.ch\/wp-content\/uploads\/2018\/12\/20060712a_21-150x150.jpg\" class=\"pt-cv-thumbnail\" alt=\"\" srcset=\"https:\/\/artm-fr.ch\/wp-content\/uploads\/2018\/12\/20060712a_21-150x150.jpg 150w, https:\/\/artm-fr.ch\/wp-content\/uploads\/2018\/12\/20060712a_21-60x60.jpg 60w\" sizes=\"auto, (max-width: 150px) 100vw, 150px\" \/><\/a>\n<h4 class=\"pt-cv-title\"><a href=\"https:\/\/artm-fr.ch\/de\/traversee-pont-flottant-2006\/\" class=\"_self\" target=\"_self\" >Travers\u00e9e pont flottant 2006<\/a><\/h4><\/div><\/div>\n<div class=\"col-md-2 col-sm-4 col-xs-12 pt-cv-content-item pt-cv-1-col\" ><div class='pt-cv-ifield'><a href=\"https:\/\/artm-fr.ch\/de\/gymkhana-fribourgeois-2006\/\" class=\"_self pt-cv-href-thumbnail pt-cv-thumb-default\" target=\"_self\" ><img loading=\"lazy\" decoding=\"async\" width=\"150\" height=\"150\" src=\"https:\/\/artm-fr.ch\/wp-content\/uploads\/2016\/06\/wsi-imageoptim-res_GK-Grandvillard-06-044-e1429537135715-150x150.jpg\" class=\"pt-cv-thumbnail\" alt=\"\" srcset=\"https:\/\/artm-fr.ch\/wp-content\/uploads\/2016\/06\/wsi-imageoptim-res_GK-Grandvillard-06-044-e1429537135715-150x150.jpg 150w, https:\/\/artm-fr.ch\/wp-content\/uploads\/2016\/06\/wsi-imageoptim-res_GK-Grandvillard-06-044-e1429537135715-60x60.jpg 60w\" sizes=\"auto, (max-width: 150px) 100vw, 150px\" \/><\/a>\n<h4 class=\"pt-cv-title\"><a href=\"https:\/\/artm-fr.ch\/de\/gymkhana-fribourgeois-2006\/\" class=\"_self\" target=\"_self\" >Gymkhana fribourgeois 2006<\/a><\/h4><\/div><\/div>\n<div class=\"col-md-2 col-sm-4 col-xs-12 pt-cv-content-item pt-cv-1-col\" ><div class='pt-cv-ifield'><a href=\"https:\/\/artm-fr.ch\/de\/rallye-2006\/\" class=\"_self pt-cv-href-thumbnail pt-cv-thumb-default\" target=\"_self\" ><img loading=\"lazy\" decoding=\"async\" width=\"150\" height=\"150\" src=\"https:\/\/artm-fr.ch\/wp-content\/uploads\/2016\/06\/wsi-imageoptim-res_IMG_0057-e1429537124414-150x150.jpg\" class=\"pt-cv-thumbnail\" alt=\"\" srcset=\"https:\/\/artm-fr.ch\/wp-content\/uploads\/2016\/06\/wsi-imageoptim-res_IMG_0057-e1429537124414-150x150.jpg 150w, https:\/\/artm-fr.ch\/wp-content\/uploads\/2016\/06\/wsi-imageoptim-res_IMG_0057-e1429537124414-60x60.jpg 60w\" sizes=\"auto, (max-width: 150px) 100vw, 150px\" \/><\/a>\n<h4 class=\"pt-cv-title\"><a href=\"https:\/\/artm-fr.ch\/de\/rallye-2006\/\" class=\"_self\" target=\"_self\" >Rallye 2006<\/a><\/h4><\/div><\/div>\n<div class=\"col-md-4 col-sm-4 col-xs-12 pt-cv-content-item pt-cv-1-col\" ><div class='pt-cv-ifield'><a href=\"https:\/\/artm-fr.ch\/de\/kartenlesekurs-2006\/\" class=\"_self pt-cv-href-thumbnail pt-cv-thumb-default\" target=\"_self\" ><img loading=\"lazy\" decoding=\"async\" width=\"150\" height=\"150\" src=\"https:\/\/artm-fr.ch\/wp-content\/uploads\/2016\/06\/wsi-imageoptim-res_IMG_0021-e1429537163251-150x150.jpg\" class=\"pt-cv-thumbnail\" alt=\"\" srcset=\"https:\/\/artm-fr.ch\/wp-content\/uploads\/2016\/06\/wsi-imageoptim-res_IMG_0021-e1429537163251-150x150.jpg 150w, https:\/\/artm-fr.ch\/wp-content\/uploads\/2016\/06\/wsi-imageoptim-res_IMG_0021-e1429537163251-60x60.jpg 60w\" sizes=\"auto, (max-width: 150px) 100vw, 150px\" \/><\/a>\n<h4 class=\"pt-cv-title\"><a href=\"https:\/\/artm-fr.ch\/de\/kartenlesekurs-2006\/\" class=\"_self\" target=\"_self\" >Kartenlesekurs 2006<\/a><\/h4><\/div><\/div>\n<div class=\"col-md-2 col-sm-4 col-xs-12 pt-cv-content-item pt-cv-1-col\" ><div class='pt-cv-ifield'><a href=\"https:\/\/artm-fr.ch\/de\/rallye-aargau-2006\/\" class=\"_self pt-cv-href-thumbnail pt-cv-thumb-default\" target=\"_self\" ><img loading=\"lazy\" decoding=\"async\" width=\"150\" height=\"150\" src=\"https:\/\/artm-fr.ch\/wp-content\/uploads\/2016\/06\/wsi-imageoptim-res_PICT0080-e1429537146787-150x150.jpg\" class=\"pt-cv-thumbnail\" alt=\"\" srcset=\"https:\/\/artm-fr.ch\/wp-content\/uploads\/2016\/06\/wsi-imageoptim-res_PICT0080-e1429537146787-150x150.jpg 150w, https:\/\/artm-fr.ch\/wp-content\/uploads\/2016\/06\/wsi-imageoptim-res_PICT0080-e1429537146787-60x60.jpg 60w\" sizes=\"auto, (max-width: 150px) 100vw, 150px\" \/><\/a>\n<h4 class=\"pt-cv-title\"><a href=\"https:\/\/artm-fr.ch\/de\/rallye-aargau-2006\/\" class=\"_self\" target=\"_self\" >Rallye Aargau 2006<\/a><\/h4><\/div><\/div>\n<div class=\"col-md-2 col-sm-4 col-xs-12 pt-cv-content-item pt-cv-1-col\" ><div class='pt-cv-ifield'><a href=\"https:\/\/artm-fr.ch\/de\/rallye-valaisan-2005\/\" class=\"_self pt-cv-href-thumbnail pt-cv-thumb-default\" target=\"_self\" ><img loading=\"lazy\" decoding=\"async\" width=\"150\" height=\"150\" src=\"https:\/\/artm-fr.ch\/wp-content\/uploads\/2016\/06\/wsi-imageoptim-res_IMG_0073-e1429537238594-150x150.jpg\" class=\"pt-cv-thumbnail\" alt=\"\" srcset=\"https:\/\/artm-fr.ch\/wp-content\/uploads\/2016\/06\/wsi-imageoptim-res_IMG_0073-e1429537238594-150x150.jpg 150w, https:\/\/artm-fr.ch\/wp-content\/uploads\/2016\/06\/wsi-imageoptim-res_IMG_0073-e1429537238594-60x60.jpg 60w\" sizes=\"auto, (max-width: 150px) 100vw, 150px\" \/><\/a>\n<h4 class=\"pt-cv-title\"><a href=\"https:\/\/artm-fr.ch\/de\/rallye-valaisan-2005\/\" class=\"_self\" target=\"_self\" >Rallye valaisan 2005<\/a><\/h4><\/div><\/div>\n<div class=\"col-md-2 col-sm-4 col-xs-12 pt-cv-content-item pt-cv-1-col\" ><div class='pt-cv-ifield'><a href=\"https:\/\/artm-fr.ch\/de\/gymkhana-broyard-2005\/\" class=\"_self pt-cv-href-thumbnail pt-cv-thumb-default\" target=\"_self\" ><img loading=\"lazy\" decoding=\"async\" width=\"150\" height=\"150\" src=\"https:\/\/artm-fr.ch\/wp-content\/uploads\/2018\/12\/20051002a_5-150x150.jpg\" class=\"pt-cv-thumbnail\" alt=\"\" srcset=\"https:\/\/artm-fr.ch\/wp-content\/uploads\/2018\/12\/20051002a_5-150x150.jpg 150w, https:\/\/artm-fr.ch\/wp-content\/uploads\/2018\/12\/20051002a_5-60x60.jpg 60w\" sizes=\"auto, (max-width: 150px) 100vw, 150px\" \/><\/a>\n<h4 class=\"pt-cv-title\"><a href=\"https:\/\/artm-fr.ch\/de\/gymkhana-broyard-2005\/\" class=\"_self\" target=\"_self\" >Gymkhana broyard 2005<\/a><\/h4><\/div><\/div>\n<div class=\"col-md-2 col-sm-4 col-xs-12 pt-cv-content-item pt-cv-1-col\" ><div class='pt-cv-ifield'><a href=\"https:\/\/artm-fr.ch\/de\/com3-2005\/\" class=\"_self pt-cv-href-thumbnail pt-cv-thumb-default\" target=\"_self\" ><img loading=\"lazy\" decoding=\"async\" width=\"150\" height=\"150\" src=\"https:\/\/artm-fr.ch\/wp-content\/uploads\/2018\/12\/20050527_18-150x150.jpg\" class=\"pt-cv-thumbnail\" alt=\"\" srcset=\"https:\/\/artm-fr.ch\/wp-content\/uploads\/2018\/12\/20050527_18-150x150.jpg 150w, https:\/\/artm-fr.ch\/wp-content\/uploads\/2018\/12\/20050527_18-60x60.jpg 60w\" sizes=\"auto, (max-width: 150px) 100vw, 150px\" \/><\/a>\n<h4 class=\"pt-cv-title\"><a href=\"https:\/\/artm-fr.ch\/de\/com3-2005\/\" class=\"_self\" target=\"_self\" >COM3 2005<\/a><\/h4><\/div><\/div>\n<div class=\"col-md-4 col-sm-4 col-xs-12 pt-cv-content-item pt-cv-1-col\" ><div class='pt-cv-ifield'><a href=\"https:\/\/artm-fr.ch\/de\/rallye-fribourgeois-2005\/\" class=\"_self pt-cv-href-thumbnail pt-cv-thumb-default\" target=\"_self\" ><img loading=\"lazy\" decoding=\"async\" width=\"150\" height=\"150\" src=\"https:\/\/artm-fr.ch\/wp-content\/uploads\/2016\/06\/wsi-imageoptim-Grolley-150x150.png\" class=\"pt-cv-thumbnail\" alt=\"\" srcset=\"https:\/\/artm-fr.ch\/wp-content\/uploads\/2016\/06\/wsi-imageoptim-Grolley-150x150.png 150w, https:\/\/artm-fr.ch\/wp-content\/uploads\/2016\/06\/wsi-imageoptim-Grolley-60x60.png 60w\" sizes=\"auto, (max-width: 150px) 100vw, 150px\" \/><\/a>\n<h4 class=\"pt-cv-title\"><a href=\"https:\/\/artm-fr.ch\/de\/rallye-fribourgeois-2005\/\" class=\"_self\" target=\"_self\" >Rallye fribourgeois 2005<\/a><\/h4><\/div><\/div>\n<div class=\"col-md-2 col-sm-4 col-xs-12 pt-cv-content-item pt-cv-1-col\" ><div class='pt-cv-ifield'><a href=\"https:\/\/artm-fr.ch\/de\/gymkhana-fribourgeois-2004\/\" class=\"_self pt-cv-href-thumbnail pt-cv-thumb-default\" target=\"_self\" ><img loading=\"lazy\" decoding=\"async\" width=\"150\" height=\"150\" src=\"https:\/\/artm-fr.ch\/wp-content\/uploads\/2018\/12\/20040515a_9-150x150.jpg\" class=\"pt-cv-thumbnail\" alt=\"\" srcset=\"https:\/\/artm-fr.ch\/wp-content\/uploads\/2018\/12\/20040515a_9-150x150.jpg 150w, https:\/\/artm-fr.ch\/wp-content\/uploads\/2018\/12\/20040515a_9-60x60.jpg 60w\" sizes=\"auto, (max-width: 150px) 100vw, 150px\" \/><\/a>\n<h4 class=\"pt-cv-title\"><a href=\"https:\/\/artm-fr.ch\/de\/gymkhana-fribourgeois-2004\/\" class=\"_self\" target=\"_self\" >Gymkhana fribourgeois 2004<\/a><\/h4><\/div><\/div><\/div><\/div><\/div>\n\n<h2 class=\"wp-block-heading\">Thematische Galerien<\/h2>\n<div class=\"pt-cv-wrapper\"><div class=\"pt-cv-view pt-cv-grid pt-cv-colsys\" id=\"pt-cv-view-63fddbdfwa\"><div data-id=\"pt-cv-page-1\" class=\"pt-cv-page\" data-cvc=\"5\"><div class=\"col-md-2 col-sm-6 col-xs-12 pt-cv-content-item pt-cv-1-col\" ><div class='pt-cv-ifield'><a href=\"https:\/\/artm-fr.ch\/de\/galerie-photo\/thun-meets-army-airforce\/\" class=\"_self pt-cv-href-thumbnail pt-cv-thumb-default\" target=\"_self\" ><img loading=\"lazy\" decoding=\"async\" width=\"300\" height=\"169\" src=\"https:\/\/artm-fr.ch\/wp-content\/uploads\/2019\/08\/cropped-78DA4862-32AE-440D-A97E-A344D4D2F0A0-300x169.jpeg\" class=\"pt-cv-thumbnail\" alt=\"\" srcset=\"https:\/\/artm-fr.ch\/wp-content\/uploads\/2019\/08\/cropped-78DA4862-32AE-440D-A97E-A344D4D2F0A0-300x169.jpeg 300w, https:\/\/artm-fr.ch\/wp-content\/uploads\/2019\/08\/cropped-78DA4862-32AE-440D-A97E-A344D4D2F0A0-768x433.jpeg 768w, https:\/\/artm-fr.ch\/wp-content\/uploads\/2019\/08\/cropped-78DA4862-32AE-440D-A97E-A344D4D2F0A0-1024x577.jpeg 1024w, https:\/\/artm-fr.ch\/wp-content\/uploads\/2019\/08\/cropped-78DA4862-32AE-440D-A97E-A344D4D2F0A0.jpeg 2009w\" sizes=\"auto, (max-width: 300px) 100vw, 300px\" \/><\/a>\n<h4 class=\"pt-cv-title\"><a href=\"https:\/\/artm-fr.ch\/de\/galerie-photo\/thun-meets-army-airforce\/\" class=\"_self\" target=\"_self\" >Thun meets Army &amp; Airforce<\/a><\/h4><\/div><\/div>\n<div class=\"col-md-2 col-sm-6 col-xs-12 pt-cv-content-item pt-cv-1-col\" ><div class='pt-cv-ifield'><a href=\"https:\/\/artm-fr.ch\/de\/galerie-photo\/saurer-und-steyr\/\" class=\"_self pt-cv-href-thumbnail pt-cv-thumb-default\" target=\"_self\" ><img loading=\"lazy\" decoding=\"async\" width=\"300\" height=\"169\" src=\"https:\/\/artm-fr.ch\/wp-content\/uploads\/2019\/08\/cropped-img_3619-1-300x169.jpeg\" class=\"pt-cv-thumbnail\" alt=\"\" srcset=\"https:\/\/artm-fr.ch\/wp-content\/uploads\/2019\/08\/cropped-img_3619-1-300x169.jpeg 300w, https:\/\/artm-fr.ch\/wp-content\/uploads\/2019\/08\/cropped-img_3619-1-768x432.jpeg 768w, https:\/\/artm-fr.ch\/wp-content\/uploads\/2019\/08\/cropped-img_3619-1-1024x577.jpeg 1024w\" sizes=\"auto, (max-width: 300px) 100vw, 300px\" \/><\/a>\n<h4 class=\"pt-cv-title\"><a href=\"https:\/\/artm-fr.ch\/de\/galerie-photo\/saurer-und-steyr\/\" class=\"_self\" target=\"_self\" >Saurer und Steyr<\/a><\/h4><\/div><\/div><\/div><\/div><\/div>\n","protected":false},"excerpt":{"rendered":"<p>Auf den Wettbewerbsseiten sind die Fotos unterhalb der Ranglisten zu sehen. Wir w\u00fcnschen Ihnen einen sch\u00f6nen Besuch! Z\u00f6gern Sie nicht, uns Ihre Fotos zu schicken, um unsere Galerie zu vervollst\u00e4ndigen! Ereignisse Thematische Galerien<\/p>\n","protected":false},"author":2,"featured_media":0,"parent":0,"menu_order":0,"comment_status":"closed","ping_status":"closed","template":"page-fullwidth.php","meta":{"footnotes":""},"class_list":["post-652","page","type-page","status-publish","hentry"],"_links":{"self":[{"href":"https:\/\/artm-fr.ch\/de\/wp-json\/wp\/v2\/pages\/652","targetHints":{"allow":["GET"]}}],"collection":[{"href":"https:\/\/artm-fr.ch\/de\/wp-json\/wp\/v2\/pages"}],"about":[{"href":"https:\/\/artm-fr.ch\/de\/wp-json\/wp\/v2\/types\/page"}],"author":[{"embeddable":true,"href":"https:\/\/artm-fr.ch\/de\/wp-json\/wp\/v2\/users\/2"}],"replies":[{"embeddable":true,"href":"https:\/\/artm-fr.ch\/de\/wp-json\/wp\/v2\/comments?post=652"}],"version-history":[{"count":6,"href":"https:\/\/artm-fr.ch\/de\/wp-json\/wp\/v2\/pages\/652\/revisions"}],"predecessor-version":[{"id":13538,"href":"https:\/\/artm-fr.ch\/de\/wp-json\/wp\/v2\/pages\/652\/revisions\/13538"}],"wp:attachment":[{"href":"https:\/\/artm-fr.ch\/de\/wp-json\/wp\/v2\/media?parent=652"}],"curies":[{"name":"wp","href":"https:\/\/api.w.org\/{rel}","templated":true}]}}